{"id":923,"date":"2020-02-05T13:52:26","date_gmt":"2020-02-05T13:52:26","guid":{"rendered":"https:\/\/mentalfestivalen.se\/?page_id=923"},"modified":"2022-02-01T07:49:27","modified_gmt":"2022-02-01T07:49:27","slug":"forelasare","status":"publish","type":"page","link":"https:\/\/mentalfestivalen.se\/en\/forelasare\/","title":{"rendered":"Lecturers"},"content":{"rendered":"\t\t<div data-elementor-type=\"wp-page\" data-elementor-id=\"923\" class=\"elementor elementor-923\" data-elementor-post-type=\"page\">\n\t\t\t\t\t\t<section class=\"elementor-section elementor-top-section elementor-element elementor-element-2d7e689d elementor-section-height-min-height elementor-section-boxed elementor-section-height-default elementor-section-items-middle\" data-id=\"2d7e689d\" data-element_type=\"section\" data-e-type=\"section\" data-settings=\"{&quot;background_background&quot;:&quot;classic&quot;,&quot;background_motion_fx_motion_fx_scrolling&quot;:&quot;yes&quot;,&quot;background_motion_fx_translateY_speed&quot;:{&quot;unit&quot;:&quot;px&quot;,&quot;size&quot;:7.2,&quot;sizes&quot;:[]},&quot;background_motion_fx_translateY_effect&quot;:&quot;yes&quot;,&quot;background_motion_fx_translateY_direction&quot;:&quot;negative&quot;,&quot;background_motion_fx_translateY_affectedRange&quot;:{&quot;unit&quot;:&quot;%&quot;,&quot;size&quot;:&quot;&quot;,&quot;sizes&quot;:{&quot;start&quot;:0,&quot;end&quot;:100}},&quot;background_motion_fx_devices&quot;:[&quot;desktop&quot;,&quot;tablet&quot;,&quot;mobile&quot;]}\">\n\t\t\t\t\t\t\t<div class=\"elementor-background-overlay\"><\/div>\n\t\t\t\t\t\t\t<div class=\"elementor-container elementor-column-gap-default\">\n\t\t\t\t\t<div class=\"elementor-column elementor-col-100 elementor-top-column elementor-element elementor-element-539f332b\" data-id=\"539f332b\" data-element_type=\"column\" data-e-type=\"column\">\n\t\t\t<div class=\"elementor-widget-wrap elementor-element-populated\">\n\t\t\t\t\t\t<div class=\"elementor-element elementor-element-5c9e27f3 elementor-invisible elementor-widget elementor-widget-heading\" data-id=\"5c9e27f3\" data-element_type=\"widget\" data-e-type=\"widget\" data-settings=\"{&quot;_animation&quot;:&quot;fadeIn&quot;}\" data-widget_type=\"heading.default\">\n\t\t\t\t<div class=\"elementor-widget-container\">\n\t\t\t\t\t<h2 class=\"elementor-heading-title elementor-size-default\">F\u00f6rel\u00e4sare p\u00e5 <span style=\"color: #f1cd75\">Jobbfestivalen<\/span> med tema m\u00e5ngfald<\/h2>\t\t\t\t<\/div>\n\t\t\t\t<\/div>\n\t\t\t\t<div class=\"elementor-element elementor-element-1f032337 elementor-widget elementor-widget-spacer\" data-id=\"1f032337\" data-element_type=\"widget\" data-e-type=\"widget\" data-widget_type=\"spacer.default\">\n\t\t\t\t<div class=\"elementor-widget-container\">\n\t\t\t\t\t\t\t<div class=\"elementor-spacer\">\n\t\t\t<div class=\"elementor-spacer-inner\"><\/div>\n\t\t<\/div>\n\t\t\t\t\t\t<\/div>\n\t\t\t\t<\/div>\n\t\t\t\t\t<\/div>\n\t\t<\/div>\n\t\t\t\t\t<\/div>\n\t\t<\/section>\n\t\t\t\t<section class=\"elementor-section elementor-top-section elementor-element elementor-element-476cf903 elementor-section-boxed elementor-section-height-default elementor-section-height-default\" data-id=\"476cf903\" data-element_type=\"section\" data-e-type=\"section\" data-settings=\"{&quot;background_background&quot;:&quot;classic&quot;,&quot;background_motion_fx_translateX_effect&quot;:&quot;yes&quot;,&quot;background_motion_fx_translateX_speed&quot;:{&quot;unit&quot;:&quot;px&quot;,&quot;size&quot;:2.4,&quot;sizes&quot;:[]},&quot;background_motion_fx_motion_fx_scrolling&quot;:&quot;yes&quot;,&quot;background_motion_fx_translateX_direction&quot;:&quot;negative&quot;,&quot;background_motion_fx_translateX_affectedRange&quot;:{&quot;unit&quot;:&quot;%&quot;,&quot;size&quot;:&quot;&quot;,&quot;sizes&quot;:{&quot;start&quot;:0,&quot;end&quot;:100}},&quot;background_motion_fx_devices&quot;:[&quot;desktop&quot;,&quot;tablet&quot;,&quot;mobile&quot;]}\">\n\t\t\t\t\t\t\t<div class=\"elementor-background-overlay\"><\/div>\n\t\t\t\t\t\t\t<div class=\"elementor-container elementor-column-gap-default\">\n\t\t\t\t\t<div class=\"elementor-column elementor-col-100 elementor-top-column elementor-element elementor-element-53e3799c\" data-id=\"53e3799c\" data-element_type=\"column\" data-e-type=\"column\">\n\t\t\t<div class=\"elementor-widget-wrap elementor-element-populated\">\n\t\t\t\t\t\t<div class=\"elementor-element elementor-element-499fe44a elementor-widget elementor-widget-menu-anchor\" data-id=\"499fe44a\" data-element_type=\"widget\" data-e-type=\"widget\" data-widget_type=\"menu-anchor.default\">\n\t\t\t\t<div class=\"elementor-widget-container\">\n\t\t\t\t\t\t\t<div class=\"elementor-menu-anchor\" id=\"josefin\"><\/div>\n\t\t\t\t\t\t<\/div>\n\t\t\t\t<\/div>\n\t\t\t\t<section class=\"elementor-section elementor-inner-section elementor-element elementor-element-7eb7c952 elementor-section-boxed elementor-section-height-default elementor-section-height-default\" data-id=\"7eb7c952\" data-element_type=\"section\" data-e-type=\"section\">\n\t\t\t\t\t\t<div class=\"elementor-container elementor-column-gap-default\">\n\t\t\t\t\t<div class=\"elementor-column elementor-col-50 elementor-inner-column elementor-element elementor-element-3f66e9ad\" data-id=\"3f66e9ad\" data-element_type=\"column\" data-e-type=\"column\">\n\t\t\t<div class=\"elementor-widget-wrap elementor-element-populated\">\n\t\t\t\t\t\t<div class=\"elementor-element elementor-element-6b40ed7a elementor-invisible elementor-widget elementor-widget-image\" data-id=\"6b40ed7a\" data-element_type=\"widget\" data-e-type=\"widget\" data-settings=\"{&quot;_animation&quot;:&quot;fadeInRight&quot;}\" data-widget_type=\"image.default\">\n\t\t\t\t<div class=\"elementor-widget-container\">\n\t\t\t\t\t\t\t\t\t\t\t\t\t\t\t<img decoding=\"async\" src=\"https:\/\/mentalfestivalen.se\/wp-content\/uploads\/elementor\/thumbs\/MG_4610_WEBB-q1hd9q18t2cdhktf45hkbr2srnwe5ey2puw75a6eeo.jpg\" title=\"_MG_4610_WEBB\" alt=\"_MG_4610_WEBB\" loading=\"lazy\" \/>\t\t\t\t\t\t\t\t\t\t\t\t\t\t\t<\/div>\n\t\t\t\t<\/div>\n\t\t\t\t\t<\/div>\n\t\t<\/div>\n\t\t\t\t<div class=\"elementor-column elementor-col-50 elementor-inner-column elementor-element elementor-element-50178a12\" data-id=\"50178a12\" data-element_type=\"column\" data-e-type=\"column\">\n\t\t\t<div class=\"elementor-widget-wrap elementor-element-populated\">\n\t\t\t\t\t\t<div class=\"elementor-element elementor-element-39144b4b elementor-align-start elementor-icon-list--layout-traditional elementor-list-item-link-full_width elementor-widget elementor-widget-icon-list\" data-id=\"39144b4b\" data-element_type=\"widget\" data-e-type=\"widget\" data-widget_type=\"icon-list.default\">\n\t\t\t\t<div class=\"elementor-widget-container\">\n\t\t\t\t\t\t\t<ul class=\"elementor-icon-list-items\">\n\t\t\t\t\t\t\t<li class=\"elementor-icon-list-item\">\n\t\t\t\t\t\t\t\t\t\t\t<span class=\"elementor-icon-list-icon\">\n\t\t\t\t\t\t\t<i aria-hidden=\"true\" class=\"fas fa-circle\"><\/i>\t\t\t\t\t\t<\/span>\n\t\t\t\t\t\t\t\t\t\t<span class=\"elementor-icon-list-text\">Hur kan cv-l\u00f6s rekrytering gynna m\u00e5ngfalden p\u00e5 arbetsmarknaden?<\/span>\n\t\t\t\t\t\t\t\t\t<\/li>\n\t\t\t\t\t\t<\/ul>\n\t\t\t\t\t\t<\/div>\n\t\t\t\t<\/div>\n\t\t\t\t<div class=\"elementor-element elementor-element-cfa9f22 elementor-widget elementor-widget-text-editor\" data-id=\"cfa9f22\" data-element_type=\"widget\" data-e-type=\"widget\" data-widget_type=\"text-editor.default\">\n\t\t\t\t<div class=\"elementor-widget-container\">\n\t\t\t\t\t\t\t\t\t<p><em>Josefin Malmer, Konsult\/Partner HOME of Recruitment och f\u00f6rfattare av Rekryteringsboken f\u00f6r chefer<\/em><\/p><p>Josefin\u00b4s m\u00e5l \u00e4r att bidra till en j\u00e4mlik och r\u00e4ttvis arbetsmarknad, med fokus p\u00e5 m\u00e5ngfald i alla former. Att identifiera potential, se bortom det uppenbara och utmana &#8211; eller \u00e4nnu hellre byta ut &#8211; f\u00f6rlegade, slentrianm\u00e4ssiga tillv\u00e4gag\u00e5ngss\u00e4tt \u00e4r bland det b\u00e4sta jag vet. Josefin drivs av r\u00e4ttvisa, \u00e4r oerh\u00f6rt intresserad av m\u00e4nskligt beteende, och g\u00e5r ig\u00e5ng p\u00e5 m\u00f6ten, relationer och aff\u00e4rer.<br \/><br \/><\/p>\t\t\t\t\t\t\t\t<\/div>\n\t\t\t\t<\/div>\n\t\t\t\t\t<\/div>\n\t\t<\/div>\n\t\t\t\t\t<\/div>\n\t\t<\/section>\n\t\t\t\t<div class=\"elementor-element elementor-element-3bb24607 elementor-widget elementor-widget-menu-anchor\" data-id=\"3bb24607\" data-element_type=\"widget\" data-e-type=\"widget\" data-widget_type=\"menu-anchor.default\">\n\t\t\t\t<div class=\"elementor-widget-container\">\n\t\t\t\t\t\t\t<div class=\"elementor-menu-anchor\" id=\"alireza\"><\/div>\n\t\t\t\t\t\t<\/div>\n\t\t\t\t<\/div>\n\t\t\t\t<div class=\"elementor-element elementor-element-7930d07d elementor-widget-divider--view-line elementor-widget elementor-widget-divider\" data-id=\"7930d07d\" data-element_type=\"widget\" data-e-type=\"widget\" data-widget_type=\"divider.default\">\n\t\t\t\t<div class=\"elementor-widget-container\">\n\t\t\t\t\t\t\t<div class=\"elementor-divider\">\n\t\t\t<span class=\"elementor-divider-separator\">\n\t\t\t\t\t\t<\/span>\n\t\t<\/div>\n\t\t\t\t\t\t<\/div>\n\t\t\t\t<\/div>\n\t\t\t\t<div class=\"elementor-element elementor-element-50f4e665 elementor-widget elementor-widget-spacer\" data-id=\"50f4e665\" data-element_type=\"widget\" data-e-type=\"widget\" data-widget_type=\"spacer.default\">\n\t\t\t\t<div class=\"elementor-widget-container\">\n\t\t\t\t\t\t\t<div class=\"elementor-spacer\">\n\t\t\t<div class=\"elementor-spacer-inner\"><\/div>\n\t\t<\/div>\n\t\t\t\t\t\t<\/div>\n\t\t\t\t<\/div>\n\t\t\t\t<section class=\"elementor-section elementor-inner-section elementor-element elementor-element-1f5e8fc elementor-section-boxed elementor-section-height-default elementor-section-height-default\" data-id=\"1f5e8fc\" data-element_type=\"section\" data-e-type=\"section\">\n\t\t\t\t\t\t<div class=\"elementor-container elementor-column-gap-default\">\n\t\t\t\t\t<div class=\"elementor-column elementor-col-50 elementor-inner-column elementor-element elementor-element-42a1123e\" data-id=\"42a1123e\" data-element_type=\"column\" data-e-type=\"column\">\n\t\t\t<div class=\"elementor-widget-wrap elementor-element-populated\">\n\t\t\t\t\t\t<div class=\"elementor-element elementor-element-7dcaf94 elementor-invisible elementor-widget elementor-widget-image\" data-id=\"7dcaf94\" data-element_type=\"widget\" data-e-type=\"widget\" data-settings=\"{&quot;_animation&quot;:&quot;fadeInRight&quot;}\" data-widget_type=\"image.default\">\n\t\t\t\t<div class=\"elementor-widget-container\">\n\t\t\t\t\t\t\t\t\t\t\t\t\t\t\t<img fetchpriority=\"high\" decoding=\"async\" width=\"2560\" height=\"1702\" src=\"https:\/\/mentalfestivalen.se\/wp-content\/uploads\/2020\/01\/DSC_0693-scaled.jpg\" class=\"attachment-full size-full wp-image-435\" alt=\"\" srcset=\"https:\/\/mentalfestivalen.se\/wp-content\/uploads\/2020\/01\/DSC_0693-scaled.jpg 2560w, https:\/\/mentalfestivalen.se\/wp-content\/uploads\/2020\/01\/DSC_0693-300x199.jpg 300w, https:\/\/mentalfestivalen.se\/wp-content\/uploads\/2020\/01\/DSC_0693-1024x681.jpg 1024w, https:\/\/mentalfestivalen.se\/wp-content\/uploads\/2020\/01\/DSC_0693-768x511.jpg 768w, https:\/\/mentalfestivalen.se\/wp-content\/uploads\/2020\/01\/DSC_0693-1536x1021.jpg 1536w, https:\/\/mentalfestivalen.se\/wp-content\/uploads\/2020\/01\/DSC_0693-2048x1362.jpg 2048w\" sizes=\"(max-width: 2560px) 100vw, 2560px\" \/>\t\t\t\t\t\t\t\t\t\t\t\t\t\t\t<\/div>\n\t\t\t\t<\/div>\n\t\t\t\t\t<\/div>\n\t\t<\/div>\n\t\t\t\t<div class=\"elementor-column elementor-col-50 elementor-inner-column elementor-element elementor-element-491032af\" data-id=\"491032af\" data-element_type=\"column\" data-e-type=\"column\">\n\t\t\t<div class=\"elementor-widget-wrap elementor-element-populated\">\n\t\t\t\t\t\t<div class=\"elementor-element elementor-element-1e0fb9ce elementor-align-start elementor-icon-list--layout-traditional elementor-list-item-link-full_width elementor-widget elementor-widget-icon-list\" data-id=\"1e0fb9ce\" data-element_type=\"widget\" data-e-type=\"widget\" data-widget_type=\"icon-list.default\">\n\t\t\t\t<div class=\"elementor-widget-container\">\n\t\t\t\t\t\t\t<ul class=\"elementor-icon-list-items\">\n\t\t\t\t\t\t\t<li class=\"elementor-icon-list-item\">\n\t\t\t\t\t\t\t\t\t\t\t<span class=\"elementor-icon-list-icon\">\n\t\t\t\t\t\t\t<i aria-hidden=\"true\" class=\"fas fa-circle\"><\/i>\t\t\t\t\t\t<\/span>\n\t\t\t\t\t\t\t\t\t\t<span class=\"elementor-icon-list-text\">Alireza \u00e4r \u201dsk\u00e4ggbarnet\u201d som blev framg\u00e5ngsrik entrepren\u00f6r<\/span>\n\t\t\t\t\t\t\t\t\t<\/li>\n\t\t\t\t\t\t<\/ul>\n\t\t\t\t\t\t<\/div>\n\t\t\t\t<\/div>\n\t\t\t\t<div class=\"elementor-element elementor-element-157e3189 elementor-widget elementor-widget-text-editor\" data-id=\"157e3189\" data-element_type=\"widget\" data-e-type=\"widget\" data-widget_type=\"text-editor.default\">\n\t\t\t\t<div class=\"elementor-widget-container\">\n\t\t\t\t\t\t\t\t\t<p>Alireza \u00e4r \u201dsk\u00e4ggbarnet\u201d som kom till Sverige som sexton\u00e5rig ensam flykting, men som etablerade sig snabbt och blev framg\u00e5ngsrik entrepren\u00f6r. Efter bara tio m\u00e5nader hade han hunnit starta b\u00e5de f\u00f6rening och bolag samt stod i Riksdagen och l\u00e4xade upp v\u00e5ra politiker i integrationsfr\u00e5gor.\u00a0<\/p>\t\t\t\t\t\t\t\t<\/div>\n\t\t\t\t<\/div>\n\t\t\t\t<div class=\"elementor-element elementor-element-51c683bc elementor-widget elementor-widget-toggle\" data-id=\"51c683bc\" data-element_type=\"widget\" data-e-type=\"widget\" data-widget_type=\"toggle.default\">\n\t\t\t\t<div class=\"elementor-widget-container\">\n\t\t\t\t\t\t\t<div class=\"elementor-toggle\">\n\t\t\t\t\t\t\t<div class=\"elementor-toggle-item\">\n\t\t\t\t\t<div id=\"elementor-tab-title-1371\" class=\"elementor-tab-title\" data-tab=\"1\" role=\"button\" aria-controls=\"elementor-tab-content-1371\" aria-expanded=\"false\">\n\t\t\t\t\t\t\t\t\t\t\t\t<span class=\"elementor-toggle-icon elementor-toggle-icon-left\" aria-hidden=\"true\">\n\t\t\t\t\t\t\t\t\t\t\t\t\t\t\t<span class=\"elementor-toggle-icon-closed\"><i class=\"fas fa-caret-right\"><\/i><\/span>\n\t\t\t\t\t\t\t\t<span class=\"elementor-toggle-icon-opened\"><i class=\"elementor-toggle-icon-opened fas fa-caret-up\"><\/i><\/span>\n\t\t\t\t\t\t\t\t\t\t\t\t\t<\/span>\n\t\t\t\t\t\t\t\t\t\t\t\t<a class=\"elementor-toggle-title\" tabindex=\"0\">L\u00e4s mer<\/a>\n\t\t\t\t\t<\/div>\n\n\t\t\t\t\t<div id=\"elementor-tab-content-1371\" class=\"elementor-tab-content elementor-clearfix\" data-tab=\"1\" role=\"region\" aria-labelledby=\"elementor-tab-title-1371\"><p><span style=\"font-weight: 400;\">Alireza l\u00e4mnar ingen ober\u00f6rd. Med sin avslappnade stil f\u00e5r han hela rummet att b\u00e5de skratta och gr\u00e5ta \u2013 ibland samtidigt.<\/span><\/p><p><span style=\"font-weight: 400;\">I egenskap av ensamkommande flykting och framg\u00e5ngsrik entrepren\u00f6r har Alireza inte bara gjort resan fr\u00e5n Afghanistan utan ocks\u00e5 den in i det svenska samh\u00e4llet. Han vet hur en person som kommit hit och ska etablera sig beh\u00f6ver g\u00e5 tillv\u00e4ga. Han vet ocks\u00e5 vad det svenska samh\u00e4llet och de redan integrerade beh\u00f6ver g\u00f6ra f\u00f6r att f\u00f6renkla resan f\u00f6r de nyanl\u00e4nda.<\/span><\/p><p><span style=\"font-weight: 400;\">Alireza klarade av att komma p\u00e5 f\u00f6tter n\u00e4stan utan n\u00e5gon hj\u00e4lp fr\u00e5n staten. Nu vill han underl\u00e4tta f\u00f6r dem som kommer efter honom. Han vill att andra ska f\u00e5 kunskapen som han sj\u00e4lv har f\u00e5tt som flykting. Dels vill han ber\u00e4tta om sina resor, men han vill samtidigt se en f\u00f6r\u00e4ndring i hur vi arbetar med integration. Alirezas l\u00f6sning stavas Alligration.<\/span><\/p><\/div>\n\t\t\t\t<\/div>\n\t\t\t\t\t\t\t\t<\/div>\n\t\t\t\t\t\t<\/div>\n\t\t\t\t<\/div>\n\t\t\t\t\t<\/div>\n\t\t<\/div>\n\t\t\t\t\t<\/div>\n\t\t<\/section>\n\t\t\t\t<div class=\"elementor-element elementor-element-59189d6f elementor-widget elementor-widget-menu-anchor\" data-id=\"59189d6f\" data-element_type=\"widget\" data-e-type=\"widget\" data-widget_type=\"menu-anchor.default\">\n\t\t\t\t<div class=\"elementor-widget-container\">\n\t\t\t\t\t\t\t<div class=\"elementor-menu-anchor\" id=\"bjorn\"><\/div>\n\t\t\t\t\t\t<\/div>\n\t\t\t\t<\/div>\n\t\t\t\t<div class=\"elementor-element elementor-element-5d7bf3c2 elementor-widget-divider--view-line elementor-widget elementor-widget-divider\" data-id=\"5d7bf3c2\" data-element_type=\"widget\" data-e-type=\"widget\" data-widget_type=\"divider.default\">\n\t\t\t\t<div class=\"elementor-widget-container\">\n\t\t\t\t\t\t\t<div class=\"elementor-divider\">\n\t\t\t<span class=\"elementor-divider-separator\">\n\t\t\t\t\t\t<\/span>\n\t\t<\/div>\n\t\t\t\t\t\t<\/div>\n\t\t\t\t<\/div>\n\t\t\t\t<section class=\"elementor-section elementor-inner-section elementor-element elementor-element-37a9c160 elementor-section-boxed elementor-section-height-default elementor-section-height-default\" data-id=\"37a9c160\" data-element_type=\"section\" data-e-type=\"section\">\n\t\t\t\t\t\t<div class=\"elementor-container elementor-column-gap-default\">\n\t\t\t\t\t<div class=\"elementor-column elementor-col-50 elementor-inner-column elementor-element elementor-element-32410e0c\" data-id=\"32410e0c\" data-element_type=\"column\" data-e-type=\"column\">\n\t\t\t<div class=\"elementor-widget-wrap elementor-element-populated\">\n\t\t\t\t\t\t<div class=\"elementor-element elementor-element-3a93c6d6 elementor-invisible elementor-widget elementor-widget-image\" data-id=\"3a93c6d6\" data-element_type=\"widget\" data-e-type=\"widget\" data-settings=\"{&quot;_animation&quot;:&quot;fadeInRight&quot;}\" data-widget_type=\"image.default\">\n\t\t\t\t<div class=\"elementor-widget-container\">\n\t\t\t\t\t\t\t\t\t\t\t\t\t\t\t<img decoding=\"async\" width=\"2560\" height=\"1702\" src=\"https:\/\/mentalfestivalen.se\/wp-content\/uploads\/2020\/01\/bj\u00f6rn-scaled.jpg\" class=\"attachment-full size-full wp-image-436\" alt=\"\" srcset=\"https:\/\/mentalfestivalen.se\/wp-content\/uploads\/2020\/01\/bj\u00f6rn-scaled.jpg 2560w, https:\/\/mentalfestivalen.se\/wp-content\/uploads\/2020\/01\/bj\u00f6rn-300x199.jpg 300w, https:\/\/mentalfestivalen.se\/wp-content\/uploads\/2020\/01\/bj\u00f6rn-1024x681.jpg 1024w, https:\/\/mentalfestivalen.se\/wp-content\/uploads\/2020\/01\/bj\u00f6rn-768x511.jpg 768w, https:\/\/mentalfestivalen.se\/wp-content\/uploads\/2020\/01\/bj\u00f6rn-1536x1021.jpg 1536w, https:\/\/mentalfestivalen.se\/wp-content\/uploads\/2020\/01\/bj\u00f6rn-2048x1362.jpg 2048w\" sizes=\"(max-width: 2560px) 100vw, 2560px\" \/>\t\t\t\t\t\t\t\t\t\t\t\t\t\t\t<\/div>\n\t\t\t\t<\/div>\n\t\t\t\t\t<\/div>\n\t\t<\/div>\n\t\t\t\t<div class=\"elementor-column elementor-col-50 elementor-inner-column elementor-element elementor-element-5aff4945\" data-id=\"5aff4945\" data-element_type=\"column\" data-e-type=\"column\">\n\t\t\t<div class=\"elementor-widget-wrap elementor-element-populated\">\n\t\t\t\t\t\t<div class=\"elementor-element elementor-element-139801c5 elementor-align-start elementor-icon-list--layout-traditional elementor-list-item-link-full_width elementor-widget elementor-widget-icon-list\" data-id=\"139801c5\" data-element_type=\"widget\" data-e-type=\"widget\" data-widget_type=\"icon-list.default\">\n\t\t\t\t<div class=\"elementor-widget-container\">\n\t\t\t\t\t\t\t<ul class=\"elementor-icon-list-items\">\n\t\t\t\t\t\t\t<li class=\"elementor-icon-list-item\">\n\t\t\t\t\t\t\t\t\t\t\t<span class=\"elementor-icon-list-icon\">\n\t\t\t\t\t\t\t<i aria-hidden=\"true\" class=\"fas fa-circle\"><\/i>\t\t\t\t\t\t<\/span>\n\t\t\t\t\t\t\t\t\t\t<span class=\"elementor-icon-list-text\">R\u00e4ttvis rekrytering: Vad vi kan l\u00e4ra oss fr\u00e5n Youtube, AI &amp; Netflix<\/span>\n\t\t\t\t\t\t\t\t\t<\/li>\n\t\t\t\t\t\t<\/ul>\n\t\t\t\t\t\t<\/div>\n\t\t\t\t<\/div>\n\t\t\t\t<div class=\"elementor-element elementor-element-2083289d elementor-widget elementor-widget-text-editor\" data-id=\"2083289d\" data-element_type=\"widget\" data-e-type=\"widget\" data-widget_type=\"text-editor.default\">\n\t\t\t\t<div class=\"elementor-widget-container\">\n\t\t\t\t\t\t\t\t\t<p><em>Med Bj\u00f6rn Elowson, VD och grundare f\u00f6r HR-Techbolaget JobAgent<\/em><\/p><p>Hur kommer det sig att det \u00e4r s\u00e5 sv\u00e5rt att slita sig fr\u00e5n Netflix? Varf\u00f6r \u00e4r det s\u00e5 mycket klipp p\u00e5 katter och hundar p\u00e5 Youtube? Vad \u00e4r det f\u00f6r skillnad p\u00e5 personer som lyssnar p\u00e5 Bon Jovi kontra U2? P\u00e5 30 minuter kommer vi att prata om hur algoritmer p\u00e5verkar oss i n\u00e4stan alla sammanhang men ocks\u00e5 hur de kan bidra till att rekrytera r\u00e4ttvist.\u00a0<\/p>\t\t\t\t\t\t\t\t<\/div>\n\t\t\t\t<\/div>\n\t\t\t\t<div class=\"elementor-element elementor-element-6537d4eb elementor-widget elementor-widget-toggle\" data-id=\"6537d4eb\" data-element_type=\"widget\" data-e-type=\"widget\" data-widget_type=\"toggle.default\">\n\t\t\t\t<div class=\"elementor-widget-container\">\n\t\t\t\t\t\t\t<div class=\"elementor-toggle\">\n\t\t\t\t\t\t\t<div class=\"elementor-toggle-item\">\n\t\t\t\t\t<div id=\"elementor-tab-title-1691\" class=\"elementor-tab-title\" data-tab=\"1\" role=\"button\" aria-controls=\"elementor-tab-content-1691\" aria-expanded=\"false\">\n\t\t\t\t\t\t\t\t\t\t\t\t<span class=\"elementor-toggle-icon elementor-toggle-icon-left\" aria-hidden=\"true\">\n\t\t\t\t\t\t\t\t\t\t\t\t\t\t\t<span class=\"elementor-toggle-icon-closed\"><i class=\"fas fa-caret-right\"><\/i><\/span>\n\t\t\t\t\t\t\t\t<span class=\"elementor-toggle-icon-opened\"><i class=\"elementor-toggle-icon-opened fas fa-caret-up\"><\/i><\/span>\n\t\t\t\t\t\t\t\t\t\t\t\t\t<\/span>\n\t\t\t\t\t\t\t\t\t\t\t\t<a class=\"elementor-toggle-title\" tabindex=\"0\">L\u00e4s mer<\/a>\n\t\t\t\t\t<\/div>\n\n\t\t\t\t\t<div id=\"elementor-tab-content-1691\" class=\"elementor-tab-content elementor-clearfix\" data-tab=\"1\" role=\"region\" aria-labelledby=\"elementor-tab-title-1691\">Bj\u00f6rn \u00e4r legitimerad psykolog och har en bakgrund som inom urval och assessment. Han har arbetat med kunder \u00f6ver hela v\u00e4rlden med allt fr\u00e5n andra personbed\u00f6mningar av VD:ar i Sverige till assessment centers i Kina, till att utveckla automatiserad karri\u00e4rv\u00e4gledning i London\n<\/div>\n\t\t\t\t<\/div>\n\t\t\t\t\t\t\t\t<\/div>\n\t\t\t\t\t\t<\/div>\n\t\t\t\t<\/div>\n\t\t\t\t\t<\/div>\n\t\t<\/div>\n\t\t\t\t\t<\/div>\n\t\t<\/section>\n\t\t\t\t<div class=\"elementor-element elementor-element-862d508 elementor-widget elementor-widget-menu-anchor\" data-id=\"862d508\" data-element_type=\"widget\" data-e-type=\"widget\" data-widget_type=\"menu-anchor.default\">\n\t\t\t\t<div class=\"elementor-widget-container\">\n\t\t\t\t\t\t\t<div class=\"elementor-menu-anchor\" id=\"kajsa\"><\/div>\n\t\t\t\t\t\t<\/div>\n\t\t\t\t<\/div>\n\t\t\t\t<div class=\"elementor-element elementor-element-de45a6e elementor-widget-divider--view-line elementor-widget elementor-widget-divider\" data-id=\"de45a6e\" data-element_type=\"widget\" data-e-type=\"widget\" data-widget_type=\"divider.default\">\n\t\t\t\t<div class=\"elementor-widget-container\">\n\t\t\t\t\t\t\t<div class=\"elementor-divider\">\n\t\t\t<span class=\"elementor-divider-separator\">\n\t\t\t\t\t\t<\/span>\n\t\t<\/div>\n\t\t\t\t\t\t<\/div>\n\t\t\t\t<\/div>\n\t\t\t\t<section class=\"elementor-section elementor-inner-section elementor-element elementor-element-e37360f elementor-section-boxed elementor-section-height-default elementor-section-height-default\" data-id=\"e37360f\" data-element_type=\"section\" data-e-type=\"section\">\n\t\t\t\t\t\t<div class=\"elementor-container elementor-column-gap-default\">\n\t\t\t\t\t<div class=\"elementor-column elementor-col-50 elementor-inner-column elementor-element elementor-element-c9507f5\" data-id=\"c9507f5\" data-element_type=\"column\" data-e-type=\"column\">\n\t\t\t<div class=\"elementor-widget-wrap elementor-element-populated\">\n\t\t\t\t\t\t<div class=\"elementor-element elementor-element-930d017 elementor-invisible elementor-widget elementor-widget-image\" data-id=\"930d017\" data-element_type=\"widget\" data-e-type=\"widget\" data-settings=\"{&quot;_animation&quot;:&quot;fadeInRight&quot;}\" data-widget_type=\"image.default\">\n\t\t\t\t<div class=\"elementor-widget-container\">\n\t\t\t\t\t\t\t\t\t\t\t\t\t\t\t<img decoding=\"async\" width=\"2112\" height=\"1408\" src=\"https:\/\/mentalfestivalen.se\/wp-content\/uploads\/2020\/02\/image004.jpg\" class=\"attachment-full size-full wp-image-967\" alt=\"\" srcset=\"https:\/\/mentalfestivalen.se\/wp-content\/uploads\/2020\/02\/image004.jpg 2112w, https:\/\/mentalfestivalen.se\/wp-content\/uploads\/2020\/02\/image004-300x200.jpg 300w, https:\/\/mentalfestivalen.se\/wp-content\/uploads\/2020\/02\/image004-1024x683.jpg 1024w, https:\/\/mentalfestivalen.se\/wp-content\/uploads\/2020\/02\/image004-768x512.jpg 768w, https:\/\/mentalfestivalen.se\/wp-content\/uploads\/2020\/02\/image004-1536x1024.jpg 1536w, https:\/\/mentalfestivalen.se\/wp-content\/uploads\/2020\/02\/image004-2048x1365.jpg 2048w\" sizes=\"(max-width: 2112px) 100vw, 2112px\" \/>\t\t\t\t\t\t\t\t\t\t\t\t\t\t\t<\/div>\n\t\t\t\t<\/div>\n\t\t\t\t\t<\/div>\n\t\t<\/div>\n\t\t\t\t<div class=\"elementor-column elementor-col-50 elementor-inner-column elementor-element elementor-element-e1adb77\" data-id=\"e1adb77\" data-element_type=\"column\" data-e-type=\"column\">\n\t\t\t<div class=\"elementor-widget-wrap elementor-element-populated\">\n\t\t\t\t\t\t<div class=\"elementor-element elementor-element-d7b40d4 elementor-align-start elementor-icon-list--layout-traditional elementor-list-item-link-full_width elementor-widget elementor-widget-icon-list\" data-id=\"d7b40d4\" data-element_type=\"widget\" data-e-type=\"widget\" data-widget_type=\"icon-list.default\">\n\t\t\t\t<div class=\"elementor-widget-container\">\n\t\t\t\t\t\t\t<ul class=\"elementor-icon-list-items\">\n\t\t\t\t\t\t\t<li class=\"elementor-icon-list-item\">\n\t\t\t\t\t\t\t\t\t\t\t<span class=\"elementor-icon-list-icon\">\n\t\t\t\t\t\t\t<i aria-hidden=\"true\" class=\"fas fa-circle\"><\/i>\t\t\t\t\t\t<\/span>\n\t\t\t\t\t\t\t\t\t\t<span class=\"elementor-icon-list-text\">Hur kan datadriven rekrytering \u00f6ka b\u00e5de tr\u00e4ffs\u00e4kerhet och m\u00e5ngfald?<\/span>\n\t\t\t\t\t\t\t\t\t<\/li>\n\t\t\t\t\t\t<\/ul>\n\t\t\t\t\t\t<\/div>\n\t\t\t\t<\/div>\n\t\t\t\t<div class=\"elementor-element elementor-element-c1fc87e elementor-widget elementor-widget-text-editor\" data-id=\"c1fc87e\" data-element_type=\"widget\" data-e-type=\"widget\" data-widget_type=\"text-editor.default\">\n\t\t\t\t<div class=\"elementor-widget-container\">\n\t\t\t\t\t\t\t\t\t<p><em>Med Kajsa Asplund Customer Success Lead p\u00e5 Alva Labs,\u00a0 psykolog och fil.dr i f\u00f6retagsekonomi.<\/em><\/p><p style=\"font-weight: 400;\">Hennes forskning vid Handelsh\u00f6gskolan i Stockholm fokuserar p\u00e5 effekterna av talent management p\u00e5 medarbetares motivation, sj\u00e4lvbild och lojalitet.<\/p><p style=\"font-weight: 400;\">Kajsa har \u00e4ven skrivit boken <span style=\"text-decoration: underline;\"><a href=\"https:\/\/www.nok.se\/forfattare\/a\/kajsa-asplund\/\" target=\"_blank\" rel=\"noopener\">Talang f\u00f6r m\u00e4nniskor<\/a><\/span><\/p>\t\t\t\t\t\t\t\t<\/div>\n\t\t\t\t<\/div>\n\t\t\t\t\t<\/div>\n\t\t<\/div>\n\t\t\t\t\t<\/div>\n\t\t<\/section>\n\t\t\t\t<div class=\"elementor-element elementor-element-3f8b844 elementor-widget-divider--view-line elementor-widget elementor-widget-divider\" data-id=\"3f8b844\" data-element_type=\"widget\" data-e-type=\"widget\" data-widget_type=\"divider.default\">\n\t\t\t\t<div class=\"elementor-widget-container\">\n\t\t\t\t\t\t\t<div class=\"elementor-divider\">\n\t\t\t<span class=\"elementor-divider-separator\">\n\t\t\t\t\t\t<\/span>\n\t\t<\/div>\n\t\t\t\t\t\t<\/div>\n\t\t\t\t<\/div>\n\t\t\t\t<section class=\"elementor-section elementor-inner-section elementor-element elementor-element-29769255 elementor-section-boxed elementor-section-height-default elementor-section-height-default\" data-id=\"29769255\" data-element_type=\"section\" data-e-type=\"section\">\n\t\t\t\t\t\t<div class=\"elementor-container elementor-column-gap-default\">\n\t\t\t\t\t<div class=\"elementor-column elementor-col-50 elementor-inner-column elementor-element elementor-element-5bc11f1\" data-id=\"5bc11f1\" data-element_type=\"column\" data-e-type=\"column\">\n\t\t\t<div class=\"elementor-widget-wrap elementor-element-populated\">\n\t\t\t\t\t\t<div class=\"elementor-element elementor-element-5cc2a07d elementor-invisible elementor-widget elementor-widget-image\" data-id=\"5cc2a07d\" data-element_type=\"widget\" data-e-type=\"widget\" data-settings=\"{&quot;_animation&quot;:&quot;fadeInRight&quot;}\" data-widget_type=\"image.default\">\n\t\t\t\t<div class=\"elementor-widget-container\">\n\t\t\t\t\t\t\t\t\t\t\t\t\t\t\t<img loading=\"lazy\" decoding=\"async\" width=\"275\" height=\"183\" src=\"https:\/\/mentalfestivalen.se\/wp-content\/uploads\/2020\/01\/image005.png\" class=\"attachment-full size-full wp-image-255\" alt=\"\" \/>\t\t\t\t\t\t\t\t\t\t\t\t\t\t\t<\/div>\n\t\t\t\t<\/div>\n\t\t\t\t\t<\/div>\n\t\t<\/div>\n\t\t\t\t<div class=\"elementor-column elementor-col-50 elementor-inner-column elementor-element elementor-element-7b9ea654\" data-id=\"7b9ea654\" data-element_type=\"column\" data-e-type=\"column\">\n\t\t\t<div class=\"elementor-widget-wrap elementor-element-populated\">\n\t\t\t\t\t\t<div class=\"elementor-element elementor-element-263828ed elementor-align-start elementor-icon-list--layout-traditional elementor-list-item-link-full_width elementor-widget elementor-widget-icon-list\" data-id=\"263828ed\" data-element_type=\"widget\" data-e-type=\"widget\" data-widget_type=\"icon-list.default\">\n\t\t\t\t<div class=\"elementor-widget-container\">\n\t\t\t\t\t\t\t<ul class=\"elementor-icon-list-items\">\n\t\t\t\t\t\t\t<li class=\"elementor-icon-list-item\">\n\t\t\t\t\t\t\t\t\t\t\t<span class=\"elementor-icon-list-icon\">\n\t\t\t\t\t\t\t<i aria-hidden=\"true\" class=\"fas fa-circle\"><\/i>\t\t\t\t\t\t<\/span>\n\t\t\t\t\t\t\t\t\t\t<span class=\"elementor-icon-list-text\">Jobbet \u2013 v\u00e4gen till verklig integration<\/span>\n\t\t\t\t\t\t\t\t\t<\/li>\n\t\t\t\t\t\t<\/ul>\n\t\t\t\t\t\t<\/div>\n\t\t\t\t<\/div>\n\t\t\t\t<div class=\"elementor-element elementor-element-65d9cd3c elementor-widget elementor-widget-text-editor\" data-id=\"65d9cd3c\" data-element_type=\"widget\" data-e-type=\"widget\" data-widget_type=\"text-editor.default\">\n\t\t\t\t<div class=\"elementor-widget-container\">\n\t\t\t\t\t\t\t\t\t<p><em>Med <span style=\"font-weight: 400;\">Charlotte Welin Zetterlund, HR-chef, MAX Burger<\/span><\/em><\/p><p><span style=\"font-weight: 400;\">Arbetsplatser kan vara viktiga integrationsmotorer. Det vet inte minst <\/span><span style=\"font-weight: 400;\">restaurangkedjan MAX. <\/span><\/p>\t\t\t\t\t\t\t\t<\/div>\n\t\t\t\t<\/div>\n\t\t\t\t<div class=\"elementor-element elementor-element-3cc9ff29 elementor-widget elementor-widget-toggle\" data-id=\"3cc9ff29\" data-element_type=\"widget\" data-e-type=\"widget\" data-widget_type=\"toggle.default\">\n\t\t\t\t<div class=\"elementor-widget-container\">\n\t\t\t\t\t\t\t<div class=\"elementor-toggle\">\n\t\t\t\t\t\t\t<div class=\"elementor-toggle-item\">\n\t\t\t\t\t<div id=\"elementor-tab-title-1011\" class=\"elementor-tab-title\" data-tab=\"1\" role=\"button\" aria-controls=\"elementor-tab-content-1011\" aria-expanded=\"false\">\n\t\t\t\t\t\t\t\t\t\t\t\t<span class=\"elementor-toggle-icon elementor-toggle-icon-left\" aria-hidden=\"true\">\n\t\t\t\t\t\t\t\t\t\t\t\t\t\t\t<span class=\"elementor-toggle-icon-closed\"><i class=\"fas fa-caret-right\"><\/i><\/span>\n\t\t\t\t\t\t\t\t<span class=\"elementor-toggle-icon-opened\"><i class=\"elementor-toggle-icon-opened fas fa-caret-up\"><\/i><\/span>\n\t\t\t\t\t\t\t\t\t\t\t\t\t<\/span>\n\t\t\t\t\t\t\t\t\t\t\t\t<a class=\"elementor-toggle-title\" tabindex=\"0\">L\u00e4s mer<\/a>\n\t\t\t\t\t<\/div>\n\n\t\t\t\t\t<div id=\"elementor-tab-content-1011\" class=\"elementor-tab-content elementor-clearfix\" data-tab=\"1\" role=\"region\" aria-labelledby=\"elementor-tab-title-1011\"><p><span style=\"font-weight: 400;\">Nar Charlotte Welin Zetterlund, MAX HR-chef, h\u00f6rde <\/span><span style=\"font-weight: 400;\">en av sina medarbetare ber\u00e4tta om att p\u00e5 MAX kunde han spraket, men <\/span><span style=\"font-weight: 400;\">utanf\u00f6r jobbet var det fortfarande svart med svenskan, sa f\u00f6ddes iden om <\/span><span style=\"font-weight: 400;\">&#8221;MAX-svenska&#8221; och spraket som en v\u00e4g till jobb och integration i det <\/span><span style=\"font-weight: 400;\">svenska samh\u00e4llet.<\/span><\/p><\/div>\n\t\t\t\t<\/div>\n\t\t\t\t\t\t\t\t<\/div>\n\t\t\t\t\t\t<\/div>\n\t\t\t\t<\/div>\n\t\t\t\t\t<\/div>\n\t\t<\/div>\n\t\t\t\t\t<\/div>\n\t\t<\/section>\n\t\t\t\t<div class=\"elementor-element elementor-element-343108d elementor-widget elementor-widget-heading\" data-id=\"343108d\" data-element_type=\"widget\" data-e-type=\"widget\" data-widget_type=\"heading.default\">\n\t\t\t\t<div class=\"elementor-widget-container\">\n\t\t\t\t\t<h5 class=\"elementor-heading-title elementor-size-default\">Fler f\u00f6rel\u00e4sare l\u00e4ggs till l\u00f6pande<\/h5>\t\t\t\t<\/div>\n\t\t\t\t<\/div>\n\t\t\t\t<div class=\"elementor-element elementor-element-ae23063 elementor-align-center elementor-widget elementor-widget-button\" data-id=\"ae23063\" data-element_type=\"widget\" data-e-type=\"widget\" data-widget_type=\"button.default\">\n\t\t\t\t<div class=\"elementor-widget-container\">\n\t\t\t\t\t\t\t\t\t<div class=\"elementor-button-wrapper\">\n\t\t\t\t\t<a class=\"elementor-button elementor-button-link elementor-size-sm\" href=\"https:\/\/mentalfestivalen.se\/dagsprogram-2020\/\">\n\t\t\t\t\t\t<span class=\"elementor-button-content-wrapper\">\n\t\t\t\t\t\t\t\t\t<span class=\"elementor-button-text\">M\u00e4ssprogram<\/span>\n\t\t\t\t\t<\/span>\n\t\t\t\t\t<\/a>\n\t\t\t\t<\/div>\n\t\t\t\t\t\t\t\t<\/div>\n\t\t\t\t<\/div>\n\t\t\t\t\t<\/div>\n\t\t<\/div>\n\t\t\t\t\t<\/div>\n\t\t<\/section>\n\t\t\t\t<section class=\"elementor-section elementor-top-section elementor-element elementor-element-7f88e381 elementor-section-boxed elementor-section-height-default elementor-section-height-default\" data-id=\"7f88e381\" data-element_type=\"section\" data-e-type=\"section\" data-settings=\"{&quot;background_background&quot;:&quot;classic&quot;}\">\n\t\t\t\t\t\t\t<div class=\"elementor-background-overlay\"><\/div>\n\t\t\t\t\t\t\t<div class=\"elementor-container elementor-column-gap-default\">\n\t\t\t\t\t<div class=\"elementor-column elementor-col-100 elementor-top-column elementor-element elementor-element-43cd5cc2\" data-id=\"43cd5cc2\" data-element_type=\"column\" data-e-type=\"column\">\n\t\t\t<div class=\"elementor-widget-wrap elementor-element-populated\">\n\t\t\t\t\t\t<div class=\"elementor-element elementor-element-5931f820 elementor-invisible elementor-widget elementor-widget-heading\" data-id=\"5931f820\" data-element_type=\"widget\" data-e-type=\"widget\" data-settings=\"{&quot;_animation&quot;:&quot;fadeIn&quot;}\" data-widget_type=\"heading.default\">\n\t\t\t\t<div class=\"elementor-widget-container\">\n\t\t\t\t\t<h2 class=\"elementor-heading-title elementor-size-default\">Vill du bli utst\u00e4llare eller f\u00f6rel\u00e4sare?<\/h2>\t\t\t\t<\/div>\n\t\t\t\t<\/div>\n\t\t\t\t<div class=\"elementor-element elementor-element-76660d8 elementor-align-center elementor-widget elementor-widget-button\" data-id=\"76660d8\" data-element_type=\"widget\" data-e-type=\"widget\" data-widget_type=\"button.default\">\n\t\t\t\t<div class=\"elementor-widget-container\">\n\t\t\t\t\t\t\t\t\t<div class=\"elementor-button-wrapper\">\n\t\t\t\t\t<a class=\"elementor-button elementor-button-link elementor-size-sm\" href=\"https:\/\/mentalfestivalen.se\/prislista\/\">\n\t\t\t\t\t\t<span class=\"elementor-button-content-wrapper\">\n\t\t\t\t\t\t\t\t\t<span class=\"elementor-button-text\">Prislista<\/span>\n\t\t\t\t\t<\/span>\n\t\t\t\t\t<\/a>\n\t\t\t\t<\/div>\n\t\t\t\t\t\t\t\t<\/div>\n\t\t\t\t<\/div>\n\t\t\t\t\t<\/div>\n\t\t<\/div>\n\t\t\t\t\t<\/div>\n\t\t<\/section>\n\t\t\t\t<\/div>\n\t\t","protected":false},"excerpt":{"rendered":"<p>F\u00f6rel\u00e4sare p\u00e5 Jobbfestivalen med tema m\u00e5ngfald Hur kan cv-l\u00f6s rekrytering gynna m\u00e5ngfalden p\u00e5 arbetsmarknaden? Josefin Malmer, Konsult\/Partner HOME of Recruitment och f\u00f6rfattare av Rekryteringsboken f\u00f6r chefer Josefin\u00b4s m\u00e5l \u00e4r att bidra till en j\u00e4mlik och r\u00e4ttvis arbetsmarknad, med fokus p\u00e5 m\u00e5ngfald i alla former. Att identifiera potential, se bortom det uppenbara och utmana &#8211; eller [&hellip;]<\/p>\n","protected":false},"author":8,"featured_media":921,"parent":0,"menu_order":0,"comment_status":"closed","ping_status":"closed","template":"","meta":{"_acf_changed":false,"site-sidebar-layout":"no-sidebar","site-content-layout":"page-builder","ast-site-content-layout":"default","site-content-style":"default","site-sidebar-style":"default","ast-global-header-display":"","ast-banner-title-visibility":"","ast-main-header-display":"","ast-hfb-above-header-display":"","ast-hfb-below-header-display":"","ast-hfb-mobile-header-display":"","site-post-title":"disabled","ast-breadcrumbs-content":"","ast-featured-img":"disabled","footer-sml-layout":"","ast-disable-related-posts":"","theme-transparent-header-meta":"default","adv-header-id-meta":"","stick-header-meta":"default","header-above-stick-meta":"","header-main-stick-meta":"","header-below-stick-meta":"","astra-migrate-meta-layouts":"default","ast-page-background-enabled":"default","ast-page-background-meta":{"desktop":{"background-color":"","background-image":"","background-repeat":"repeat","background-position":"center center","background-size":"auto","background-attachment":"scroll","background-type":"","background-media":"","overlay-type":"","overlay-color":"","overlay-opacity":"","overlay-gradient":""},"tablet":{"background-color":"","background-image":"","background-repeat":"repeat","background-position":"center center","background-size":"auto","background-attachment":"scroll","background-type":"","background-media":"","overlay-type":"","overlay-color":"","overlay-opacity":"","overlay-gradient":""},"mobile":{"background-color":"","background-image":"","background-repeat":"repeat","background-position":"center center","background-size":"auto","background-attachment":"scroll","background-type":"","background-media":"","overlay-type":"","overlay-color":"","overlay-opacity":"","overlay-gradient":""}},"ast-content-background-meta":{"desktop":{"background-color":"var(--ast-global-color-5)","background-image":"","background-repeat":"repeat","background-position":"center center","background-size":"auto","background-attachment":"scroll","background-type":"","background-media":"","overlay-type":"","overlay-color":"","overlay-opacity":"","overlay-gradient":""},"tablet":{"background-color":"var(--ast-global-color-5)","background-image":"","background-repeat":"repeat","background-position":"center center","background-size":"auto","background-attachment":"scroll","background-type":"","background-media":"","overlay-type":"","overlay-color":"","overlay-opacity":"","overlay-gradient":""},"mobile":{"background-color":"var(--ast-global-color-5)","background-image":"","background-repeat":"repeat","background-position":"center center","background-size":"auto","background-attachment":"scroll","background-type":"","background-media":"","overlay-type":"","overlay-color":"","overlay-opacity":"","overlay-gradient":""}},"footnotes":""},"class_list":["post-923","page","type-page","status-publish","has-post-thumbnail","hentry"],"acf":[],"yoast_head":"<!-- This site is optimized with the Yoast SEO plugin v27.5 - https:\/\/yoast.com\/product\/yoast-seo-wordpress\/ -->\n<title>F\u00f6rel\u00e4sare p\u00e5 Jobbfestivalen - sp\u00e4nnande f\u00f6rel\u00e4sningar inom rekrytering<\/title>\n<meta name=\"description\" content=\"P\u00e5 Jobbfestivalen f\u00e5r du tillf\u00e4lle att lyssna p\u00e5 inspirerande f\u00f6rel\u00e4sningar inom m\u00e5ngfald p\u00e5 jobbet, rekrytering, jobbs\u00f6kande och mycket mer\" \/>\n<meta name=\"robots\" content=\"index, follow, max-snippet:-1, max-image-preview:large, max-video-preview:-1\" \/>\n<link rel=\"canonical\" href=\"https:\/\/mentalfestivalen.se\/en\/forelasare\/\" \/>\n<meta property=\"og:locale\" content=\"en_GB\" \/>\n<meta property=\"og:type\" content=\"article\" \/>\n<meta property=\"og:title\" content=\"F\u00f6rel\u00e4sare p\u00e5 Jobbfestivalen - sp\u00e4nnande f\u00f6rel\u00e4sningar inom rekrytering\" \/>\n<meta property=\"og:description\" content=\"P\u00e5 Jobbfestivalen f\u00e5r du tillf\u00e4lle att lyssna p\u00e5 inspirerande f\u00f6rel\u00e4sningar inom m\u00e5ngfald p\u00e5 jobbet, rekrytering, jobbs\u00f6kande och mycket mer\" \/>\n<meta property=\"og:url\" content=\"https:\/\/mentalfestivalen.se\/en\/forelasare\/\" \/>\n<meta property=\"og:site_name\" content=\"Mentalfestivalen\" \/>\n<meta property=\"article:modified_time\" content=\"2022-02-01T07:49:27+00:00\" \/>\n<meta property=\"og:image\" content=\"https:\/\/mentalfestivalen.se\/wp-content\/uploads\/2020\/02\/MG_4610_WEBB-1.jpg\" \/>\n\t<meta property=\"og:image:width\" content=\"1181\" \/>\n\t<meta property=\"og:image:height\" content=\"914\" \/>\n\t<meta property=\"og:image:type\" content=\"image\/jpeg\" \/>\n<meta name=\"twitter:card\" content=\"summary_large_image\" \/>\n<meta name=\"twitter:label1\" content=\"Estimated reading time\" \/>\n\t<meta name=\"twitter:data1\" content=\"4 minutes\" \/>\n<script type=\"application\/ld+json\" class=\"yoast-schema-graph\">{\"@context\":\"https:\\\/\\\/schema.org\",\"@graph\":[{\"@type\":\"WebPage\",\"@id\":\"https:\\\/\\\/mentalfestivalen.se\\\/en\\\/forelasare\\\/\",\"url\":\"https:\\\/\\\/mentalfestivalen.se\\\/en\\\/forelasare\\\/\",\"name\":\"F\u00f6rel\u00e4sare p\u00e5 Jobbfestivalen - sp\u00e4nnande f\u00f6rel\u00e4sningar inom rekrytering\",\"isPartOf\":{\"@id\":\"https:\\\/\\\/mentalfestivalen.se\\\/#website\"},\"primaryImageOfPage\":{\"@id\":\"https:\\\/\\\/mentalfestivalen.se\\\/en\\\/forelasare\\\/#primaryimage\"},\"image\":{\"@id\":\"https:\\\/\\\/mentalfestivalen.se\\\/en\\\/forelasare\\\/#primaryimage\"},\"thumbnailUrl\":\"https:\\\/\\\/mentalfestivalen.se\\\/wp-content\\\/uploads\\\/2020\\\/02\\\/MG_4610_WEBB-1.jpg\",\"datePublished\":\"2020-02-05T13:52:26+00:00\",\"dateModified\":\"2022-02-01T07:49:27+00:00\",\"description\":\"P\u00e5 Jobbfestivalen f\u00e5r du tillf\u00e4lle att lyssna p\u00e5 inspirerande f\u00f6rel\u00e4sningar inom m\u00e5ngfald p\u00e5 jobbet, rekrytering, jobbs\u00f6kande och mycket mer\",\"breadcrumb\":{\"@id\":\"https:\\\/\\\/mentalfestivalen.se\\\/en\\\/forelasare\\\/#breadcrumb\"},\"inLanguage\":\"en-GB\",\"potentialAction\":[{\"@type\":\"ReadAction\",\"target\":[\"https:\\\/\\\/mentalfestivalen.se\\\/en\\\/forelasare\\\/\"]}]},{\"@type\":\"ImageObject\",\"inLanguage\":\"en-GB\",\"@id\":\"https:\\\/\\\/mentalfestivalen.se\\\/en\\\/forelasare\\\/#primaryimage\",\"url\":\"https:\\\/\\\/mentalfestivalen.se\\\/wp-content\\\/uploads\\\/2020\\\/02\\\/MG_4610_WEBB-1.jpg\",\"contentUrl\":\"https:\\\/\\\/mentalfestivalen.se\\\/wp-content\\\/uploads\\\/2020\\\/02\\\/MG_4610_WEBB-1.jpg\",\"width\":1181,\"height\":914},{\"@type\":\"BreadcrumbList\",\"@id\":\"https:\\\/\\\/mentalfestivalen.se\\\/en\\\/forelasare\\\/#breadcrumb\",\"itemListElement\":[{\"@type\":\"ListItem\",\"position\":1,\"name\":\"Hem\",\"item\":\"https:\\\/\\\/mentalfestivalen.se\\\/\"},{\"@type\":\"ListItem\",\"position\":2,\"name\":\"F\u00f6rel\u00e4sare\"}]},{\"@type\":\"WebSite\",\"@id\":\"https:\\\/\\\/mentalfestivalen.se\\\/#website\",\"url\":\"https:\\\/\\\/mentalfestivalen.se\\\/\",\"name\":\"Mentalfestivalen\",\"description\":\"Mentalfestivalen\",\"potentialAction\":[{\"@type\":\"SearchAction\",\"target\":{\"@type\":\"EntryPoint\",\"urlTemplate\":\"https:\\\/\\\/mentalfestivalen.se\\\/?s={search_term_string}\"},\"query-input\":{\"@type\":\"PropertyValueSpecification\",\"valueRequired\":true,\"valueName\":\"search_term_string\"}}],\"inLanguage\":\"en-GB\"}]}<\/script>\n<!-- \/ Yoast SEO plugin. -->","yoast_head_json":{"title":"F\u00f6rel\u00e4sare p\u00e5 Jobbfestivalen - sp\u00e4nnande f\u00f6rel\u00e4sningar inom rekrytering","description":"P\u00e5 Jobbfestivalen f\u00e5r du tillf\u00e4lle att lyssna p\u00e5 inspirerande f\u00f6rel\u00e4sningar inom m\u00e5ngfald p\u00e5 jobbet, rekrytering, jobbs\u00f6kande och mycket mer","robots":{"index":"index","follow":"follow","max-snippet":"max-snippet:-1","max-image-preview":"max-image-preview:large","max-video-preview":"max-video-preview:-1"},"canonical":"https:\/\/mentalfestivalen.se\/en\/forelasare\/","og_locale":"en_GB","og_type":"article","og_title":"F\u00f6rel\u00e4sare p\u00e5 Jobbfestivalen - sp\u00e4nnande f\u00f6rel\u00e4sningar inom rekrytering","og_description":"P\u00e5 Jobbfestivalen f\u00e5r du tillf\u00e4lle att lyssna p\u00e5 inspirerande f\u00f6rel\u00e4sningar inom m\u00e5ngfald p\u00e5 jobbet, rekrytering, jobbs\u00f6kande och mycket mer","og_url":"https:\/\/mentalfestivalen.se\/en\/forelasare\/","og_site_name":"Mentalfestivalen","article_modified_time":"2022-02-01T07:49:27+00:00","og_image":[{"width":1181,"height":914,"url":"https:\/\/mentalfestivalen.se\/wp-content\/uploads\/2020\/02\/MG_4610_WEBB-1.jpg","type":"image\/jpeg"}],"twitter_card":"summary_large_image","twitter_misc":{"Estimated reading time":"4 minutes"},"schema":{"@context":"https:\/\/schema.org","@graph":[{"@type":"WebPage","@id":"https:\/\/mentalfestivalen.se\/en\/forelasare\/","url":"https:\/\/mentalfestivalen.se\/en\/forelasare\/","name":"F\u00f6rel\u00e4sare p\u00e5 Jobbfestivalen - sp\u00e4nnande f\u00f6rel\u00e4sningar inom rekrytering","isPartOf":{"@id":"https:\/\/mentalfestivalen.se\/#website"},"primaryImageOfPage":{"@id":"https:\/\/mentalfestivalen.se\/en\/forelasare\/#primaryimage"},"image":{"@id":"https:\/\/mentalfestivalen.se\/en\/forelasare\/#primaryimage"},"thumbnailUrl":"https:\/\/mentalfestivalen.se\/wp-content\/uploads\/2020\/02\/MG_4610_WEBB-1.jpg","datePublished":"2020-02-05T13:52:26+00:00","dateModified":"2022-02-01T07:49:27+00:00","description":"P\u00e5 Jobbfestivalen f\u00e5r du tillf\u00e4lle att lyssna p\u00e5 inspirerande f\u00f6rel\u00e4sningar inom m\u00e5ngfald p\u00e5 jobbet, rekrytering, jobbs\u00f6kande och mycket mer","breadcrumb":{"@id":"https:\/\/mentalfestivalen.se\/en\/forelasare\/#breadcrumb"},"inLanguage":"en-GB","potentialAction":[{"@type":"ReadAction","target":["https:\/\/mentalfestivalen.se\/en\/forelasare\/"]}]},{"@type":"ImageObject","inLanguage":"en-GB","@id":"https:\/\/mentalfestivalen.se\/en\/forelasare\/#primaryimage","url":"https:\/\/mentalfestivalen.se\/wp-content\/uploads\/2020\/02\/MG_4610_WEBB-1.jpg","contentUrl":"https:\/\/mentalfestivalen.se\/wp-content\/uploads\/2020\/02\/MG_4610_WEBB-1.jpg","width":1181,"height":914},{"@type":"BreadcrumbList","@id":"https:\/\/mentalfestivalen.se\/en\/forelasare\/#breadcrumb","itemListElement":[{"@type":"ListItem","position":1,"name":"Hem","item":"https:\/\/mentalfestivalen.se\/"},{"@type":"ListItem","position":2,"name":"F\u00f6rel\u00e4sare"}]},{"@type":"WebSite","@id":"https:\/\/mentalfestivalen.se\/#website","url":"https:\/\/mentalfestivalen.se\/","name":"Mentalfestivalen","description":"Mentalfestivalen","potentialAction":[{"@type":"SearchAction","target":{"@type":"EntryPoint","urlTemplate":"https:\/\/mentalfestivalen.se\/?s={search_term_string}"},"query-input":{"@type":"PropertyValueSpecification","valueRequired":true,"valueName":"search_term_string"}}],"inLanguage":"en-GB"}]}},"_links":{"self":[{"href":"https:\/\/mentalfestivalen.se\/en\/wp-json\/wp\/v2\/pages\/923","targetHints":{"allow":["GET"]}}],"collection":[{"href":"https:\/\/mentalfestivalen.se\/en\/wp-json\/wp\/v2\/pages"}],"about":[{"href":"https:\/\/mentalfestivalen.se\/en\/wp-json\/wp\/v2\/types\/page"}],"author":[{"embeddable":true,"href":"https:\/\/mentalfestivalen.se\/en\/wp-json\/wp\/v2\/users\/8"}],"replies":[{"embeddable":true,"href":"https:\/\/mentalfestivalen.se\/en\/wp-json\/wp\/v2\/comments?post=923"}],"version-history":[{"count":0,"href":"https:\/\/mentalfestivalen.se\/en\/wp-json\/wp\/v2\/pages\/923\/revisions"}],"wp:featuredmedia":[{"embeddable":true,"href":"https:\/\/mentalfestivalen.se\/en\/wp-json\/wp\/v2\/media\/921"}],"wp:attachment":[{"href":"https:\/\/mentalfestivalen.se\/en\/wp-json\/wp\/v2\/media?parent=923"}],"curies":[{"name":"wp","href":"https:\/\/api.w.org\/{rel}","templated":true}]}}