{"id":9211,"date":"2022-09-02T11:25:18","date_gmt":"2022-09-02T11:25:18","guid":{"rendered":"https:\/\/mentalfestivalen.se\/?page_id=9211"},"modified":"2022-09-13T17:24:27","modified_gmt":"2022-09-13T15:24:27","slug":"charlotte-welin-zetterlund-2","status":"publish","type":"page","link":"https:\/\/mentalfestivalen.se\/en\/charlotte-welin-zetterlund-2\/","title":{"rendered":"Charlotte Welin Zetterlund"},"content":{"rendered":"<div data-elementor-type=\"wp-page\" data-elementor-id=\"9211\" class=\"elementor elementor-9211\" data-elementor-post-type=\"page\">\n\t\t\t\t\t\t<section class=\"elementor-section elementor-top-section elementor-element elementor-element-fbb7ae0 elementor-section-boxed elementor-section-height-default elementor-section-height-default\" data-id=\"fbb7ae0\" data-element_type=\"section\" data-e-type=\"section\">\n\t\t\t\t\t\t<div class=\"elementor-container elementor-column-gap-default\">\n\t\t\t\t\t<div class=\"elementor-column elementor-col-100 elementor-top-column elementor-element elementor-element-c27957f\" data-id=\"c27957f\" data-element_type=\"column\" data-e-type=\"column\">\n\t\t\t<div class=\"elementor-widget-wrap elementor-element-populated\">\n\t\t\t\t\t\t<div class=\"elementor-element elementor-element-1bc287db elementor-widget elementor-widget-spacer\" data-id=\"1bc287db\" data-element_type=\"widget\" data-e-type=\"widget\" data-widget_type=\"spacer.default\">\n\t\t\t\t<div class=\"elementor-widget-container\">\n\t\t\t\t\t\t\t<div class=\"elementor-spacer\">\n\t\t\t<div class=\"elementor-spacer-inner\"><\/div>\n\t\t<\/div>\n\t\t\t\t\t\t<\/div>\n\t\t\t\t<\/div>\n\t\t\t\t\t<\/div>\n\t\t<\/div>\n\t\t\t\t\t<\/div>\n\t\t<\/section>\n\t\t\t\t<section class=\"elementor-section elementor-top-section elementor-element elementor-element-5e06a059 elementor-reverse-mobile elementor-section-content-middle elementor-section-boxed elementor-section-height-default elementor-section-height-default\" data-id=\"5e06a059\" data-element_type=\"section\" data-e-type=\"section\">\n\t\t\t\t\t\t<div class=\"elementor-container elementor-column-gap-default\">\n\t\t\t\t\t<div class=\"elementor-column elementor-col-50 elementor-top-column elementor-element elementor-element-2eb92469\" data-id=\"2eb92469\" data-element_type=\"column\" data-e-type=\"column\">\n\t\t\t<div class=\"elementor-widget-wrap elementor-element-populated\">\n\t\t\t\t\t\t<div class=\"elementor-element elementor-element-28a73a03 elementor-widget elementor-widget-image\" data-id=\"28a73a03\" data-element_type=\"widget\" data-e-type=\"widget\" data-widget_type=\"image.default\">\n\t\t\t\t<div class=\"elementor-widget-container\">\n\t\t\t\t\t\t\t\t\t\t\t\t\t\t\t<img fetchpriority=\"high\" decoding=\"async\" width=\"643\" height=\"842\" src=\"https:\/\/mentalfestivalen.se\/wp-content\/uploads\/2022\/03\/thumbnail_Bild-att-anvanda-e1655843108319.jpg\" class=\"attachment-1536x1536 size-1536x1536 wp-image-2734\" alt=\"\" srcset=\"https:\/\/mentalfestivalen.se\/wp-content\/uploads\/2022\/03\/thumbnail_Bild-att-anvanda-e1655843108319.jpg 643w, https:\/\/mentalfestivalen.se\/wp-content\/uploads\/2022\/03\/thumbnail_Bild-att-anvanda-e1655843108319-229x300.jpg 229w, https:\/\/mentalfestivalen.se\/wp-content\/uploads\/2022\/03\/thumbnail_Bild-att-anvanda-e1655843108319-9x12.jpg 9w\" sizes=\"(max-width: 643px) 100vw, 643px\" \/>\t\t\t\t\t\t\t\t\t\t\t\t\t\t\t<\/div>\n\t\t\t\t<\/div>\n\t\t\t\t\t<\/div>\n\t\t<\/div>\n\t\t\t\t<div class=\"elementor-column elementor-col-50 elementor-top-column elementor-element elementor-element-427b667f\" data-id=\"427b667f\" data-element_type=\"column\" data-e-type=\"column\">\n\t\t\t<div class=\"elementor-widget-wrap elementor-element-populated\">\n\t\t\t\t\t\t<div class=\"elementor-element elementor-element-aed0682 elementor-widget__width-auto elementor-widget elementor-widget-image\" data-id=\"aed0682\" data-element_type=\"widget\" data-e-type=\"widget\" data-widget_type=\"image.default\">\n\t\t\t\t<div class=\"elementor-widget-container\">\n\t\t\t\t\t\t\t\t\t\t\t\t\t\t\t<img decoding=\"async\" width=\"1024\" height=\"209\" src=\"https:\/\/mentalfestivalen.se\/wp-content\/uploads\/2022\/04\/thumbnail_image006-1-1024x209.png\" class=\"attachment-large size-large wp-image-2901\" alt=\"hemkop logo\" srcset=\"https:\/\/mentalfestivalen.se\/wp-content\/uploads\/2022\/04\/thumbnail_image006-1-1024x209.png 1024w, https:\/\/mentalfestivalen.se\/wp-content\/uploads\/2022\/04\/thumbnail_image006-1-300x61.png 300w, https:\/\/mentalfestivalen.se\/wp-content\/uploads\/2022\/04\/thumbnail_image006-1-768x157.png 768w, https:\/\/mentalfestivalen.se\/wp-content\/uploads\/2022\/04\/thumbnail_image006-1-1536x313.png 1536w, https:\/\/mentalfestivalen.se\/wp-content\/uploads\/2022\/04\/thumbnail_image006-1-2048x418.png 2048w, https:\/\/mentalfestivalen.se\/wp-content\/uploads\/2022\/04\/thumbnail_image006-1-18x4.png 18w, https:\/\/mentalfestivalen.se\/wp-content\/uploads\/2022\/04\/thumbnail_image006-1-e1656270191770.png 1962w\" sizes=\"(max-width: 1024px) 100vw, 1024px\" \/>\t\t\t\t\t\t\t\t\t\t\t\t\t\t\t<\/div>\n\t\t\t\t<\/div>\n\t\t\t\t<div class=\"elementor-element elementor-element-2da4ea28 elementor-widget__width-auto elementor-widget elementor-widget-image\" data-id=\"2da4ea28\" data-element_type=\"widget\" data-e-type=\"widget\" data-widget_type=\"image.default\">\n\t\t\t\t<div class=\"elementor-widget-container\">\n\t\t\t\t\t\t\t\t\t\t\t\t\t\t\t<img decoding=\"async\" width=\"916\" height=\"400\" src=\"https:\/\/mentalfestivalen.se\/wp-content\/uploads\/2022\/05\/Tempo-logotyp.png\" class=\"attachment-large size-large wp-image-3529\" alt=\"Tempo Logotyp\" srcset=\"https:\/\/mentalfestivalen.se\/wp-content\/uploads\/2022\/05\/Tempo-logotyp.png 916w, https:\/\/mentalfestivalen.se\/wp-content\/uploads\/2022\/05\/Tempo-logotyp-300x131.png 300w, https:\/\/mentalfestivalen.se\/wp-content\/uploads\/2022\/05\/Tempo-logotyp-768x335.png 768w, https:\/\/mentalfestivalen.se\/wp-content\/uploads\/2022\/05\/Tempo-logotyp-18x8.png 18w\" sizes=\"(max-width: 916px) 100vw, 916px\" \/>\t\t\t\t\t\t\t\t\t\t\t\t\t\t\t<\/div>\n\t\t\t\t<\/div>\n\t\t\t\t<div class=\"elementor-element elementor-element-53401259 elementor-invisible elementor-widget elementor-widget-heading\" data-id=\"53401259\" data-element_type=\"widget\" data-e-type=\"widget\" data-settings=\"{&quot;_animation&quot;:&quot;fadeIn&quot;}\" data-widget_type=\"heading.default\">\n\t\t\t\t<div class=\"elementor-widget-container\">\n\t\t\t\t\t<h1 class=\"elementor-heading-title elementor-size-default\">The job - the way to real integration<\/h1>\t\t\t\t<\/div>\n\t\t\t\t<\/div>\n\t\t\t\t<div class=\"elementor-element elementor-element-3a0bbfb8 elementor-widget elementor-widget-heading\" data-id=\"3a0bbfb8\" data-element_type=\"widget\" data-e-type=\"widget\" data-widget_type=\"heading.default\">\n\t\t\t\t<div class=\"elementor-widget-container\">\n\t\t\t\t\t<h2 class=\"elementor-heading-title elementor-size-default\">Charlotte Welin Zetterlund<\/h2>\t\t\t\t<\/div>\n\t\t\t\t<\/div>\n\t\t\t\t<div class=\"elementor-element elementor-element-9e17ed9 elementor-widget elementor-widget-heading\" data-id=\"9e17ed9\" data-element_type=\"widget\" data-e-type=\"widget\" data-widget_type=\"heading.default\">\n\t\t\t\t<div class=\"elementor-widget-container\">\n\t\t\t\t\t<h3 class=\"elementor-heading-title elementor-size-default\">HR-Chef p\u00e5 Hemk\u00f6p\/Tempo<\/h3>\t\t\t\t<\/div>\n\t\t\t\t<\/div>\n\t\t\t\t<div class=\"elementor-element elementor-element-604b6dfd elementor-widget elementor-widget-text-editor\" data-id=\"604b6dfd\" data-element_type=\"widget\" data-e-type=\"widget\" data-widget_type=\"text-editor.default\">\n\t\t\t\t<div class=\"elementor-widget-container\">\n\t\t\t\t\t\t\t\t\t<p>Arbetsplatser kan vara viktiga integrationsmotorer. Det vet inte minst Hemk\u00f6p\/Tempo.<\/p><p>Charlotte Welin Zetterlund, HR-chef Hemk\u00f6p\/Tempo, brinner f\u00f6r M\u00e5ngfald &amp; Integration, vi har hj\u00e4rtat, vi har m\u00f6jligheten och vi har alltid ett behov av duktiga medarbetare. Vi omfamnar individens unika egenskaper och kompetenser. F\u00f6r oss \u00e4r det en central del i v\u00e5r aff\u00e4rsid\u00e9, det \u00e4r en del av v\u00e5rt DNA. Vi vill spegla befolkningen och vi har ett ansvar att v\u00e4lkomna m\u00e4nniskor in p\u00e5 arbetsmarknaden. Att ge alla samma chans och m\u00f6jlighet till jobb och tillh\u00f6righet. Hos oss \u00e4r alla v\u00e4lkomna medarbetare som kund.<\/p>\t\t\t\t\t\t\t\t<\/div>\n\t\t\t\t<\/div>\n\t\t\t\t<section class=\"elementor-section elementor-inner-section elementor-element elementor-element-16d13bf elementor-section-content-middle elementor-section-boxed elementor-section-height-default elementor-section-height-default\" data-id=\"16d13bf\" data-element_type=\"section\" data-e-type=\"section\">\n\t\t\t\t\t\t<div class=\"elementor-container elementor-column-gap-default\">\n\t\t\t\t\t<div class=\"make-column-clickable-elementor elementor-column elementor-col-50 elementor-inner-column elementor-element elementor-element-6776272 elementor-hidden-mobile\" style=\"cursor: pointer;\" data-column-clickable=\"https:\/\/mentalfestivalen.se\/charlotte-welin-zetterlund\/\" data-column-clickable-blank=\"_self\" data-id=\"6776272\" data-element_type=\"column\" data-e-type=\"column\">\n\t\t\t<div class=\"elementor-widget-wrap elementor-element-populated\">\n\t\t\t\t\t\t<div class=\"elementor-element elementor-element-5289a19 elementor-view-default elementor-widget elementor-widget-icon\" data-id=\"5289a19\" data-element_type=\"widget\" data-e-type=\"widget\" data-widget_type=\"icon.default\">\n\t\t\t\t<div class=\"elementor-widget-container\">\n\t\t\t\t\t\t\t<div class=\"elementor-icon-wrapper\">\n\t\t\t<div class=\"elementor-icon\">\n\t\t\t<i aria-hidden=\"true\" class=\"far fa-bookmark\"><\/i>\t\t\t<\/div>\n\t\t<\/div>\n\t\t\t\t\t\t<\/div>\n\t\t\t\t<\/div>\n\t\t\t\t\t<\/div>\n\t\t<\/div>\n\t\t\t\t<div class=\"make-column-clickable-elementor elementor-column elementor-col-50 elementor-inner-column elementor-element elementor-element-03c67ae\" style=\"cursor: pointer;\" data-column-clickable=\"https:\/\/mentalfestivalen.se\/charlotte-welin-zetterlund\/\" data-column-clickable-blank=\"_self\" data-id=\"03c67ae\" data-element_type=\"column\" data-e-type=\"column\">\n\t\t\t<div class=\"elementor-widget-wrap elementor-element-populated\">\n\t\t\t\t\t\t<div class=\"elementor-element elementor-element-7b9bb76 elementor-widget elementor-widget-heading\" data-id=\"7b9bb76\" data-element_type=\"widget\" data-e-type=\"widget\" data-widget_type=\"heading.default\">\n\t\t\t\t<div class=\"elementor-widget-container\">\n\t\t\t\t\t<h3 class=\"elementor-heading-title elementor-size-default\">Mer Fr\u00e5n Charlotte Under Jobbfestivalen<\/h3>\t\t\t\t<\/div>\n\t\t\t\t<\/div>\n\t\t\t\t<div class=\"elementor-element elementor-element-07ad759 elementor-widget elementor-widget-heading\" data-id=\"07ad759\" data-element_type=\"widget\" data-e-type=\"widget\" data-widget_type=\"heading.default\">\n\t\t\t\t<div class=\"elementor-widget-container\">\n\t\t\t\t\t<h2 class=\"elementor-heading-title elementor-size-default\"><a href=\"https:\/\/mentalfestivalen.se\/en\/charlotte-welin-zetterlund\/\">Diskriminering i rekrytering \u2013 vad g\u00f6r vi \u00e5t det?<\/a><\/h2>\t\t\t\t<\/div>\n\t\t\t\t<\/div>\n\t\t\t\t<div class=\"elementor-element elementor-element-db70eb6 elementor-widget elementor-widget-heading\" data-id=\"db70eb6\" data-element_type=\"widget\" data-e-type=\"widget\" data-widget_type=\"heading.default\">\n\t\t\t\t<div class=\"elementor-widget-container\">\n\t\t\t\t\t<h3 class=\"elementor-heading-title elementor-size-default\">Paneldiskussion - Stora Scenen kl 15.00<\/h3>\t\t\t\t<\/div>\n\t\t\t\t<\/div>\n\t\t\t\t\t<\/div>\n\t\t<\/div>\n\t\t\t\t\t<\/div>\n\t\t<\/section>\n\t\t\t\t\t<\/div>\n\t\t<\/div>\n\t\t\t\t\t<\/div>\n\t\t<\/section>\n\t\t\t\t<section class=\"elementor-section elementor-top-section elementor-element elementor-element-1e8e3929 elementor-hidden-mobile elementor-section-boxed elementor-section-height-default elementor-section-height-default\" data-id=\"1e8e3929\" data-element_type=\"section\" data-e-type=\"section\">\n\t\t\t\t\t\t<div class=\"elementor-container elementor-column-gap-default\">\n\t\t\t\t\t<div class=\"elementor-column elementor-col-100 elementor-top-column elementor-element elementor-element-546294c0\" data-id=\"546294c0\" data-element_type=\"column\" data-e-type=\"column\">\n\t\t\t<div class=\"elementor-widget-wrap elementor-element-populated\">\n\t\t\t\t\t\t<div class=\"elementor-element elementor-element-4fe42cfe elementor-widget elementor-widget-spacer\" data-id=\"4fe42cfe\" data-element_type=\"widget\" data-e-type=\"widget\" data-widget_type=\"spacer.default\">\n\t\t\t\t<div class=\"elementor-widget-container\">\n\t\t\t\t\t\t\t<div class=\"elementor-spacer\">\n\t\t\t<div class=\"elementor-spacer-inner\"><\/div>\n\t\t<\/div>\n\t\t\t\t\t\t<\/div>\n\t\t\t\t<\/div>\n\t\t\t\t<div class=\"elementor-element elementor-element-34e59060 elementor-widget-divider--view-line elementor-widget elementor-widget-divider\" data-id=\"34e59060\" data-element_type=\"widget\" data-e-type=\"widget\" data-widget_type=\"divider.default\">\n\t\t\t\t<div class=\"elementor-widget-container\">\n\t\t\t\t\t\t\t<div class=\"elementor-divider\">\n\t\t\t<span class=\"elementor-divider-separator\">\n\t\t\t\t\t\t<\/span>\n\t\t<\/div>\n\t\t\t\t\t\t<\/div>\n\t\t\t\t<\/div>\n\t\t\t\t<section class=\"elementor-section elementor-inner-section elementor-element elementor-element-721e7b6 elementor-section-boxed elementor-section-height-default elementor-section-height-default\" data-id=\"721e7b6\" data-element_type=\"section\" data-e-type=\"section\">\n\t\t\t\t\t\t<div class=\"elementor-container elementor-column-gap-default\">\n\t\t\t\t\t<div class=\"elementor-column elementor-col-50 elementor-inner-column elementor-element elementor-element-3b3c19bc\" data-id=\"3b3c19bc\" data-element_type=\"column\" data-e-type=\"column\">\n\t\t\t<div class=\"elementor-widget-wrap elementor-element-populated\">\n\t\t\t\t\t\t<div class=\"elementor-element elementor-element-2a6d2503 elementor-widget__width-auto elementor-widget elementor-widget-image\" data-id=\"2a6d2503\" data-element_type=\"widget\" data-e-type=\"widget\" data-widget_type=\"image.default\">\n\t\t\t\t<div class=\"elementor-widget-container\">\n\t\t\t\t\t\t\t\t\t\t\t\t\t\t\t\t<a href=\"https:\/\/mentalfestivalen.se\/en\/paulinne-arpi\/\">\n\t\t\t\t\t\t\t<img loading=\"lazy\" decoding=\"async\" width=\"150\" height=\"150\" src=\"https:\/\/mentalfestivalen.se\/wp-content\/uploads\/2022\/09\/paulinne-arpi-2-150x150.jpg\" class=\"attachment-thumbnail size-thumbnail wp-image-10091\" alt=\"\" \/>\t\t\t\t\t\t\t\t<\/a>\n\t\t\t\t\t\t\t\t\t\t\t\t\t\t\t<\/div>\n\t\t\t\t<\/div>\n\t\t\t\t<div class=\"elementor-element elementor-element-221c1c08 elementor-widget__width-auto elementor-widget elementor-widget-heading\" data-id=\"221c1c08\" data-element_type=\"widget\" data-e-type=\"widget\" data-widget_type=\"heading.default\">\n\t\t\t\t<div class=\"elementor-widget-container\">\n\t\t\t\t\t<h2 class=\"elementor-heading-title elementor-size-default\"><a href=\"https:\/\/mentalfestivalen.se\/en\/paulinne-arpi\/\"><span style=\"font-size: 12px;color: grey\">F\u00f6reg\u00e5ende f\u00f6rel\u00e4sare<\/span><br>Paulinne Arpi, SJ<\/a><\/h2>\t\t\t\t<\/div>\n\t\t\t\t<\/div>\n\t\t\t\t\t<\/div>\n\t\t<\/div>\n\t\t\t\t<div class=\"elementor-column elementor-col-50 elementor-inner-column elementor-element elementor-element-6595f3d\" data-id=\"6595f3d\" data-element_type=\"column\" data-e-type=\"column\">\n\t\t\t<div class=\"elementor-widget-wrap elementor-element-populated\">\n\t\t\t\t\t\t<div class=\"elementor-element elementor-element-1d21c6d elementor-widget__width-auto elementor-widget elementor-widget-heading\" data-id=\"1d21c6d\" data-element_type=\"widget\" data-e-type=\"widget\" data-widget_type=\"heading.default\">\n\t\t\t\t<div class=\"elementor-widget-container\">\n\t\t\t\t\t<h2 class=\"elementor-heading-title elementor-size-default\"><a href=\"https:\/\/mentalfestivalen.se\/en\/henric-bruvik\/\"><span style=\"font-size: 12px;color: grey\">N\u00e4sta f\u00f6rel\u00e4sare<\/span><br>Spr\u00e5ktest inf\u00f6r anst\u00e4llning \u2013 st\u00f6d eller<br>hinder f\u00f6r ett inkluderande arbetsliv?<\/a><\/h2>\t\t\t\t<\/div>\n\t\t\t\t<\/div>\n\t\t\t\t<div class=\"elementor-element elementor-element-51e839a elementor-widget__width-auto elementor-widget elementor-widget-image\" data-id=\"51e839a\" data-element_type=\"widget\" data-e-type=\"widget\" data-widget_type=\"image.default\">\n\t\t\t\t<div class=\"elementor-widget-container\">\n\t\t\t\t\t\t\t\t\t\t\t\t\t\t\t\t<a href=\"https:\/\/mentalfestivalen.se\/en\/henric-bruvik\/\">\n\t\t\t\t\t\t\t<img loading=\"lazy\" decoding=\"async\" width=\"150\" height=\"150\" src=\"https:\/\/mentalfestivalen.se\/wp-content\/uploads\/2022\/06\/Henric-Bruvik3-e1657006067577-150x150.jpg\" class=\"attachment-thumbnail size-thumbnail wp-image-5670\" alt=\"Henric Bruvik\" \/>\t\t\t\t\t\t\t\t<\/a>\n\t\t\t\t\t\t\t\t\t\t\t\t\t\t\t<\/div>\n\t\t\t\t<\/div>\n\t\t\t\t\t<\/div>\n\t\t<\/div>\n\t\t\t\t\t<\/div>\n\t\t<\/section>\n\t\t\t\t<div class=\"elementor-element elementor-element-509322c0 elementor-widget elementor-widget-spacer\" data-id=\"509322c0\" data-element_type=\"widget\" data-e-type=\"widget\" data-widget_type=\"spacer.default\">\n\t\t\t\t<div class=\"elementor-widget-container\">\n\t\t\t\t\t\t\t<div class=\"elementor-spacer\">\n\t\t\t<div class=\"elementor-spacer-inner\"><\/div>\n\t\t<\/div>\n\t\t\t\t\t\t<\/div>\n\t\t\t\t<\/div>\n\t\t\t\t\t<\/div>\n\t\t<\/div>\n\t\t\t\t\t<\/div>\n\t\t<\/section>\n\t\t\t\t<\/div>","protected":false},"excerpt":{"rendered":"<p>Jobbet \u2013 v\u00e4gen till verklig integration Charlotte Welin Zetterlund HR-Chef p\u00e5 Hemk\u00f6p\/Tempo Arbetsplatser kan vara viktiga integrationsmotorer. Det vet inte minst Hemk\u00f6p\/Tempo. Charlotte Welin Zetterlund, HR-chef Hemk\u00f6p\/Tempo, brinner f\u00f6r M\u00e5ngfald &amp; Integration, vi har hj\u00e4rtat, vi har m\u00f6jligheten och vi har alltid ett behov av duktiga medarbetare. Vi omfamnar individens unika egenskaper och kompetenser. F\u00f6r [&hellip;]<\/p>\n","protected":false},"author":3,"featured_media":9226,"parent":0,"menu_order":0,"comment_status":"closed","ping_status":"closed","template":"","meta":{"_acf_changed":false,"site-sidebar-layout":"no-sidebar","site-content-layout":"page-builder","ast-site-content-layout":"default","site-content-style":"default","site-sidebar-style":"default","ast-global-header-display":"","ast-banner-title-visibility":"","ast-main-header-display":"","ast-hfb-above-header-display":"","ast-hfb-below-header-display":"","ast-hfb-mobile-header-display":"","site-post-title":"disabled","ast-breadcrumbs-content":"","ast-featured-img":"disabled","footer-sml-layout":"","ast-disable-related-posts":"","theme-transparent-header-meta":"","adv-header-id-meta":"","stick-header-meta":"","header-above-stick-meta":"","header-main-stick-meta":"","header-below-stick-meta":"","astra-migrate-meta-layouts":"default","ast-page-background-enabled":"default","ast-page-background-meta":{"desktop":{"background-color":"","background-image":"","background-repeat":"repeat","background-position":"center center","background-size":"auto","background-attachment":"scroll","background-type":"","background-media":"","overlay-type":"","overlay-color":"","overlay-opacity":"","overlay-gradient":""},"tablet":{"background-color":"","background-image":"","background-repeat":"repeat","background-position":"center center","background-size":"auto","background-attachment":"scroll","background-type":"","background-media":"","overlay-type":"","overlay-color":"","overlay-opacity":"","overlay-gradient":""},"mobile":{"background-color":"","background-image":"","background-repeat":"repeat","background-position":"center center","background-size":"auto","background-attachment":"scroll","background-type":"","background-media":"","overlay-type":"","overlay-color":"","overlay-opacity":"","overlay-gradient":""}},"ast-content-background-meta":{"desktop":{"background-color":"var(--ast-global-color-5)","background-image":"","background-repeat":"repeat","background-position":"center center","background-size":"auto","background-attachment":"scroll","background-type":"","background-media":"","overlay-type":"","overlay-color":"","overlay-opacity":"","overlay-gradient":""},"tablet":{"background-color":"var(--ast-global-color-5)","background-image":"","background-repeat":"repeat","background-position":"center center","background-size":"auto","background-attachment":"scroll","background-type":"","background-media":"","overlay-type":"","overlay-color":"","overlay-opacity":"","overlay-gradient":""},"mobile":{"background-color":"var(--ast-global-color-5)","background-image":"","background-repeat":"repeat","background-position":"center center","background-size":"auto","background-attachment":"scroll","background-type":"","background-media":"","overlay-type":"","overlay-color":"","overlay-opacity":"","overlay-gradient":""}},"footnotes":""},"class_list":["post-9211","page","type-page","status-publish","has-post-thumbnail","hentry"],"acf":[],"yoast_head":"<!-- This site is optimized with the Yoast SEO plugin v27.5 - https:\/\/yoast.com\/product\/yoast-seo-wordpress\/ -->\n<title>Charlotte Welin Zetterlund - Mentalfestivalen<\/title>\n<meta name=\"robots\" content=\"index, follow, max-snippet:-1, max-image-preview:large, max-video-preview:-1\" \/>\n<link rel=\"canonical\" href=\"https:\/\/mentalfestivalen.se\/en\/charlotte-welin-zetterlund-2\/\" \/>\n<meta property=\"og:locale\" content=\"en_GB\" \/>\n<meta property=\"og:type\" content=\"article\" \/>\n<meta property=\"og:title\" content=\"Charlotte Welin Zetterlund - Mentalfestivalen\" \/>\n<meta property=\"og:description\" content=\"Jobbet \u2013 v\u00e4gen till verklig integration Charlotte Welin Zetterlund HR-Chef p\u00e5 Hemk\u00f6p\/Tempo Arbetsplatser kan vara viktiga integrationsmotorer. Det vet inte minst Hemk\u00f6p\/Tempo. Charlotte Welin Zetterlund, HR-chef Hemk\u00f6p\/Tempo, brinner f\u00f6r M\u00e5ngfald &amp; Integration, vi har hj\u00e4rtat, vi har m\u00f6jligheten och vi har alltid ett behov av duktiga medarbetare. Vi omfamnar individens unika egenskaper och kompetenser. F\u00f6r [&hellip;]\" \/>\n<meta property=\"og:url\" content=\"https:\/\/mentalfestivalen.se\/en\/charlotte-welin-zetterlund-2\/\" \/>\n<meta property=\"og:site_name\" content=\"Mentalfestivalen\" \/>\n<meta property=\"article:modified_time\" content=\"2022-09-13T15:24:27+00:00\" \/>\n<meta property=\"og:image\" content=\"https:\/\/mentalfestivalen.se\/wp-content\/uploads\/2022\/09\/11-meta-image-linkedin.jpg\" \/>\n\t<meta property=\"og:image:width\" content=\"1200\" \/>\n\t<meta property=\"og:image:height\" content=\"630\" \/>\n\t<meta property=\"og:image:type\" content=\"image\/jpeg\" \/>\n<meta name=\"twitter:card\" content=\"summary_large_image\" \/>\n<meta name=\"twitter:label1\" content=\"Estimated reading time\" \/>\n\t<meta name=\"twitter:data1\" content=\"2 minutes\" \/>\n<script type=\"application\/ld+json\" class=\"yoast-schema-graph\">{\"@context\":\"https:\\\/\\\/schema.org\",\"@graph\":[{\"@type\":\"WebPage\",\"@id\":\"https:\\\/\\\/mentalfestivalen.se\\\/charlotte-welin-zetterlund-2\\\/\",\"url\":\"https:\\\/\\\/mentalfestivalen.se\\\/charlotte-welin-zetterlund-2\\\/\",\"name\":\"Charlotte Welin Zetterlund - Mentalfestivalen\",\"isPartOf\":{\"@id\":\"https:\\\/\\\/mentalfestivalen.se\\\/#website\"},\"primaryImageOfPage\":{\"@id\":\"https:\\\/\\\/mentalfestivalen.se\\\/charlotte-welin-zetterlund-2\\\/#primaryimage\"},\"image\":{\"@id\":\"https:\\\/\\\/mentalfestivalen.se\\\/charlotte-welin-zetterlund-2\\\/#primaryimage\"},\"thumbnailUrl\":\"https:\\\/\\\/mentalfestivalen.se\\\/wp-content\\\/uploads\\\/2022\\\/09\\\/11-meta-image-linkedin.jpg\",\"datePublished\":\"2022-09-02T11:25:18+00:00\",\"dateModified\":\"2022-09-13T15:24:27+00:00\",\"breadcrumb\":{\"@id\":\"https:\\\/\\\/mentalfestivalen.se\\\/charlotte-welin-zetterlund-2\\\/#breadcrumb\"},\"inLanguage\":\"en-GB\",\"potentialAction\":[{\"@type\":\"ReadAction\",\"target\":[\"https:\\\/\\\/mentalfestivalen.se\\\/charlotte-welin-zetterlund-2\\\/\"]}]},{\"@type\":\"ImageObject\",\"inLanguage\":\"en-GB\",\"@id\":\"https:\\\/\\\/mentalfestivalen.se\\\/charlotte-welin-zetterlund-2\\\/#primaryimage\",\"url\":\"https:\\\/\\\/mentalfestivalen.se\\\/wp-content\\\/uploads\\\/2022\\\/09\\\/11-meta-image-linkedin.jpg\",\"contentUrl\":\"https:\\\/\\\/mentalfestivalen.se\\\/wp-content\\\/uploads\\\/2022\\\/09\\\/11-meta-image-linkedin.jpg\",\"width\":1200,\"height\":630},{\"@type\":\"BreadcrumbList\",\"@id\":\"https:\\\/\\\/mentalfestivalen.se\\\/charlotte-welin-zetterlund-2\\\/#breadcrumb\",\"itemListElement\":[{\"@type\":\"ListItem\",\"position\":1,\"name\":\"Hem\",\"item\":\"https:\\\/\\\/mentalfestivalen.se\\\/\"},{\"@type\":\"ListItem\",\"position\":2,\"name\":\"Charlotte Welin Zetterlund\"}]},{\"@type\":\"WebSite\",\"@id\":\"https:\\\/\\\/mentalfestivalen.se\\\/#website\",\"url\":\"https:\\\/\\\/mentalfestivalen.se\\\/\",\"name\":\"Mentalfestivalen\",\"description\":\"Mentalfestivalen\",\"potentialAction\":[{\"@type\":\"SearchAction\",\"target\":{\"@type\":\"EntryPoint\",\"urlTemplate\":\"https:\\\/\\\/mentalfestivalen.se\\\/?s={search_term_string}\"},\"query-input\":{\"@type\":\"PropertyValueSpecification\",\"valueRequired\":true,\"valueName\":\"search_term_string\"}}],\"inLanguage\":\"en-GB\"}]}<\/script>\n<!-- \/ Yoast SEO plugin. -->","yoast_head_json":{"title":"Charlotte Welin Zetterlund - Mentalfestivalen","robots":{"index":"index","follow":"follow","max-snippet":"max-snippet:-1","max-image-preview":"max-image-preview:large","max-video-preview":"max-video-preview:-1"},"canonical":"https:\/\/mentalfestivalen.se\/en\/charlotte-welin-zetterlund-2\/","og_locale":"en_GB","og_type":"article","og_title":"Charlotte Welin Zetterlund - Mentalfestivalen","og_description":"Jobbet \u2013 v\u00e4gen till verklig integration Charlotte Welin Zetterlund HR-Chef p\u00e5 Hemk\u00f6p\/Tempo Arbetsplatser kan vara viktiga integrationsmotorer. Det vet inte minst Hemk\u00f6p\/Tempo. Charlotte Welin Zetterlund, HR-chef Hemk\u00f6p\/Tempo, brinner f\u00f6r M\u00e5ngfald &amp; Integration, vi har hj\u00e4rtat, vi har m\u00f6jligheten och vi har alltid ett behov av duktiga medarbetare. Vi omfamnar individens unika egenskaper och kompetenser. F\u00f6r [&hellip;]","og_url":"https:\/\/mentalfestivalen.se\/en\/charlotte-welin-zetterlund-2\/","og_site_name":"Mentalfestivalen","article_modified_time":"2022-09-13T15:24:27+00:00","og_image":[{"width":1200,"height":630,"url":"https:\/\/mentalfestivalen.se\/wp-content\/uploads\/2022\/09\/11-meta-image-linkedin.jpg","type":"image\/jpeg"}],"twitter_card":"summary_large_image","twitter_misc":{"Estimated reading time":"2 minutes"},"schema":{"@context":"https:\/\/schema.org","@graph":[{"@type":"WebPage","@id":"https:\/\/mentalfestivalen.se\/charlotte-welin-zetterlund-2\/","url":"https:\/\/mentalfestivalen.se\/charlotte-welin-zetterlund-2\/","name":"Charlotte Welin Zetterlund - Mentalfestivalen","isPartOf":{"@id":"https:\/\/mentalfestivalen.se\/#website"},"primaryImageOfPage":{"@id":"https:\/\/mentalfestivalen.se\/charlotte-welin-zetterlund-2\/#primaryimage"},"image":{"@id":"https:\/\/mentalfestivalen.se\/charlotte-welin-zetterlund-2\/#primaryimage"},"thumbnailUrl":"https:\/\/mentalfestivalen.se\/wp-content\/uploads\/2022\/09\/11-meta-image-linkedin.jpg","datePublished":"2022-09-02T11:25:18+00:00","dateModified":"2022-09-13T15:24:27+00:00","breadcrumb":{"@id":"https:\/\/mentalfestivalen.se\/charlotte-welin-zetterlund-2\/#breadcrumb"},"inLanguage":"en-GB","potentialAction":[{"@type":"ReadAction","target":["https:\/\/mentalfestivalen.se\/charlotte-welin-zetterlund-2\/"]}]},{"@type":"ImageObject","inLanguage":"en-GB","@id":"https:\/\/mentalfestivalen.se\/charlotte-welin-zetterlund-2\/#primaryimage","url":"https:\/\/mentalfestivalen.se\/wp-content\/uploads\/2022\/09\/11-meta-image-linkedin.jpg","contentUrl":"https:\/\/mentalfestivalen.se\/wp-content\/uploads\/2022\/09\/11-meta-image-linkedin.jpg","width":1200,"height":630},{"@type":"BreadcrumbList","@id":"https:\/\/mentalfestivalen.se\/charlotte-welin-zetterlund-2\/#breadcrumb","itemListElement":[{"@type":"ListItem","position":1,"name":"Hem","item":"https:\/\/mentalfestivalen.se\/"},{"@type":"ListItem","position":2,"name":"Charlotte Welin Zetterlund"}]},{"@type":"WebSite","@id":"https:\/\/mentalfestivalen.se\/#website","url":"https:\/\/mentalfestivalen.se\/","name":"Mentalfestivalen","description":"Mentalfestivalen","potentialAction":[{"@type":"SearchAction","target":{"@type":"EntryPoint","urlTemplate":"https:\/\/mentalfestivalen.se\/?s={search_term_string}"},"query-input":{"@type":"PropertyValueSpecification","valueRequired":true,"valueName":"search_term_string"}}],"inLanguage":"en-GB"}]}},"_links":{"self":[{"href":"https:\/\/mentalfestivalen.se\/en\/wp-json\/wp\/v2\/pages\/9211","targetHints":{"allow":["GET"]}}],"collection":[{"href":"https:\/\/mentalfestivalen.se\/en\/wp-json\/wp\/v2\/pages"}],"about":[{"href":"https:\/\/mentalfestivalen.se\/en\/wp-json\/wp\/v2\/types\/page"}],"author":[{"embeddable":true,"href":"https:\/\/mentalfestivalen.se\/en\/wp-json\/wp\/v2\/users\/3"}],"replies":[{"embeddable":true,"href":"https:\/\/mentalfestivalen.se\/en\/wp-json\/wp\/v2\/comments?post=9211"}],"version-history":[{"count":0,"href":"https:\/\/mentalfestivalen.se\/en\/wp-json\/wp\/v2\/pages\/9211\/revisions"}],"wp:featuredmedia":[{"embeddable":true,"href":"https:\/\/mentalfestivalen.se\/en\/wp-json\/wp\/v2\/media\/9226"}],"wp:attachment":[{"href":"https:\/\/mentalfestivalen.se\/en\/wp-json\/wp\/v2\/media?parent=9211"}],"curies":[{"name":"wp","href":"https:\/\/api.w.org\/{rel}","templated":true}]}}