{"id":8806,"date":"2022-08-30T08:39:39","date_gmt":"2022-08-30T08:39:39","guid":{"rendered":"https:\/\/mentalfestivalen.se\/?page_id=8806"},"modified":"2022-09-02T09:21:28","modified_gmt":"2022-09-02T09:21:28","slug":"richard-lindeen","status":"publish","type":"page","link":"https:\/\/mentalfestivalen.se\/en\/richard-lindeen\/","title":{"rendered":"\u00c4r plattformsekonomin &#8221;gig work&#8221; en bransch som hj\u00e4lper fler ungdomar, \u00e4ldre och invandrare att ta sig in p\u00e5 arbetsmarknaden? &#8211; Tema m\u00e5ngfald &#038; inkludering"},"content":{"rendered":"<div data-elementor-type=\"wp-page\" data-elementor-id=\"8806\" class=\"elementor elementor-8806\" data-elementor-post-type=\"page\">\n\t\t\t\t\t\t<section class=\"elementor-section elementor-top-section elementor-element elementor-element-5027c032 elementor-section-full_width elementor-section-content-middle elementor-section-height-default elementor-section-height-default\" data-id=\"5027c032\" data-element_type=\"section\" data-e-type=\"section\" data-settings=\"{&quot;background_background&quot;:&quot;classic&quot;}\">\n\t\t\t\t\t\t<div class=\"elementor-container elementor-column-gap-no\">\n\t\t\t\t\t<div class=\"elementor-column elementor-col-100 elementor-top-column elementor-element elementor-element-1b0c3049\" data-id=\"1b0c3049\" data-element_type=\"column\" data-e-type=\"column\">\n\t\t\t<div class=\"elementor-widget-wrap elementor-element-populated\">\n\t\t\t\t\t\t<section class=\"elementor-section elementor-inner-section elementor-element elementor-element-160a7c63 elementor-section-full_width elementor-section-height-default elementor-section-height-default\" data-id=\"160a7c63\" data-element_type=\"section\" data-e-type=\"section\">\n\t\t\t\t\t\t<div class=\"elementor-container elementor-column-gap-default\">\n\t\t\t\t\t<div class=\"make-column-clickable-elementor elementor-column elementor-col-33 elementor-inner-column elementor-element elementor-element-54068b7e elementor-hidden-mobile\" style=\"cursor: pointer;\" data-column-clickable=\"https:\/\/mentalfestivalen.se\/dagsprogram\/stora-scenen-kl-15\/\" data-column-clickable-blank=\"_self\" data-id=\"54068b7e\" data-element_type=\"column\" data-e-type=\"column\" data-settings=\"{&quot;background_background&quot;:&quot;classic&quot;}\">\n\t\t\t<div class=\"elementor-widget-wrap elementor-element-populated\">\n\t\t\t\t\t\t<div class=\"elementor-element elementor-element-5f3a9fbc elementor-widget__width-auto elementor-view-default elementor-widget elementor-widget-icon\" data-id=\"5f3a9fbc\" data-element_type=\"widget\" data-e-type=\"widget\" data-widget_type=\"icon.default\">\n\t\t\t\t<div class=\"elementor-widget-container\">\n\t\t\t\t\t\t\t<div class=\"elementor-icon-wrapper\">\n\t\t\t<div class=\"elementor-icon\">\n\t\t\t<i aria-hidden=\"true\" class=\"fas fa-angle-left\"><\/i>\t\t\t<\/div>\n\t\t<\/div>\n\t\t\t\t\t\t<\/div>\n\t\t\t\t<\/div>\n\t\t\t\t<div class=\"elementor-element elementor-element-7b38f7d6 elementor-widget__width-auto elementor-widget elementor-widget-heading\" data-id=\"7b38f7d6\" data-element_type=\"widget\" data-e-type=\"widget\" data-widget_type=\"heading.default\">\n\t\t\t\t<div class=\"elementor-widget-container\">\n\t\t\t\t\t<h5 class=\"elementor-heading-title elementor-size-default\">Kl 15.00<\/h5>\t\t\t\t<\/div>\n\t\t\t\t<\/div>\n\t\t\t\t\t<\/div>\n\t\t<\/div>\n\t\t\t\t<div class=\"elementor-column elementor-col-33 elementor-inner-column elementor-element elementor-element-12eb38a6\" data-id=\"12eb38a6\" data-element_type=\"column\" data-e-type=\"column\">\n\t\t\t<div class=\"elementor-widget-wrap elementor-element-populated\">\n\t\t\t\t\t\t<div class=\"elementor-element elementor-element-1b412ddb elementor-widget elementor-widget-heading\" data-id=\"1b412ddb\" data-element_type=\"widget\" data-e-type=\"widget\" data-widget_type=\"heading.default\">\n\t\t\t\t<div class=\"elementor-widget-container\">\n\t\t\t\t\t<h5 class=\"elementor-heading-title elementor-size-default\">14 September Kl 16.00<br>Stora Scenen<\/h5>\t\t\t\t<\/div>\n\t\t\t\t<\/div>\n\t\t\t\t\t<\/div>\n\t\t<\/div>\n\t\t\t\t<div class=\"make-column-clickable-elementor elementor-column elementor-col-33 elementor-inner-column elementor-element elementor-element-4ef3f5a4 elementor-hidden-mobile\" style=\"cursor: pointer;\" data-column-clickable=\"https:\/\/mentalfestivalen.se\/dagsprogram\/stora-scenen-kl-17\/\" data-column-clickable-blank=\"_self\" data-id=\"4ef3f5a4\" data-element_type=\"column\" data-e-type=\"column\" data-settings=\"{&quot;background_background&quot;:&quot;classic&quot;}\">\n\t\t\t<div class=\"elementor-widget-wrap elementor-element-populated\">\n\t\t\t\t\t\t<div class=\"elementor-element elementor-element-7655b15d elementor-widget__width-auto elementor-widget elementor-widget-heading\" data-id=\"7655b15d\" data-element_type=\"widget\" data-e-type=\"widget\" data-widget_type=\"heading.default\">\n\t\t\t\t<div class=\"elementor-widget-container\">\n\t\t\t\t\t<h5 class=\"elementor-heading-title elementor-size-default\">Kl 17.00<\/h5>\t\t\t\t<\/div>\n\t\t\t\t<\/div>\n\t\t\t\t<div class=\"elementor-element elementor-element-5fd5a215 elementor-widget__width-auto elementor-view-default elementor-widget elementor-widget-icon\" data-id=\"5fd5a215\" data-element_type=\"widget\" data-e-type=\"widget\" data-widget_type=\"icon.default\">\n\t\t\t\t<div class=\"elementor-widget-container\">\n\t\t\t\t\t\t\t<div class=\"elementor-icon-wrapper\">\n\t\t\t<div class=\"elementor-icon\">\n\t\t\t<i aria-hidden=\"true\" class=\"fas fa-angle-right\"><\/i>\t\t\t<\/div>\n\t\t<\/div>\n\t\t\t\t\t\t<\/div>\n\t\t\t\t<\/div>\n\t\t\t\t\t<\/div>\n\t\t<\/div>\n\t\t\t\t\t<\/div>\n\t\t<\/section>\n\t\t\t\t\t<\/div>\n\t\t<\/div>\n\t\t\t\t\t<\/div>\n\t\t<\/section>\n\t\t\t\t<section class=\"elementor-section elementor-top-section elementor-element elementor-element-5d097c3 elementor-hidden-desktop elementor-hidden-tablet elementor-section-boxed elementor-section-height-default elementor-section-height-default\" data-id=\"5d097c3\" data-element_type=\"section\" data-e-type=\"section\">\n\t\t\t\t\t\t<div class=\"elementor-container elementor-column-gap-default\">\n\t\t\t\t\t<div class=\"make-column-clickable-elementor elementor-column elementor-col-50 elementor-top-column elementor-element elementor-element-3e4af4a0\" style=\"cursor: pointer;\" data-column-clickable=\"https:\/\/mentalfestivalen.se\/dagsprogram\/stora-scenen-kl-15\/\" data-column-clickable-blank=\"_self\" data-id=\"3e4af4a0\" data-element_type=\"column\" data-e-type=\"column\" data-settings=\"{&quot;background_background&quot;:&quot;classic&quot;}\">\n\t\t\t<div class=\"elementor-widget-wrap elementor-element-populated\">\n\t\t\t\t\t\t<div class=\"elementor-element elementor-element-364a84b7 elementor-widget__width-auto elementor-view-default elementor-widget elementor-widget-icon\" data-id=\"364a84b7\" data-element_type=\"widget\" data-e-type=\"widget\" data-widget_type=\"icon.default\">\n\t\t\t\t<div class=\"elementor-widget-container\">\n\t\t\t\t\t\t\t<div class=\"elementor-icon-wrapper\">\n\t\t\t<div class=\"elementor-icon\">\n\t\t\t<i aria-hidden=\"true\" class=\"fas fa-angle-left\"><\/i>\t\t\t<\/div>\n\t\t<\/div>\n\t\t\t\t\t\t<\/div>\n\t\t\t\t<\/div>\n\t\t\t\t<div class=\"elementor-element elementor-element-5d1604ed elementor-widget__width-auto elementor-widget elementor-widget-heading\" data-id=\"5d1604ed\" data-element_type=\"widget\" data-e-type=\"widget\" data-widget_type=\"heading.default\">\n\t\t\t\t<div class=\"elementor-widget-container\">\n\t\t\t\t\t<h5 class=\"elementor-heading-title elementor-size-default\">Kl 15.00<\/h5>\t\t\t\t<\/div>\n\t\t\t\t<\/div>\n\t\t\t\t\t<\/div>\n\t\t<\/div>\n\t\t\t\t<div class=\"make-column-clickable-elementor elementor-column elementor-col-50 elementor-top-column elementor-element elementor-element-641a0f09\" style=\"cursor: pointer;\" data-column-clickable=\"https:\/\/mentalfestivalen.se\/dagsprogram\/stora-scenen-kl-17\/\" data-column-clickable-blank=\"_self\" data-id=\"641a0f09\" data-element_type=\"column\" data-e-type=\"column\" data-settings=\"{&quot;background_background&quot;:&quot;classic&quot;}\">\n\t\t\t<div class=\"elementor-widget-wrap elementor-element-populated\">\n\t\t\t\t\t\t<div class=\"elementor-element elementor-element-6c2e598e elementor-widget__width-auto elementor-widget elementor-widget-heading\" data-id=\"6c2e598e\" data-element_type=\"widget\" data-e-type=\"widget\" data-widget_type=\"heading.default\">\n\t\t\t\t<div class=\"elementor-widget-container\">\n\t\t\t\t\t<h5 class=\"elementor-heading-title elementor-size-default\">Kl 17.00<\/h5>\t\t\t\t<\/div>\n\t\t\t\t<\/div>\n\t\t\t\t<div class=\"elementor-element elementor-element-3ad5837b elementor-widget__width-auto elementor-view-default elementor-widget elementor-widget-icon\" data-id=\"3ad5837b\" data-element_type=\"widget\" data-e-type=\"widget\" data-widget_type=\"icon.default\">\n\t\t\t\t<div class=\"elementor-widget-container\">\n\t\t\t\t\t\t\t<div class=\"elementor-icon-wrapper\">\n\t\t\t<div class=\"elementor-icon\">\n\t\t\t<i aria-hidden=\"true\" class=\"fas fa-angle-right\"><\/i>\t\t\t<\/div>\n\t\t<\/div>\n\t\t\t\t\t\t<\/div>\n\t\t\t\t<\/div>\n\t\t\t\t\t<\/div>\n\t\t<\/div>\n\t\t\t\t\t<\/div>\n\t\t<\/section>\n\t\t\t\t<section class=\"elementor-section elementor-top-section elementor-element elementor-element-5acf9387 elementor-reverse-mobile elementor-section-boxed elementor-section-height-default elementor-section-height-default\" data-id=\"5acf9387\" data-element_type=\"section\" data-e-type=\"section\" data-settings=\"{&quot;background_background&quot;:&quot;classic&quot;}\">\n\t\t\t\t\t\t<div class=\"elementor-container elementor-column-gap-no\">\n\t\t\t\t\t<div class=\"elementor-column elementor-col-50 elementor-top-column elementor-element elementor-element-2eba20e4\" data-id=\"2eba20e4\" data-element_type=\"column\" data-e-type=\"column\">\n\t\t\t<div class=\"elementor-widget-wrap elementor-element-populated\">\n\t\t\t\t\t\t<div class=\"elementor-element elementor-element-70df7978 elementor-widget elementor-widget-image\" data-id=\"70df7978\" data-element_type=\"widget\" data-e-type=\"widget\" data-widget_type=\"image.default\">\n\t\t\t\t<div class=\"elementor-widget-container\">\n\t\t\t\t\t\t\t\t\t\t\t\t\t\t\t<img fetchpriority=\"high\" decoding=\"async\" width=\"603\" height=\"802\" src=\"https:\/\/mentalfestivalen.se\/wp-content\/uploads\/2022\/08\/richard-lindeen-2.jpg\" class=\"attachment-large size-large wp-image-8811\" alt=\"\" srcset=\"https:\/\/mentalfestivalen.se\/wp-content\/uploads\/2022\/08\/richard-lindeen-2.jpg 603w, https:\/\/mentalfestivalen.se\/wp-content\/uploads\/2022\/08\/richard-lindeen-2-226x300.jpg 226w, https:\/\/mentalfestivalen.se\/wp-content\/uploads\/2022\/08\/richard-lindeen-2-9x12.jpg 9w\" sizes=\"(max-width: 603px) 100vw, 603px\" \/>\t\t\t\t\t\t\t\t\t\t\t\t\t\t\t<\/div>\n\t\t\t\t<\/div>\n\t\t\t\t\t<\/div>\n\t\t<\/div>\n\t\t\t\t<div class=\"elementor-column elementor-col-50 elementor-top-column elementor-element elementor-element-13d4846a\" data-id=\"13d4846a\" data-element_type=\"column\" data-e-type=\"column\">\n\t\t\t<div class=\"elementor-widget-wrap elementor-element-populated\">\n\t\t\t\t\t\t<div class=\"elementor-element elementor-element-434c69f7 elementor-widget elementor-widget-heading\" data-id=\"434c69f7\" data-element_type=\"widget\" data-e-type=\"widget\" data-widget_type=\"heading.default\">\n\t\t\t\t<div class=\"elementor-widget-container\">\n\t\t\t\t\t<h1 class=\"elementor-heading-title elementor-size-default\">\u00c4r plattformsekonomin \"gig work\" en bransch som hj\u00e4lper fler ungdomar, \u00e4ldre och invandrare att ta sig in p\u00e5 arbetsmarknaden?<\/h1>\t\t\t\t<\/div>\n\t\t\t\t<\/div>\n\t\t\t\t<div class=\"elementor-element elementor-element-107fbf48 elementor-widget elementor-widget-heading\" data-id=\"107fbf48\" data-element_type=\"widget\" data-e-type=\"widget\" data-widget_type=\"heading.default\">\n\t\t\t\t<div class=\"elementor-widget-container\">\n\t\t\t\t\t<h3 class=\"elementor-heading-title elementor-size-default\">Panelmedlem Richard Lindeen<\/h3>\t\t\t\t<\/div>\n\t\t\t\t<\/div>\n\t\t\t\t<div class=\"elementor-element elementor-element-3c8ab029 elementor-widget elementor-widget-heading\" data-id=\"3c8ab029\" data-element_type=\"widget\" data-e-type=\"widget\" data-widget_type=\"heading.default\">\n\t\t\t\t<div class=\"elementor-widget-container\">\n\t\t\t\t\t<h3 class=\"elementor-heading-title elementor-size-default\">Operativ chef f\u00f6r Wolt i Sverige<\/h3>\t\t\t\t<\/div>\n\t\t\t\t<\/div>\n\t\t\t\t<div class=\"elementor-element elementor-element-7261992 elementor-widget elementor-widget-text-editor\" data-id=\"7261992\" data-element_type=\"widget\" data-e-type=\"widget\" data-widget_type=\"text-editor.default\">\n\t\t\t\t<div class=\"elementor-widget-container\">\n\t\t\t\t\t\t\t\t\t<p>Richard Lindeen \u00e4r operativ chef p\u00e5 Wolt i Sverige och ansvarar f\u00f6r samarbetet med de kurirpartners som utf\u00f6r leveranser via plattformen.<\/p><p>Tidigare har han arbetat som konsult p\u00e5 Deloitte, f\u00f6ljt av ca 10 \u00e5r inom logistik, last-mile distribution och e-handel p\u00e5 PostNord och Clas Ohlson.<\/p>\t\t\t\t\t\t\t\t<\/div>\n\t\t\t\t<\/div>\n\t\t\t\t<section class=\"elementor-section elementor-inner-section elementor-element elementor-element-60bf5d3d elementor-section-content-middle elementor-section-boxed elementor-section-height-default elementor-section-height-default\" data-id=\"60bf5d3d\" data-element_type=\"section\" data-e-type=\"section\">\n\t\t\t\t\t\t<div class=\"elementor-container elementor-column-gap-no\">\n\t\t\t\t\t<div class=\"elementor-column elementor-col-100 elementor-inner-column elementor-element elementor-element-67f1ce54\" data-id=\"67f1ce54\" data-element_type=\"column\" data-e-type=\"column\">\n\t\t\t<div class=\"elementor-widget-wrap elementor-element-populated\">\n\t\t\t\t\t\t<div class=\"elementor-element elementor-element-887dd6e elementor-widget elementor-widget-image\" data-id=\"887dd6e\" data-element_type=\"widget\" data-e-type=\"widget\" data-widget_type=\"image.default\">\n\t\t\t\t<div class=\"elementor-widget-container\">\n\t\t\t\t\t\t\t\t\t\t\t\t\t\t\t<img decoding=\"async\" width=\"150\" height=\"150\" src=\"https:\/\/mentalfestivalen.se\/wp-content\/uploads\/2022\/08\/Wolt-150x150.png\" class=\"attachment-thumbnail size-thumbnail wp-image-8809\" alt=\"\" srcset=\"https:\/\/mentalfestivalen.se\/wp-content\/uploads\/2022\/08\/Wolt-150x150.png 150w, https:\/\/mentalfestivalen.se\/wp-content\/uploads\/2022\/08\/Wolt-13x12.png 13w\" sizes=\"(max-width: 150px) 100vw, 150px\" \/>\t\t\t\t\t\t\t\t\t\t\t\t\t\t\t<\/div>\n\t\t\t\t<\/div>\n\t\t\t\t\t<\/div>\n\t\t<\/div>\n\t\t\t\t\t<\/div>\n\t\t<\/section>\n\t\t\t\t\t<\/div>\n\t\t<\/div>\n\t\t\t\t\t<\/div>\n\t\t<\/section>\n\t\t\t\t<section class=\"elementor-section elementor-top-section elementor-element elementor-element-852207d elementor-section-content-middle elementor-section-boxed elementor-section-height-default elementor-section-height-default\" data-id=\"852207d\" data-element_type=\"section\" data-e-type=\"section\" data-settings=\"{&quot;background_background&quot;:&quot;classic&quot;}\">\n\t\t\t\t\t\t<div class=\"elementor-container elementor-column-gap-default\">\n\t\t\t\t\t<div class=\"elementor-column elementor-col-100 elementor-top-column elementor-element elementor-element-7a8c296\" data-id=\"7a8c296\" data-element_type=\"column\" data-e-type=\"column\">\n\t\t\t<div class=\"elementor-widget-wrap elementor-element-populated\">\n\t\t\t\t\t\t<div class=\"elementor-element elementor-element-f8ba78c elementor-widget elementor-widget-heading\" data-id=\"f8ba78c\" data-element_type=\"widget\" data-e-type=\"widget\" data-widget_type=\"heading.default\">\n\t\t\t\t<div class=\"elementor-widget-container\">\n\t\t\t\t\t<h2 class=\"elementor-heading-title elementor-size-default\">Moderator<\/h2>\t\t\t\t<\/div>\n\t\t\t\t<\/div>\n\t\t\t\t<section class=\"elementor-section elementor-inner-section elementor-element elementor-element-b64bb29 elementor-section-boxed elementor-section-height-default elementor-section-height-default\" data-id=\"b64bb29\" data-element_type=\"section\" data-e-type=\"section\">\n\t\t\t\t\t\t<div class=\"elementor-container elementor-column-gap-default\">\n\t\t\t\t\t<div class=\"elementor-column elementor-col-33 elementor-inner-column elementor-element elementor-element-468004b elementor-hidden-mobile\" data-id=\"468004b\" data-element_type=\"column\" data-e-type=\"column\">\n\t\t\t<div class=\"elementor-widget-wrap\">\n\t\t\t\t\t\t\t<\/div>\n\t\t<\/div>\n\t\t\t\t<div class=\"make-column-clickable-elementor elementor-column elementor-col-33 elementor-inner-column elementor-element elementor-element-1f38513 custom-col-rw\" style=\"cursor: pointer;\" data-column-clickable=\"https:\/\/mentalfestivalen.se\/dagsprogram\/stora-scenen-kl-16\/\" data-column-clickable-blank=\"_self\" data-id=\"1f38513\" data-element_type=\"column\" data-e-type=\"column\" data-settings=\"{&quot;background_background&quot;:&quot;gradient&quot;}\">\n\t\t\t<div class=\"elementor-widget-wrap elementor-element-populated\">\n\t\t\t\t\t<div class=\"elementor-background-overlay\"><\/div>\n\t\t\t\t\t\t<div class=\"elementor-element elementor-element-3ad0e76 elementor-widget__width-auto elementor-widget elementor-widget-image\" data-id=\"3ad0e76\" data-element_type=\"widget\" data-e-type=\"widget\" data-widget_type=\"image.default\">\n\t\t\t\t<div class=\"elementor-widget-container\">\n\t\t\t\t\t\t\t\t\t\t\t\t\t\t\t<img decoding=\"async\" width=\"150\" height=\"150\" src=\"https:\/\/mentalfestivalen.se\/wp-content\/uploads\/2022\/04\/glen-hodgson-150x150.jpg\" class=\"attachment-thumbnail size-thumbnail wp-image-3090\" alt=\"Glen Hodgson\" \/>\t\t\t\t\t\t\t\t\t\t\t\t\t\t\t<\/div>\n\t\t\t\t<\/div>\n\t\t\t\t<div class=\"elementor-element elementor-element-fb6aa74 elementor-widget elementor-widget-heading\" data-id=\"fb6aa74\" data-element_type=\"widget\" data-e-type=\"widget\" data-widget_type=\"heading.default\">\n\t\t\t\t<div class=\"elementor-widget-container\">\n\t\t\t\t\t<h3 class=\"elementor-heading-title elementor-size-default\">Glen Hodgson<\/h3>\t\t\t\t<\/div>\n\t\t\t\t<\/div>\n\t\t\t\t<div class=\"elementor-element elementor-element-f6a7736 elementor-widget__width-inherit elementor-invisible elementor-widget elementor-widget-heading\" data-id=\"f6a7736\" data-element_type=\"widget\" data-e-type=\"widget\" data-settings=\"{&quot;_animation&quot;:&quot;fadeIn&quot;}\" data-widget_type=\"heading.default\">\n\t\t\t\t<div class=\"elementor-widget-container\">\n\t\t\t\t\t<h3 class=\"elementor-heading-title elementor-size-default\">VD f\u00f6r tankesmedjan Free Trade Europa och generalsekreterare f\u00f6r Freelance Movement<\/h3>\t\t\t\t<\/div>\n\t\t\t\t<\/div>\n\t\t\t\t<div class=\"elementor-element elementor-element-6566f79 elementor-align-right custom-btn-rw elementor-widget elementor-widget-button\" data-id=\"6566f79\" data-element_type=\"widget\" data-e-type=\"widget\" data-widget_type=\"button.default\">\n\t\t\t\t<div class=\"elementor-widget-container\">\n\t\t\t\t\t\t\t\t\t<div class=\"elementor-button-wrapper\">\n\t\t\t\t\t<a class=\"elementor-button elementor-button-link elementor-size-xs\" href=\"https:\/\/mentalfestivalen.se\/en\/dagsprogram\/stora-scenen-kl-16\/\">\n\t\t\t\t\t\t<span class=\"elementor-button-content-wrapper\">\n\t\t\t\t\t\t<span class=\"elementor-button-icon\">\n\t\t\t\t<i aria-hidden=\"true\" class=\"fas fa-arrow-right\"><\/i>\t\t\t<\/span>\n\t\t\t\t\t\t\t\t\t<span class=\"elementor-button-text\">L\u00e4s Mer<\/span>\n\t\t\t\t\t<\/span>\n\t\t\t\t\t<\/a>\n\t\t\t\t<\/div>\n\t\t\t\t\t\t\t\t<\/div>\n\t\t\t\t<\/div>\n\t\t\t\t\t<\/div>\n\t\t<\/div>\n\t\t\t\t<div class=\"elementor-column elementor-col-33 elementor-inner-column elementor-element elementor-element-fe36a3f elementor-hidden-mobile\" data-id=\"fe36a3f\" data-element_type=\"column\" data-e-type=\"column\">\n\t\t\t<div class=\"elementor-widget-wrap\">\n\t\t\t\t\t\t\t<\/div>\n\t\t<\/div>\n\t\t\t\t\t<\/div>\n\t\t<\/section>\n\t\t\t\t\t<\/div>\n\t\t<\/div>\n\t\t\t\t\t<\/div>\n\t\t<\/section>\n\t\t\t\t<section class=\"elementor-section elementor-top-section elementor-element elementor-element-95de40d elementor-section-content-middle elementor-section-boxed elementor-section-height-default elementor-section-height-default\" data-id=\"95de40d\" data-element_type=\"section\" data-e-type=\"section\" data-settings=\"{&quot;background_background&quot;:&quot;classic&quot;}\">\n\t\t\t\t\t\t<div class=\"elementor-container elementor-column-gap-default\">\n\t\t\t\t\t<div class=\"elementor-column elementor-col-100 elementor-top-column elementor-element elementor-element-64e5186e\" data-id=\"64e5186e\" data-element_type=\"column\" data-e-type=\"column\">\n\t\t\t<div class=\"elementor-widget-wrap elementor-element-populated\">\n\t\t\t\t\t\t<div class=\"elementor-element elementor-element-f542e2a elementor-widget elementor-widget-heading\" data-id=\"f542e2a\" data-element_type=\"widget\" data-e-type=\"widget\" data-widget_type=\"heading.default\">\n\t\t\t\t<div class=\"elementor-widget-container\">\n\t\t\t\t\t<h2 class=\"elementor-heading-title elementor-size-default\">Panelen<\/h2>\t\t\t\t<\/div>\n\t\t\t\t<\/div>\n\t\t\t\t<section class=\"elementor-section elementor-inner-section elementor-element elementor-element-7a22b089 elementor-section-boxed elementor-section-height-default elementor-section-height-default\" data-id=\"7a22b089\" data-element_type=\"section\" data-e-type=\"section\">\n\t\t\t\t\t\t<div class=\"elementor-container elementor-column-gap-default\">\n\t\t\t\t\t<div class=\"make-column-clickable-elementor elementor-column elementor-col-33 elementor-inner-column elementor-element elementor-element-367833e7 custom-col-rw\" style=\"cursor: pointer;\" data-column-clickable=\"https:\/\/mentalfestivalen.se\/jacob-rudback\/\" data-column-clickable-blank=\"_self\" data-id=\"367833e7\" data-element_type=\"column\" data-e-type=\"column\" data-settings=\"{&quot;background_background&quot;:&quot;gradient&quot;}\">\n\t\t\t<div class=\"elementor-widget-wrap elementor-element-populated\">\n\t\t\t\t\t<div class=\"elementor-background-overlay\"><\/div>\n\t\t\t\t\t\t<div class=\"elementor-element elementor-element-3fd11ed1 elementor-widget__width-auto elementor-widget elementor-widget-image\" data-id=\"3fd11ed1\" data-element_type=\"widget\" data-e-type=\"widget\" data-widget_type=\"image.default\">\n\t\t\t\t<div class=\"elementor-widget-container\">\n\t\t\t\t\t\t\t\t\t\t\t\t\t\t\t<img loading=\"lazy\" decoding=\"async\" width=\"150\" height=\"150\" src=\"https:\/\/mentalfestivalen.se\/wp-content\/uploads\/2022\/05\/Jacob-rudback-e1652027022954-150x150.jpg\" class=\"attachment-thumbnail size-thumbnail wp-image-4044\" alt=\"Jacob Rudb\u00e4ck\" \/>\t\t\t\t\t\t\t\t\t\t\t\t\t\t\t<\/div>\n\t\t\t\t<\/div>\n\t\t\t\t<div class=\"elementor-element elementor-element-4edb1b4f elementor-widget elementor-widget-heading\" data-id=\"4edb1b4f\" data-element_type=\"widget\" data-e-type=\"widget\" data-widget_type=\"heading.default\">\n\t\t\t\t<div class=\"elementor-widget-container\">\n\t\t\t\t\t<h3 class=\"elementor-heading-title elementor-size-default\">Jacob Rudb\u00e4ck<\/h3>\t\t\t\t<\/div>\n\t\t\t\t<\/div>\n\t\t\t\t<div class=\"elementor-element elementor-element-8cef0a5 elementor-widget__width-inherit elementor-invisible elementor-widget elementor-widget-heading\" data-id=\"8cef0a5\" data-element_type=\"widget\" data-e-type=\"widget\" data-settings=\"{&quot;_animation&quot;:&quot;fadeIn&quot;}\" data-widget_type=\"heading.default\">\n\t\t\t\t<div class=\"elementor-widget-container\">\n\t\t\t\t\t<h3 class=\"elementor-heading-title elementor-size-default\">Grundare och VD p\u00e5 Yepstr<\/h3>\t\t\t\t<\/div>\n\t\t\t\t<\/div>\n\t\t\t\t<div class=\"elementor-element elementor-element-5c276db8 elementor-align-right custom-btn-rw elementor-widget elementor-widget-button\" data-id=\"5c276db8\" data-element_type=\"widget\" data-e-type=\"widget\" data-widget_type=\"button.default\">\n\t\t\t\t<div class=\"elementor-widget-container\">\n\t\t\t\t\t\t\t\t\t<div class=\"elementor-button-wrapper\">\n\t\t\t\t\t<a class=\"elementor-button elementor-button-link elementor-size-xs\" href=\"https:\/\/mentalfestivalen.se\/en\/jacob-rudback\/\">\n\t\t\t\t\t\t<span class=\"elementor-button-content-wrapper\">\n\t\t\t\t\t\t<span class=\"elementor-button-icon\">\n\t\t\t\t<i aria-hidden=\"true\" class=\"fas fa-arrow-right\"><\/i>\t\t\t<\/span>\n\t\t\t\t\t\t\t\t\t<span class=\"elementor-button-text\">L\u00e4s Mer<\/span>\n\t\t\t\t\t<\/span>\n\t\t\t\t\t<\/a>\n\t\t\t\t<\/div>\n\t\t\t\t\t\t\t\t<\/div>\n\t\t\t\t<\/div>\n\t\t\t\t\t<\/div>\n\t\t<\/div>\n\t\t\t\t<div class=\"make-column-clickable-elementor elementor-column elementor-col-33 elementor-inner-column elementor-element elementor-element-51747c5b custom-col-rw\" style=\"cursor: pointer;\" data-column-clickable=\"https:\/\/mentalfestivalen.se\/richard-lindeen\/\" data-column-clickable-blank=\"_self\" data-id=\"51747c5b\" data-element_type=\"column\" data-e-type=\"column\" data-settings=\"{&quot;background_background&quot;:&quot;gradient&quot;}\">\n\t\t\t<div class=\"elementor-widget-wrap elementor-element-populated\">\n\t\t\t\t\t<div class=\"elementor-background-overlay\"><\/div>\n\t\t\t\t\t\t<div class=\"elementor-element elementor-element-f11608a elementor-widget__width-auto elementor-widget elementor-widget-image\" data-id=\"f11608a\" data-element_type=\"widget\" data-e-type=\"widget\" data-widget_type=\"image.default\">\n\t\t\t\t<div class=\"elementor-widget-container\">\n\t\t\t\t\t\t\t\t\t\t\t\t\t\t\t<img loading=\"lazy\" decoding=\"async\" width=\"150\" height=\"150\" src=\"https:\/\/mentalfestivalen.se\/wp-content\/uploads\/2022\/08\/richard-lindeen-150x150.jpg\" class=\"attachment-thumbnail size-thumbnail wp-image-8793\" alt=\"\" \/>\t\t\t\t\t\t\t\t\t\t\t\t\t\t\t<\/div>\n\t\t\t\t<\/div>\n\t\t\t\t<div class=\"elementor-element elementor-element-4b6a4336 elementor-widget elementor-widget-heading\" data-id=\"4b6a4336\" data-element_type=\"widget\" data-e-type=\"widget\" data-widget_type=\"heading.default\">\n\t\t\t\t<div class=\"elementor-widget-container\">\n\t\t\t\t\t<h3 class=\"elementor-heading-title elementor-size-default\">Richard Lindeen<\/h3>\t\t\t\t<\/div>\n\t\t\t\t<\/div>\n\t\t\t\t<div class=\"elementor-element elementor-element-7ba7a3a7 elementor-widget__width-inherit elementor-invisible elementor-widget elementor-widget-heading\" data-id=\"7ba7a3a7\" data-element_type=\"widget\" data-e-type=\"widget\" data-settings=\"{&quot;_animation&quot;:&quot;fadeIn&quot;}\" data-widget_type=\"heading.default\">\n\t\t\t\t<div class=\"elementor-widget-container\">\n\t\t\t\t\t<h3 class=\"elementor-heading-title elementor-size-default\">Operativ chef p\u00e5 Wolt i Sverige<\/h3>\t\t\t\t<\/div>\n\t\t\t\t<\/div>\n\t\t\t\t<div class=\"elementor-element elementor-element-6afb04b2 elementor-align-right custom-btn-rw elementor-widget elementor-widget-button\" data-id=\"6afb04b2\" data-element_type=\"widget\" data-e-type=\"widget\" data-widget_type=\"button.default\">\n\t\t\t\t<div class=\"elementor-widget-container\">\n\t\t\t\t\t\t\t\t\t<div class=\"elementor-button-wrapper\">\n\t\t\t\t\t<a class=\"elementor-button elementor-button-link elementor-size-xs\" href=\"https:\/\/mentalfestivalen.se\/en\/richard-lindeen\/\">\n\t\t\t\t\t\t<span class=\"elementor-button-content-wrapper\">\n\t\t\t\t\t\t<span class=\"elementor-button-icon\">\n\t\t\t\t<i aria-hidden=\"true\" class=\"fas fa-arrow-right\"><\/i>\t\t\t<\/span>\n\t\t\t\t\t\t\t\t\t<span class=\"elementor-button-text\">L\u00e4s Mer<\/span>\n\t\t\t\t\t<\/span>\n\t\t\t\t\t<\/a>\n\t\t\t\t<\/div>\n\t\t\t\t\t\t\t\t<\/div>\n\t\t\t\t<\/div>\n\t\t\t\t\t<\/div>\n\t\t<\/div>\n\t\t\t\t<div class=\"make-column-clickable-elementor elementor-column elementor-col-33 elementor-inner-column elementor-element elementor-element-a94176b custom-col-rw\" style=\"cursor: pointer;\" data-column-clickable=\"https:\/\/mentalfestivalen.se\/olof-norlander\/\" data-column-clickable-blank=\"_self\" data-id=\"a94176b\" data-element_type=\"column\" data-e-type=\"column\" data-settings=\"{&quot;background_background&quot;:&quot;gradient&quot;}\">\n\t\t\t<div class=\"elementor-widget-wrap elementor-element-populated\">\n\t\t\t\t\t<div class=\"elementor-background-overlay\"><\/div>\n\t\t\t\t\t\t<div class=\"elementor-element elementor-element-3853c01c elementor-widget__width-auto elementor-widget elementor-widget-image\" data-id=\"3853c01c\" data-element_type=\"widget\" data-e-type=\"widget\" data-widget_type=\"image.default\">\n\t\t\t\t<div class=\"elementor-widget-container\">\n\t\t\t\t\t\t\t\t\t\t\t\t\t\t\t<img loading=\"lazy\" decoding=\"async\" width=\"150\" height=\"150\" src=\"https:\/\/mentalfestivalen.se\/wp-content\/uploads\/2022\/09\/olof-norlander-150x150.jpg\" class=\"attachment-thumbnail size-thumbnail wp-image-9043\" alt=\"\" srcset=\"https:\/\/mentalfestivalen.se\/wp-content\/uploads\/2022\/09\/olof-norlander-150x150.jpg 150w, https:\/\/mentalfestivalen.se\/wp-content\/uploads\/2022\/09\/olof-norlander-13x12.jpg 13w\" sizes=\"(max-width: 150px) 100vw, 150px\" \/>\t\t\t\t\t\t\t\t\t\t\t\t\t\t\t<\/div>\n\t\t\t\t<\/div>\n\t\t\t\t<div class=\"elementor-element elementor-element-2e853955 elementor-widget elementor-widget-heading\" data-id=\"2e853955\" data-element_type=\"widget\" data-e-type=\"widget\" data-widget_type=\"heading.default\">\n\t\t\t\t<div class=\"elementor-widget-container\">\n\t\t\t\t\t<h3 class=\"elementor-heading-title elementor-size-default\">Olof Norlander<\/h3>\t\t\t\t<\/div>\n\t\t\t\t<\/div>\n\t\t\t\t<div class=\"elementor-element elementor-element-234d69e elementor-widget__width-inherit elementor-invisible elementor-widget elementor-widget-heading\" data-id=\"234d69e\" data-element_type=\"widget\" data-e-type=\"widget\" data-settings=\"{&quot;_animation&quot;:&quot;fadeIn&quot;}\" data-widget_type=\"heading.default\">\n\t\t\t\t<div class=\"elementor-widget-container\">\n\t\t\t\t\t<h3 class=\"elementor-heading-title elementor-size-default\">Medgrundare och VD p\u00e5 Workamo<\/h3>\t\t\t\t<\/div>\n\t\t\t\t<\/div>\n\t\t\t\t<div class=\"elementor-element elementor-element-54730ed6 elementor-align-right custom-btn-rw elementor-widget elementor-widget-button\" data-id=\"54730ed6\" data-element_type=\"widget\" data-e-type=\"widget\" data-widget_type=\"button.default\">\n\t\t\t\t<div class=\"elementor-widget-container\">\n\t\t\t\t\t\t\t\t\t<div class=\"elementor-button-wrapper\">\n\t\t\t\t\t<a class=\"elementor-button elementor-button-link elementor-size-xs\" href=\"https:\/\/mentalfestivalen.se\/en\/olof-norlander\/\">\n\t\t\t\t\t\t<span class=\"elementor-button-content-wrapper\">\n\t\t\t\t\t\t<span class=\"elementor-button-icon\">\n\t\t\t\t<i aria-hidden=\"true\" class=\"fas fa-arrow-right\"><\/i>\t\t\t<\/span>\n\t\t\t\t\t\t\t\t\t<span class=\"elementor-button-text\">L\u00e4s Mer<\/span>\n\t\t\t\t\t<\/span>\n\t\t\t\t\t<\/a>\n\t\t\t\t<\/div>\n\t\t\t\t\t\t\t\t<\/div>\n\t\t\t\t<\/div>\n\t\t\t\t\t<\/div>\n\t\t<\/div>\n\t\t\t\t\t<\/div>\n\t\t<\/section>\n\t\t\t\t\t<\/div>\n\t\t<\/div>\n\t\t\t\t\t<\/div>\n\t\t<\/section>\n\t\t\t\t<section class=\"elementor-section elementor-top-section elementor-element elementor-element-3d2e6416 elementor-section-boxed elementor-section-height-default elementor-section-height-default\" data-id=\"3d2e6416\" data-element_type=\"section\" data-e-type=\"section\" data-settings=\"{&quot;background_background&quot;:&quot;classic&quot;}\">\n\t\t\t\t\t\t<div class=\"elementor-container elementor-column-gap-default\">\n\t\t\t\t\t<div class=\"elementor-column elementor-col-100 elementor-top-column elementor-element elementor-element-54f86a3e\" data-id=\"54f86a3e\" data-element_type=\"column\" data-e-type=\"column\">\n\t\t\t<div class=\"elementor-widget-wrap elementor-element-populated\">\n\t\t\t\t\t\t<div class=\"elementor-element elementor-element-ceef409 elementor-widget elementor-widget-heading\" data-id=\"ceef409\" data-element_type=\"widget\" data-e-type=\"widget\" data-widget_type=\"heading.default\">\n\t\t\t\t<div class=\"elementor-widget-container\">\n\t\t\t\t\t<h3 class=\"elementor-heading-title elementor-size-default\">Vill du vara med i panelen?<\/h3>\t\t\t\t<\/div>\n\t\t\t\t<\/div>\n\t\t\t\t<div class=\"elementor-element elementor-element-1a8119cc elementor-align-center elementor-widget elementor-widget-button\" data-id=\"1a8119cc\" data-element_type=\"widget\" data-e-type=\"widget\" data-widget_type=\"button.default\">\n\t\t\t\t<div class=\"elementor-widget-container\">\n\t\t\t\t\t\t\t\t\t<div class=\"elementor-button-wrapper\">\n\t\t\t\t\t<a class=\"elementor-button elementor-button-link elementor-size-sm\" href=\"https:\/\/mentalfestivalen.se\/en\/kontakta-oss\/\">\n\t\t\t\t\t\t<span class=\"elementor-button-content-wrapper\">\n\t\t\t\t\t\t\t\t\t<span class=\"elementor-button-text\">KONTAKTA OSS<\/span>\n\t\t\t\t\t<\/span>\n\t\t\t\t\t<\/a>\n\t\t\t\t<\/div>\n\t\t\t\t\t\t\t\t<\/div>\n\t\t\t\t<\/div>\n\t\t\t\t\t<\/div>\n\t\t<\/div>\n\t\t\t\t\t<\/div>\n\t\t<\/section>\n\t\t\t\t<\/div>","protected":false},"excerpt":{"rendered":"<p>Kl 15.00 14 September Kl 16.00Stora Scenen Kl 17.00 Kl 15.00 Kl 17.00 \u00c4r plattformsekonomin &#8221;gig work&#8221; en bransch som hj\u00e4lper fler ungdomar, \u00e4ldre och invandrare att ta sig in p\u00e5 arbetsmarknaden? Panelmedlem Richard Lindeen Operativ chef f\u00f6r Wolt i Sverige Richard Lindeen \u00e4r operativ chef p\u00e5 Wolt i Sverige och ansvarar f\u00f6r samarbetet med [&hellip;]<\/p>\n","protected":false},"author":3,"featured_media":8826,"parent":0,"menu_order":0,"comment_status":"closed","ping_status":"closed","template":"","meta":{"_acf_changed":false,"site-sidebar-layout":"no-sidebar","site-content-layout":"page-builder","ast-site-content-layout":"default","site-content-style":"default","site-sidebar-style":"default","ast-global-header-display":"","ast-banner-title-visibility":"","ast-main-header-display":"","ast-hfb-above-header-display":"","ast-hfb-below-header-display":"","ast-hfb-mobile-header-display":"","site-post-title":"disabled","ast-breadcrumbs-content":"","ast-featured-img":"disabled","footer-sml-layout":"","ast-disable-related-posts":"","theme-transparent-header-meta":"","adv-header-id-meta":"","stick-header-meta":"","header-above-stick-meta":"","header-main-stick-meta":"","header-below-stick-meta":"","astra-migrate-meta-layouts":"default","ast-page-background-enabled":"default","ast-page-background-meta":{"desktop":{"background-color":"","background-image":"","background-repeat":"repeat","background-position":"center center","background-size":"auto","background-attachment":"scroll","background-type":"","background-media":"","overlay-type":"","overlay-color":"","overlay-opacity":"","overlay-gradient":""},"tablet":{"background-color":"","background-image":"","background-repeat":"repeat","background-position":"center center","background-size":"auto","background-attachment":"scroll","background-type":"","background-media":"","overlay-type":"","overlay-color":"","overlay-opacity":"","overlay-gradient":""},"mobile":{"background-color":"","background-image":"","background-repeat":"repeat","background-position":"center center","background-size":"auto","background-attachment":"scroll","background-type":"","background-media":"","overlay-type":"","overlay-color":"","overlay-opacity":"","overlay-gradient":""}},"ast-content-background-meta":{"desktop":{"background-color":"var(--ast-global-color-5)","background-image":"","background-repeat":"repeat","background-position":"center center","background-size":"auto","background-attachment":"scroll","background-type":"","background-media":"","overlay-type":"","overlay-color":"","overlay-opacity":"","overlay-gradient":""},"tablet":{"background-color":"var(--ast-global-color-5)","background-image":"","background-repeat":"repeat","background-position":"center center","background-size":"auto","background-attachment":"scroll","background-type":"","background-media":"","overlay-type":"","overlay-color":"","overlay-opacity":"","overlay-gradient":""},"mobile":{"background-color":"var(--ast-global-color-5)","background-image":"","background-repeat":"repeat","background-position":"center center","background-size":"auto","background-attachment":"scroll","background-type":"","background-media":"","overlay-type":"","overlay-color":"","overlay-opacity":"","overlay-gradient":""}},"footnotes":""},"class_list":["post-8806","page","type-page","status-publish","has-post-thumbnail","hentry"],"acf":[],"yoast_head":"<!-- This site is optimized with the Yoast SEO plugin v27.5 - https:\/\/yoast.com\/product\/yoast-seo-wordpress\/ -->\n<title>\u00c4r plattformsekonomin &quot;gig work&quot; en bransch som hj\u00e4lper fler ungdomar, \u00e4ldre och invandrare att ta sig in p\u00e5 arbetsmarknaden? - Tema m\u00e5ngfald &amp; inkludering - Mentalfestivalen<\/title>\n<meta name=\"robots\" content=\"index, follow, max-snippet:-1, max-image-preview:large, max-video-preview:-1\" \/>\n<link rel=\"canonical\" href=\"https:\/\/mentalfestivalen.se\/en\/richard-lindeen\/\" \/>\n<meta property=\"og:locale\" content=\"en_GB\" \/>\n<meta property=\"og:type\" content=\"article\" \/>\n<meta property=\"og:title\" content=\"\u00c4r plattformsekonomin &quot;gig work&quot; en bransch som hj\u00e4lper fler ungdomar, \u00e4ldre och invandrare att ta sig in p\u00e5 arbetsmarknaden? - Tema m\u00e5ngfald &amp; inkludering - Mentalfestivalen\" \/>\n<meta property=\"og:description\" content=\"Kl 15.00 14 September Kl 16.00Stora Scenen Kl 17.00 Kl 15.00 Kl 17.00 \u00c4r plattformsekonomin &#8221;gig work&#8221; en bransch som hj\u00e4lper fler ungdomar, \u00e4ldre och invandrare att ta sig in p\u00e5 arbetsmarknaden? Panelmedlem Richard Lindeen Operativ chef f\u00f6r Wolt i Sverige Richard Lindeen \u00e4r operativ chef p\u00e5 Wolt i Sverige och ansvarar f\u00f6r samarbetet med [&hellip;]\" \/>\n<meta property=\"og:url\" content=\"https:\/\/mentalfestivalen.se\/en\/richard-lindeen\/\" \/>\n<meta property=\"og:site_name\" content=\"Mentalfestivalen\" \/>\n<meta property=\"article:modified_time\" content=\"2022-09-02T09:21:28+00:00\" \/>\n<meta property=\"og:image\" content=\"https:\/\/mentalfestivalen.se\/wp-content\/uploads\/2022\/08\/richard-lindeen-meta-image-linkedin.jpg\" \/>\n\t<meta property=\"og:image:width\" content=\"1200\" \/>\n\t<meta property=\"og:image:height\" content=\"630\" \/>\n\t<meta property=\"og:image:type\" content=\"image\/jpeg\" \/>\n<meta name=\"twitter:card\" content=\"summary_large_image\" \/>\n<meta name=\"twitter:label1\" content=\"Estimated reading time\" \/>\n\t<meta name=\"twitter:data1\" content=\"2 minutes\" \/>\n<script type=\"application\/ld+json\" class=\"yoast-schema-graph\">{\"@context\":\"https:\\\/\\\/schema.org\",\"@graph\":[{\"@type\":\"WebPage\",\"@id\":\"https:\\\/\\\/mentalfestivalen.se\\\/richard-lindeen\\\/\",\"url\":\"https:\\\/\\\/mentalfestivalen.se\\\/richard-lindeen\\\/\",\"name\":\"\u00c4r plattformsekonomin \\\"gig work\\\" en bransch som hj\u00e4lper fler ungdomar, \u00e4ldre och invandrare att ta sig in p\u00e5 arbetsmarknaden? - Tema m\u00e5ngfald & inkludering - Mentalfestivalen\",\"isPartOf\":{\"@id\":\"https:\\\/\\\/mentalfestivalen.se\\\/#website\"},\"primaryImageOfPage\":{\"@id\":\"https:\\\/\\\/mentalfestivalen.se\\\/richard-lindeen\\\/#primaryimage\"},\"image\":{\"@id\":\"https:\\\/\\\/mentalfestivalen.se\\\/richard-lindeen\\\/#primaryimage\"},\"thumbnailUrl\":\"https:\\\/\\\/mentalfestivalen.se\\\/wp-content\\\/uploads\\\/2022\\\/08\\\/richard-lindeen-meta-image-linkedin.jpg\",\"datePublished\":\"2022-08-30T08:39:39+00:00\",\"dateModified\":\"2022-09-02T09:21:28+00:00\",\"breadcrumb\":{\"@id\":\"https:\\\/\\\/mentalfestivalen.se\\\/richard-lindeen\\\/#breadcrumb\"},\"inLanguage\":\"en-GB\",\"potentialAction\":[{\"@type\":\"ReadAction\",\"target\":[\"https:\\\/\\\/mentalfestivalen.se\\\/richard-lindeen\\\/\"]}]},{\"@type\":\"ImageObject\",\"inLanguage\":\"en-GB\",\"@id\":\"https:\\\/\\\/mentalfestivalen.se\\\/richard-lindeen\\\/#primaryimage\",\"url\":\"https:\\\/\\\/mentalfestivalen.se\\\/wp-content\\\/uploads\\\/2022\\\/08\\\/richard-lindeen-meta-image-linkedin.jpg\",\"contentUrl\":\"https:\\\/\\\/mentalfestivalen.se\\\/wp-content\\\/uploads\\\/2022\\\/08\\\/richard-lindeen-meta-image-linkedin.jpg\",\"width\":1200,\"height\":630},{\"@type\":\"BreadcrumbList\",\"@id\":\"https:\\\/\\\/mentalfestivalen.se\\\/richard-lindeen\\\/#breadcrumb\",\"itemListElement\":[{\"@type\":\"ListItem\",\"position\":1,\"name\":\"Hem\",\"item\":\"https:\\\/\\\/mentalfestivalen.se\\\/\"},{\"@type\":\"ListItem\",\"position\":2,\"name\":\"\u00c4r plattformsekonomin &#8221;gig work&#8221; en bransch som hj\u00e4lper fler ungdomar, \u00e4ldre och invandrare att ta sig in p\u00e5 arbetsmarknaden? &#8211; Tema m\u00e5ngfald &#038; inkludering\"}]},{\"@type\":\"WebSite\",\"@id\":\"https:\\\/\\\/mentalfestivalen.se\\\/#website\",\"url\":\"https:\\\/\\\/mentalfestivalen.se\\\/\",\"name\":\"Mentalfestivalen\",\"description\":\"Mentalfestivalen\",\"potentialAction\":[{\"@type\":\"SearchAction\",\"target\":{\"@type\":\"EntryPoint\",\"urlTemplate\":\"https:\\\/\\\/mentalfestivalen.se\\\/?s={search_term_string}\"},\"query-input\":{\"@type\":\"PropertyValueSpecification\",\"valueRequired\":true,\"valueName\":\"search_term_string\"}}],\"inLanguage\":\"en-GB\"}]}<\/script>\n<!-- \/ Yoast SEO plugin. -->","yoast_head_json":{"title":"\u00c4r plattformsekonomin \"gig work\" en bransch som hj\u00e4lper fler ungdomar, \u00e4ldre och invandrare att ta sig in p\u00e5 arbetsmarknaden? - Tema m\u00e5ngfald & inkludering - Mentalfestivalen","robots":{"index":"index","follow":"follow","max-snippet":"max-snippet:-1","max-image-preview":"max-image-preview:large","max-video-preview":"max-video-preview:-1"},"canonical":"https:\/\/mentalfestivalen.se\/en\/richard-lindeen\/","og_locale":"en_GB","og_type":"article","og_title":"\u00c4r plattformsekonomin \"gig work\" en bransch som hj\u00e4lper fler ungdomar, \u00e4ldre och invandrare att ta sig in p\u00e5 arbetsmarknaden? - Tema m\u00e5ngfald & inkludering - Mentalfestivalen","og_description":"Kl 15.00 14 September Kl 16.00Stora Scenen Kl 17.00 Kl 15.00 Kl 17.00 \u00c4r plattformsekonomin &#8221;gig work&#8221; en bransch som hj\u00e4lper fler ungdomar, \u00e4ldre och invandrare att ta sig in p\u00e5 arbetsmarknaden? Panelmedlem Richard Lindeen Operativ chef f\u00f6r Wolt i Sverige Richard Lindeen \u00e4r operativ chef p\u00e5 Wolt i Sverige och ansvarar f\u00f6r samarbetet med [&hellip;]","og_url":"https:\/\/mentalfestivalen.se\/en\/richard-lindeen\/","og_site_name":"Mentalfestivalen","article_modified_time":"2022-09-02T09:21:28+00:00","og_image":[{"width":1200,"height":630,"url":"https:\/\/mentalfestivalen.se\/wp-content\/uploads\/2022\/08\/richard-lindeen-meta-image-linkedin.jpg","type":"image\/jpeg"}],"twitter_card":"summary_large_image","twitter_misc":{"Estimated reading time":"2 minutes"},"schema":{"@context":"https:\/\/schema.org","@graph":[{"@type":"WebPage","@id":"https:\/\/mentalfestivalen.se\/richard-lindeen\/","url":"https:\/\/mentalfestivalen.se\/richard-lindeen\/","name":"\u00c4r plattformsekonomin \"gig work\" en bransch som hj\u00e4lper fler ungdomar, \u00e4ldre och invandrare att ta sig in p\u00e5 arbetsmarknaden? - Tema m\u00e5ngfald & inkludering - Mentalfestivalen","isPartOf":{"@id":"https:\/\/mentalfestivalen.se\/#website"},"primaryImageOfPage":{"@id":"https:\/\/mentalfestivalen.se\/richard-lindeen\/#primaryimage"},"image":{"@id":"https:\/\/mentalfestivalen.se\/richard-lindeen\/#primaryimage"},"thumbnailUrl":"https:\/\/mentalfestivalen.se\/wp-content\/uploads\/2022\/08\/richard-lindeen-meta-image-linkedin.jpg","datePublished":"2022-08-30T08:39:39+00:00","dateModified":"2022-09-02T09:21:28+00:00","breadcrumb":{"@id":"https:\/\/mentalfestivalen.se\/richard-lindeen\/#breadcrumb"},"inLanguage":"en-GB","potentialAction":[{"@type":"ReadAction","target":["https:\/\/mentalfestivalen.se\/richard-lindeen\/"]}]},{"@type":"ImageObject","inLanguage":"en-GB","@id":"https:\/\/mentalfestivalen.se\/richard-lindeen\/#primaryimage","url":"https:\/\/mentalfestivalen.se\/wp-content\/uploads\/2022\/08\/richard-lindeen-meta-image-linkedin.jpg","contentUrl":"https:\/\/mentalfestivalen.se\/wp-content\/uploads\/2022\/08\/richard-lindeen-meta-image-linkedin.jpg","width":1200,"height":630},{"@type":"BreadcrumbList","@id":"https:\/\/mentalfestivalen.se\/richard-lindeen\/#breadcrumb","itemListElement":[{"@type":"ListItem","position":1,"name":"Hem","item":"https:\/\/mentalfestivalen.se\/"},{"@type":"ListItem","position":2,"name":"\u00c4r plattformsekonomin &#8221;gig work&#8221; en bransch som hj\u00e4lper fler ungdomar, \u00e4ldre och invandrare att ta sig in p\u00e5 arbetsmarknaden? &#8211; Tema m\u00e5ngfald &#038; inkludering"}]},{"@type":"WebSite","@id":"https:\/\/mentalfestivalen.se\/#website","url":"https:\/\/mentalfestivalen.se\/","name":"Mentalfestivalen","description":"Mentalfestivalen","potentialAction":[{"@type":"SearchAction","target":{"@type":"EntryPoint","urlTemplate":"https:\/\/mentalfestivalen.se\/?s={search_term_string}"},"query-input":{"@type":"PropertyValueSpecification","valueRequired":true,"valueName":"search_term_string"}}],"inLanguage":"en-GB"}]}},"_links":{"self":[{"href":"https:\/\/mentalfestivalen.se\/en\/wp-json\/wp\/v2\/pages\/8806","targetHints":{"allow":["GET"]}}],"collection":[{"href":"https:\/\/mentalfestivalen.se\/en\/wp-json\/wp\/v2\/pages"}],"about":[{"href":"https:\/\/mentalfestivalen.se\/en\/wp-json\/wp\/v2\/types\/page"}],"author":[{"embeddable":true,"href":"https:\/\/mentalfestivalen.se\/en\/wp-json\/wp\/v2\/users\/3"}],"replies":[{"embeddable":true,"href":"https:\/\/mentalfestivalen.se\/en\/wp-json\/wp\/v2\/comments?post=8806"}],"version-history":[{"count":0,"href":"https:\/\/mentalfestivalen.se\/en\/wp-json\/wp\/v2\/pages\/8806\/revisions"}],"wp:featuredmedia":[{"embeddable":true,"href":"https:\/\/mentalfestivalen.se\/en\/wp-json\/wp\/v2\/media\/8826"}],"wp:attachment":[{"href":"https:\/\/mentalfestivalen.se\/en\/wp-json\/wp\/v2\/media?parent=8806"}],"curies":[{"name":"wp","href":"https:\/\/api.w.org\/{rel}","templated":true}]}}