{"id":8151,"date":"2022-08-05T07:38:00","date_gmt":"2022-08-05T07:38:00","guid":{"rendered":"https:\/\/mentalfestivalen.se\/?page_id=8151"},"modified":"2023-02-27T23:20:30","modified_gmt":"2023-02-27T22:20:30","slug":"resurser","status":"publish","type":"page","link":"https:\/\/mentalfestivalen.se\/en\/resurser\/","title":{"rendered":"Resurser &#8211; Jobbfestivalen"},"content":{"rendered":"\t\t<div data-elementor-type=\"wp-page\" data-elementor-id=\"8151\" class=\"elementor elementor-8151\" data-elementor-post-type=\"page\">\n\t\t\t\t\t\t<section class=\"elementor-section elementor-top-section elementor-element elementor-element-c311dc4 elementor-section-height-min-height elementor-section-boxed elementor-section-height-default elementor-section-items-middle\" data-id=\"c311dc4\" data-element_type=\"section\" data-e-type=\"section\" data-settings=\"{&quot;background_background&quot;:&quot;classic&quot;,&quot;background_motion_fx_motion_fx_scrolling&quot;:&quot;yes&quot;,&quot;background_motion_fx_translateY_speed&quot;:{&quot;unit&quot;:&quot;px&quot;,&quot;size&quot;:7.2,&quot;sizes&quot;:[]},&quot;background_motion_fx_translateY_effect&quot;:&quot;yes&quot;,&quot;background_motion_fx_translateY_direction&quot;:&quot;negative&quot;,&quot;background_motion_fx_translateY_affectedRange&quot;:{&quot;unit&quot;:&quot;%&quot;,&quot;size&quot;:&quot;&quot;,&quot;sizes&quot;:{&quot;start&quot;:0,&quot;end&quot;:100}},&quot;background_motion_fx_devices&quot;:[&quot;desktop&quot;,&quot;tablet&quot;,&quot;mobile&quot;]}\">\n\t\t\t\t\t\t\t<div class=\"elementor-background-overlay\"><\/div>\n\t\t\t\t\t\t\t<div class=\"elementor-container elementor-column-gap-default\">\n\t\t\t\t\t<div class=\"elementor-column elementor-col-100 elementor-top-column elementor-element elementor-element-d2dddd4\" data-id=\"d2dddd4\" data-element_type=\"column\" data-e-type=\"column\">\n\t\t\t<div class=\"elementor-widget-wrap elementor-element-populated\">\n\t\t\t\t\t\t<div class=\"elementor-element elementor-element-555a142 elementor-widget elementor-widget-heading\" data-id=\"555a142\" data-element_type=\"widget\" data-e-type=\"widget\" data-widget_type=\"heading.default\">\n\t\t\t\t<div class=\"elementor-widget-container\">\n\t\t\t\t\t<h2 class=\"elementor-heading-title elementor-size-default\">Resurser<br>Mentalfestivalen<\/h2>\t\t\t\t<\/div>\n\t\t\t\t<\/div>\n\t\t\t\t<div class=\"elementor-element elementor-element-b77996e elementor-widget elementor-widget-text-editor\" data-id=\"b77996e\" data-element_type=\"widget\" data-e-type=\"widget\" data-widget_type=\"text-editor.default\">\n\t\t\t\t<div class=\"elementor-widget-container\">\n\t\t\t\t\t\t\t\t\t<p>H\u00e4r kan ni h\u00e4mta logotyper, delningsbilder f\u00f6r social media och annat underlag f\u00f6r Mentalfestivalen.<\/p>\t\t\t\t\t\t\t\t<\/div>\n\t\t\t\t<\/div>\n\t\t\t\t<div class=\"elementor-element elementor-element-46917ce elementor-widget elementor-widget-spacer\" data-id=\"46917ce\" data-element_type=\"widget\" data-e-type=\"widget\" data-widget_type=\"spacer.default\">\n\t\t\t\t<div class=\"elementor-widget-container\">\n\t\t\t\t\t\t\t<div class=\"elementor-spacer\">\n\t\t\t<div class=\"elementor-spacer-inner\"><\/div>\n\t\t<\/div>\n\t\t\t\t\t\t<\/div>\n\t\t\t\t<\/div>\n\t\t\t\t\t<\/div>\n\t\t<\/div>\n\t\t\t\t\t<\/div>\n\t\t<\/section>\n\t\t\t\t<section class=\"elementor-section elementor-top-section elementor-element elementor-element-b66b63b elementor-section-boxed elementor-section-height-default elementor-section-height-default\" data-id=\"b66b63b\" data-element_type=\"section\" data-e-type=\"section\">\n\t\t\t\t\t\t<div class=\"elementor-container elementor-column-gap-default\">\n\t\t\t\t\t<div class=\"elementor-column elementor-col-100 elementor-top-column elementor-element elementor-element-63377c0\" data-id=\"63377c0\" data-element_type=\"column\" data-e-type=\"column\">\n\t\t\t<div class=\"elementor-widget-wrap elementor-element-populated\">\n\t\t\t\t\t\t<div class=\"elementor-element elementor-element-e0cdf5c elementor-widget elementor-widget-heading\" data-id=\"e0cdf5c\" data-element_type=\"widget\" data-e-type=\"widget\" data-widget_type=\"heading.default\">\n\t\t\t\t<div class=\"elementor-widget-container\">\n\t\t\t\t\t<h2 class=\"elementor-heading-title elementor-size-default\">Information till utst\u00e4llare<\/h2>\t\t\t\t<\/div>\n\t\t\t\t<\/div>\n\t\t\t\t<div class=\"elementor-element elementor-element-c1d1ccb elementor-widget elementor-widget-text-editor\" data-id=\"c1d1ccb\" data-element_type=\"widget\" data-e-type=\"widget\" data-widget_type=\"text-editor.default\">\n\t\t\t\t<div class=\"elementor-widget-container\">\n\t\t\t\t\t\t\t\t\t<p>Snart \u00e4r det dags f\u00f6r Mentalfestivalen och hoppas att ni k\u00e4nner er peppade.<\/p><p><span style=\"color: var( --e-global-color-text ); font-family: var( --e-global-typography-text-font-family ), Sans-serif; font-size: 16px; letter-spacing: 0.2px;\">H\u00e4r kommer ni f\u00e5 information g\u00e4llande Mentalfestivalen f\u00f6r att underl\u00e4tta dagen s\u00e5 mycket som m\u00f6jligt.<br \/>Festivalens \u00f6ppettider \u00e4r kl. 09.00 &#8211; 19.00 den 15 september. Inflyttning i t\u00e4ltet\/montern sker fr\u00e5n kl. 07.00.<\/span><\/p>\t\t\t\t\t\t\t\t<\/div>\n\t\t\t\t<\/div>\n\t\t\t\t<div class=\"elementor-element elementor-element-3281f3c elementor-widget elementor-widget-heading\" data-id=\"3281f3c\" data-element_type=\"widget\" data-e-type=\"widget\" data-widget_type=\"heading.default\">\n\t\t\t\t<div class=\"elementor-widget-container\">\n\t\t\t\t\t<h2 class=\"elementor-heading-title elementor-size-default\">Tider 15 september<\/h2>\t\t\t\t<\/div>\n\t\t\t\t<\/div>\n\t\t\t\t<div class=\"elementor-element elementor-element-ee37217 elementor-widget elementor-widget-text-editor\" data-id=\"ee37217\" data-element_type=\"widget\" data-e-type=\"widget\" data-widget_type=\"text-editor.default\">\n\t\t\t\t<div class=\"elementor-widget-container\">\n\t\t\t\t\t\t\t\t\t<p>06:00 \u2013 Omr\u00e5det \u00f6ppnar f\u00f6r riggning<br \/>08:30 \u2013 Alla fordon ska vara borta fr\u00e5n omr\u00e5det<br \/><strong>09:00 \u2013 Mentalfestivalen startar med invigning p\u00e5 Stora scen<\/strong><br \/>09:00 \u2013 19:00 Festivalen \u00e4r \u00f6ppen med aktiviteter <br \/><strong>19:00 \u2013 Mentalfestivalen st\u00e4ngs<\/strong><br \/>19:30 \u2013 Fordon kan k\u00f6ras p\u00e5 omr\u00e5det<\/p>\t\t\t\t\t\t\t\t<\/div>\n\t\t\t\t<\/div>\n\t\t\t\t<div class=\"elementor-element elementor-element-dbf1601 elementor-widget elementor-widget-heading\" data-id=\"dbf1601\" data-element_type=\"widget\" data-e-type=\"widget\" data-widget_type=\"heading.default\">\n\t\t\t\t<div class=\"elementor-widget-container\">\n\t\t\t\t\t<h2 class=\"elementor-heading-title elementor-size-default\">Vid ankomst<\/h2>\t\t\t\t<\/div>\n\t\t\t\t<\/div>\n\t\t\t\t<div class=\"elementor-element elementor-element-8b3579c elementor-widget elementor-widget-text-editor\" data-id=\"8b3579c\" data-element_type=\"widget\" data-e-type=\"widget\" data-widget_type=\"text-editor.default\">\n\t\t\t\t<div class=\"elementor-widget-container\">\n\t\t\t\t\t\t\t\t\t<p>N\u00e4r ni kommer till omr\u00e5det leta upp er utst\u00e4llarplats. D\u00e4r kommer ni m\u00f6tas av personal som kan svara p\u00e5 fr\u00e5gor som ni har.<\/p><p>Kommer du med bil, ha g\u00e4rna monternummer redo:<br \/><a style=\"font-size: 16px; font-family: var( --e-global-typography-text-font-family ), Sans-serif; background-color: #ffffff; letter-spacing: 0.2px;\" href=\"https:\/\/mentalfestivalen.se\/monterkarta-jobbfestivalen-karta-nummer\/\" target=\"_blank\" rel=\"noopener\">https:\/\/mentalfestivalen.se\/monterkarta-jobbfestivalen-karta-nummer\/<\/a><\/p><p>Om ni beh\u00f6ver komma tidigare eller dagen innan kontakta v\u00e5r projektledare <a href=\"#projektledare\">Carl-Fredrik Zetterman<\/a> senast den 8 maj.<\/p>\t\t\t\t\t\t\t\t<\/div>\n\t\t\t\t<\/div>\n\t\t\t\t<div class=\"elementor-element elementor-element-827aeb5 elementor-widget elementor-widget-heading\" data-id=\"827aeb5\" data-element_type=\"widget\" data-e-type=\"widget\" data-widget_type=\"heading.default\">\n\t\t\t\t<div class=\"elementor-widget-container\">\n\t\t\t\t\t<h2 class=\"elementor-heading-title elementor-size-default\">Transport<\/h2>\t\t\t\t<\/div>\n\t\t\t\t<\/div>\n\t\t\t\t<div class=\"elementor-element elementor-element-d046f81 elementor-widget elementor-widget-text-editor\" data-id=\"d046f81\" data-element_type=\"widget\" data-e-type=\"widget\" data-widget_type=\"text-editor.default\">\n\t\t\t\t<div class=\"elementor-widget-container\">\n\t\t\t\t\t\t\t\t\t<p>Om ni m\u00e5ste komma in med bil p\u00e5 omr\u00e5det f\u00e5r ni k\u00f6ra in under begr\u00e4nsade tider. P\u00e5 evenemangsdagen kan ni k\u00f6ra in fr\u00e5n 07:00 och l\u00e4mna material.<br \/>V\u00e4nligen var snabb att lasta ur d\u00e5 det kommer vara m\u00e5nga utst\u00e4llare som beh\u00f6ver komma in p\u00e5 omr\u00e5det.<\/p><p>Se g\u00e4rna till att vara p\u00e5 plats i god tid, k\u00f6er kan uppst\u00e5 under uppriggningen.\u00a0<\/p><p>08:30 Ser vi att alla fordon ska vara ute fr\u00e5n omr\u00e5det s\u00e5 att vi kan \u00f6ppna upp f\u00f6r bes\u00f6karna.\u00a0<\/p><p>Kom helst med kommunala f\u00e4rdmedel.<\/p><div><p>Adressen till Kungstr\u00e4dg\u00e5rden \u00e4r:<\/p><p><a href=\"https:\/\/www.google.se\/maps\/place\/Kungstr%C3%A4dg%C3%A5rden\/@59.3311318,18.0694092,17z\/data=!3m1!4b1!4m5!3m4!1s0x465f9d5945458205:0x1df0a2acc2aa00fc!8m2!3d59.3311291!4d18.0715979\" target=\"_blank\" rel=\"noopener\">Kungstr\u00e4dg\u00e5rden, Jussi Bj\u00f6rlings all\u00e9, 111 47 Stockholm<\/a><br \/>Se nedan f\u00f6r l\u00e4mpligast v\u00e4g till Kungstr\u00e4dg\u00e5rden<\/p><\/div>\t\t\t\t\t\t\t\t<\/div>\n\t\t\t\t<\/div>\n\t\t\t\t<div class=\"elementor-element elementor-element-b12b4fc elementor-widget elementor-widget-image\" data-id=\"b12b4fc\" data-element_type=\"widget\" data-e-type=\"widget\" data-widget_type=\"image.default\">\n\t\t\t\t<div class=\"elementor-widget-container\">\n\t\t\t\t\t\t\t\t\t\t\t\t\t\t\t\t<a href=\"https:\/\/www.google.se\/maps\/place\/Kungstr%C3%A4dg%C3%A5rden\/@59.3311318,18.0694092,17z\/data=!3m1!4b1!4m5!3m4!1s0x465f9d5945458205:0x1df0a2acc2aa00fc!8m2!3d59.3311291!4d18.0715979\" target=\"_blank\">\n\t\t\t\t\t\t\t<img fetchpriority=\"high\" decoding=\"async\" width=\"768\" height=\"816\" src=\"https:\/\/mentalfestivalen.se\/wp-content\/uploads\/2023\/01\/Picture1-768x816.png\" class=\"attachment-medium_large size-medium_large wp-image-11411\" alt=\"\" srcset=\"https:\/\/mentalfestivalen.se\/wp-content\/uploads\/2023\/01\/Picture1-768x816.png 768w, https:\/\/mentalfestivalen.se\/wp-content\/uploads\/2023\/01\/Picture1-282x300.png 282w, https:\/\/mentalfestivalen.se\/wp-content\/uploads\/2023\/01\/Picture1-964x1024.png 964w, https:\/\/mentalfestivalen.se\/wp-content\/uploads\/2023\/01\/Picture1-11x12.png 11w, https:\/\/mentalfestivalen.se\/wp-content\/uploads\/2023\/01\/Picture1.png 1312w\" sizes=\"(max-width: 768px) 100vw, 768px\" \/>\t\t\t\t\t\t\t\t<\/a>\n\t\t\t\t\t\t\t\t\t\t\t\t\t\t\t<\/div>\n\t\t\t\t<\/div>\n\t\t\t\t<div class=\"elementor-element elementor-element-0e1fe12 elementor-widget elementor-widget-text-editor\" data-id=\"0e1fe12\" data-element_type=\"widget\" data-e-type=\"widget\" data-widget_type=\"text-editor.default\">\n\t\t\t\t<div class=\"elementor-widget-container\">\n\t\t\t\t\t\t\t\t\t<p><strong>Parkering<\/strong><br \/>Det kommer inte finnas n\u00e5gon m\u00f6jlighet att parkera p\u00e5 omr\u00e5det.<br \/>Vi h\u00e4nvisar till parkeringar i garage i n\u00e4romr\u00e5det. Tex. Regeringsgatan 15, 111 53 Stockholm<\/p><p><strong>Bud<\/strong><br \/>\u00d6nskar ni skicka bud s\u00e5 ange denna adress och m\u00e4rk ert gods med utst\u00e4llarens f\u00f6retagsnamn.<br \/>Kulturf\u00f6rvaltningen, Evenemangsplatsenheten, Jussi Bj\u00f6rlings All\u00e9 10, 111 47 Stockholm<\/p><p><strong>Sjukv\u00e5rd<\/strong><br \/>Vi kommer att ha sjukv\u00e5rdskunnig personal p\u00e5 omr\u00e5det om det skulle h\u00e4nda en olycka.<br \/>Kontakta <a href=\"#projektledare\">Carl-Fredrik<\/a> f\u00f6r koordinering och kontakt med SOS Alarm.<\/p><p><strong>Toaletter<\/strong><br \/>Det kommer finnas ett f\u00e5tal toaletter f\u00f6r utst\u00e4llare backstage.<br \/>Anv\u00e4nd \u00e4ven g\u00e4rna toaletter p\u00e5 n\u00e4rliggande restauranger ocks\u00e5.<\/p><p><strong>Mat<\/strong><br \/>Det kommer inte finnas n\u00e5gon specifik matservering utan vi h\u00e4nvisar till restauranger i anslutning till Kungstr\u00e4dg\u00e5rden.<\/p><p><strong>Infot\u00e4lt, nr 22<\/strong><br \/>Vi kommer att ha personal p\u00e5 plats som kommer kunna svara p\u00e5 fr\u00e5gor som ni har.<br \/>V\u00e4nd er till antingen en person n\u00e4ra din utst\u00e4llarplats eller till v\u00e5rt infot\u00e4lt.<\/p><p><strong>St\u00e4dning<\/strong><br \/>N\u00e4r Jobbfestivalen \u00e4r slut ser vi g\u00e4rna att ni sl\u00e4nger \u00f6verblivet material och skr\u00e4p i sops\u00e4ckar\/soptunnor och l\u00e4mnar vid er station.<br \/>Har ni bud som ska h\u00e4mta ert material informera detta till <a href=\"#projektledare\">Carl-Fredrik<\/a>.<\/p><p><strong>Bra att ha saker<\/strong><br \/>Sax, sn\u00f6re, buntband, vikter till ev. roll-ups.<br \/><strong>OBS! VILL DU TEJPA N\u00c5GOT I MONTERN KONTAKTA EN I PERSONALEN F\u00d6R ATT F\u00c5 TEJP. INGEN MEDHAVD TEJP F\u00c5R ANV\u00c4NDAS.<\/strong><\/p><p><strong>Bra att veta &#8211; i montern\/t\u00e4ltet ing\u00e5r<\/strong><br \/>\u2022 Eluttag 220 Volt och st\u00e4dning.<br \/>\u2022 Liten \/ mellan &#8211; 1 st\u00e5bord.<br \/>\u2022 Stor &#8211; 3 st\u00e5bord.<br \/>Om ni beh\u00f6ver best\u00e4lla n\u00e5got extra till er monter s\u00e5 \u00e4r f\u00f6retaget Frans August v\u00e5r leverant\u00f6r.<\/p>\t\t\t\t\t\t\t\t<\/div>\n\t\t\t\t<\/div>\n\t\t\t\t\t<\/div>\n\t\t<\/div>\n\t\t\t\t\t<\/div>\n\t\t<\/section>\n\t\t\t\t<section class=\"elementor-section elementor-top-section elementor-element elementor-element-c30a475 elementor-section-boxed elementor-section-height-default elementor-section-height-default\" data-id=\"c30a475\" data-element_type=\"section\" data-e-type=\"section\" data-settings=\"{&quot;background_background&quot;:&quot;classic&quot;}\">\n\t\t\t\t\t\t<div class=\"elementor-container elementor-column-gap-default\">\n\t\t\t\t\t<div class=\"elementor-column elementor-col-100 elementor-top-column elementor-element elementor-element-c476730\" data-id=\"c476730\" data-element_type=\"column\" data-e-type=\"column\" data-settings=\"{&quot;background_background&quot;:&quot;classic&quot;}\">\n\t\t\t<div class=\"elementor-widget-wrap elementor-element-populated\">\n\t\t\t\t\t<div class=\"elementor-background-overlay\"><\/div>\n\t\t\t\t\t\t<div class=\"elementor-element elementor-element-220e084 elementor-widget elementor-widget-image\" data-id=\"220e084\" data-element_type=\"widget\" data-e-type=\"widget\" data-widget_type=\"image.default\">\n\t\t\t\t<div class=\"elementor-widget-container\">\n\t\t\t\t\t\t\t\t\t\t\t\t\t\t\t<img decoding=\"async\" width=\"1146\" height=\"276\" src=\"https:\/\/mentalfestivalen.se\/wp-content\/uploads\/2022\/01\/FransAugust.png\" class=\"attachment-full size-full wp-image-1802\" alt=\"\" srcset=\"https:\/\/mentalfestivalen.se\/wp-content\/uploads\/2022\/01\/FransAugust.png 1146w, https:\/\/mentalfestivalen.se\/wp-content\/uploads\/2022\/01\/FransAugust-300x72.png 300w, https:\/\/mentalfestivalen.se\/wp-content\/uploads\/2022\/01\/FransAugust-1024x247.png 1024w, https:\/\/mentalfestivalen.se\/wp-content\/uploads\/2022\/01\/FransAugust-768x185.png 768w, https:\/\/mentalfestivalen.se\/wp-content\/uploads\/2022\/01\/FransAugust-18x4.png 18w\" sizes=\"(max-width: 1146px) 100vw, 1146px\" \/>\t\t\t\t\t\t\t\t\t\t\t\t\t\t\t<\/div>\n\t\t\t\t<\/div>\n\t\t\t\t<div class=\"elementor-element elementor-element-9c207cf elementor-widget elementor-widget-heading\" data-id=\"9c207cf\" data-element_type=\"widget\" data-e-type=\"widget\" data-widget_type=\"heading.default\">\n\t\t\t\t<div class=\"elementor-widget-container\">\n\t\t\t\t\t<h2 class=\"elementor-heading-title elementor-size-default\">Frans August \u00e4r v\u00e5r leverant\u00f6r av m\u00e4sst\u00e4llt<\/h2>\t\t\t\t<\/div>\n\t\t\t\t<\/div>\n\t\t\t\t<div class=\"elementor-element elementor-element-f489cc9 elementor-widget elementor-widget-text-editor\" data-id=\"f489cc9\" data-element_type=\"widget\" data-e-type=\"widget\" data-widget_type=\"text-editor.default\">\n\t\t\t\t<div class=\"elementor-widget-container\">\n\t\t\t\t\t\t\t\t\t<p>Fler tillbeh\u00f6r finns att se p\u00e5 <a style=\"color: #f4e0af;\" href=\"http:\/\/www.fransaugust.se\/\">www.fransaugust.se.<\/a> Har du fr\u00e5gor eller vill g\u00f6ra en extrabest\u00e4llning kan du mejla till <a style=\"color: #f4e0af;\" href=\"mailto:info@fransaugust.se\">info@fransaugust.se<\/a> eller ringa <a style=\"color: #f4e0af;\" href=\"tel:08 18 53 60\">08 18 53 60.<\/a><\/p>\t\t\t\t\t\t\t\t<\/div>\n\t\t\t\t<\/div>\n\t\t\t\t<div class=\"elementor-element elementor-element-6d686c0 elementor-align-center elementor-widget__width-inherit elementor-widget-mobile__width-inherit elementor-widget elementor-widget-button\" data-id=\"6d686c0\" data-element_type=\"widget\" data-e-type=\"widget\" data-widget_type=\"button.default\">\n\t\t\t\t<div class=\"elementor-widget-container\">\n\t\t\t\t\t\t\t\t\t<div class=\"elementor-button-wrapper\">\n\t\t\t\t\t<a class=\"elementor-button elementor-button-link elementor-size-sm elementor-animation-grow\" href=\"https:\/\/mentalfestivalen.se\/wp-content\/uploads\/2020\/01\/Produkter-jobbm\u00e4ssa.pdf\" target=\"_blank\">\n\t\t\t\t\t\t<span class=\"elementor-button-content-wrapper\">\n\t\t\t\t\t\t<span class=\"elementor-button-icon\">\n\t\t\t\t<i aria-hidden=\"true\" class=\"fas fa-external-link-alt\"><\/i>\t\t\t<\/span>\n\t\t\t\t\t\t\t\t\t<span class=\"elementor-button-text\">Se prislista \u00f6ver tillbeh\u00f6r<\/span>\n\t\t\t\t\t<\/span>\n\t\t\t\t\t<\/a>\n\t\t\t\t<\/div>\n\t\t\t\t\t\t\t\t<\/div>\n\t\t\t\t<\/div>\n\t\t\t\t\t<\/div>\n\t\t<\/div>\n\t\t\t\t\t<\/div>\n\t\t<\/section>\n\t\t\t\t<section class=\"elementor-section elementor-top-section elementor-element elementor-element-62663f0 elementor-section-boxed elementor-section-height-default elementor-section-height-default\" data-id=\"62663f0\" data-element_type=\"section\" data-e-type=\"section\">\n\t\t\t\t\t\t<div class=\"elementor-container elementor-column-gap-default\">\n\t\t\t\t\t<div class=\"elementor-column elementor-col-100 elementor-top-column elementor-element elementor-element-a26e0f3\" data-id=\"a26e0f3\" data-element_type=\"column\" data-e-type=\"column\">\n\t\t\t<div class=\"elementor-widget-wrap elementor-element-populated\">\n\t\t\t\t\t\t<div class=\"elementor-element elementor-element-b3ac1e9 elementor-widget elementor-widget-text-editor\" data-id=\"b3ac1e9\" data-element_type=\"widget\" data-e-type=\"widget\" data-widget_type=\"text-editor.default\">\n\t\t\t\t<div class=\"elementor-widget-container\">\n\t\t\t\t\t\t\t\t\t<p><strong>Nyckelband\/utst\u00e4llarkort<\/strong><br \/>F\u00f6r planeringens skull s\u00e5 beh\u00f6ver vi veta hur m\u00e5nga utst\u00e4llarkort ni beh\u00f6ver, v\u00e4nligen fyll i\u00a0<a href=\"https:\/\/forms.office.com\/r\/qN6agV1S78\" target=\"_blank\" rel=\"noopener\">detta formul\u00e4r<\/a>.<\/p><p><strong>Handbok Kungstr\u00e4dg\u00e5rden<\/strong><br \/>Kungstr\u00e4dg\u00e5rden utg\u00f6r Stockholms mest centrala parkrum och har sina historiska r\u00f6tter redan i 1400-talet. P\u00e5 1600-talet d\u00e5 parken verkligen blommade upp som lusttr\u00e4dg\u00e5rd planterades ocks\u00e5 de f\u00f6rsta k\u00e4nda all\u00e9erna. M\u00f6nstret finns kvar i dagens lindall\u00e9er och b\u00e4r historien vidare.<\/p><p><strong>L\u00e4s g\u00e4rna igenom den handboken och dela med era kollegor som kommer vara p\u00e5 plats, s\u00e5 hj\u00e4lps vi \u00e5t att visa h\u00e4nsyn. <img decoding=\"async\" class=\"emoji\" role=\"img\" draggable=\"false\" src=\"https:\/\/s.w.org\/images\/core\/emoji\/14.0.0\/svg\/1f64f.svg\" alt=\"\ud83d\ude4f\" \/><\/strong><\/p><p><a href=\"https:\/\/mcusercontent.com\/72b06899e3643bf3c36913da7\/files\/e368d3fd-af80-e211-116c-d6ef191afdd4\/Gr%C3%B6nhandboken_fullversion_290518.pdf\" target=\"_blank\" rel=\"noopener\">H\u00e4mta Handbok Kungstr\u00e4dg\u00e5rden<\/a><\/p><p><strong>Fr\u00e5gor?<\/strong><br \/>Kontakta <a href=\"#projektledare\">Carl-Fredrik<\/a><br \/><br \/><\/p>\t\t\t\t\t\t\t\t<\/div>\n\t\t\t\t<\/div>\n\t\t\t\t<div class=\"elementor-element elementor-element-45281e7 elementor-widget elementor-widget-menu-anchor\" data-id=\"45281e7\" data-element_type=\"widget\" data-e-type=\"widget\" data-widget_type=\"menu-anchor.default\">\n\t\t\t\t<div class=\"elementor-widget-container\">\n\t\t\t\t\t\t\t<div class=\"elementor-menu-anchor\" id=\"projektledare\"><\/div>\n\t\t\t\t\t\t<\/div>\n\t\t\t\t<\/div>\n\t\t\t\t\t<\/div>\n\t\t<\/div>\n\t\t\t\t\t<\/div>\n\t\t<\/section>\n\t\t\t\t<section class=\"elementor-section elementor-top-section elementor-element elementor-element-a1a02dc elementor-section-boxed elementor-section-height-default elementor-section-height-default\" data-id=\"a1a02dc\" data-element_type=\"section\" data-e-type=\"section\" data-settings=\"{&quot;background_background&quot;:&quot;classic&quot;}\">\n\t\t\t\t\t\t<div class=\"elementor-container elementor-column-gap-default\">\n\t\t\t\t\t<div class=\"elementor-column elementor-col-50 elementor-top-column elementor-element elementor-element-9baea6b\" data-id=\"9baea6b\" data-element_type=\"column\" data-e-type=\"column\">\n\t\t\t<div class=\"elementor-widget-wrap elementor-element-populated\">\n\t\t\t\t\t\t<div class=\"elementor-element elementor-element-c918119 elementor-invisible elementor-widget elementor-widget-heading\" data-id=\"c918119\" data-element_type=\"widget\" data-e-type=\"widget\" data-settings=\"{&quot;_animation&quot;:&quot;fadeIn&quot;}\" data-widget_type=\"heading.default\">\n\t\t\t\t<div class=\"elementor-widget-container\">\n\t\t\t\t\t<h2 class=\"elementor-heading-title elementor-size-default\">Carl-Fredrik Zetterman<\/h2>\t\t\t\t<\/div>\n\t\t\t\t<\/div>\n\t\t\t\t<div class=\"elementor-element elementor-element-0678a8a elementor-widget elementor-widget-heading\" data-id=\"0678a8a\" data-element_type=\"widget\" data-e-type=\"widget\" data-widget_type=\"heading.default\">\n\t\t\t\t<div class=\"elementor-widget-container\">\n\t\t\t\t\t<h2 class=\"elementor-heading-title elementor-size-default\">Projektledare<\/h2>\t\t\t\t<\/div>\n\t\t\t\t<\/div>\n\t\t\t\t<div class=\"elementor-element elementor-element-68fc894 elementor-widget elementor-widget-text-editor\" data-id=\"68fc894\" data-element_type=\"widget\" data-e-type=\"widget\" data-widget_type=\"text-editor.default\">\n\t\t\t\t<div class=\"elementor-widget-container\">\n\t\t\t\t\t\t\t\t\t Carl-Fredrik \u00e4r en m\u00e5ngsysslare som jobbar med projektledning, underh\u00e5llning och aff\u00e4rsutveckling. Han drivs av m\u00f6tet med m\u00e4nniskor och har ett stort engagemang kring m\u00e4nniskors lika v\u00e4rde. Har du som utst\u00e4llare fr\u00e5gor kring jobbfestivalen \u00e4r det honom som du ska kontakta.\t\t\t\t\t\t\t\t<\/div>\n\t\t\t\t<\/div>\n\t\t\t\t<div class=\"elementor-element elementor-element-e117091 elementor-icon-list--layout-inline elementor-align-start elementor-list-item-link-full_width elementor-widget elementor-widget-icon-list\" data-id=\"e117091\" data-element_type=\"widget\" data-e-type=\"widget\" data-widget_type=\"icon-list.default\">\n\t\t\t\t<div class=\"elementor-widget-container\">\n\t\t\t\t\t\t\t<ul class=\"elementor-icon-list-items elementor-inline-items\">\n\t\t\t\t\t\t\t<li class=\"elementor-icon-list-item elementor-inline-item\">\n\t\t\t\t\t\t\t\t\t\t\t<a href=\"mailto:projektledare@jobbfestivalen.se\">\n\n\t\t\t\t\t\t\t\t\t\t\t\t<span class=\"elementor-icon-list-icon\">\n\t\t\t\t\t\t\t<i aria-hidden=\"true\" class=\"far fa-envelope\"><\/i>\t\t\t\t\t\t<\/span>\n\t\t\t\t\t\t\t\t\t\t<span class=\"elementor-icon-list-text\">projektledare@jobbfestivalen.se<\/span>\n\t\t\t\t\t\t\t\t\t\t\t<\/a>\n\t\t\t\t\t\t\t\t\t<\/li>\n\t\t\t\t\t\t\t\t<li class=\"elementor-icon-list-item elementor-inline-item\">\n\t\t\t\t\t\t\t\t\t\t\t<a href=\"tel:+46701456251\">\n\n\t\t\t\t\t\t\t\t\t\t\t\t<span class=\"elementor-icon-list-icon\">\n\t\t\t\t\t\t\t<i aria-hidden=\"true\" class=\"fas fa-phone-alt\"><\/i>\t\t\t\t\t\t<\/span>\n\t\t\t\t\t\t\t\t\t\t<span class=\"elementor-icon-list-text\">070 145 62 51<\/span>\n\t\t\t\t\t\t\t\t\t\t\t<\/a>\n\t\t\t\t\t\t\t\t\t<\/li>\n\t\t\t\t\t\t<\/ul>\n\t\t\t\t\t\t<\/div>\n\t\t\t\t<\/div>\n\t\t\t\t\t<\/div>\n\t\t<\/div>\n\t\t\t\t<div class=\"elementor-column elementor-col-50 elementor-top-column elementor-element elementor-element-e27405e\" data-id=\"e27405e\" data-element_type=\"column\" data-e-type=\"column\">\n\t\t\t<div class=\"elementor-widget-wrap elementor-element-populated\">\n\t\t\t\t\t\t<div class=\"elementor-element elementor-element-ce5aa93 elementor-invisible elementor-widget elementor-widget-image\" data-id=\"ce5aa93\" data-element_type=\"widget\" data-e-type=\"widget\" data-settings=\"{&quot;_animation&quot;:&quot;fadeInRight&quot;}\" data-widget_type=\"image.default\">\n\t\t\t\t<div class=\"elementor-widget-container\">\n\t\t\t\t\t\t\t\t\t\t\t\t\t\t\t<img decoding=\"async\" width=\"876\" height=\"1109\" src=\"https:\/\/mentalfestivalen.se\/wp-content\/uploads\/2022\/06\/Carl-Fredrik-Zetterman-e1656359794719.jpg\" class=\"attachment-full size-full wp-image-5598\" alt=\"Carl-Fredrik Zetterman\" srcset=\"https:\/\/mentalfestivalen.se\/wp-content\/uploads\/2022\/06\/Carl-Fredrik-Zetterman-e1656359794719.jpg 876w, https:\/\/mentalfestivalen.se\/wp-content\/uploads\/2022\/06\/Carl-Fredrik-Zetterman-e1656359794719-237x300.jpg 237w, https:\/\/mentalfestivalen.se\/wp-content\/uploads\/2022\/06\/Carl-Fredrik-Zetterman-e1656359794719-809x1024.jpg 809w, https:\/\/mentalfestivalen.se\/wp-content\/uploads\/2022\/06\/Carl-Fredrik-Zetterman-e1656359794719-768x972.jpg 768w, https:\/\/mentalfestivalen.se\/wp-content\/uploads\/2022\/06\/Carl-Fredrik-Zetterman-e1656359794719-9x12.jpg 9w\" sizes=\"(max-width: 876px) 100vw, 876px\" \/>\t\t\t\t\t\t\t\t\t\t\t\t\t\t\t<\/div>\n\t\t\t\t<\/div>\n\t\t\t\t\t<\/div>\n\t\t<\/div>\n\t\t\t\t\t<\/div>\n\t\t<\/section>\n\t\t\t\t<section class=\"elementor-section elementor-top-section elementor-element elementor-element-bfd5cd3 elementor-hidden-desktop elementor-hidden-tablet elementor-hidden-mobile elementor-section-boxed elementor-section-height-default elementor-section-height-default\" data-id=\"bfd5cd3\" data-element_type=\"section\" data-e-type=\"section\" data-settings=\"{&quot;background_background&quot;:&quot;classic&quot;}\">\n\t\t\t\t\t\t<div class=\"elementor-container elementor-column-gap-default\">\n\t\t\t\t\t<div class=\"elementor-column elementor-col-100 elementor-top-column elementor-element elementor-element-44676c2\" data-id=\"44676c2\" data-element_type=\"column\" data-e-type=\"column\">\n\t\t\t<div class=\"elementor-widget-wrap elementor-element-populated\">\n\t\t\t\t\t\t<div class=\"elementor-element elementor-element-e4e08df elementor-widget elementor-widget-heading\" data-id=\"e4e08df\" data-element_type=\"widget\" data-e-type=\"widget\" data-widget_type=\"heading.default\">\n\t\t\t\t<div class=\"elementor-widget-container\">\n\t\t\t\t\t<h2 class=\"elementor-heading-title elementor-size-default\">Monterkarta<\/h2>\t\t\t\t<\/div>\n\t\t\t\t<\/div>\n\t\t\t\t<div class=\"elementor-element elementor-element-cb56af4 elementor-widget elementor-widget-text-editor\" data-id=\"cb56af4\" data-element_type=\"widget\" data-e-type=\"widget\" data-widget_type=\"text-editor.default\">\n\t\t\t\t<div class=\"elementor-widget-container\">\n\t\t\t\t\t\t\t\t\tHitta r\u00e4tt monter p\u00e5 festivalomr\u00e5det &#8211; ladda ner karta med utst\u00e4llare kopplat till monternummer.\t\t\t\t\t\t\t\t<\/div>\n\t\t\t\t<\/div>\n\t\t\t\t<div class=\"elementor-element elementor-element-d1f0839 elementor-align-left elementor-mobile-align-left elementor-widget elementor-widget-button\" data-id=\"d1f0839\" data-element_type=\"widget\" data-e-type=\"widget\" data-widget_type=\"button.default\">\n\t\t\t\t<div class=\"elementor-widget-container\">\n\t\t\t\t\t\t\t\t\t<div class=\"elementor-button-wrapper\">\n\t\t\t\t\t<a class=\"elementor-button elementor-button-link elementor-size-md\" href=\"https:\/\/mentalfestivalen.se\/monterkarta-jobbfestivalen-karta-nummer\/\" target=\"_blank\">\n\t\t\t\t\t\t<span class=\"elementor-button-content-wrapper\">\n\t\t\t\t\t\t\t\t\t<span class=\"elementor-button-text\">Se Monterkarta<\/span>\n\t\t\t\t\t<\/span>\n\t\t\t\t\t<\/a>\n\t\t\t\t<\/div>\n\t\t\t\t\t\t\t\t<\/div>\n\t\t\t\t<\/div>\n\t\t\t\t\t<\/div>\n\t\t<\/div>\n\t\t\t\t\t<\/div>\n\t\t<\/section>\n\t\t\t\t<section class=\"elementor-section elementor-top-section elementor-element elementor-element-9ee04b3 elementor-section-boxed elementor-section-height-default elementor-section-height-default\" data-id=\"9ee04b3\" data-element_type=\"section\" data-e-type=\"section\" data-settings=\"{&quot;background_background&quot;:&quot;classic&quot;}\">\n\t\t\t\t\t\t<div class=\"elementor-container elementor-column-gap-default\">\n\t\t\t\t\t<div class=\"elementor-column elementor-col-100 elementor-top-column elementor-element elementor-element-ddbce62\" data-id=\"ddbce62\" data-element_type=\"column\" data-e-type=\"column\">\n\t\t\t<div class=\"elementor-widget-wrap elementor-element-populated\">\n\t\t\t\t\t\t<div class=\"elementor-element elementor-element-62d903f elementor-widget elementor-widget-heading\" data-id=\"62d903f\" data-element_type=\"widget\" data-e-type=\"widget\" data-widget_type=\"heading.default\">\n\t\t\t\t<div class=\"elementor-widget-container\">\n\t\t\t\t\t<h2 class=\"elementor-heading-title elementor-size-default\">Utst\u00e4llare\u200b - Social Media\/Delningsbilder<\/h2>\t\t\t\t<\/div>\n\t\t\t\t<\/div>\n\t\t\t\t\t<\/div>\n\t\t<\/div>\n\t\t\t\t\t<\/div>\n\t\t<\/section>\n\t\t\t\t<section class=\"elementor-section elementor-top-section elementor-element elementor-element-fc3df6f elementor-section-boxed elementor-section-height-default elementor-section-height-default\" data-id=\"fc3df6f\" data-element_type=\"section\" data-e-type=\"section\" data-settings=\"{&quot;background_background&quot;:&quot;classic&quot;}\">\n\t\t\t\t\t\t<div class=\"elementor-container elementor-column-gap-default\">\n\t\t\t\t\t<div class=\"elementor-column elementor-col-100 elementor-top-column elementor-element elementor-element-24bb0e6\" data-id=\"24bb0e6\" data-element_type=\"column\" data-e-type=\"column\">\n\t\t\t<div class=\"elementor-widget-wrap elementor-element-populated\">\n\t\t\t\t\t\t<div class=\"elementor-element elementor-element-0ee6866 elementor-widget elementor-widget-heading\" data-id=\"0ee6866\" data-element_type=\"widget\" data-e-type=\"widget\" data-widget_type=\"heading.default\">\n\t\t\t\t<div class=\"elementor-widget-container\">\n\t\t\t\t\t<h2 class=\"elementor-heading-title elementor-size-default\">Logotyp Jobbfestivalen<\/h2>\t\t\t\t<\/div>\n\t\t\t\t<\/div>\n\t\t\t\t<section class=\"elementor-section elementor-inner-section elementor-element elementor-element-b461085 elementor-section-content-space-between elementor-section-boxed elementor-section-height-default elementor-section-height-default\" data-id=\"b461085\" data-element_type=\"section\" data-e-type=\"section\">\n\t\t\t\t\t\t<div class=\"elementor-container elementor-column-gap-wide\">\n\t\t\t\t\t<div class=\"elementor-column elementor-col-25 elementor-inner-column elementor-element elementor-element-515220f\" data-id=\"515220f\" data-element_type=\"column\" data-e-type=\"column\" data-settings=\"{&quot;background_background&quot;:&quot;classic&quot;}\">\n\t\t\t<div class=\"elementor-widget-wrap elementor-element-populated\">\n\t\t\t\t\t\t<div class=\"elementor-element elementor-element-a3f2787 elementor-widget elementor-widget-image\" data-id=\"a3f2787\" data-element_type=\"widget\" data-e-type=\"widget\" data-widget_type=\"image.default\">\n\t\t\t\t<div class=\"elementor-widget-container\">\n\t\t\t\t\t\t\t\t\t\t\t\t\t\t\t<img loading=\"lazy\" decoding=\"async\" width=\"1024\" height=\"191\" src=\"https:\/\/mentalfestivalen.se\/wp-content\/uploads\/2022\/01\/Logo-undertext-1ldpi-1024x191.png\" class=\"attachment-large size-large wp-image-6707\" alt=\"Jobbfestivalen\" srcset=\"https:\/\/mentalfestivalen.se\/wp-content\/uploads\/2022\/01\/Logo-undertext-1ldpi-1024x191.png 1024w, https:\/\/mentalfestivalen.se\/wp-content\/uploads\/2022\/01\/Logo-undertext-1ldpi-300x56.png 300w, https:\/\/mentalfestivalen.se\/wp-content\/uploads\/2022\/01\/Logo-undertext-1ldpi-768x143.png 768w, https:\/\/mentalfestivalen.se\/wp-content\/uploads\/2022\/01\/Logo-undertext-1ldpi-18x3.png 18w, https:\/\/mentalfestivalen.se\/wp-content\/uploads\/2022\/01\/Logo-undertext-1ldpi.png 1041w\" sizes=\"(max-width: 1024px) 100vw, 1024px\" \/>\t\t\t\t\t\t\t\t\t\t\t\t\t\t\t<\/div>\n\t\t\t\t<\/div>\n\t\t\t\t<div class=\"elementor-element elementor-element-cd0ebc0 elementor-widget__width-auto elementor-widget elementor-widget-button\" data-id=\"cd0ebc0\" data-element_type=\"widget\" data-e-type=\"widget\" data-widget_type=\"button.default\">\n\t\t\t\t<div class=\"elementor-widget-container\">\n\t\t\t\t\t\t\t\t\t<div class=\"elementor-button-wrapper\">\n\t\t\t\t\t<a class=\"elementor-button elementor-button-link elementor-size-xs\" href=\"https:\/\/mentalfestivalen.se\/wp-content\/uploads\/2022\/01\/Logo-undertext-1ldpi.png\">\n\t\t\t\t\t\t<span class=\"elementor-button-content-wrapper\">\n\t\t\t\t\t\t<span class=\"elementor-button-icon\">\n\t\t\t\t<i aria-hidden=\"true\" class=\"fas fa-download\"><\/i>\t\t\t<\/span>\n\t\t\t\t\t\t\t\t\t<span class=\"elementor-button-text\">PNG<\/span>\n\t\t\t\t\t<\/span>\n\t\t\t\t\t<\/a>\n\t\t\t\t<\/div>\n\t\t\t\t\t\t\t\t<\/div>\n\t\t\t\t<\/div>\n\t\t\t\t\t<\/div>\n\t\t<\/div>\n\t\t\t\t<div class=\"elementor-column elementor-col-25 elementor-inner-column elementor-element elementor-element-037bfdc\" data-id=\"037bfdc\" data-element_type=\"column\" data-e-type=\"column\" data-settings=\"{&quot;background_background&quot;:&quot;classic&quot;}\">\n\t\t\t<div class=\"elementor-widget-wrap elementor-element-populated\">\n\t\t\t\t\t\t<div class=\"elementor-element elementor-element-5630ede elementor-widget elementor-widget-image\" data-id=\"5630ede\" data-element_type=\"widget\" data-e-type=\"widget\" data-widget_type=\"image.default\">\n\t\t\t\t<div class=\"elementor-widget-container\">\n\t\t\t\t\t\t\t\t\t\t\t\t\t\t\t<img loading=\"lazy\" decoding=\"async\" width=\"1024\" height=\"137\" src=\"https:\/\/mentalfestivalen.se\/wp-content\/uploads\/2022\/08\/jobbfestivalen-logotyp-1024x137.png\" class=\"attachment-large size-large wp-image-8420\" alt=\"\" srcset=\"https:\/\/mentalfestivalen.se\/wp-content\/uploads\/2022\/08\/jobbfestivalen-logotyp-1024x137.png 1024w, https:\/\/mentalfestivalen.se\/wp-content\/uploads\/2022\/08\/jobbfestivalen-logotyp-300x40.png 300w, https:\/\/mentalfestivalen.se\/wp-content\/uploads\/2022\/08\/jobbfestivalen-logotyp-768x102.png 768w, https:\/\/mentalfestivalen.se\/wp-content\/uploads\/2022\/08\/jobbfestivalen-logotyp-1536x205.png 1536w, https:\/\/mentalfestivalen.se\/wp-content\/uploads\/2022\/08\/jobbfestivalen-logotyp-2048x273.png 2048w, https:\/\/mentalfestivalen.se\/wp-content\/uploads\/2022\/08\/jobbfestivalen-logotyp-18x2.png 18w\" sizes=\"(max-width: 1024px) 100vw, 1024px\" \/>\t\t\t\t\t\t\t\t\t\t\t\t\t\t\t<\/div>\n\t\t\t\t<\/div>\n\t\t\t\t<div class=\"elementor-element elementor-element-b1d6996 elementor-widget__width-auto elementor-widget elementor-widget-button\" data-id=\"b1d6996\" data-element_type=\"widget\" data-e-type=\"widget\" data-widget_type=\"button.default\">\n\t\t\t\t<div class=\"elementor-widget-container\">\n\t\t\t\t\t\t\t\t\t<div class=\"elementor-button-wrapper\">\n\t\t\t\t\t<a class=\"elementor-button elementor-button-link elementor-size-xs\" href=\"https:\/\/mentalfestivalen.se\/wp-content\/uploads\/2022\/08\/jobbfestivalen-logotyp.png\">\n\t\t\t\t\t\t<span class=\"elementor-button-content-wrapper\">\n\t\t\t\t\t\t<span class=\"elementor-button-icon\">\n\t\t\t\t<i aria-hidden=\"true\" class=\"fas fa-download\"><\/i>\t\t\t<\/span>\n\t\t\t\t\t\t\t\t\t<span class=\"elementor-button-text\">PNG<\/span>\n\t\t\t\t\t<\/span>\n\t\t\t\t\t<\/a>\n\t\t\t\t<\/div>\n\t\t\t\t\t\t\t\t<\/div>\n\t\t\t\t<\/div>\n\t\t\t\t\t<\/div>\n\t\t<\/div>\n\t\t\t\t<div class=\"elementor-column elementor-col-25 elementor-inner-column elementor-element elementor-element-e86028d\" data-id=\"e86028d\" data-element_type=\"column\" data-e-type=\"column\" data-settings=\"{&quot;background_background&quot;:&quot;classic&quot;}\">\n\t\t\t<div class=\"elementor-widget-wrap elementor-element-populated\">\n\t\t\t\t\t\t<div class=\"elementor-element elementor-element-8978e1b elementor-widget elementor-widget-image\" data-id=\"8978e1b\" data-element_type=\"widget\" data-e-type=\"widget\" data-widget_type=\"image.default\">\n\t\t\t\t<div class=\"elementor-widget-container\">\n\t\t\t\t\t\t\t\t\t\t\t\t\t\t\t<img loading=\"lazy\" decoding=\"async\" width=\"1041\" height=\"194\" src=\"https:\/\/mentalfestivalen.se\/wp-content\/uploads\/2019\/12\/Logo-undertext-vit-1ldpi.png\" class=\"attachment-full size-full wp-image-7197\" alt=\"Jobbfestivalen\" srcset=\"https:\/\/mentalfestivalen.se\/wp-content\/uploads\/2019\/12\/Logo-undertext-vit-1ldpi.png 1041w, https:\/\/mentalfestivalen.se\/wp-content\/uploads\/2019\/12\/Logo-undertext-vit-1ldpi-300x56.png 300w, https:\/\/mentalfestivalen.se\/wp-content\/uploads\/2019\/12\/Logo-undertext-vit-1ldpi-1024x191.png 1024w, https:\/\/mentalfestivalen.se\/wp-content\/uploads\/2019\/12\/Logo-undertext-vit-1ldpi-768x143.png 768w, https:\/\/mentalfestivalen.se\/wp-content\/uploads\/2019\/12\/Logo-undertext-vit-1ldpi-18x3.png 18w\" sizes=\"(max-width: 1041px) 100vw, 1041px\" \/>\t\t\t\t\t\t\t\t\t\t\t\t\t\t\t<\/div>\n\t\t\t\t<\/div>\n\t\t\t\t<div class=\"elementor-element elementor-element-4ad7c5e elementor-widget__width-auto elementor-widget elementor-widget-button\" data-id=\"4ad7c5e\" data-element_type=\"widget\" data-e-type=\"widget\" data-widget_type=\"button.default\">\n\t\t\t\t<div class=\"elementor-widget-container\">\n\t\t\t\t\t\t\t\t\t<div class=\"elementor-button-wrapper\">\n\t\t\t\t\t<a class=\"elementor-button elementor-button-link elementor-size-xs\" href=\"https:\/\/mentalfestivalen.se\/wp-content\/uploads\/2019\/12\/Logo-undertext-vit-1ldpi.png\">\n\t\t\t\t\t\t<span class=\"elementor-button-content-wrapper\">\n\t\t\t\t\t\t<span class=\"elementor-button-icon\">\n\t\t\t\t<i aria-hidden=\"true\" class=\"fas fa-download\"><\/i>\t\t\t<\/span>\n\t\t\t\t\t\t\t\t\t<span class=\"elementor-button-text\">PNG<\/span>\n\t\t\t\t\t<\/span>\n\t\t\t\t\t<\/a>\n\t\t\t\t<\/div>\n\t\t\t\t\t\t\t\t<\/div>\n\t\t\t\t<\/div>\n\t\t\t\t\t<\/div>\n\t\t<\/div>\n\t\t\t\t<div class=\"elementor-column elementor-col-25 elementor-inner-column elementor-element elementor-element-0265ee8\" data-id=\"0265ee8\" data-element_type=\"column\" data-e-type=\"column\" data-settings=\"{&quot;background_background&quot;:&quot;classic&quot;}\">\n\t\t\t<div class=\"elementor-widget-wrap elementor-element-populated\">\n\t\t\t\t\t\t<div class=\"elementor-element elementor-element-e35f34e elementor-widget elementor-widget-image\" data-id=\"e35f34e\" data-element_type=\"widget\" data-e-type=\"widget\" data-widget_type=\"image.default\">\n\t\t\t\t<div class=\"elementor-widget-container\">\n\t\t\t\t\t\t\t\t\t\t\t\t\t\t\t<img loading=\"lazy\" decoding=\"async\" width=\"2775\" height=\"367\" src=\"https:\/\/mentalfestivalen.se\/wp-content\/uploads\/2022\/08\/jobbfestivalen-logotyp-vit.png\" class=\"attachment-full size-full wp-image-8424\" alt=\"\" srcset=\"https:\/\/mentalfestivalen.se\/wp-content\/uploads\/2022\/08\/jobbfestivalen-logotyp-vit.png 2775w, https:\/\/mentalfestivalen.se\/wp-content\/uploads\/2022\/08\/jobbfestivalen-logotyp-vit-300x40.png 300w, https:\/\/mentalfestivalen.se\/wp-content\/uploads\/2022\/08\/jobbfestivalen-logotyp-vit-1024x135.png 1024w, https:\/\/mentalfestivalen.se\/wp-content\/uploads\/2022\/08\/jobbfestivalen-logotyp-vit-768x102.png 768w, https:\/\/mentalfestivalen.se\/wp-content\/uploads\/2022\/08\/jobbfestivalen-logotyp-vit-1536x203.png 1536w, https:\/\/mentalfestivalen.se\/wp-content\/uploads\/2022\/08\/jobbfestivalen-logotyp-vit-2048x271.png 2048w, https:\/\/mentalfestivalen.se\/wp-content\/uploads\/2022\/08\/jobbfestivalen-logotyp-vit-18x2.png 18w\" sizes=\"(max-width: 2775px) 100vw, 2775px\" \/>\t\t\t\t\t\t\t\t\t\t\t\t\t\t\t<\/div>\n\t\t\t\t<\/div>\n\t\t\t\t<div class=\"elementor-element elementor-element-1f929b7 elementor-widget__width-auto elementor-widget elementor-widget-button\" data-id=\"1f929b7\" data-element_type=\"widget\" data-e-type=\"widget\" data-widget_type=\"button.default\">\n\t\t\t\t<div class=\"elementor-widget-container\">\n\t\t\t\t\t\t\t\t\t<div class=\"elementor-button-wrapper\">\n\t\t\t\t\t<a class=\"elementor-button elementor-button-link elementor-size-xs\" href=\"https:\/\/mentalfestivalen.se\/wp-content\/uploads\/2022\/08\/jobbfestivalen-logotyp-vit.png\">\n\t\t\t\t\t\t<span class=\"elementor-button-content-wrapper\">\n\t\t\t\t\t\t<span class=\"elementor-button-icon\">\n\t\t\t\t<i aria-hidden=\"true\" class=\"fas fa-download\"><\/i>\t\t\t<\/span>\n\t\t\t\t\t\t\t\t\t<span class=\"elementor-button-text\">PNG<\/span>\n\t\t\t\t\t<\/span>\n\t\t\t\t\t<\/a>\n\t\t\t\t<\/div>\n\t\t\t\t\t\t\t\t<\/div>\n\t\t\t\t<\/div>\n\t\t\t\t\t<\/div>\n\t\t<\/div>\n\t\t\t\t\t<\/div>\n\t\t<\/section>\n\t\t\t\t<section class=\"elementor-section elementor-inner-section elementor-element elementor-element-e82d22f elementor-section-boxed elementor-section-height-default elementor-section-height-default\" data-id=\"e82d22f\" data-element_type=\"section\" data-e-type=\"section\">\n\t\t\t\t\t\t<div class=\"elementor-container elementor-column-gap-wider\">\n\t\t\t\t\t<div class=\"elementor-column elementor-col-50 elementor-inner-column elementor-element elementor-element-387ba2f\" data-id=\"387ba2f\" data-element_type=\"column\" data-e-type=\"column\">\n\t\t\t<div class=\"elementor-widget-wrap\">\n\t\t\t\t\t\t\t<\/div>\n\t\t<\/div>\n\t\t\t\t<div class=\"elementor-column elementor-col-50 elementor-inner-column elementor-element elementor-element-d2f64a3\" data-id=\"d2f64a3\" data-element_type=\"column\" data-e-type=\"column\">\n\t\t\t<div class=\"elementor-widget-wrap\">\n\t\t\t\t\t\t\t<\/div>\n\t\t<\/div>\n\t\t\t\t\t<\/div>\n\t\t<\/section>\n\t\t\t\t\t<\/div>\n\t\t<\/div>\n\t\t\t\t\t<\/div>\n\t\t<\/section>\n\t\t\t\t<\/div>\n\t\t","protected":false},"excerpt":{"rendered":"<p>ResurserMentalfestivalen H\u00e4r kan ni h\u00e4mta logotyper, delningsbilder f\u00f6r social media och annat underlag f\u00f6r Mentalfestivalen. Information till utst\u00e4llare Snart \u00e4r det dags f\u00f6r Mentalfestivalen och hoppas att ni k\u00e4nner er peppade. H\u00e4r kommer ni f\u00e5 information g\u00e4llande Mentalfestivalen f\u00f6r att underl\u00e4tta dagen s\u00e5 mycket som m\u00f6jligt.Festivalens \u00f6ppettider \u00e4r kl. 09.00 &#8211; 19.00 den 15 september. [&hellip;]<\/p>\n","protected":false},"author":8,"featured_media":0,"parent":0,"menu_order":0,"comment_status":"closed","ping_status":"closed","template":"","meta":{"_acf_changed":false,"site-sidebar-layout":"no-sidebar","site-content-layout":"page-builder","ast-site-content-layout":"default","site-content-style":"default","site-sidebar-style":"default","ast-global-header-display":"","ast-banner-title-visibility":"","ast-main-header-display":"","ast-hfb-above-header-display":"","ast-hfb-below-header-display":"","ast-hfb-mobile-header-display":"","site-post-title":"disabled","ast-breadcrumbs-content":"","ast-featured-img":"disabled","footer-sml-layout":"","ast-disable-related-posts":"","theme-transparent-header-meta":"","adv-header-id-meta":"","stick-header-meta":"","header-above-stick-meta":"","header-main-stick-meta":"","header-below-stick-meta":"","astra-migrate-meta-layouts":"default","ast-page-background-enabled":"default","ast-page-background-meta":{"desktop":{"background-color":"","background-image":"","background-repeat":"repeat","background-position":"center center","background-size":"auto","background-attachment":"scroll","background-type":"","background-media":"","overlay-type":"","overlay-color":"","overlay-opacity":"","overlay-gradient":""},"tablet":{"background-color":"","background-image":"","background-repeat":"repeat","background-position":"center center","background-size":"auto","background-attachment":"scroll","background-type":"","background-media":"","overlay-type":"","overlay-color":"","overlay-opacity":"","overlay-gradient":""},"mobile":{"background-color":"","background-image":"","background-repeat":"repeat","background-position":"center center","background-size":"auto","background-attachment":"scroll","background-type":"","background-media":"","overlay-type":"","overlay-color":"","overlay-opacity":"","overlay-gradient":""}},"ast-content-background-meta":{"desktop":{"background-color":"var(--ast-global-color-5)","background-image":"","background-repeat":"repeat","background-position":"center center","background-size":"auto","background-attachment":"scroll","background-type":"","background-media":"","overlay-type":"","overlay-color":"","overlay-opacity":"","overlay-gradient":""},"tablet":{"background-color":"var(--ast-global-color-5)","background-image":"","background-repeat":"repeat","background-position":"center center","background-size":"auto","background-attachment":"scroll","background-type":"","background-media":"","overlay-type":"","overlay-color":"","overlay-opacity":"","overlay-gradient":""},"mobile":{"background-color":"var(--ast-global-color-5)","background-image":"","background-repeat":"repeat","background-position":"center center","background-size":"auto","background-attachment":"scroll","background-type":"","background-media":"","overlay-type":"","overlay-color":"","overlay-opacity":"","overlay-gradient":""}},"footnotes":""},"class_list":["post-8151","page","type-page","status-publish","hentry"],"acf":[],"yoast_head":"<!-- This site is optimized with the Yoast SEO plugin v27.5 - https:\/\/yoast.com\/product\/yoast-seo-wordpress\/ -->\n<title>Resurser - Jobbfestivalen - Mentalfestivalen<\/title>\n<meta name=\"robots\" content=\"index, follow, max-snippet:-1, max-image-preview:large, max-video-preview:-1\" \/>\n<link rel=\"canonical\" href=\"https:\/\/mentalfestivalen.se\/en\/resurser\/\" \/>\n<meta property=\"og:locale\" content=\"en_GB\" \/>\n<meta property=\"og:type\" content=\"article\" \/>\n<meta property=\"og:title\" content=\"Resurser - Jobbfestivalen - Mentalfestivalen\" \/>\n<meta property=\"og:description\" content=\"ResurserMentalfestivalen H\u00e4r kan ni h\u00e4mta logotyper, delningsbilder f\u00f6r social media och annat underlag f\u00f6r Mentalfestivalen. Information till utst\u00e4llare Snart \u00e4r det dags f\u00f6r Mentalfestivalen och hoppas att ni k\u00e4nner er peppade. H\u00e4r kommer ni f\u00e5 information g\u00e4llande Mentalfestivalen f\u00f6r att underl\u00e4tta dagen s\u00e5 mycket som m\u00f6jligt.Festivalens \u00f6ppettider \u00e4r kl. 09.00 &#8211; 19.00 den 15 september. [&hellip;]\" \/>\n<meta property=\"og:url\" content=\"https:\/\/mentalfestivalen.se\/en\/resurser\/\" \/>\n<meta property=\"og:site_name\" content=\"Mentalfestivalen\" \/>\n<meta property=\"article:modified_time\" content=\"2023-02-27T22:20:30+00:00\" \/>\n<meta property=\"og:image\" content=\"https:\/\/mentalfestivalen.se\/wp-content\/uploads\/2023\/01\/Picture1-768x816.png\" \/>\n<meta name=\"twitter:card\" content=\"summary_large_image\" \/>\n<meta name=\"twitter:label1\" content=\"Estimated reading time\" \/>\n\t<meta name=\"twitter:data1\" content=\"16 minutes\" \/>\n<script type=\"application\/ld+json\" class=\"yoast-schema-graph\">{\"@context\":\"https:\\\/\\\/schema.org\",\"@graph\":[{\"@type\":\"WebPage\",\"@id\":\"https:\\\/\\\/mentalfestivalen.se\\\/resurser\\\/\",\"url\":\"https:\\\/\\\/mentalfestivalen.se\\\/resurser\\\/\",\"name\":\"Resurser - Jobbfestivalen - Mentalfestivalen\",\"isPartOf\":{\"@id\":\"https:\\\/\\\/mentalfestivalen.se\\\/#website\"},\"primaryImageOfPage\":{\"@id\":\"https:\\\/\\\/mentalfestivalen.se\\\/resurser\\\/#primaryimage\"},\"image\":{\"@id\":\"https:\\\/\\\/mentalfestivalen.se\\\/resurser\\\/#primaryimage\"},\"thumbnailUrl\":\"https:\\\/\\\/mentalfestivalen.se\\\/wp-content\\\/uploads\\\/2023\\\/01\\\/Picture1-768x816.png\",\"datePublished\":\"2022-08-05T07:38:00+00:00\",\"dateModified\":\"2023-02-27T22:20:30+00:00\",\"breadcrumb\":{\"@id\":\"https:\\\/\\\/mentalfestivalen.se\\\/resurser\\\/#breadcrumb\"},\"inLanguage\":\"en-GB\",\"potentialAction\":[{\"@type\":\"ReadAction\",\"target\":[\"https:\\\/\\\/mentalfestivalen.se\\\/resurser\\\/\"]}]},{\"@type\":\"ImageObject\",\"inLanguage\":\"en-GB\",\"@id\":\"https:\\\/\\\/mentalfestivalen.se\\\/resurser\\\/#primaryimage\",\"url\":\"https:\\\/\\\/mentalfestivalen.se\\\/wp-content\\\/uploads\\\/2023\\\/01\\\/Picture1-768x816.png\",\"contentUrl\":\"https:\\\/\\\/mentalfestivalen.se\\\/wp-content\\\/uploads\\\/2023\\\/01\\\/Picture1-768x816.png\"},{\"@type\":\"BreadcrumbList\",\"@id\":\"https:\\\/\\\/mentalfestivalen.se\\\/resurser\\\/#breadcrumb\",\"itemListElement\":[{\"@type\":\"ListItem\",\"position\":1,\"name\":\"Hem\",\"item\":\"https:\\\/\\\/mentalfestivalen.se\\\/\"},{\"@type\":\"ListItem\",\"position\":2,\"name\":\"Resurser &#8211; Jobbfestivalen\"}]},{\"@type\":\"WebSite\",\"@id\":\"https:\\\/\\\/mentalfestivalen.se\\\/#website\",\"url\":\"https:\\\/\\\/mentalfestivalen.se\\\/\",\"name\":\"Mentalfestivalen\",\"description\":\"Mentalfestivalen\",\"potentialAction\":[{\"@type\":\"SearchAction\",\"target\":{\"@type\":\"EntryPoint\",\"urlTemplate\":\"https:\\\/\\\/mentalfestivalen.se\\\/?s={search_term_string}\"},\"query-input\":{\"@type\":\"PropertyValueSpecification\",\"valueRequired\":true,\"valueName\":\"search_term_string\"}}],\"inLanguage\":\"en-GB\"}]}<\/script>\n<!-- \/ Yoast SEO plugin. -->","yoast_head_json":{"title":"Resurser - Jobbfestivalen - Mentalfestivalen","robots":{"index":"index","follow":"follow","max-snippet":"max-snippet:-1","max-image-preview":"max-image-preview:large","max-video-preview":"max-video-preview:-1"},"canonical":"https:\/\/mentalfestivalen.se\/en\/resurser\/","og_locale":"en_GB","og_type":"article","og_title":"Resurser - Jobbfestivalen - Mentalfestivalen","og_description":"ResurserMentalfestivalen H\u00e4r kan ni h\u00e4mta logotyper, delningsbilder f\u00f6r social media och annat underlag f\u00f6r Mentalfestivalen. Information till utst\u00e4llare Snart \u00e4r det dags f\u00f6r Mentalfestivalen och hoppas att ni k\u00e4nner er peppade. H\u00e4r kommer ni f\u00e5 information g\u00e4llande Mentalfestivalen f\u00f6r att underl\u00e4tta dagen s\u00e5 mycket som m\u00f6jligt.Festivalens \u00f6ppettider \u00e4r kl. 09.00 &#8211; 19.00 den 15 september. [&hellip;]","og_url":"https:\/\/mentalfestivalen.se\/en\/resurser\/","og_site_name":"Mentalfestivalen","article_modified_time":"2023-02-27T22:20:30+00:00","og_image":[{"url":"https:\/\/mentalfestivalen.se\/wp-content\/uploads\/2023\/01\/Picture1-768x816.png","type":"","width":"","height":""}],"twitter_card":"summary_large_image","twitter_misc":{"Estimated reading time":"16 minutes"},"schema":{"@context":"https:\/\/schema.org","@graph":[{"@type":"WebPage","@id":"https:\/\/mentalfestivalen.se\/resurser\/","url":"https:\/\/mentalfestivalen.se\/resurser\/","name":"Resurser - Jobbfestivalen - Mentalfestivalen","isPartOf":{"@id":"https:\/\/mentalfestivalen.se\/#website"},"primaryImageOfPage":{"@id":"https:\/\/mentalfestivalen.se\/resurser\/#primaryimage"},"image":{"@id":"https:\/\/mentalfestivalen.se\/resurser\/#primaryimage"},"thumbnailUrl":"https:\/\/mentalfestivalen.se\/wp-content\/uploads\/2023\/01\/Picture1-768x816.png","datePublished":"2022-08-05T07:38:00+00:00","dateModified":"2023-02-27T22:20:30+00:00","breadcrumb":{"@id":"https:\/\/mentalfestivalen.se\/resurser\/#breadcrumb"},"inLanguage":"en-GB","potentialAction":[{"@type":"ReadAction","target":["https:\/\/mentalfestivalen.se\/resurser\/"]}]},{"@type":"ImageObject","inLanguage":"en-GB","@id":"https:\/\/mentalfestivalen.se\/resurser\/#primaryimage","url":"https:\/\/mentalfestivalen.se\/wp-content\/uploads\/2023\/01\/Picture1-768x816.png","contentUrl":"https:\/\/mentalfestivalen.se\/wp-content\/uploads\/2023\/01\/Picture1-768x816.png"},{"@type":"BreadcrumbList","@id":"https:\/\/mentalfestivalen.se\/resurser\/#breadcrumb","itemListElement":[{"@type":"ListItem","position":1,"name":"Hem","item":"https:\/\/mentalfestivalen.se\/"},{"@type":"ListItem","position":2,"name":"Resurser &#8211; Jobbfestivalen"}]},{"@type":"WebSite","@id":"https:\/\/mentalfestivalen.se\/#website","url":"https:\/\/mentalfestivalen.se\/","name":"Mentalfestivalen","description":"Mentalfestivalen","potentialAction":[{"@type":"SearchAction","target":{"@type":"EntryPoint","urlTemplate":"https:\/\/mentalfestivalen.se\/?s={search_term_string}"},"query-input":{"@type":"PropertyValueSpecification","valueRequired":true,"valueName":"search_term_string"}}],"inLanguage":"en-GB"}]}},"_links":{"self":[{"href":"https:\/\/mentalfestivalen.se\/en\/wp-json\/wp\/v2\/pages\/8151","targetHints":{"allow":["GET"]}}],"collection":[{"href":"https:\/\/mentalfestivalen.se\/en\/wp-json\/wp\/v2\/pages"}],"about":[{"href":"https:\/\/mentalfestivalen.se\/en\/wp-json\/wp\/v2\/types\/page"}],"author":[{"embeddable":true,"href":"https:\/\/mentalfestivalen.se\/en\/wp-json\/wp\/v2\/users\/8"}],"replies":[{"embeddable":true,"href":"https:\/\/mentalfestivalen.se\/en\/wp-json\/wp\/v2\/comments?post=8151"}],"version-history":[{"count":0,"href":"https:\/\/mentalfestivalen.se\/en\/wp-json\/wp\/v2\/pages\/8151\/revisions"}],"wp:attachment":[{"href":"https:\/\/mentalfestivalen.se\/en\/wp-json\/wp\/v2\/media?parent=8151"}],"curies":[{"name":"wp","href":"https:\/\/api.w.org\/{rel}","templated":true}]}}