{"id":4198,"date":"2022-05-14T14:09:06","date_gmt":"2022-05-14T14:09:06","guid":{"rendered":"https:\/\/mentalfestivalen.se\/?page_id=4198"},"modified":"2022-05-15T13:59:30","modified_gmt":"2022-05-15T13:59:30","slug":"test-hem-ta-bort","status":"publish","type":"page","link":"https:\/\/mentalfestivalen.se\/en\/test-hem-ta-bort\/","title":{"rendered":"Test Hem Ta Bort"},"content":{"rendered":"\t\t<div data-elementor-type=\"wp-page\" data-elementor-id=\"4198\" class=\"elementor elementor-4198\" data-elementor-post-type=\"page\">\n\t\t\t\t\t\t<section class=\"elementor-section elementor-top-section elementor-element elementor-element-7bb9300 elementor-section-height-min-height elementor-section-boxed elementor-section-height-default elementor-section-items-middle\" data-id=\"7bb9300\" data-element_type=\"section\" data-e-type=\"section\" data-settings=\"{&quot;background_background&quot;:&quot;video&quot;,&quot;background_motion_fx_translateY_speed&quot;:{&quot;unit&quot;:&quot;px&quot;,&quot;size&quot;:7.2,&quot;sizes&quot;:[]},&quot;background_video_link&quot;:&quot;https:\\\/\\\/youtu.be\\\/oFQ5xs0Yo3E&quot;,&quot;background_play_on_mobile&quot;:&quot;yes&quot;,&quot;background_motion_fx_translateY_effect&quot;:&quot;yes&quot;,&quot;background_motion_fx_translateY_affectedRange&quot;:{&quot;unit&quot;:&quot;%&quot;,&quot;size&quot;:&quot;&quot;,&quot;sizes&quot;:{&quot;start&quot;:0,&quot;end&quot;:100}},&quot;background_motion_fx_devices&quot;:[&quot;desktop&quot;,&quot;tablet&quot;,&quot;mobile&quot;]}\">\n\t\t\t\t\t\t\t\t<div class=\"elementor-background-video-container\">\n\t\t\t\t\t\t\t\t\t\t\t\t\t<div class=\"elementor-background-video-embed\" role=\"presentation\"><\/div>\n\t\t\t\t\t\t\t\t\t\t\t\t<\/div>\n\t\t\t\t\t\t\t\t\t<div class=\"elementor-background-overlay\"><\/div>\n\t\t\t\t\t\t\t<div class=\"elementor-container elementor-column-gap-default\">\n\t\t\t\t\t<div class=\"elementor-column elementor-col-100 elementor-top-column elementor-element elementor-element-252ccbe\" data-id=\"252ccbe\" data-element_type=\"column\" data-e-type=\"column\">\n\t\t\t<div class=\"elementor-widget-wrap elementor-element-populated\">\n\t\t\t\t\t\t<div class=\"elementor-element elementor-element-3625b86 elementor-widget elementor-widget-image\" data-id=\"3625b86\" data-element_type=\"widget\" data-e-type=\"widget\" data-widget_type=\"image.default\">\n\t\t\t\t<div class=\"elementor-widget-container\">\n\t\t\t\t\t\t\t\t\t\t\t\t\t\t\t<img fetchpriority=\"high\" decoding=\"async\" width=\"2775\" height=\"370\" src=\"https:\/\/mentalfestivalen.se\/wp-content\/uploads\/2019\/12\/logo@2x.png\" class=\"attachment-full size-full wp-image-3561\" alt=\"Jobbfestivalen Logotyp\" srcset=\"https:\/\/mentalfestivalen.se\/wp-content\/uploads\/2019\/12\/logo@2x.png 2775w, https:\/\/mentalfestivalen.se\/wp-content\/uploads\/2019\/12\/logo@2x-300x40.png 300w, https:\/\/mentalfestivalen.se\/wp-content\/uploads\/2019\/12\/logo@2x-1024x137.png 1024w, https:\/\/mentalfestivalen.se\/wp-content\/uploads\/2019\/12\/logo@2x-768x102.png 768w, https:\/\/mentalfestivalen.se\/wp-content\/uploads\/2019\/12\/logo@2x-1536x205.png 1536w, https:\/\/mentalfestivalen.se\/wp-content\/uploads\/2019\/12\/logo@2x-2048x273.png 2048w, https:\/\/mentalfestivalen.se\/wp-content\/uploads\/2019\/12\/logo@2x-18x2.png 18w\" sizes=\"(max-width: 2775px) 100vw, 2775px\" \/>\t\t\t\t\t\t\t\t\t\t\t\t\t\t\t<\/div>\n\t\t\t\t<\/div>\n\t\t\t\t<div class=\"elementor-element elementor-element-90757de elementor-invisible elementor-widget elementor-widget-heading\" data-id=\"90757de\" data-element_type=\"widget\" data-e-type=\"widget\" data-settings=\"{&quot;_animation&quot;:&quot;fadeIn&quot;}\" data-widget_type=\"heading.default\">\n\t\t\t\t<div class=\"elementor-widget-container\">\n\t\t\t\t\t<h2 class=\"elementor-heading-title elementor-size-default\">Tema<br>M\u00e5ngfald &amp; Inkludering<\/h2>\t\t\t\t<\/div>\n\t\t\t\t<\/div>\n\t\t\t\t<div class=\"elementor-element elementor-element-95fa4b5 elementor-widget__width-auto elementor-invisible elementor-widget elementor-widget-heading\" data-id=\"95fa4b5\" data-element_type=\"widget\" data-e-type=\"widget\" data-settings=\"{&quot;_animation&quot;:&quot;fadeIn&quot;}\" data-widget_type=\"heading.default\">\n\t\t\t\t<div class=\"elementor-widget-container\">\n\t\t\t\t\t<h2 class=\"elementor-heading-title elementor-size-default\">14 september 2022 i Kungstr\u00e4dg\u00e5rden, Stockholm<\/h2>\t\t\t\t<\/div>\n\t\t\t\t<\/div>\n\t\t\t\t<div class=\"elementor-element elementor-element-db2f90d elementor-countdown--label-block elementor-widget elementor-widget-countdown\" data-id=\"db2f90d\" data-element_type=\"widget\" data-e-type=\"widget\" data-widget_type=\"countdown.default\">\n\t\t\t\t<div class=\"elementor-widget-container\">\n\t\t\t\t\t\t\t<div class=\"elementor-countdown-wrapper\" data-date=\"1663138800\">\n\t\t\t<div class=\"elementor-countdown-item\"><span class=\"elementor-countdown-digits elementor-countdown-days\"><\/span> <span class=\"elementor-countdown-label\">Dagar<\/span><\/div><div class=\"elementor-countdown-item\"><span class=\"elementor-countdown-digits elementor-countdown-hours\"><\/span> <span class=\"elementor-countdown-label\">Timmar<\/span><\/div><div class=\"elementor-countdown-item\"><span class=\"elementor-countdown-digits elementor-countdown-minutes\"><\/span> <span class=\"elementor-countdown-label\">Minuter<\/span><\/div><div class=\"elementor-countdown-item\"><span class=\"elementor-countdown-digits elementor-countdown-seconds\"><\/span> <span class=\"elementor-countdown-label\">Sekunder<\/span><\/div>\t\t<\/div>\n\t\t\t\t\t\t<\/div>\n\t\t\t\t<\/div>\n\t\t\t\t<div class=\"elementor-element elementor-element-219d0f0 elementor-widget elementor-widget-spacer\" data-id=\"219d0f0\" data-element_type=\"widget\" data-e-type=\"widget\" data-widget_type=\"spacer.default\">\n\t\t\t\t<div class=\"elementor-widget-container\">\n\t\t\t\t\t\t\t<div class=\"elementor-spacer\">\n\t\t\t<div class=\"elementor-spacer-inner\"><\/div>\n\t\t<\/div>\n\t\t\t\t\t\t<\/div>\n\t\t\t\t<\/div>\n\t\t\t\t\t<\/div>\n\t\t<\/div>\n\t\t\t\t\t<\/div>\n\t\t<\/section>\n\t\t\t\t<section class=\"elementor-section elementor-top-section elementor-element elementor-element-d277459 elementor-section-boxed elementor-section-height-default elementor-section-height-default\" data-id=\"d277459\" data-element_type=\"section\" data-e-type=\"section\" data-settings=\"{&quot;background_background&quot;:&quot;classic&quot;,&quot;background_motion_fx_motion_fx_scrolling&quot;:&quot;yes&quot;,&quot;background_motion_fx_translateY_effect&quot;:&quot;yes&quot;,&quot;background_motion_fx_translateY_speed&quot;:{&quot;unit&quot;:&quot;px&quot;,&quot;size&quot;:1.6,&quot;sizes&quot;:[]},&quot;background_motion_fx_scale_effect&quot;:&quot;yes&quot;,&quot;background_motion_fx_translateY_affectedRange&quot;:{&quot;unit&quot;:&quot;%&quot;,&quot;size&quot;:&quot;&quot;,&quot;sizes&quot;:{&quot;start&quot;:0,&quot;end&quot;:100}},&quot;background_motion_fx_scale_direction&quot;:&quot;out-in&quot;,&quot;background_motion_fx_scale_speed&quot;:{&quot;unit&quot;:&quot;px&quot;,&quot;size&quot;:4,&quot;sizes&quot;:[]},&quot;background_motion_fx_scale_range&quot;:{&quot;unit&quot;:&quot;%&quot;,&quot;size&quot;:&quot;&quot;,&quot;sizes&quot;:{&quot;start&quot;:20,&quot;end&quot;:80}},&quot;background_motion_fx_devices&quot;:[&quot;desktop&quot;,&quot;tablet&quot;,&quot;mobile&quot;]}\">\n\t\t\t\t\t\t<div class=\"elementor-container elementor-column-gap-default\">\n\t\t\t\t\t<div class=\"elementor-column elementor-col-33 elementor-top-column elementor-element elementor-element-f90d46c\" data-id=\"f90d46c\" data-element_type=\"column\" data-e-type=\"column\" data-settings=\"{&quot;background_background&quot;:&quot;classic&quot;}\">\n\t\t\t<div class=\"elementor-widget-wrap\">\n\t\t\t\t\t\t\t<\/div>\n\t\t<\/div>\n\t\t\t\t<div class=\"elementor-column elementor-col-33 elementor-top-column elementor-element elementor-element-b226b4d\" data-id=\"b226b4d\" data-element_type=\"column\" data-e-type=\"column\">\n\t\t\t<div class=\"elementor-widget-wrap elementor-element-populated\">\n\t\t\t\t\t\t<div class=\"elementor-element elementor-element-cebf890 elementor-widget elementor-widget-heading\" data-id=\"cebf890\" data-element_type=\"widget\" data-e-type=\"widget\" data-widget_type=\"heading.default\">\n\t\t\t\t<div class=\"elementor-widget-container\">\n\t\t\t\t\t<h2 class=\"elementor-heading-title elementor-size-default\">\u201dJag brinner f\u00f6r m\u00e5ngfald\noch inkludering \u2013 d\u00e4rf\u00f6r\nhar jag hyrt hela Kungsan\u201d<\/h2>\t\t\t\t<\/div>\n\t\t\t\t<\/div>\n\t\t\t\t<div class=\"elementor-element elementor-element-cd4d24a elementor-widget elementor-widget-text-editor\" data-id=\"cd4d24a\" data-element_type=\"widget\" data-e-type=\"widget\" data-widget_type=\"text-editor.default\">\n\t\t\t\t<div class=\"elementor-widget-container\">\n\t\t\t\t\t\t\t\t\t<p><b>Den 14 september arrangerar jag Jobbfestivalen med tema &#8221;M\u00e5ngfald &amp; Inkludering&#8221; i Kungstr\u00e4dg\u00e5rden.<\/b><\/p><p>Jobbfestivalen med tema &#8221;M\u00e5ngfald &amp; Inkludering&#8221; i Kungstr\u00e4dg\u00e5rden \u00e4r en m\u00f6tesplats f\u00f6r arbetss\u00f6kande och f\u00f6r f\u00f6retag med ett kontinuerligt rekryteringsbehov samt f\u00f6r f\u00f6retag och organisationer som erbjuder verktyg\/tj\u00e4nster i syfte att \u00f6ka m\u00e5ngfalden och minska risken f\u00f6r diskriminering.<\/p><p>Bli utst\u00e4llare f\u00f6r att delta i viktig informationsspridning om m\u00e5ngfald och inkludering, str\u00e4van att f\u00f6r\u00e4ndra\u00a0attityder p\u00e5 arbetsmarknaden samt att bidra\u00a0till en f\u00f6rb\u00e4ttrad matchning.<\/p>\t\t\t\t\t\t\t\t<\/div>\n\t\t\t\t<\/div>\n\t\t\t\t<section class=\"elementor-section elementor-inner-section elementor-element elementor-element-27648d1 elementor-section-boxed elementor-section-height-default elementor-section-height-default\" data-id=\"27648d1\" data-element_type=\"section\" data-e-type=\"section\">\n\t\t\t\t\t\t<div class=\"elementor-container elementor-column-gap-no\">\n\t\t\t\t\t<div class=\"elementor-column elementor-col-50 elementor-inner-column elementor-element elementor-element-e6638b6\" data-id=\"e6638b6\" data-element_type=\"column\" data-e-type=\"column\">\n\t\t\t<div class=\"elementor-widget-wrap elementor-element-populated\">\n\t\t\t\t\t\t<div class=\"elementor-element elementor-element-13c6fe6 elementor-widget elementor-widget-text-editor\" data-id=\"13c6fe6\" data-element_type=\"widget\" data-e-type=\"widget\" data-widget_type=\"text-editor.default\">\n\t\t\t\t<div class=\"elementor-widget-container\">\n\t\t\t\t\t\t\t\t\t&#8211; V\u00e4lkommen!\t\t\t\t\t\t\t\t<\/div>\n\t\t\t\t<\/div>\n\t\t\t\t<div class=\"elementor-element elementor-element-35625a3 elementor-widget elementor-widget-image\" data-id=\"35625a3\" data-element_type=\"widget\" data-e-type=\"widget\" data-widget_type=\"image.default\">\n\t\t\t\t<div class=\"elementor-widget-container\">\n\t\t\t\t\t\t\t\t\t\t\t\t\t\t\t<img decoding=\"async\" width=\"1024\" height=\"226\" src=\"https:\/\/mentalfestivalen.se\/wp-content\/uploads\/2022\/03\/1-1024x226.png\" class=\"attachment-large size-large wp-image-2321\" alt=\"\" srcset=\"https:\/\/mentalfestivalen.se\/wp-content\/uploads\/2022\/03\/1-1024x226.png 1024w, https:\/\/mentalfestivalen.se\/wp-content\/uploads\/2022\/03\/1-300x66.png 300w, https:\/\/mentalfestivalen.se\/wp-content\/uploads\/2022\/03\/1-768x170.png 768w, https:\/\/mentalfestivalen.se\/wp-content\/uploads\/2022\/03\/1-1536x340.png 1536w, https:\/\/mentalfestivalen.se\/wp-content\/uploads\/2022\/03\/1-18x4.png 18w, https:\/\/mentalfestivalen.se\/wp-content\/uploads\/2022\/03\/1.png 1578w\" sizes=\"(max-width: 1024px) 100vw, 1024px\" \/>\t\t\t\t\t\t\t\t\t\t\t\t\t\t\t<\/div>\n\t\t\t\t<\/div>\n\t\t\t\t<div class=\"elementor-element elementor-element-84fb385 elementor-widget elementor-widget-text-editor\" data-id=\"84fb385\" data-element_type=\"widget\" data-e-type=\"widget\" data-widget_type=\"text-editor.default\">\n\t\t\t\t<div class=\"elementor-widget-container\">\n\t\t\t\t\t\t\t\t\t<p>\u201dDet kr\u00e4vs ett helt nytt s\u00e4tt att t\u00e4nka f\u00f6r att l\u00f6sa de problem vi skapat med det gamla s\u00e4ttet att t\u00e4nka.\u201d<\/p>\t\t\t\t\t\t\t\t<\/div>\n\t\t\t\t<\/div>\n\t\t\t\t\t<\/div>\n\t\t<\/div>\n\t\t\t\t<div class=\"elementor-column elementor-col-50 elementor-inner-column elementor-element elementor-element-aa2b721\" data-id=\"aa2b721\" data-element_type=\"column\" data-e-type=\"column\">\n\t\t\t<div class=\"elementor-widget-wrap elementor-element-populated\">\n\t\t\t\t\t\t<div class=\"elementor-element elementor-element-3939682 elementor-widget elementor-widget-image\" data-id=\"3939682\" data-element_type=\"widget\" data-e-type=\"widget\" data-widget_type=\"image.default\">\n\t\t\t\t<div class=\"elementor-widget-container\">\n\t\t\t\t\t\t\t\t\t\t\t\t\t\t\t<img decoding=\"async\" width=\"2560\" height=\"1702\" src=\"https:\/\/mentalfestivalen.se\/wp-content\/uploads\/2019\/12\/Mats-FB-1-scaled.jpg\" class=\"attachment-full size-full wp-image-159\" alt=\"Mats Wernheim\" srcset=\"https:\/\/mentalfestivalen.se\/wp-content\/uploads\/2019\/12\/Mats-FB-1-scaled.jpg 2560w, https:\/\/mentalfestivalen.se\/wp-content\/uploads\/2019\/12\/Mats-FB-1-300x199.jpg 300w, https:\/\/mentalfestivalen.se\/wp-content\/uploads\/2019\/12\/Mats-FB-1-1024x681.jpg 1024w, https:\/\/mentalfestivalen.se\/wp-content\/uploads\/2019\/12\/Mats-FB-1-768x511.jpg 768w, https:\/\/mentalfestivalen.se\/wp-content\/uploads\/2019\/12\/Mats-FB-1-1536x1021.jpg 1536w, https:\/\/mentalfestivalen.se\/wp-content\/uploads\/2019\/12\/Mats-FB-1-2048x1362.jpg 2048w\" sizes=\"(max-width: 2560px) 100vw, 2560px\" \/>\t\t\t\t\t\t\t\t\t\t\t\t\t\t\t<\/div>\n\t\t\t\t<\/div>\n\t\t\t\t\t<\/div>\n\t\t<\/div>\n\t\t\t\t\t<\/div>\n\t\t<\/section>\n\t\t\t\t\t<\/div>\n\t\t<\/div>\n\t\t\t\t<div class=\"elementor-column elementor-col-33 elementor-top-column elementor-element elementor-element-229b197\" data-id=\"229b197\" data-element_type=\"column\" data-e-type=\"column\" data-settings=\"{&quot;background_background&quot;:&quot;classic&quot;}\">\n\t\t\t<div class=\"elementor-widget-wrap\">\n\t\t\t\t\t\t\t<\/div>\n\t\t<\/div>\n\t\t\t\t\t<\/div>\n\t\t<\/section>\n\t\t\t\t<section class=\"elementor-section elementor-top-section elementor-element elementor-element-7a13900 elementor-section-boxed elementor-section-height-default elementor-section-height-default\" data-id=\"7a13900\" data-element_type=\"section\" data-e-type=\"section\" data-settings=\"{&quot;background_background&quot;:&quot;gradient&quot;}\">\n\t\t\t\t\t\t<div class=\"elementor-container elementor-column-gap-default\">\n\t\t\t\t\t<div class=\"elementor-column elementor-col-25 elementor-top-column elementor-element elementor-element-c64b001 elementor-hidden-mobile\" data-id=\"c64b001\" data-element_type=\"column\" data-e-type=\"column\">\n\t\t\t<div class=\"elementor-widget-wrap\">\n\t\t\t\t\t\t\t<\/div>\n\t\t<\/div>\n\t\t\t\t<div class=\"elementor-column elementor-col-25 elementor-top-column elementor-element elementor-element-4afc6fa custom-no-word-break\" data-id=\"4afc6fa\" data-element_type=\"column\" data-e-type=\"column\">\n\t\t\t<div class=\"elementor-widget-wrap elementor-element-populated\">\n\t\t\t\t\t\t<div class=\"elementor-element elementor-element-90a89d6 elementor-widget elementor-widget-heading\" data-id=\"90a89d6\" data-element_type=\"widget\" data-e-type=\"widget\" data-widget_type=\"heading.default\">\n\t\t\t\t<div class=\"elementor-widget-container\">\n\t\t\t\t\t<h3 class=\"elementor-heading-title elementor-size-default\">Huvudsponsor<\/h3>\t\t\t\t<\/div>\n\t\t\t\t<\/div>\n\t\t\t\t\t<\/div>\n\t\t<\/div>\n\t\t\t\t<div class=\"elementor-column elementor-col-25 elementor-top-column elementor-element elementor-element-96727d1\" data-id=\"96727d1\" data-element_type=\"column\" data-e-type=\"column\">\n\t\t\t<div class=\"elementor-widget-wrap elementor-element-populated\">\n\t\t\t\t\t\t<div class=\"elementor-element elementor-element-7ad549c elementor-widget elementor-widget-image\" data-id=\"7ad549c\" data-element_type=\"widget\" data-e-type=\"widget\" data-widget_type=\"image.default\">\n\t\t\t\t<div class=\"elementor-widget-container\">\n\t\t\t\t\t\t\t\t\t\t\t\t\t\t\t<img loading=\"lazy\" decoding=\"async\" width=\"892\" height=\"630\" src=\"https:\/\/mentalfestivalen.se\/wp-content\/uploads\/2022\/05\/Brodernas-Rund-STARS-logo-brodyr-guld.png\" class=\"attachment-full size-full wp-image-3965\" alt=\"Br\u00f6dernas Logotyp\" srcset=\"https:\/\/mentalfestivalen.se\/wp-content\/uploads\/2022\/05\/Brodernas-Rund-STARS-logo-brodyr-guld.png 892w, https:\/\/mentalfestivalen.se\/wp-content\/uploads\/2022\/05\/Brodernas-Rund-STARS-logo-brodyr-guld-300x212.png 300w, https:\/\/mentalfestivalen.se\/wp-content\/uploads\/2022\/05\/Brodernas-Rund-STARS-logo-brodyr-guld-768x542.png 768w, https:\/\/mentalfestivalen.se\/wp-content\/uploads\/2022\/05\/Brodernas-Rund-STARS-logo-brodyr-guld-18x12.png 18w\" sizes=\"(max-width: 892px) 100vw, 892px\" \/>\t\t\t\t\t\t\t\t\t\t\t\t\t\t\t<\/div>\n\t\t\t\t<\/div>\n\t\t\t\t\t<\/div>\n\t\t<\/div>\n\t\t\t\t<div class=\"elementor-column elementor-col-25 elementor-top-column elementor-element elementor-element-6852f58 elementor-hidden-mobile\" data-id=\"6852f58\" data-element_type=\"column\" data-e-type=\"column\">\n\t\t\t<div class=\"elementor-widget-wrap\">\n\t\t\t\t\t\t\t<\/div>\n\t\t<\/div>\n\t\t\t\t\t<\/div>\n\t\t<\/section>\n\t\t\t\t<section class=\"elementor-section elementor-top-section elementor-element elementor-element-27c09b0 elementor-section-boxed elementor-section-height-default elementor-section-height-default\" data-id=\"27c09b0\" data-element_type=\"section\" data-e-type=\"section\" data-settings=\"{&quot;background_background&quot;:&quot;classic&quot;}\">\n\t\t\t\t\t\t<div class=\"elementor-container elementor-column-gap-default\">\n\t\t\t\t\t<div class=\"elementor-column elementor-col-50 elementor-top-column elementor-element elementor-element-0fe70c8\" data-id=\"0fe70c8\" data-element_type=\"column\" data-e-type=\"column\" data-settings=\"{&quot;background_background&quot;:&quot;classic&quot;}\">\n\t\t\t<div class=\"elementor-widget-wrap elementor-element-populated\">\n\t\t\t\t\t\t<div class=\"elementor-element elementor-element-61724e5 custom-no-word-break elementor-widget elementor-widget-heading\" data-id=\"61724e5\" data-element_type=\"widget\" data-e-type=\"widget\" data-widget_type=\"heading.default\">\n\t\t\t\t<div class=\"elementor-widget-container\">\n\t\t\t\t\t<h3 class=\"elementor-heading-title elementor-size-default\">Utst\u00e4llare<\/h3>\t\t\t\t<\/div>\n\t\t\t\t<\/div>\n\t\t\t\t<div class=\"elementor-element elementor-element-0b1dd64 elementor-align-center elementor-widget elementor-widget-button\" data-id=\"0b1dd64\" data-element_type=\"widget\" data-e-type=\"widget\" data-widget_type=\"button.default\">\n\t\t\t\t<div class=\"elementor-widget-container\">\n\t\t\t\t\t\t\t\t\t<div class=\"elementor-button-wrapper\">\n\t\t\t\t\t<a class=\"elementor-button elementor-button-link elementor-size-xs\" href=\"https:\/\/mentalfestivalen.se\/utstallare\/\">\n\t\t\t\t\t\t<span class=\"elementor-button-content-wrapper\">\n\t\t\t\t\t\t<span class=\"elementor-button-icon\">\n\t\t\t\t<i aria-hidden=\"true\" class=\"fas fa-arrow-right\"><\/i>\t\t\t<\/span>\n\t\t\t\t\t\t\t\t\t<span class=\"elementor-button-text\">L\u00e4s Mer<\/span>\n\t\t\t\t\t<\/span>\n\t\t\t\t\t<\/a>\n\t\t\t\t<\/div>\n\t\t\t\t\t\t\t\t<\/div>\n\t\t\t\t<\/div>\n\t\t\t\t\t<\/div>\n\t\t<\/div>\n\t\t\t\t<div class=\"elementor-column elementor-col-50 elementor-top-column elementor-element elementor-element-593ae4f\" data-id=\"593ae4f\" data-element_type=\"column\" data-e-type=\"column\">\n\t\t\t<div class=\"elementor-widget-wrap elementor-element-populated\">\n\t\t\t\t\t\t<div class=\"elementor-element elementor-element-9684459 elementor-widget elementor-widget-image-carousel\" data-id=\"9684459\" data-element_type=\"widget\" data-e-type=\"widget\" data-settings=\"{&quot;slides_to_show&quot;:&quot;7&quot;,&quot;navigation&quot;:&quot;none&quot;,&quot;autoplay_speed&quot;:1000,&quot;speed&quot;:5000,&quot;image_spacing_custom&quot;:{&quot;unit&quot;:&quot;px&quot;,&quot;size&quot;:43,&quot;sizes&quot;:[]},&quot;slides_to_show_mobile&quot;:&quot;3&quot;,&quot;autoplay&quot;:&quot;yes&quot;,&quot;pause_on_hover&quot;:&quot;yes&quot;,&quot;pause_on_interaction&quot;:&quot;yes&quot;,&quot;infinite&quot;:&quot;yes&quot;,&quot;image_spacing_custom_tablet&quot;:{&quot;unit&quot;:&quot;px&quot;,&quot;size&quot;:&quot;&quot;,&quot;sizes&quot;:[]},&quot;image_spacing_custom_mobile&quot;:{&quot;unit&quot;:&quot;px&quot;,&quot;size&quot;:&quot;&quot;,&quot;sizes&quot;:[]}}\" data-widget_type=\"image-carousel.default\">\n\t\t\t\t<div class=\"elementor-widget-container\">\n\t\t\t\t\t\t\t<div class=\"elementor-image-carousel-wrapper swiper\" role=\"region\" aria-roledescription=\"carousel\" aria-label=\"Bildkarusell\" dir=\"ltr\">\n\t\t\t<div class=\"elementor-image-carousel swiper-wrapper swiper-image-stretch\" aria-live=\"off\">\n\t\t\t\t\t\t\t\t<div class=\"swiper-slide\" role=\"group\" aria-roledescription=\"slide\" aria-label=\"1 av 30\"><figure class=\"swiper-slide-inner\"><img decoding=\"async\" class=\"swiper-slide-image\" src=\"https:\/\/mentalfestivalen.se\/wp-content\/uploads\/2022\/02\/logoe4w.png\" alt=\"logoe4w\" \/><\/figure><\/div><div class=\"swiper-slide\" role=\"group\" aria-roledescription=\"slide\" aria-label=\"2 av 30\"><figure class=\"swiper-slide-inner\"><img decoding=\"async\" class=\"swiper-slide-image\" src=\"https:\/\/mentalfestivalen.se\/wp-content\/uploads\/2022\/01\/alva-logo-black.png\" alt=\"alva-logo-black.png\" \/><\/figure><\/div><div class=\"swiper-slide\" role=\"group\" aria-roledescription=\"slide\" aria-label=\"3 av 30\"><figure class=\"swiper-slide-inner\"><img decoding=\"async\" class=\"swiper-slide-image\" src=\"https:\/\/mentalfestivalen.se\/wp-content\/uploads\/2022\/03\/Lernia-logo.png\" alt=\"Lernia logo\" \/><\/figure><\/div><div class=\"swiper-slide\" role=\"group\" aria-roledescription=\"slide\" aria-label=\"4 av 30\"><figure class=\"swiper-slide-inner\"><img decoding=\"async\" class=\"swiper-slide-image\" src=\"https:\/\/mentalfestivalen.se\/wp-content\/uploads\/2022\/03\/thumbnail_image001.png\" alt=\"ambea logo\" \/><\/figure><\/div><div class=\"swiper-slide\" role=\"group\" aria-roledescription=\"slide\" aria-label=\"5 av 30\"><figure class=\"swiper-slide-inner\"><img decoding=\"async\" class=\"swiper-slide-image\" src=\"https:\/\/mentalfestivalen.se\/wp-content\/uploads\/2022\/02\/Misalogga2019-1-1024x306-1.png\" alt=\"Misa Logo\" \/><\/figure><\/div><div class=\"swiper-slide\" role=\"group\" aria-roledescription=\"slide\" aria-label=\"6 av 30\"><figure class=\"swiper-slide-inner\"><img decoding=\"async\" class=\"swiper-slide-image\" src=\"https:\/\/mentalfestivalen.se\/wp-content\/uploads\/2022\/03\/thumbnail_image001-1-e1656274012908.png\" alt=\"uniflex logo\" \/><\/figure><\/div><div class=\"swiper-slide\" role=\"group\" aria-roledescription=\"slide\" aria-label=\"7 av 30\"><figure class=\"swiper-slide-inner\"><img decoding=\"async\" class=\"swiper-slide-image\" src=\"https:\/\/mentalfestivalen.se\/wp-content\/uploads\/2022\/02\/Curunova-Logo-marin-bla@3x-2.png\" alt=\"Curunova Logotyp\" \/><\/figure><\/div><div class=\"swiper-slide\" role=\"group\" aria-roledescription=\"slide\" aria-label=\"8 av 30\"><figure class=\"swiper-slide-inner\"><img decoding=\"async\" class=\"swiper-slide-image\" src=\"https:\/\/mentalfestivalen.se\/wp-content\/uploads\/2022\/01\/Logotyp@3x.png\" alt=\"Logotyp@3x.png\" \/><\/figure><\/div><div class=\"swiper-slide\" role=\"group\" aria-roledescription=\"slide\" aria-label=\"9 av 30\"><figure class=\"swiper-slide-inner\"><img decoding=\"async\" class=\"swiper-slide-image\" src=\"https:\/\/mentalfestivalen.se\/wp-content\/uploads\/2022\/01\/gejept5mm8gonmqmqeb2.png\" alt=\"MAX Logo\" \/><\/figure><\/div><div class=\"swiper-slide\" role=\"group\" aria-roledescription=\"slide\" aria-label=\"10 av 30\"><figure class=\"swiper-slide-inner\"><img decoding=\"async\" class=\"swiper-slide-image\" src=\"https:\/\/mentalfestivalen.se\/wp-content\/uploads\/2022\/04\/thumbnail_image006-1-e1656270191770.png\" alt=\"hemkop logo\" \/><\/figure><\/div><div class=\"swiper-slide\" role=\"group\" aria-roledescription=\"slide\" aria-label=\"11 av 30\"><figure class=\"swiper-slide-inner\"><img decoding=\"async\" class=\"swiper-slide-image\" src=\"https:\/\/mentalfestivalen.se\/wp-content\/uploads\/2022\/01\/Rityta-12_1@5x.png\" alt=\"Rityta-12_1@5x.png\" \/><\/figure><\/div><div class=\"swiper-slide\" role=\"group\" aria-roledescription=\"slide\" aria-label=\"12 av 30\"><figure class=\"swiper-slide-inner\"><img decoding=\"async\" class=\"swiper-slide-image\" src=\"https:\/\/mentalfestivalen.se\/wp-content\/uploads\/2022\/01\/thumbnail_2eb4880d-1.png\" alt=\"thumbnail_2eb4880d-1.png\" \/><\/figure><\/div><div class=\"swiper-slide\" role=\"group\" aria-roledescription=\"slide\" aria-label=\"13 av 30\"><figure class=\"swiper-slide-inner\"><img decoding=\"async\" class=\"swiper-slide-image\" src=\"https:\/\/mentalfestivalen.se\/wp-content\/uploads\/2022\/01\/logga-text@4x-e1580825187209.png\" alt=\"logga-text@4x-e1580825187209.png\" \/><\/figure><\/div><div class=\"swiper-slide\" role=\"group\" aria-roledescription=\"slide\" aria-label=\"14 av 30\"><figure class=\"swiper-slide-inner\"><img decoding=\"async\" class=\"swiper-slide-image\" src=\"https:\/\/mentalfestivalen.se\/wp-content\/uploads\/2022\/01\/arriva.png\" alt=\"arriva.png\" \/><\/figure><\/div><div class=\"swiper-slide\" role=\"group\" aria-roledescription=\"slide\" aria-label=\"15 av 30\"><figure class=\"swiper-slide-inner\"><img decoding=\"async\" class=\"swiper-slide-image\" src=\"https:\/\/mentalfestivalen.se\/wp-content\/uploads\/2022\/01\/TalentQ_Logo_Palette4-1.png\" alt=\"TalentQ_Logo_Palette4-1.png\" \/><\/figure><\/div><div class=\"swiper-slide\" role=\"group\" aria-roledescription=\"slide\" aria-label=\"16 av 30\"><figure class=\"swiper-slide-inner\"><img decoding=\"async\" class=\"swiper-slide-image\" src=\"https:\/\/mentalfestivalen.se\/wp-content\/uploads\/2022\/01\/Logga-1-1.png\" alt=\"Logga-1-1.png\" \/><\/figure><\/div><div class=\"swiper-slide\" role=\"group\" aria-roledescription=\"slide\" aria-label=\"17 av 30\"><figure class=\"swiper-slide-inner\"><img decoding=\"async\" class=\"swiper-slide-image\" src=\"https:\/\/mentalfestivalen.se\/wp-content\/uploads\/2022\/01\/talangakademin.png\" alt=\"talangakademin.png\" \/><\/figure><\/div><div class=\"swiper-slide\" role=\"group\" aria-roledescription=\"slide\" aria-label=\"18 av 30\"><figure class=\"swiper-slide-inner\"><img decoding=\"async\" class=\"swiper-slide-image\" src=\"https:\/\/mentalfestivalen.se\/wp-content\/uploads\/2022\/01\/image001-1.png\" alt=\"image001-1.png\" \/><\/figure><\/div><div class=\"swiper-slide\" role=\"group\" aria-roledescription=\"slide\" aria-label=\"19 av 30\"><figure class=\"swiper-slide-inner\"><img decoding=\"async\" class=\"swiper-slide-image\" src=\"https:\/\/mentalfestivalen.se\/wp-content\/uploads\/2022\/01\/YD-logo-Kvadrat-gul-300x194-1.png\" alt=\"YD-logo-Kvadrat-gul-300x194-1.png\" \/><\/figure><\/div><div class=\"swiper-slide\" role=\"group\" aria-roledescription=\"slide\" aria-label=\"20 av 30\"><figure class=\"swiper-slide-inner\"><img decoding=\"async\" class=\"swiper-slide-image\" src=\"https:\/\/mentalfestivalen.se\/wp-content\/uploads\/2022\/02\/RC@2x-1.png\" alt=\"RC@2x\" \/><\/figure><\/div><div class=\"swiper-slide\" role=\"group\" aria-roledescription=\"slide\" aria-label=\"21 av 30\"><figure class=\"swiper-slide-inner\"><img decoding=\"async\" class=\"swiper-slide-image\" src=\"https:\/\/mentalfestivalen.se\/wp-content\/uploads\/2022\/04\/Yrkescentrum-logo.png\" alt=\"Yrkescentrum logo\" \/><\/figure><\/div><div class=\"swiper-slide\" role=\"group\" aria-roledescription=\"slide\" aria-label=\"22 av 30\"><figure class=\"swiper-slide-inner\"><img decoding=\"async\" class=\"swiper-slide-image\" src=\"https:\/\/mentalfestivalen.se\/wp-content\/uploads\/2022\/04\/Maximus_Inc._Logo.png\" alt=\"Maximus logotyp\" \/><\/figure><\/div><div class=\"swiper-slide\" role=\"group\" aria-roledescription=\"slide\" aria-label=\"23 av 30\"><figure class=\"swiper-slide-inner\"><img decoding=\"async\" class=\"swiper-slide-image\" src=\"https:\/\/mentalfestivalen.se\/wp-content\/uploads\/2022\/04\/karriarkonsulten-logotyp-1.png\" alt=\"karriarkonsulten-logotyp\" \/><\/figure><\/div><div class=\"swiper-slide\" role=\"group\" aria-roledescription=\"slide\" aria-label=\"24 av 30\"><figure class=\"swiper-slide-inner\"><img decoding=\"async\" class=\"swiper-slide-image\" src=\"https:\/\/mentalfestivalen.se\/wp-content\/uploads\/2022\/04\/enrival.png\" alt=\"enrival logo\" \/><\/figure><\/div><div class=\"swiper-slide\" role=\"group\" aria-roledescription=\"slide\" aria-label=\"25 av 30\"><figure class=\"swiper-slide-inner\"><img decoding=\"async\" class=\"swiper-slide-image\" src=\"https:\/\/mentalfestivalen.se\/wp-content\/uploads\/2022\/05\/jobblyftet-logotyp.png\" alt=\"Jobblyftet logotyp\" \/><\/figure><\/div><div class=\"swiper-slide\" role=\"group\" aria-roledescription=\"slide\" aria-label=\"26 av 30\"><figure class=\"swiper-slide-inner\"><img decoding=\"async\" class=\"swiper-slide-image\" src=\"https:\/\/mentalfestivalen.se\/wp-content\/uploads\/2022\/05\/iobb-logotyp-e1651684255245.png\" alt=\"iobb-logotyp\" \/><\/figure><\/div><div class=\"swiper-slide\" role=\"group\" aria-roledescription=\"slide\" aria-label=\"27 av 30\"><figure class=\"swiper-slide-inner\"><img decoding=\"async\" class=\"swiper-slide-image\" src=\"https:\/\/mentalfestivalen.se\/wp-content\/uploads\/2022\/05\/Libera_Logo_RGB.png\" alt=\"Libera Logotyp\" \/><\/figure><\/div><div class=\"swiper-slide\" role=\"group\" aria-roledescription=\"slide\" aria-label=\"28 av 30\"><figure class=\"swiper-slide-inner\"><img decoding=\"async\" class=\"swiper-slide-image\" src=\"https:\/\/mentalfestivalen.se\/wp-content\/uploads\/2022\/05\/fodora-e1651858849517.png\" alt=\"foodora\" \/><\/figure><\/div><div class=\"swiper-slide\" role=\"group\" aria-roledescription=\"slide\" aria-label=\"29 av 30\"><figure class=\"swiper-slide-inner\"><img decoding=\"async\" class=\"swiper-slide-image\" src=\"https:\/\/mentalfestivalen.se\/wp-content\/uploads\/2022\/05\/Brodernas-Rund-STARS-logo-brodyr-guld.png\" alt=\"Br\u00f6dernas Logotyp\" \/><\/figure><\/div><div class=\"swiper-slide\" role=\"group\" aria-roledescription=\"slide\" aria-label=\"30 av 30\"><figure class=\"swiper-slide-inner\"><img decoding=\"async\" class=\"swiper-slide-image\" src=\"https:\/\/mentalfestivalen.se\/wp-content\/uploads\/2022\/05\/clockwork-tr.png\" alt=\"clockwork logotyp\" \/><\/figure><\/div>\t\t\t<\/div>\n\t\t\t\t\t\t\t\n\t\t\t\t\t\t\t\t\t<\/div>\n\t\t\t\t\t\t<\/div>\n\t\t\t\t<\/div>\n\t\t\t\t<div class=\"elementor-element elementor-element-6d853bd elementor-widget elementor-widget-image-carousel\" data-id=\"6d853bd\" data-element_type=\"widget\" data-e-type=\"widget\" data-settings=\"{&quot;slides_to_show&quot;:&quot;7&quot;,&quot;navigation&quot;:&quot;none&quot;,&quot;autoplay_speed&quot;:1000,&quot;speed&quot;:5000,&quot;image_spacing_custom&quot;:{&quot;unit&quot;:&quot;px&quot;,&quot;size&quot;:43,&quot;sizes&quot;:[]},&quot;slides_to_show_mobile&quot;:&quot;3&quot;,&quot;autoplay&quot;:&quot;yes&quot;,&quot;pause_on_hover&quot;:&quot;yes&quot;,&quot;pause_on_interaction&quot;:&quot;yes&quot;,&quot;infinite&quot;:&quot;yes&quot;,&quot;image_spacing_custom_tablet&quot;:{&quot;unit&quot;:&quot;px&quot;,&quot;size&quot;:&quot;&quot;,&quot;sizes&quot;:[]},&quot;image_spacing_custom_mobile&quot;:{&quot;unit&quot;:&quot;px&quot;,&quot;size&quot;:&quot;&quot;,&quot;sizes&quot;:[]}}\" data-widget_type=\"image-carousel.default\">\n\t\t\t\t<div class=\"elementor-widget-container\">\n\t\t\t\t\t\t\t<div class=\"elementor-image-carousel-wrapper swiper\" role=\"region\" aria-roledescription=\"carousel\" aria-label=\"Bildkarusell\" dir=\"rtl\">\n\t\t\t<div class=\"elementor-image-carousel swiper-wrapper swiper-image-stretch\" aria-live=\"off\">\n\t\t\t\t\t\t\t\t<div class=\"swiper-slide\" role=\"group\" aria-roledescription=\"slide\" aria-label=\"1 av 30\"><figure class=\"swiper-slide-inner\"><img decoding=\"async\" class=\"swiper-slide-image\" src=\"https:\/\/mentalfestivalen.se\/wp-content\/uploads\/2022\/02\/logoe4w.png\" alt=\"logoe4w\" \/><\/figure><\/div><div class=\"swiper-slide\" role=\"group\" aria-roledescription=\"slide\" aria-label=\"2 av 30\"><figure class=\"swiper-slide-inner\"><img decoding=\"async\" class=\"swiper-slide-image\" src=\"https:\/\/mentalfestivalen.se\/wp-content\/uploads\/2022\/01\/alva-logo-black.png\" alt=\"alva-logo-black.png\" \/><\/figure><\/div><div class=\"swiper-slide\" role=\"group\" aria-roledescription=\"slide\" aria-label=\"3 av 30\"><figure class=\"swiper-slide-inner\"><img decoding=\"async\" class=\"swiper-slide-image\" src=\"https:\/\/mentalfestivalen.se\/wp-content\/uploads\/2022\/03\/Lernia-logo.png\" alt=\"Lernia logo\" \/><\/figure><\/div><div class=\"swiper-slide\" role=\"group\" aria-roledescription=\"slide\" aria-label=\"4 av 30\"><figure class=\"swiper-slide-inner\"><img decoding=\"async\" class=\"swiper-slide-image\" src=\"https:\/\/mentalfestivalen.se\/wp-content\/uploads\/2022\/03\/thumbnail_image001.png\" alt=\"ambea logo\" \/><\/figure><\/div><div class=\"swiper-slide\" role=\"group\" aria-roledescription=\"slide\" aria-label=\"5 av 30\"><figure class=\"swiper-slide-inner\"><img decoding=\"async\" class=\"swiper-slide-image\" src=\"https:\/\/mentalfestivalen.se\/wp-content\/uploads\/2022\/02\/Misalogga2019-1-1024x306-1.png\" alt=\"Misa Logo\" \/><\/figure><\/div><div class=\"swiper-slide\" role=\"group\" aria-roledescription=\"slide\" aria-label=\"6 av 30\"><figure class=\"swiper-slide-inner\"><img decoding=\"async\" class=\"swiper-slide-image\" src=\"https:\/\/mentalfestivalen.se\/wp-content\/uploads\/2022\/03\/thumbnail_image001-1-e1656274012908.png\" alt=\"uniflex logo\" \/><\/figure><\/div><div class=\"swiper-slide\" role=\"group\" aria-roledescription=\"slide\" aria-label=\"7 av 30\"><figure class=\"swiper-slide-inner\"><img decoding=\"async\" class=\"swiper-slide-image\" src=\"https:\/\/mentalfestivalen.se\/wp-content\/uploads\/2022\/02\/Curunova-Logo-marin-bla@3x-2.png\" alt=\"Curunova Logotyp\" \/><\/figure><\/div><div class=\"swiper-slide\" role=\"group\" aria-roledescription=\"slide\" aria-label=\"8 av 30\"><figure class=\"swiper-slide-inner\"><img decoding=\"async\" class=\"swiper-slide-image\" src=\"https:\/\/mentalfestivalen.se\/wp-content\/uploads\/2022\/01\/Logotyp@3x.png\" alt=\"Logotyp@3x.png\" \/><\/figure><\/div><div class=\"swiper-slide\" role=\"group\" aria-roledescription=\"slide\" aria-label=\"9 av 30\"><figure class=\"swiper-slide-inner\"><img decoding=\"async\" class=\"swiper-slide-image\" src=\"https:\/\/mentalfestivalen.se\/wp-content\/uploads\/2022\/01\/gejept5mm8gonmqmqeb2.png\" alt=\"MAX Logo\" \/><\/figure><\/div><div class=\"swiper-slide\" role=\"group\" aria-roledescription=\"slide\" aria-label=\"10 av 30\"><figure class=\"swiper-slide-inner\"><img decoding=\"async\" class=\"swiper-slide-image\" src=\"https:\/\/mentalfestivalen.se\/wp-content\/uploads\/2022\/04\/thumbnail_image006-1-e1656270191770.png\" alt=\"hemkop logo\" \/><\/figure><\/div><div class=\"swiper-slide\" role=\"group\" aria-roledescription=\"slide\" aria-label=\"11 av 30\"><figure class=\"swiper-slide-inner\"><img decoding=\"async\" class=\"swiper-slide-image\" src=\"https:\/\/mentalfestivalen.se\/wp-content\/uploads\/2022\/01\/Rityta-12_1@5x.png\" alt=\"Rityta-12_1@5x.png\" \/><\/figure><\/div><div class=\"swiper-slide\" role=\"group\" aria-roledescription=\"slide\" aria-label=\"12 av 30\"><figure class=\"swiper-slide-inner\"><img decoding=\"async\" class=\"swiper-slide-image\" src=\"https:\/\/mentalfestivalen.se\/wp-content\/uploads\/2022\/01\/thumbnail_2eb4880d-1.png\" alt=\"thumbnail_2eb4880d-1.png\" \/><\/figure><\/div><div class=\"swiper-slide\" role=\"group\" aria-roledescription=\"slide\" aria-label=\"13 av 30\"><figure class=\"swiper-slide-inner\"><img decoding=\"async\" class=\"swiper-slide-image\" src=\"https:\/\/mentalfestivalen.se\/wp-content\/uploads\/2022\/01\/logga-text@4x-e1580825187209.png\" alt=\"logga-text@4x-e1580825187209.png\" \/><\/figure><\/div><div class=\"swiper-slide\" role=\"group\" aria-roledescription=\"slide\" aria-label=\"14 av 30\"><figure class=\"swiper-slide-inner\"><img decoding=\"async\" class=\"swiper-slide-image\" src=\"https:\/\/mentalfestivalen.se\/wp-content\/uploads\/2022\/01\/arriva.png\" alt=\"arriva.png\" \/><\/figure><\/div><div class=\"swiper-slide\" role=\"group\" aria-roledescription=\"slide\" aria-label=\"15 av 30\"><figure class=\"swiper-slide-inner\"><img decoding=\"async\" class=\"swiper-slide-image\" src=\"https:\/\/mentalfestivalen.se\/wp-content\/uploads\/2022\/01\/TalentQ_Logo_Palette4-1.png\" alt=\"TalentQ_Logo_Palette4-1.png\" \/><\/figure><\/div><div class=\"swiper-slide\" role=\"group\" aria-roledescription=\"slide\" aria-label=\"16 av 30\"><figure class=\"swiper-slide-inner\"><img decoding=\"async\" class=\"swiper-slide-image\" src=\"https:\/\/mentalfestivalen.se\/wp-content\/uploads\/2022\/01\/Logga-1-1.png\" alt=\"Logga-1-1.png\" \/><\/figure><\/div><div class=\"swiper-slide\" role=\"group\" aria-roledescription=\"slide\" aria-label=\"17 av 30\"><figure class=\"swiper-slide-inner\"><img decoding=\"async\" class=\"swiper-slide-image\" src=\"https:\/\/mentalfestivalen.se\/wp-content\/uploads\/2022\/01\/talangakademin.png\" alt=\"talangakademin.png\" \/><\/figure><\/div><div class=\"swiper-slide\" role=\"group\" aria-roledescription=\"slide\" aria-label=\"18 av 30\"><figure class=\"swiper-slide-inner\"><img decoding=\"async\" class=\"swiper-slide-image\" src=\"https:\/\/mentalfestivalen.se\/wp-content\/uploads\/2022\/01\/image001-1.png\" alt=\"image001-1.png\" \/><\/figure><\/div><div class=\"swiper-slide\" role=\"group\" aria-roledescription=\"slide\" aria-label=\"19 av 30\"><figure class=\"swiper-slide-inner\"><img decoding=\"async\" class=\"swiper-slide-image\" src=\"https:\/\/mentalfestivalen.se\/wp-content\/uploads\/2022\/01\/YD-logo-Kvadrat-gul-300x194-1.png\" alt=\"YD-logo-Kvadrat-gul-300x194-1.png\" \/><\/figure><\/div><div class=\"swiper-slide\" role=\"group\" aria-roledescription=\"slide\" aria-label=\"20 av 30\"><figure class=\"swiper-slide-inner\"><img decoding=\"async\" class=\"swiper-slide-image\" src=\"https:\/\/mentalfestivalen.se\/wp-content\/uploads\/2022\/02\/RC@2x-1.png\" alt=\"RC@2x\" \/><\/figure><\/div><div class=\"swiper-slide\" role=\"group\" aria-roledescription=\"slide\" aria-label=\"21 av 30\"><figure class=\"swiper-slide-inner\"><img decoding=\"async\" class=\"swiper-slide-image\" src=\"https:\/\/mentalfestivalen.se\/wp-content\/uploads\/2022\/04\/Yrkescentrum-logo.png\" alt=\"Yrkescentrum logo\" \/><\/figure><\/div><div class=\"swiper-slide\" role=\"group\" aria-roledescription=\"slide\" aria-label=\"22 av 30\"><figure class=\"swiper-slide-inner\"><img decoding=\"async\" class=\"swiper-slide-image\" src=\"https:\/\/mentalfestivalen.se\/wp-content\/uploads\/2022\/04\/Maximus_Inc._Logo.png\" alt=\"Maximus logotyp\" \/><\/figure><\/div><div class=\"swiper-slide\" role=\"group\" aria-roledescription=\"slide\" aria-label=\"23 av 30\"><figure class=\"swiper-slide-inner\"><img decoding=\"async\" class=\"swiper-slide-image\" src=\"https:\/\/mentalfestivalen.se\/wp-content\/uploads\/2022\/04\/karriarkonsulten-logotyp-1.png\" alt=\"karriarkonsulten-logotyp\" \/><\/figure><\/div><div class=\"swiper-slide\" role=\"group\" aria-roledescription=\"slide\" aria-label=\"24 av 30\"><figure class=\"swiper-slide-inner\"><img decoding=\"async\" class=\"swiper-slide-image\" src=\"https:\/\/mentalfestivalen.se\/wp-content\/uploads\/2022\/04\/enrival.png\" alt=\"enrival logo\" \/><\/figure><\/div><div class=\"swiper-slide\" role=\"group\" aria-roledescription=\"slide\" aria-label=\"25 av 30\"><figure class=\"swiper-slide-inner\"><img decoding=\"async\" class=\"swiper-slide-image\" src=\"https:\/\/mentalfestivalen.se\/wp-content\/uploads\/2022\/05\/jobblyftet-logotyp.png\" alt=\"Jobblyftet logotyp\" \/><\/figure><\/div><div class=\"swiper-slide\" role=\"group\" aria-roledescription=\"slide\" aria-label=\"26 av 30\"><figure class=\"swiper-slide-inner\"><img decoding=\"async\" class=\"swiper-slide-image\" src=\"https:\/\/mentalfestivalen.se\/wp-content\/uploads\/2022\/05\/iobb-logotyp-e1651684255245.png\" alt=\"iobb-logotyp\" \/><\/figure><\/div><div class=\"swiper-slide\" role=\"group\" aria-roledescription=\"slide\" aria-label=\"27 av 30\"><figure class=\"swiper-slide-inner\"><img decoding=\"async\" class=\"swiper-slide-image\" src=\"https:\/\/mentalfestivalen.se\/wp-content\/uploads\/2022\/05\/Libera_Logo_RGB.png\" alt=\"Libera Logotyp\" \/><\/figure><\/div><div class=\"swiper-slide\" role=\"group\" aria-roledescription=\"slide\" aria-label=\"28 av 30\"><figure class=\"swiper-slide-inner\"><img decoding=\"async\" class=\"swiper-slide-image\" src=\"https:\/\/mentalfestivalen.se\/wp-content\/uploads\/2022\/05\/fodora-e1651858849517.png\" alt=\"foodora\" \/><\/figure><\/div><div class=\"swiper-slide\" role=\"group\" aria-roledescription=\"slide\" aria-label=\"29 av 30\"><figure class=\"swiper-slide-inner\"><img decoding=\"async\" class=\"swiper-slide-image\" src=\"https:\/\/mentalfestivalen.se\/wp-content\/uploads\/2022\/05\/Brodernas-Rund-STARS-logo-brodyr-guld.png\" alt=\"Br\u00f6dernas Logotyp\" \/><\/figure><\/div><div class=\"swiper-slide\" role=\"group\" aria-roledescription=\"slide\" aria-label=\"30 av 30\"><figure class=\"swiper-slide-inner\"><img decoding=\"async\" class=\"swiper-slide-image\" src=\"https:\/\/mentalfestivalen.se\/wp-content\/uploads\/2022\/05\/clockwork-tr.png\" alt=\"clockwork logotyp\" \/><\/figure><\/div>\t\t\t<\/div>\n\t\t\t\t\t\t\t\n\t\t\t\t\t\t\t\t\t<\/div>\n\t\t\t\t\t\t<\/div>\n\t\t\t\t<\/div>\n\t\t\t\t\t<\/div>\n\t\t<\/div>\n\t\t\t\t\t<\/div>\n\t\t<\/section>\n\t\t\t\t<section class=\"elementor-section elementor-top-section elementor-element elementor-element-58e9570 elementor-section-boxed elementor-section-height-default elementor-section-height-default\" data-id=\"58e9570\" data-element_type=\"section\" data-e-type=\"section\" data-settings=\"{&quot;background_background&quot;:&quot;classic&quot;,&quot;background_motion_fx_motion_fx_scrolling&quot;:&quot;yes&quot;,&quot;background_motion_fx_translateY_effect&quot;:&quot;yes&quot;,&quot;background_motion_fx_translateY_speed&quot;:{&quot;unit&quot;:&quot;px&quot;,&quot;size&quot;:1.6,&quot;sizes&quot;:[]},&quot;background_motion_fx_scale_effect&quot;:&quot;yes&quot;,&quot;background_motion_fx_translateY_affectedRange&quot;:{&quot;unit&quot;:&quot;%&quot;,&quot;size&quot;:&quot;&quot;,&quot;sizes&quot;:{&quot;start&quot;:0,&quot;end&quot;:100}},&quot;background_motion_fx_scale_direction&quot;:&quot;out-in&quot;,&quot;background_motion_fx_scale_speed&quot;:{&quot;unit&quot;:&quot;px&quot;,&quot;size&quot;:4,&quot;sizes&quot;:[]},&quot;background_motion_fx_scale_range&quot;:{&quot;unit&quot;:&quot;%&quot;,&quot;size&quot;:&quot;&quot;,&quot;sizes&quot;:{&quot;start&quot;:20,&quot;end&quot;:80}},&quot;background_motion_fx_devices&quot;:[&quot;desktop&quot;,&quot;tablet&quot;,&quot;mobile&quot;]}\">\n\t\t\t\t\t\t\t<div class=\"elementor-background-overlay\"><\/div>\n\t\t\t\t\t\t\t<div class=\"elementor-container elementor-column-gap-default\">\n\t\t\t\t\t<div class=\"elementor-column elementor-col-100 elementor-top-column elementor-element elementor-element-2815c2e\" data-id=\"2815c2e\" data-element_type=\"column\" data-e-type=\"column\">\n\t\t\t<div class=\"elementor-widget-wrap elementor-element-populated\">\n\t\t\t\t\t\t<div class=\"elementor-element elementor-element-fc5dc79 elementor-widget elementor-widget-heading\" data-id=\"fc5dc79\" data-element_type=\"widget\" data-e-type=\"widget\" data-widget_type=\"heading.default\">\n\t\t\t\t<div class=\"elementor-widget-container\">\n\t\t\t\t\t<h2 class=\"elementor-heading-title elementor-size-default\">Jobbfestivalen med tema \u201dM\u00e5ngfald &amp; Inkludering\u201d arbetar aktivt med viktig informationsspridning i str\u00e4van att f\u00f6r\u00e4ndra attityder p\u00e5 arbetsmarknaden samt att samt att bidra till en f\u00f6rb\u00e4ttrad matchning.\u200b<\/h2>\t\t\t\t<\/div>\n\t\t\t\t<\/div>\n\t\t\t\t<div class=\"elementor-element elementor-element-74d83b6 elementor-widget elementor-widget-text-editor\" data-id=\"74d83b6\" data-element_type=\"widget\" data-e-type=\"widget\" data-widget_type=\"text-editor.default\">\n\t\t\t\t<div class=\"elementor-widget-container\">\n\t\t\t\t\t\t\t\t\t<p>Jobbfestivalen med tema m\u00e5ngfald i Kungstr\u00e4dg\u00e5rden \u00e4r en m\u00f6tesplats f\u00f6r arbetss\u00f6kande och f\u00f6retag med ett kontinuerligt rekryteringsbehov samt f\u00f6retag och organisationer som erbjuder verktyg\/tj\u00e4nster i syfte att \u00f6ka m\u00e5ngfalden och minska risken f\u00f6r diskriminering. M\u00e4ssan \u00e4r den 14 september i Kungstr\u00e4dg\u00e5rden, men jobbfestivalen\u00a0med tema &#8221;M\u00e5ngfald &amp; Inkludering&#8221; \u00e4r \u00e4ven en onlinem\u00e4ssa som forts\u00e4tter leva vidare p\u00e5 n\u00e4tet. Syftet \u00e4r dels att knyta intressanta aff\u00e4rskontakter, men framf\u00f6rallt att f\u00f6rmedla jobb, praktikplatser och yrkesinriktade utbildningar. Ambitionen \u00e4r att bidra till mer m\u00e5ngfald p\u00e5 arbetsmarknaden och skapa fler dynamiska arbetsplatser.<\/p><p>Alla \u00e4r v\u00e4lkomna!<\/p>\t\t\t\t\t\t\t\t<\/div>\n\t\t\t\t<\/div>\n\t\t\t\t<div class=\"elementor-element elementor-element-033be70 elementor-widget elementor-widget-toggle\" data-id=\"033be70\" data-element_type=\"widget\" data-e-type=\"widget\" data-widget_type=\"toggle.default\">\n\t\t\t\t<div class=\"elementor-widget-container\">\n\t\t\t\t\t\t\t<div class=\"elementor-toggle\">\n\t\t\t\t\t\t\t<div class=\"elementor-toggle-item\">\n\t\t\t\t\t<div id=\"elementor-tab-title-3391\" class=\"elementor-tab-title\" data-tab=\"1\" role=\"button\" aria-controls=\"elementor-tab-content-3391\" aria-expanded=\"false\">\n\t\t\t\t\t\t\t\t\t\t\t\t<span class=\"elementor-toggle-icon elementor-toggle-icon-left\" aria-hidden=\"true\">\n\t\t\t\t\t\t\t\t\t\t\t\t\t\t\t<span class=\"elementor-toggle-icon-closed\"><i class=\"fas fa-angle-down\"><\/i><\/span>\n\t\t\t\t\t\t\t\t<span class=\"elementor-toggle-icon-opened\"><i class=\"elementor-toggle-icon-opened fas fa-angle-up\"><\/i><\/span>\n\t\t\t\t\t\t\t\t\t\t\t\t\t<\/span>\n\t\t\t\t\t\t\t\t\t\t\t\t<a class=\"elementor-toggle-title\" tabindex=\"0\">L\u00e4s mer om Jobbfestivalen<\/a>\n\t\t\t\t\t<\/div>\n\n\t\t\t\t\t<div id=\"elementor-tab-content-3391\" class=\"elementor-tab-content elementor-clearfix\" data-tab=\"1\" role=\"region\" aria-labelledby=\"elementor-tab-title-3391\"><p>Jobbfestivalen\u00a0med tema m\u00e5ngfald i Kungstr\u00e4dg\u00e5rden \u00e4r Sveriges st\u00f6rsta jobbm\u00e4ssa med fokus p\u00e5 m\u00e5ngfald. Det \u00e4r ocks\u00e5 ett nytt jobbmatchningsinitiativ med m\u00e5let att skapa konkreta relationer mellan f\u00f6retag och personer som av olika anledningar har s\u00e4mre f\u00f6ruts\u00e4ttningar att etablera sig p\u00e5 arbetsmarknaden.<\/p><p>I Sverige \u00e4r ca 330 000 personer, eller ca 7% av den arbetsf\u00f6ra befolkningen, arbetsl\u00f6sa. Vissa grupper i samh\u00e4llet har det v\u00e4sentligt sv\u00e5rare att hitta anst\u00e4llning \u00e4n andra och arbetsl\u00f6sheten \u00e4r h\u00f6gre hos t ex l\u00e5gutbildade unga, utrikesf\u00f6dda, personer med funktionsneds\u00e4ttningar och bland personer \u00f6ver 55\u00e5r. I dessa grupper finns mycket kompetens, erfarenhet och vilja som g\u00e5r f\u00f6rlorad f\u00f6r f\u00f6retag och organisationer. Tr\u00f6skeln in till svensk arbetsmarknad \u00e4r alldeles f\u00f6r h\u00f6g f\u00f6r dessa grupper och Jobbfestivalen\u00a0med tema m\u00e5ngfald \u00e4r ett l\u00e4ttillg\u00e4ngligt forum d\u00e4r arbetss\u00f6kande i dessa grupper kan tr\u00e4ffa f\u00f6retag som har anst\u00e4llningar att erbjuda.<\/p><p>Under jobbm\u00e4ssan har f\u00f6retag som har ett rekryteringsbehov inom de prioriterade m\u00e5lgrupperna m\u00f6jlighet att st\u00e4lla ut och tr\u00e4ffa intressanta kandidater med varierande bakgrund och situation.. Det finns ocks\u00e5 m\u00f6jlighet att bjuda in till f\u00f6retagsspecifika seminarier b\u00e5de p\u00e5 stora och lilla scenen. Jobbfestivalen\u00a0med tema m\u00e5ngfald invigs fr\u00e5n stora scenen med ett gediget talarprogram.<\/p><p>Jobbfestivalen med tema m\u00e5ngfald vill bidra till \u00f6kad kunskap och f\u00f6rst\u00e5else om utsatta gruppers sv\u00e5righeter p\u00e5 arbetsmarknaden och vad som kan g\u00f6ras f\u00f6r att s\u00e4nka barri\u00e4rerna, men ocks\u00e5 lyfta fram lyckade satsningar och enskilda framg\u00e5ngsexempel som kan ge inspiration till b\u00e5de f\u00f6retag och individer. Att \u00e4ndra samh\u00e4llets attityder \u00e4r helt avg\u00f6rande f\u00f6r att skapa en b\u00e4ttre fungerande arbetsmarknad f\u00f6r utsatta grupper som idag drabbas av utanf\u00f6rskap, psykisk oh\u00e4lsa och andra problem.<\/p><\/div>\n\t\t\t\t<\/div>\n\t\t\t\t\t\t\t\t<\/div>\n\t\t\t\t\t\t<\/div>\n\t\t\t\t<\/div>\n\t\t\t\t<div class=\"elementor-element elementor-element-a29157b elementor-widget elementor-widget-text-editor\" data-id=\"a29157b\" data-element_type=\"widget\" data-e-type=\"widget\" data-widget_type=\"text-editor.default\">\n\t\t\t\t<div class=\"elementor-widget-container\">\n\t\t\t\t\t\t\t\t\t<p>Varmt v\u00e4lkomna till Jobbfestivalen<br \/>14 september kl 09.00 &#8211; 19.00<\/p>\t\t\t\t\t\t\t\t<\/div>\n\t\t\t\t<\/div>\n\t\t\t\t\t<\/div>\n\t\t<\/div>\n\t\t\t\t\t<\/div>\n\t\t<\/section>\n\t\t\t\t<section class=\"elementor-section elementor-top-section elementor-element elementor-element-dc2d37c elementor-section-height-min-height elementor-section-boxed elementor-section-height-default elementor-section-items-middle\" data-id=\"dc2d37c\" data-element_type=\"section\" data-e-type=\"section\" data-settings=\"{&quot;background_background&quot;:&quot;classic&quot;}\">\n\t\t\t\t\t\t\t<div class=\"elementor-background-overlay\"><\/div>\n\t\t\t\t\t\t\t<div class=\"elementor-container elementor-column-gap-default\">\n\t\t\t\t\t<div class=\"elementor-column elementor-col-50 elementor-top-column elementor-element elementor-element-f75ea5c elementor-hidden-mobile\" data-id=\"f75ea5c\" data-element_type=\"column\" data-e-type=\"column\">\n\t\t\t<div class=\"elementor-widget-wrap\">\n\t\t\t\t\t\t\t<\/div>\n\t\t<\/div>\n\t\t\t\t<div class=\"elementor-column elementor-col-50 elementor-top-column elementor-element elementor-element-f9bff6d\" data-id=\"f9bff6d\" data-element_type=\"column\" data-e-type=\"column\" data-settings=\"{&quot;background_background&quot;:&quot;classic&quot;}\">\n\t\t\t<div class=\"elementor-widget-wrap elementor-element-populated\">\n\t\t\t\t\t\t<div class=\"elementor-element elementor-element-87adfed elementor-widget elementor-widget-heading\" data-id=\"87adfed\" data-element_type=\"widget\" data-e-type=\"widget\" data-widget_type=\"heading.default\">\n\t\t\t\t<div class=\"elementor-widget-container\">\n\t\t\t\t\t<h2 class=\"elementor-heading-title elementor-size-default\">M\u00e4ssprogram<\/h2>\t\t\t\t<\/div>\n\t\t\t\t<\/div>\n\t\t\t\t<section class=\"elementor-section elementor-inner-section elementor-element elementor-element-fd99b1a elementor-section-boxed elementor-section-height-default elementor-section-height-default\" data-id=\"fd99b1a\" data-element_type=\"section\" data-e-type=\"section\" data-settings=\"{&quot;background_background&quot;:&quot;classic&quot;}\">\n\t\t\t\t\t\t<div class=\"elementor-container elementor-column-gap-default\">\n\t\t\t\t\t<div class=\"elementor-column elementor-col-50 elementor-inner-column elementor-element elementor-element-07605c5\" data-id=\"07605c5\" data-element_type=\"column\" data-e-type=\"column\">\n\t\t\t<div class=\"elementor-widget-wrap elementor-element-populated\">\n\t\t\t\t\t\t<div class=\"elementor-element elementor-element-3478101 elementor-widget elementor-widget-heading\" data-id=\"3478101\" data-element_type=\"widget\" data-e-type=\"widget\" data-widget_type=\"heading.default\">\n\t\t\t\t<div class=\"elementor-widget-container\">\n\t\t\t\t\t<h2 class=\"elementor-heading-title elementor-size-default\">Stora Scenen<\/h2>\t\t\t\t<\/div>\n\t\t\t\t<\/div>\n\t\t\t\t<div class=\"elementor-element elementor-element-18766f1 elementor-widget elementor-widget-text-editor\" data-id=\"18766f1\" data-element_type=\"widget\" data-e-type=\"widget\" data-widget_type=\"text-editor.default\">\n\t\t\t\t<div class=\"elementor-widget-container\">\n\t\t\t\t\t\t\t\t\t<p>Vi har bjudit in intressanta inspirat\u00f6rer, rekryterare, politiker och jobbletare som deltar i intressanta paneldebatter.<\/p>\t\t\t\t\t\t\t\t<\/div>\n\t\t\t\t<\/div>\n\t\t\t\t<div class=\"elementor-element elementor-element-422375b elementor-align-center elementor-absolute elementor-widget elementor-widget-button\" data-id=\"422375b\" data-element_type=\"widget\" data-e-type=\"widget\" data-settings=\"{&quot;_position&quot;:&quot;absolute&quot;}\" data-widget_type=\"button.default\">\n\t\t\t\t<div class=\"elementor-widget-container\">\n\t\t\t\t\t\t\t\t\t<div class=\"elementor-button-wrapper\">\n\t\t\t\t\t<a class=\"elementor-button elementor-button-link elementor-size-sm\" href=\"#\">\n\t\t\t\t\t\t<span class=\"elementor-button-content-wrapper\">\n\t\t\t\t\t\t\t\t\t<span class=\"elementor-button-text\">Se Program<\/span>\n\t\t\t\t\t<\/span>\n\t\t\t\t\t<\/a>\n\t\t\t\t<\/div>\n\t\t\t\t\t\t\t\t<\/div>\n\t\t\t\t<\/div>\n\t\t\t\t\t<\/div>\n\t\t<\/div>\n\t\t\t\t<div class=\"elementor-column elementor-col-50 elementor-inner-column elementor-element elementor-element-e9d9251\" data-id=\"e9d9251\" data-element_type=\"column\" data-e-type=\"column\">\n\t\t\t<div class=\"elementor-widget-wrap elementor-element-populated\">\n\t\t\t\t\t\t<div class=\"elementor-element elementor-element-55f9dde elementor-widget elementor-widget-heading\" data-id=\"55f9dde\" data-element_type=\"widget\" data-e-type=\"widget\" data-widget_type=\"heading.default\">\n\t\t\t\t<div class=\"elementor-widget-container\">\n\t\t\t\t\t<h2 class=\"elementor-heading-title elementor-size-default\">Lilla Scenen<\/h2>\t\t\t\t<\/div>\n\t\t\t\t<\/div>\n\t\t\t\t<div class=\"elementor-element elementor-element-f4e3b66 elementor-widget elementor-widget-text-editor\" data-id=\"f4e3b66\" data-element_type=\"widget\" data-e-type=\"widget\" data-widget_type=\"text-editor.default\">\n\t\t\t\t<div class=\"elementor-widget-container\">\n\t\t\t\t\t\t\t\t\t<p>H\u00e4r talar\/f\u00f6rel\u00e4ser intressanta personer om sp\u00e4nnande och aktuella \u00e4mnen.<\/p>\t\t\t\t\t\t\t\t<\/div>\n\t\t\t\t<\/div>\n\t\t\t\t<div class=\"elementor-element elementor-element-7358ea9 elementor-align-center elementor-absolute elementor-widget elementor-widget-button\" data-id=\"7358ea9\" data-element_type=\"widget\" data-e-type=\"widget\" data-settings=\"{&quot;_position&quot;:&quot;absolute&quot;}\" data-widget_type=\"button.default\">\n\t\t\t\t<div class=\"elementor-widget-container\">\n\t\t\t\t\t\t\t\t\t<div class=\"elementor-button-wrapper\">\n\t\t\t\t\t<a class=\"elementor-button elementor-button-link elementor-size-sm\" href=\"#\">\n\t\t\t\t\t\t<span class=\"elementor-button-content-wrapper\">\n\t\t\t\t\t\t\t\t\t<span class=\"elementor-button-text\">Se Program<\/span>\n\t\t\t\t\t<\/span>\n\t\t\t\t\t<\/a>\n\t\t\t\t<\/div>\n\t\t\t\t\t\t\t\t<\/div>\n\t\t\t\t<\/div>\n\t\t\t\t\t<\/div>\n\t\t<\/div>\n\t\t\t\t\t<\/div>\n\t\t<\/section>\n\t\t\t\t\t<\/div>\n\t\t<\/div>\n\t\t\t\t\t<\/div>\n\t\t<\/section>\n\t\t\t\t<section class=\"elementor-section elementor-top-section elementor-element elementor-element-bf5e305 elementor-section-boxed elementor-section-height-default elementor-section-height-default\" data-id=\"bf5e305\" data-element_type=\"section\" data-e-type=\"section\" data-settings=\"{&quot;background_background&quot;:&quot;gradient&quot;}\">\n\t\t\t\t\t\t<div class=\"elementor-container elementor-column-gap-default\">\n\t\t\t\t\t<div class=\"elementor-column elementor-col-100 elementor-top-column elementor-element elementor-element-ff47d9c\" data-id=\"ff47d9c\" data-element_type=\"column\" data-e-type=\"column\">\n\t\t\t<div class=\"elementor-widget-wrap elementor-element-populated\">\n\t\t\t\t\t\t<div class=\"elementor-element elementor-element-45443ad elementor-widget elementor-widget-heading\" data-id=\"45443ad\" data-element_type=\"widget\" data-e-type=\"widget\" data-widget_type=\"heading.default\">\n\t\t\t\t<div class=\"elementor-widget-container\">\n\t\t\t\t\t<h2 class=\"elementor-heading-title elementor-size-default\">F\u00f6rel\u00e4sningar <\/h2>\t\t\t\t<\/div>\n\t\t\t\t<\/div>\n\t\t\t\t<div class=\"elementor-element elementor-element-150d519 elementor-widget elementor-widget-heading\" data-id=\"150d519\" data-element_type=\"widget\" data-e-type=\"widget\" data-widget_type=\"heading.default\">\n\t\t\t\t<div class=\"elementor-widget-container\">\n\t\t\t\t\t<h2 class=\"elementor-heading-title elementor-size-default\">Jobbfestivalen med tema \u201dM\u00e5ngfald &amp; Inkludering\u201d<\/h2>\t\t\t\t<\/div>\n\t\t\t\t<\/div>\n\t\t\t\t<div class=\"elementor-element elementor-element-08b51d4 elementor-widget elementor-widget-spacer\" data-id=\"08b51d4\" data-element_type=\"widget\" data-e-type=\"widget\" data-widget_type=\"spacer.default\">\n\t\t\t\t<div class=\"elementor-widget-container\">\n\t\t\t\t\t\t\t<div class=\"elementor-spacer\">\n\t\t\t<div class=\"elementor-spacer-inner\"><\/div>\n\t\t<\/div>\n\t\t\t\t\t\t<\/div>\n\t\t\t\t<\/div>\n\t\t\t\t<section class=\"elementor-section elementor-inner-section elementor-element elementor-element-26c831a elementor-section-boxed elementor-section-height-default elementor-section-height-default\" data-id=\"26c831a\" data-element_type=\"section\" data-e-type=\"section\">\n\t\t\t\t\t\t<div class=\"elementor-container elementor-column-gap-default\">\n\t\t\t\t\t<div class=\"make-column-clickable-elementor elementor-column elementor-col-33 elementor-inner-column elementor-element elementor-element-4d4d047\" style=\"cursor: pointer;\" data-column-clickable=\"https:\/\/mentalfestivalen.se\/josefin-malmer\/\" data-column-clickable-blank=\"_self\" data-id=\"4d4d047\" data-element_type=\"column\" data-e-type=\"column\" data-settings=\"{&quot;background_background&quot;:&quot;classic&quot;}\">\n\t\t\t<div class=\"elementor-widget-wrap elementor-element-populated\">\n\t\t\t\t\t<div class=\"elementor-background-overlay\"><\/div>\n\t\t\t\t\t\t<div class=\"elementor-element elementor-element-de6141f elementor-widget elementor-widget-spacer\" data-id=\"de6141f\" data-element_type=\"widget\" data-e-type=\"widget\" data-widget_type=\"spacer.default\">\n\t\t\t\t<div class=\"elementor-widget-container\">\n\t\t\t\t\t\t\t<div class=\"elementor-spacer\">\n\t\t\t<div class=\"elementor-spacer-inner\"><\/div>\n\t\t<\/div>\n\t\t\t\t\t\t<\/div>\n\t\t\t\t<\/div>\n\t\t\t\t<div class=\"elementor-element elementor-element-ce244ed elementor-widget elementor-widget-image\" data-id=\"ce244ed\" data-element_type=\"widget\" data-e-type=\"widget\" data-widget_type=\"image.default\">\n\t\t\t\t<div class=\"elementor-widget-container\">\n\t\t\t\t\t\t\t\t\t\t\t\t\t\t\t<img loading=\"lazy\" decoding=\"async\" width=\"363\" height=\"400\" src=\"https:\/\/mentalfestivalen.se\/wp-content\/uploads\/2022\/01\/0-e1580817725538.png\" class=\"attachment-large size-large wp-image-1839\" alt=\"\" srcset=\"https:\/\/mentalfestivalen.se\/wp-content\/uploads\/2022\/01\/0-e1580817725538.png 363w, https:\/\/mentalfestivalen.se\/wp-content\/uploads\/2022\/01\/0-e1580817725538-272x300.png 272w, https:\/\/mentalfestivalen.se\/wp-content\/uploads\/2022\/01\/0-e1580817725538-11x12.png 11w\" sizes=\"(max-width: 363px) 100vw, 363px\" \/>\t\t\t\t\t\t\t\t\t\t\t\t\t\t\t<\/div>\n\t\t\t\t<\/div>\n\t\t\t\t<div class=\"elementor-element elementor-element-8b20b71 elementor-widget elementor-widget-heading\" data-id=\"8b20b71\" data-element_type=\"widget\" data-e-type=\"widget\" data-widget_type=\"heading.default\">\n\t\t\t\t<div class=\"elementor-widget-container\">\n\t\t\t\t\t<h2 class=\"elementor-heading-title elementor-size-default\"><a href=\"https:\/\/mentalfestivalen.se\/josefin-malmer\/\">Hur kan cv-l\u00f6s rekrytering gynna m\u00e5ngfalden p\u00e5 arbetsmarknaden?<\/a><\/h2>\t\t\t\t<\/div>\n\t\t\t\t<\/div>\n\t\t\t\t<div class=\"elementor-element elementor-element-4ebf9d5 elementor-widget elementor-widget-heading\" data-id=\"4ebf9d5\" data-element_type=\"widget\" data-e-type=\"widget\" data-widget_type=\"heading.default\">\n\t\t\t\t<div class=\"elementor-widget-container\">\n\t\t\t\t\t<h4 class=\"elementor-heading-title elementor-size-default\">Med Josefin Malmer, konsult\/partner HOME of Recruitment och f\u00f6rfattare av Rekryteringsboken f\u00f6r chefer<\/h4>\t\t\t\t<\/div>\n\t\t\t\t<\/div>\n\t\t\t\t<div class=\"elementor-element elementor-element-5539c4f elementor-align-left elementor-widget elementor-widget-button\" data-id=\"5539c4f\" data-element_type=\"widget\" data-e-type=\"widget\" data-widget_type=\"button.default\">\n\t\t\t\t<div class=\"elementor-widget-container\">\n\t\t\t\t\t\t\t\t\t<div class=\"elementor-button-wrapper\">\n\t\t\t\t\t<a class=\"elementor-button elementor-button-link elementor-size-sm\" href=\"https:\/\/mentalfestivalen.se\/josefin-malmer\/\">\n\t\t\t\t\t\t<span class=\"elementor-button-content-wrapper\">\n\t\t\t\t\t\t<span class=\"elementor-button-icon\">\n\t\t\t\t<i aria-hidden=\"true\" class=\"fas fa-arrow-right\"><\/i>\t\t\t<\/span>\n\t\t\t\t\t\t\t\t\t<span class=\"elementor-button-text\">L\u00e4s mer<\/span>\n\t\t\t\t\t<\/span>\n\t\t\t\t\t<\/a>\n\t\t\t\t<\/div>\n\t\t\t\t\t\t\t\t<\/div>\n\t\t\t\t<\/div>\n\t\t\t\t\t<\/div>\n\t\t<\/div>\n\t\t\t\t<div class=\"make-column-clickable-elementor elementor-column elementor-col-33 elementor-inner-column elementor-element elementor-element-1309f73\" style=\"cursor: pointer;\" data-column-clickable=\"https:\/\/mentalfestivalen.se\/bjorn-elowson\/\" data-column-clickable-blank=\"_self\" data-id=\"1309f73\" data-element_type=\"column\" data-e-type=\"column\" data-settings=\"{&quot;background_background&quot;:&quot;classic&quot;}\">\n\t\t\t<div class=\"elementor-widget-wrap elementor-element-populated\">\n\t\t\t\t\t<div class=\"elementor-background-overlay\"><\/div>\n\t\t\t\t\t\t<div class=\"elementor-element elementor-element-3e01b8a elementor-widget elementor-widget-spacer\" data-id=\"3e01b8a\" data-element_type=\"widget\" data-e-type=\"widget\" data-widget_type=\"spacer.default\">\n\t\t\t\t<div class=\"elementor-widget-container\">\n\t\t\t\t\t\t\t<div class=\"elementor-spacer\">\n\t\t\t<div class=\"elementor-spacer-inner\"><\/div>\n\t\t<\/div>\n\t\t\t\t\t\t<\/div>\n\t\t\t\t<\/div>\n\t\t\t\t<div class=\"elementor-element elementor-element-930f525 elementor-widget elementor-widget-image\" data-id=\"930f525\" data-element_type=\"widget\" data-e-type=\"widget\" data-widget_type=\"image.default\">\n\t\t\t\t<div class=\"elementor-widget-container\">\n\t\t\t\t\t\t\t\t\t\t\t\t\t\t\t<img loading=\"lazy\" decoding=\"async\" width=\"1024\" height=\"383\" src=\"https:\/\/mentalfestivalen.se\/wp-content\/uploads\/2022\/01\/Logotyp@3x-1024x383.png\" class=\"attachment-large size-large wp-image-1822\" alt=\"\" srcset=\"https:\/\/mentalfestivalen.se\/wp-content\/uploads\/2022\/01\/Logotyp@3x-1024x383.png 1024w, https:\/\/mentalfestivalen.se\/wp-content\/uploads\/2022\/01\/Logotyp@3x-300x112.png 300w, https:\/\/mentalfestivalen.se\/wp-content\/uploads\/2022\/01\/Logotyp@3x-768x287.png 768w, https:\/\/mentalfestivalen.se\/wp-content\/uploads\/2022\/01\/Logotyp@3x-1536x574.png 1536w, https:\/\/mentalfestivalen.se\/wp-content\/uploads\/2022\/01\/Logotyp@3x-18x7.png 18w, https:\/\/mentalfestivalen.se\/wp-content\/uploads\/2022\/01\/Logotyp@3x.png 1602w\" sizes=\"(max-width: 1024px) 100vw, 1024px\" \/>\t\t\t\t\t\t\t\t\t\t\t\t\t\t\t<\/div>\n\t\t\t\t<\/div>\n\t\t\t\t<div class=\"elementor-element elementor-element-e2e69a0 elementor-widget elementor-widget-heading\" data-id=\"e2e69a0\" data-element_type=\"widget\" data-e-type=\"widget\" data-widget_type=\"heading.default\">\n\t\t\t\t<div class=\"elementor-widget-container\">\n\t\t\t\t\t<h2 class=\"elementor-heading-title elementor-size-default\"><a href=\"https:\/\/mentalfestivalen.se\/bjorn-elowson\/\">R\u00e4ttvis rekrytering: Vad vi kan l\u00e4ra oss fr\u00e5n Youtube, AI &amp; Netflix<\/a><\/h2>\t\t\t\t<\/div>\n\t\t\t\t<\/div>\n\t\t\t\t<div class=\"elementor-element elementor-element-298fbc5 elementor-widget elementor-widget-heading\" data-id=\"298fbc5\" data-element_type=\"widget\" data-e-type=\"widget\" data-widget_type=\"heading.default\">\n\t\t\t\t<div class=\"elementor-widget-container\">\n\t\t\t\t\t<h4 class=\"elementor-heading-title elementor-size-default\">Med Bj\u00f6rn Elowson, VD och grundare f\u00f6r HR-Techbolaget JobAgent<br>&nbsp;<\/h4>\t\t\t\t<\/div>\n\t\t\t\t<\/div>\n\t\t\t\t<div class=\"elementor-element elementor-element-45b3ff0 elementor-align-left elementor-widget elementor-widget-button\" data-id=\"45b3ff0\" data-element_type=\"widget\" data-e-type=\"widget\" data-widget_type=\"button.default\">\n\t\t\t\t<div class=\"elementor-widget-container\">\n\t\t\t\t\t\t\t\t\t<div class=\"elementor-button-wrapper\">\n\t\t\t\t\t<a class=\"elementor-button elementor-button-link elementor-size-sm\" href=\"https:\/\/mentalfestivalen.se\/bjorn-elowson\/\">\n\t\t\t\t\t\t<span class=\"elementor-button-content-wrapper\">\n\t\t\t\t\t\t<span class=\"elementor-button-icon\">\n\t\t\t\t<i aria-hidden=\"true\" class=\"fas fa-arrow-right\"><\/i>\t\t\t<\/span>\n\t\t\t\t\t\t\t\t\t<span class=\"elementor-button-text\">L\u00e4s mer<\/span>\n\t\t\t\t\t<\/span>\n\t\t\t\t\t<\/a>\n\t\t\t\t<\/div>\n\t\t\t\t\t\t\t\t<\/div>\n\t\t\t\t<\/div>\n\t\t\t\t\t<\/div>\n\t\t<\/div>\n\t\t\t\t<div class=\"make-column-clickable-elementor elementor-column elementor-col-33 elementor-inner-column elementor-element elementor-element-f08255f\" style=\"cursor: pointer;\" data-column-clickable=\"https:\/\/mentalfestivalen.se\/kajsa-asplund\/\" data-column-clickable-blank=\"_self\" data-id=\"f08255f\" data-element_type=\"column\" data-e-type=\"column\" data-settings=\"{&quot;background_background&quot;:&quot;classic&quot;}\">\n\t\t\t<div class=\"elementor-widget-wrap elementor-element-populated\">\n\t\t\t\t\t<div class=\"elementor-background-overlay\"><\/div>\n\t\t\t\t\t\t<div class=\"elementor-element elementor-element-4608891 elementor-widget elementor-widget-spacer\" data-id=\"4608891\" data-element_type=\"widget\" data-e-type=\"widget\" data-widget_type=\"spacer.default\">\n\t\t\t\t<div class=\"elementor-widget-container\">\n\t\t\t\t\t\t\t<div class=\"elementor-spacer\">\n\t\t\t<div class=\"elementor-spacer-inner\"><\/div>\n\t\t<\/div>\n\t\t\t\t\t\t<\/div>\n\t\t\t\t<\/div>\n\t\t\t\t<div class=\"elementor-element elementor-element-5cfaff8 elementor-widget elementor-widget-image\" data-id=\"5cfaff8\" data-element_type=\"widget\" data-e-type=\"widget\" data-widget_type=\"image.default\">\n\t\t\t\t<div class=\"elementor-widget-container\">\n\t\t\t\t\t\t\t\t\t\t\t\t\t\t\t<img loading=\"lazy\" decoding=\"async\" width=\"340\" height=\"130\" src=\"https:\/\/mentalfestivalen.se\/wp-content\/uploads\/2022\/01\/original.png\" class=\"attachment-large size-large wp-image-1842\" alt=\"\" srcset=\"https:\/\/mentalfestivalen.se\/wp-content\/uploads\/2022\/01\/original.png 340w, https:\/\/mentalfestivalen.se\/wp-content\/uploads\/2022\/01\/original-300x115.png 300w, https:\/\/mentalfestivalen.se\/wp-content\/uploads\/2022\/01\/original-18x7.png 18w\" sizes=\"(max-width: 340px) 100vw, 340px\" \/>\t\t\t\t\t\t\t\t\t\t\t\t\t\t\t<\/div>\n\t\t\t\t<\/div>\n\t\t\t\t<div class=\"elementor-element elementor-element-5f3636f elementor-widget elementor-widget-heading\" data-id=\"5f3636f\" data-element_type=\"widget\" data-e-type=\"widget\" data-widget_type=\"heading.default\">\n\t\t\t\t<div class=\"elementor-widget-container\">\n\t\t\t\t\t<h2 class=\"elementor-heading-title elementor-size-default\">Hur kan datadriven rekrytering \u00f6ka b\u00e5de tr\u00e4ffs\u00e4kerhet och m\u00e5ngfald?<\/h2>\t\t\t\t<\/div>\n\t\t\t\t<\/div>\n\t\t\t\t<div class=\"elementor-element elementor-element-808f847 elementor-widget elementor-widget-heading\" data-id=\"808f847\" data-element_type=\"widget\" data-e-type=\"widget\" data-widget_type=\"heading.default\">\n\t\t\t\t<div class=\"elementor-widget-container\">\n\t\t\t\t\t<h4 class=\"elementor-heading-title elementor-size-default\">Med Kajsa Asplund Customer Success Lead p\u00e5 Alva Labs,  psykolog och fil.dr i f\u00f6retagsekonomi.<\/h4>\t\t\t\t<\/div>\n\t\t\t\t<\/div>\n\t\t\t\t<div class=\"elementor-element elementor-element-a60e26d elementor-align-left elementor-widget elementor-widget-button\" data-id=\"a60e26d\" data-element_type=\"widget\" data-e-type=\"widget\" data-widget_type=\"button.default\">\n\t\t\t\t<div class=\"elementor-widget-container\">\n\t\t\t\t\t\t\t\t\t<div class=\"elementor-button-wrapper\">\n\t\t\t\t\t<a class=\"elementor-button elementor-button-link elementor-size-sm\" href=\"https:\/\/mentalfestivalen.se\/kajsa-asplund\/\">\n\t\t\t\t\t\t<span class=\"elementor-button-content-wrapper\">\n\t\t\t\t\t\t<span class=\"elementor-button-icon\">\n\t\t\t\t<i aria-hidden=\"true\" class=\"fas fa-arrow-right\"><\/i>\t\t\t<\/span>\n\t\t\t\t\t\t\t\t\t<span class=\"elementor-button-text\">L\u00e4s mer<\/span>\n\t\t\t\t\t<\/span>\n\t\t\t\t\t<\/a>\n\t\t\t\t<\/div>\n\t\t\t\t\t\t\t\t<\/div>\n\t\t\t\t<\/div>\n\t\t\t\t\t<\/div>\n\t\t<\/div>\n\t\t\t\t\t<\/div>\n\t\t<\/section>\n\t\t\t\t<div class=\"elementor-element elementor-element-df03b14 elementor-widget elementor-widget-spacer\" data-id=\"df03b14\" data-element_type=\"widget\" data-e-type=\"widget\" data-widget_type=\"spacer.default\">\n\t\t\t\t<div class=\"elementor-widget-container\">\n\t\t\t\t\t\t\t<div class=\"elementor-spacer\">\n\t\t\t<div class=\"elementor-spacer-inner\"><\/div>\n\t\t<\/div>\n\t\t\t\t\t\t<\/div>\n\t\t\t\t<\/div>\n\t\t\t\t<div class=\"elementor-element elementor-element-cb898c2 elementor-align-center elementor-widget elementor-widget-button\" data-id=\"cb898c2\" data-element_type=\"widget\" data-e-type=\"widget\" data-widget_type=\"button.default\">\n\t\t\t\t<div class=\"elementor-widget-container\">\n\t\t\t\t\t\t\t\t\t<div class=\"elementor-button-wrapper\">\n\t\t\t\t\t<a class=\"elementor-button elementor-button-link elementor-size-sm\" href=\"https:\/\/mentalfestivalen.se\/dagsprogram\/\">\n\t\t\t\t\t\t<span class=\"elementor-button-content-wrapper\">\n\t\t\t\t\t\t\t\t\t<span class=\"elementor-button-text\">Se alla f\u00f6rel\u00e4sningar<\/span>\n\t\t\t\t\t<\/span>\n\t\t\t\t\t<\/a>\n\t\t\t\t<\/div>\n\t\t\t\t\t\t\t\t<\/div>\n\t\t\t\t<\/div>\n\t\t\t\t\t<\/div>\n\t\t<\/div>\n\t\t\t\t\t<\/div>\n\t\t<\/section>\n\t\t\t\t<section class=\"elementor-section elementor-top-section elementor-element elementor-element-2281ca1 elementor-section-boxed elementor-section-height-default elementor-section-height-default\" data-id=\"2281ca1\" data-element_type=\"section\" data-e-type=\"section\" data-settings=\"{&quot;background_background&quot;:&quot;classic&quot;,&quot;background_motion_fx_motion_fx_scrolling&quot;:&quot;yes&quot;,&quot;background_motion_fx_translateX_effect&quot;:&quot;yes&quot;,&quot;background_motion_fx_translateX_speed&quot;:{&quot;unit&quot;:&quot;px&quot;,&quot;size&quot;:4,&quot;sizes&quot;:[]},&quot;background_motion_fx_translateX_affectedRange&quot;:{&quot;unit&quot;:&quot;%&quot;,&quot;size&quot;:&quot;&quot;,&quot;sizes&quot;:{&quot;start&quot;:0,&quot;end&quot;:100}},&quot;background_motion_fx_devices&quot;:[&quot;desktop&quot;,&quot;tablet&quot;,&quot;mobile&quot;]}\">\n\t\t\t\t\t\t\t<div class=\"elementor-background-overlay\"><\/div>\n\t\t\t\t\t\t\t<div class=\"elementor-container elementor-column-gap-default\">\n\t\t\t\t\t<div class=\"elementor-column elementor-col-100 elementor-top-column elementor-element elementor-element-3cb1a3c\" data-id=\"3cb1a3c\" data-element_type=\"column\" data-e-type=\"column\">\n\t\t\t<div class=\"elementor-widget-wrap elementor-element-populated\">\n\t\t\t\t\t\t<div class=\"elementor-element elementor-element-8a3c1c0 elementor-widget elementor-widget-heading\" data-id=\"8a3c1c0\" data-element_type=\"widget\" data-e-type=\"widget\" data-widget_type=\"heading.default\">\n\t\t\t\t<div class=\"elementor-widget-container\">\n\t\t\t\t\t<h2 class=\"elementor-heading-title elementor-size-default\">R\u00f6ster om Jobbfestivalen med tema \"M\u00e5ngfald &amp; Inkludering\"\u200b<\/h2>\t\t\t\t<\/div>\n\t\t\t\t<\/div>\n\t\t\t\t<div class=\"elementor-element elementor-element-52e5fb0 elementor-testimonial--layout-image_stacked elementor-testimonial--skin-default elementor-testimonial--align-center elementor-arrows-yes elementor-pagination-type-bullets elementor-widget elementor-widget-testimonial-carousel\" data-id=\"52e5fb0\" data-element_type=\"widget\" data-e-type=\"widget\" data-settings=\"{&quot;space_between&quot;:{&quot;unit&quot;:&quot;px&quot;,&quot;size&quot;:&quot;&quot;,&quot;sizes&quot;:[]},&quot;show_arrows&quot;:&quot;yes&quot;,&quot;pagination&quot;:&quot;bullets&quot;,&quot;speed&quot;:500,&quot;autoplay&quot;:&quot;yes&quot;,&quot;autoplay_speed&quot;:5000,&quot;loop&quot;:&quot;yes&quot;,&quot;pause_on_hover&quot;:&quot;yes&quot;,&quot;pause_on_interaction&quot;:&quot;yes&quot;,&quot;space_between_tablet&quot;:{&quot;unit&quot;:&quot;px&quot;,&quot;size&quot;:10,&quot;sizes&quot;:[]},&quot;space_between_mobile&quot;:{&quot;unit&quot;:&quot;px&quot;,&quot;size&quot;:10,&quot;sizes&quot;:[]}}\" data-widget_type=\"testimonial-carousel.default\">\n\t\t\t\t<div class=\"elementor-widget-container\">\n\t\t\t\t\t\t\t\t\t<div class=\"elementor-swiper\">\n\t\t\t\t\t<div class=\"elementor-main-swiper swiper\" role=\"region\" aria-roledescription=\"carousel\" aria-label=\"Bildspel\">\n\t\t\t\t<div class=\"swiper-wrapper\">\n\t\t\t\t\t\t\t\t\t\t\t<div class=\"swiper-slide\" role=\"group\" aria-roledescription=\"slide\">\n\t\t\t\t\t\t\t\t\t<div class=\"elementor-testimonial\">\n\t\t\t\t\t\t\t<div class=\"elementor-testimonial__content\">\n\t\t\t\t\t<div class=\"elementor-testimonial__text\">\n\t\t\t\t\t\tMin och HOME of Recruitment\u00b4s vision \u00e4r fler tr\u00e4ffs\u00e4kra och r\u00e4ttvisa rekryteringar. M\u00e5nga verksamheter skulle tj\u00e4na p\u00e5 att rekrytera utan cv och personligt brev exempelvis. Att vara del av Jobbfestivalen k\u00e4nns d\u00e4rf\u00f6r alldeles sj\u00e4lvklart f\u00f6r oss\t\t\t\t\t<\/div>\n\t\t\t\t\t\t\t\t\t<\/div>\n\t\t\t\t\t\t<div class=\"elementor-testimonial__footer\">\n\t\t\t\t\t\t\t\t\t<div class=\"elementor-testimonial__image\">\n\t\t\t\t\t\t<img decoding=\"async\" src=\"https:\/\/mentalfestivalen.se\/wp-content\/uploads\/2022\/01\/MG_4610_WEBB.jpg\" alt=\"Josefin Malmer\">\n\t\t\t\t\t\t\t\t\t\t\t<\/div>\n\t\t\t\t\t\t\t\t<cite class=\"elementor-testimonial__cite\"><span class=\"elementor-testimonial__name\">Josefin Malmer<\/span><span class=\"elementor-testimonial__title\">Konsult\/Partner HOME of Recruitment <br>och f\u00f6rfattare av Rekryteringsboken f\u00f6r chefer<\/span><\/cite>\t\t\t<\/div>\n\t\t<\/div>\n\t\t\t\t\t\t\t\t<\/div>\n\t\t\t\t\t\t\t\t\t\t\t<div class=\"swiper-slide\" role=\"group\" aria-roledescription=\"slide\">\n\t\t\t\t\t\t\t\t\t<div class=\"elementor-testimonial\">\n\t\t\t\t\t\t\t<div class=\"elementor-testimonial__content\">\n\t\t\t\t\t<div class=\"elementor-testimonial__text\">\n\t\t\t\t\t\tAlvas vision \u00e4r att genom data hj\u00e4lpa b\u00e5de f\u00f6retag och kandidater med mer tr\u00e4ffs\u00e4kra, r\u00e4ttvisa och effektiva rekryteringsprocesser.<br> Jobbfestivalen \u00e4r d\u00e4rf\u00f6r ett givet sammanhang f\u00f6r oss att medverka i.\t\t\t\t\t<\/div>\n\t\t\t\t\t\t\t\t\t<\/div>\n\t\t\t\t\t\t<div class=\"elementor-testimonial__footer\">\n\t\t\t\t\t\t\t\t\t<div class=\"elementor-testimonial__image\">\n\t\t\t\t\t\t<img decoding=\"async\" src=\"https:\/\/mentalfestivalen.se\/wp-content\/uploads\/2022\/01\/image004.jpg\" alt=\"Kajsa Asplund \">\n\t\t\t\t\t\t\t\t\t\t\t<\/div>\n\t\t\t\t\t\t\t\t<cite class=\"elementor-testimonial__cite\"><span class=\"elementor-testimonial__name\">Kajsa Asplund <\/span><span class=\"elementor-testimonial__title\">Customer Success Lead p\u00e5 Alva Labs,<br>  psykolog och fil.dr i f\u00f6retagsekonomi.<\/span><\/cite>\t\t\t<\/div>\n\t\t<\/div>\n\t\t\t\t\t\t\t\t<\/div>\n\t\t\t\t\t\t\t\t\t\t\t<div class=\"swiper-slide\" role=\"group\" aria-roledescription=\"slide\">\n\t\t\t\t\t\t\t\t\t<div class=\"elementor-testimonial\">\n\t\t\t\t\t\t\t<div class=\"elementor-testimonial__content\">\n\t\t\t\t\t<div class=\"elementor-testimonial__text\">\n\t\t\t\t\t\tF\u00f6retagens st\u00f6rsta utmaning \u00e4r att hitta r\u00e4tt kompetens. Tillv\u00e4xtverket vill genom v\u00e5ra insatser skapa f\u00f6ruts\u00e4ttningar f\u00f6r f\u00f6retag att hitta r\u00e4tt kompetens och samtidigt skapa en mer inkluderande arbetsmarknad. Jobbfestivalen ligger helt i linje med v\u00e5rt uppdrag och projekten vi st\u00f6djer, f\u00f6r oss \u00e4r det en sj\u00e4lvklarhet att bidra till att det h\u00e4r initiativet blir framg\u00e5ngsrikt.\t\t\t\t\t<\/div>\n\t\t\t\t\t\t\t\t\t<\/div>\n\t\t\t\t\t\t<div class=\"elementor-testimonial__footer\">\n\t\t\t\t\t\t\t\t\t<div class=\"elementor-testimonial__image\">\n\t\t\t\t\t\t<img decoding=\"async\" src=\"https:\/\/mentalfestivalen.se\/wp-content\/uploads\/2022\/01\/Ulf-bild-2.jpg\" alt=\"Ulf Savb\u00e4ck\">\n\t\t\t\t\t\t\t\t\t\t\t<\/div>\n\t\t\t\t\t\t\t\t<cite class=\"elementor-testimonial__cite\"><span class=\"elementor-testimonial__name\">Ulf Savb\u00e4ck<\/span><span class=\"elementor-testimonial__title\">Enhetschef, Tillv\u00e4xtverket<\/span><\/cite>\t\t\t<\/div>\n\t\t<\/div>\n\t\t\t\t\t\t\t\t<\/div>\n\t\t\t\t\t\t\t\t\t\t\t<div class=\"swiper-slide\" role=\"group\" aria-roledescription=\"slide\">\n\t\t\t\t\t\t\t\t\t<div class=\"elementor-testimonial\">\n\t\t\t\t\t\t\t<div class=\"elementor-testimonial__content\">\n\t\t\t\t\t<div class=\"elementor-testimonial__text\">\n\t\t\t\t\t\tGapet mellan m\u00e5ngfald och arbetsmarknadens homogenitet m\u00e5ste \u00f6verbryggas. M\u00e5ngfald startar med sj\u00e4lvinsikt och ett erk\u00e4nnande av den f\u00f6rdomsfulla hj\u00e4rnan. Jobbfestivalen \u00e4r en fantastisk plattform f\u00f6r dessa samtal.\t\t\t\t\t<\/div>\n\t\t\t\t\t\t\t\t\t<\/div>\n\t\t\t\t\t\t<div class=\"elementor-testimonial__footer\">\n\t\t\t\t\t\t\t\t\t<div class=\"elementor-testimonial__image\">\n\t\t\t\t\t\t<img decoding=\"async\" src=\"https:\/\/mentalfestivalen.se\/wp-content\/uploads\/2022\/01\/image001.png\" alt=\"Haydar Adelson\">\n\t\t\t\t\t\t\t\t\t\t\t<\/div>\n\t\t\t\t\t\t\t\t<cite class=\"elementor-testimonial__cite\"><span class=\"elementor-testimonial__name\">Haydar Adelson<\/span><span class=\"elementor-testimonial__title\">Leg. Psykolog och f\u00f6rel\u00e4sare p\u00e5 Braintube.<br>tv, tidigare ordf\u00f6rande f\u00f6r Stockholm Pride<\/span><\/cite>\t\t\t<\/div>\n\t\t<\/div>\n\t\t\t\t\t\t\t\t<\/div>\n\t\t\t\t\t\t\t\t\t\t\t<div class=\"swiper-slide\" role=\"group\" aria-roledescription=\"slide\">\n\t\t\t\t\t\t\t\t\t<div class=\"elementor-testimonial\">\n\t\t\t\t\t\t\t<div class=\"elementor-testimonial__content\">\n\t\t\t\t\t<div class=\"elementor-testimonial__text\">\n\t\t\t\t\t\tSamh\u00e4llet riskerar att spricka i tv\u00e5 delar \u2013 de som \u00e4r inne och de som st\u00e5r utanf\u00f6r \u2013 det \u00e4r d\u00e5ligt f\u00f6r ALLA! Det \u00e4r dags att t\u00e4nka nytt, hitta nya kraftfulla konstellationer som vill f\u00f6r\u00e4ndra p\u00e5 riktigt. Sedda bekr\u00e4ftade m\u00e4nniskor v\u00e4xer! M\u00e5nga pratar - men det \u00e4r h\u00f6g tid att G\u00d6RA n\u00e5t p\u00e5 riktigt!\t\t\t\t\t<\/div>\n\t\t\t\t\t\t\t\t\t<\/div>\n\t\t\t\t\t\t<div class=\"elementor-testimonial__footer\">\n\t\t\t\t\t\t\t\t\t<div class=\"elementor-testimonial__image\">\n\t\t\t\t\t\t<img decoding=\"async\" src=\"https:\/\/mentalfestivalen.se\/wp-content\/uploads\/2022\/01\/IMG_8989.jpg\" alt=\"Stig-Arne B\u00e4ckman\">\n\t\t\t\t\t\t\t\t\t\t\t<\/div>\n\t\t\t\t\t\t\t\t<cite class=\"elementor-testimonial__cite\"><span class=\"elementor-testimonial__name\">Stig-Arne B\u00e4ckman<\/span><span class=\"elementor-testimonial__title\">Talangakademin<\/span><\/cite>\t\t\t<\/div>\n\t\t<\/div>\n\t\t\t\t\t\t\t\t<\/div>\n\t\t\t\t\t\t\t\t\t\t\t<div class=\"swiper-slide\" role=\"group\" aria-roledescription=\"slide\">\n\t\t\t\t\t\t\t\t\t<div class=\"elementor-testimonial\">\n\t\t\t\t\t\t\t<div class=\"elementor-testimonial__content\">\n\t\t\t\t\t<div class=\"elementor-testimonial__text\">\n\t\t\t\t\t\tArbetsmarknaden skriker efter personer med r\u00e4tt kompetens och att rekrytera ska inte vara sv\u00e5rt. Som experter p\u00e5 arbetsmarknaden \u00e4r Karri\u00e4rkonsultens ambition att m\u00f6jligg\u00f6ra kontakten mellan kandidater med f\u00f6retag med behov, utan att det ska kosta n\u00e5got. V\u00e5r n\u00e4rvaro p\u00e5 Jobbfestivalen k\u00e4nns som en sj\u00e4lvklarhet.\t\t\t\t\t<\/div>\n\t\t\t\t\t\t\t\t\t<\/div>\n\t\t\t\t\t\t<div class=\"elementor-testimonial__footer\">\n\t\t\t\t\t\t\t\t\t<div class=\"elementor-testimonial__image\">\n\t\t\t\t\t\t<img decoding=\"async\" src=\"https:\/\/mentalfestivalen.se\/wp-content\/uploads\/2022\/01\/image001.jpg\" alt=\"Camilla Hermelin,\">\n\t\t\t\t\t\t\t\t\t\t\t<\/div>\n\t\t\t\t\t\t\t\t<cite class=\"elementor-testimonial__cite\"><span class=\"elementor-testimonial__name\">Camilla Hermelin,<\/span><span class=\"elementor-testimonial__title\">VD, Karri\u00e4rkonsulten<\/span><\/cite>\t\t\t<\/div>\n\t\t<\/div>\n\t\t\t\t\t\t\t\t<\/div>\n\t\t\t\t\t\t\t\t\t\t\t<div class=\"swiper-slide\" role=\"group\" aria-roledescription=\"slide\">\n\t\t\t\t\t\t\t\t\t<div class=\"elementor-testimonial\">\n\t\t\t\t\t\t\t<div class=\"elementor-testimonial__content\">\n\t\t\t\t\t<div class=\"elementor-testimonial__text\">\n\t\t\t\t\t\tJobAgents vision \u00e4r att tillg\u00e4ngligg\u00f6ra potential utifr\u00e5n talangernas villkor. V\u00e5r delningstj\u00e4nst har f\u00f6r avsikt att skapa en r\u00f6rlig arbetsmarknad f\u00f6r alla, helt i linje med Jobbfestivalens m\u00e5ls\u00e4ttning. D\u00e4rf\u00f6r \u00e4r det en sj\u00e4lvklarhet att vi \u00e4r d\u00e4r! Jag hoppas att vi ses!  \t\t\t\t\t<\/div>\n\t\t\t\t\t\t\t\t\t<\/div>\n\t\t\t\t\t\t<div class=\"elementor-testimonial__footer\">\n\t\t\t\t\t\t\t\t\t<div class=\"elementor-testimonial__image\">\n\t\t\t\t\t\t<img decoding=\"async\" src=\"https:\/\/mentalfestivalen.se\/wp-content\/uploads\/2022\/01\/bjorn-scaled-2.jpg\" alt=\"Bj\u00f6rn Elowson\">\n\t\t\t\t\t\t\t\t\t\t\t<\/div>\n\t\t\t\t\t\t\t\t<cite class=\"elementor-testimonial__cite\"><span class=\"elementor-testimonial__name\">Bj\u00f6rn Elowson<\/span><span class=\"elementor-testimonial__title\">Psykolog, VD & Grundare av HR-Techbolaget JobAgent<\/span><\/cite>\t\t\t<\/div>\n\t\t<\/div>\n\t\t\t\t\t\t\t\t<\/div>\n\t\t\t\t\t\t\t\t\t\t\t<div class=\"swiper-slide\" role=\"group\" aria-roledescription=\"slide\">\n\t\t\t\t\t\t\t\t\t<div class=\"elementor-testimonial\">\n\t\t\t\t\t\t\t<div class=\"elementor-testimonial__content\">\n\t\t\t\t\t<div class=\"elementor-testimonial__text\">\n\t\t\t\t\t\tDet \u00e4r h\u00f6g tid att g\u00e5 samman och arbeta f\u00f6r ett inkluderande arbetsliv och vi tror Jobbfestivalen kan vara ett bra startskott f\u00f6r att samla alla innovativa bidrag inom omr\u00e5det. Aon's ambition \u00e4r att bidra med objektiva metoder f\u00f6r att se bortom f\u00f6rdomar och fokusera p\u00e5 vad som \u00e4r relevant i rekryteringsprocesserna. P\u00e5 festivalen hoppas vi kunna dela med oss av de insikter som 800 000 test, \u00e5rligen genomf\u00f6rda i Sverige, kan ge.\t\t\t\t\t<\/div>\n\t\t\t\t\t\t\t\t\t<\/div>\n\t\t\t\t\t\t<div class=\"elementor-testimonial__footer\">\n\t\t\t\t\t\t\t\t\t<div class=\"elementor-testimonial__image\">\n\t\t\t\t\t\t<img decoding=\"async\" src=\"https:\/\/mentalfestivalen.se\/wp-content\/uploads\/2022\/01\/nb1rdqcskel736nmradq-scaled-1.jpg\" alt=\"Henric Bruvik\">\n\t\t\t\t\t\t\t\t\t\t\t<\/div>\n\t\t\t\t\t\t\t\t<cite class=\"elementor-testimonial__cite\"><span class=\"elementor-testimonial__name\">Henric Bruvik<\/span><span class=\"elementor-testimonial__title\">Managing Director, AON Assessment, Sverige <\/span><\/cite>\t\t\t<\/div>\n\t\t<\/div>\n\t\t\t\t\t\t\t\t<\/div>\n\t\t\t\t\t\t\t\t\t\t\t<div class=\"swiper-slide\" role=\"group\" aria-roledescription=\"slide\">\n\t\t\t\t\t\t\t\t\t<div class=\"elementor-testimonial\">\n\t\t\t\t\t\t\t<div class=\"elementor-testimonial__content\">\n\t\t\t\t\t<div class=\"elementor-testimonial__text\">\n\t\t\t\t\t\t 7 av 10 jobb f\u00f6rmedlas genom kontakter. De n\u00e4tverk vi har \u00e4r med andra ord direkt avg\u00f6rande f\u00f6r yrkeslivet. V\u00e5r f\u00f6r\u00e4ndringsteori bygger p\u00e5 att m\u00f6ten leder till n\u00e4tverk och att n\u00e4tverk leder till jobb. D\u00e4rf\u00f6r \u00e4r Yrkesd\u00f6rrens m\u00e5l att skapa n\u00e4tverk och Jobbfestivalen \u00e4r en sj\u00e4lvklar plats att g\u00f6ra det p\u00e5!\t\t\t\t\t<\/div>\n\t\t\t\t\t\t\t\t\t<\/div>\n\t\t\t\t\t\t<div class=\"elementor-testimonial__footer\">\n\t\t\t\t\t\t\t\t\t<div class=\"elementor-testimonial__image\">\n\t\t\t\t\t\t<img decoding=\"async\" src=\"https:\/\/mentalfestivalen.se\/wp-content\/uploads\/2022\/01\/Astrid-Gyllenkrok-Kristensen-1.jpg\" alt=\"Astrid Gyllenkrok Kristensen\">\n\t\t\t\t\t\t\t\t\t\t\t<\/div>\n\t\t\t\t\t\t\t\t<cite class=\"elementor-testimonial__cite\"><span class=\"elementor-testimonial__name\">Astrid Gyllenkrok Kristensen<\/span><span class=\"elementor-testimonial__title\">Verksamhetsledare Yrkesd\u00f6rren - Ett initiativ av Axfoundation<\/span><\/cite>\t\t\t<\/div>\n\t\t<\/div>\n\t\t\t\t\t\t\t\t<\/div>\n\t\t\t\t\t\t\t\t\t\t\t<div class=\"swiper-slide\" role=\"group\" aria-roledescription=\"slide\">\n\t\t\t\t\t\t\t\t\t<div class=\"elementor-testimonial\">\n\t\t\t\t\t\t\t<div class=\"elementor-testimonial__content\">\n\t\t\t\t\t<div class=\"elementor-testimonial__text\">\n\t\t\t\t\t\tAllt f\u00f6r ofta hamnar drivna och kompetenta m\u00e4nniskor utanf\u00f6r arbetsmarknaden av de mest banala sk\u00e4l. P\u00e5 Curonova jobbar vi aktivt med digitala l\u00f6sningar och ett st\u00e4ndigt breddat spr\u00e5kst\u00f6d, d\u00e5 vi vill s\u00e4nka tr\u00f6skeln ut i arbetslivet. Jobbfestivalen delar v\u00e5r vision, och vi ser mycket fram emot att delta!\t\t\t\t\t<\/div>\n\t\t\t\t\t\t\t\t\t<\/div>\n\t\t\t\t\t\t<div class=\"elementor-testimonial__footer\">\n\t\t\t\t\t\t\t\t\t<div class=\"elementor-testimonial__image\">\n\t\t\t\t\t\t<img decoding=\"async\" src=\"https:\/\/mentalfestivalen.se\/wp-content\/uploads\/2022\/02\/Anja-Lenner.png\" alt=\"Anja Lenner\">\n\t\t\t\t\t\t\t\t\t\t\t<\/div>\n\t\t\t\t\t\t\t\t<cite class=\"elementor-testimonial__cite\"><span class=\"elementor-testimonial__name\">Anja Lenner<\/span><span class=\"elementor-testimonial__title\">Omr\u00e5desansvarig p\u00e5 Curonova<\/span><\/cite>\t\t\t<\/div>\n\t\t<\/div>\n\t\t\t\t\t\t\t\t<\/div>\n\t\t\t\t\t\t\t\t\t<\/div>\n\t\t\t\t\t\t\t\t\t\t\t\t\t\t\t<div class=\"elementor-swiper-button elementor-swiper-button-prev\" role=\"button\" tabindex=\"0\" aria-label=\"F\u00f6reg\u00e5ende\">\n\t\t\t\t\t\t\t<i aria-hidden=\"true\" class=\"eicon-chevron-left\"><\/i>\t\t\t\t\t\t<\/div>\n\t\t\t\t\t\t<div class=\"elementor-swiper-button elementor-swiper-button-next\" role=\"button\" tabindex=\"0\" aria-label=\"N\u00e4sta\">\n\t\t\t\t\t\t\t<i aria-hidden=\"true\" class=\"eicon-chevron-right\"><\/i>\t\t\t\t\t\t<\/div>\n\t\t\t\t\t\t\t\t\t\t\t\t\t\t\t\t<div class=\"swiper-pagination\"><\/div>\n\t\t\t\t\t\t\t\t\t\t\t\t<\/div>\n\t\t\t\t<\/div>\n\t\t\t\t\t\t\t\t<\/div>\n\t\t\t\t<\/div>\n\t\t\t\t\t<\/div>\n\t\t<\/div>\n\t\t\t\t\t<\/div>\n\t\t<\/section>\n\t\t\t\t<section class=\"elementor-section elementor-top-section elementor-element elementor-element-78e0a7e elementor-section-boxed elementor-section-height-default elementor-section-height-default\" data-id=\"78e0a7e\" data-element_type=\"section\" data-e-type=\"section\" data-settings=\"{&quot;background_background&quot;:&quot;classic&quot;,&quot;background_motion_fx_motion_fx_scrolling&quot;:&quot;yes&quot;,&quot;background_motion_fx_translateX_effect&quot;:&quot;yes&quot;,&quot;background_motion_fx_translateX_direction&quot;:&quot;negative&quot;,&quot;background_motion_fx_translateX_speed&quot;:{&quot;unit&quot;:&quot;px&quot;,&quot;size&quot;:2.4,&quot;sizes&quot;:[]},&quot;background_motion_fx_translateX_affectedRange&quot;:{&quot;unit&quot;:&quot;%&quot;,&quot;size&quot;:&quot;&quot;,&quot;sizes&quot;:{&quot;start&quot;:0,&quot;end&quot;:100}},&quot;background_motion_fx_devices&quot;:[&quot;desktop&quot;,&quot;tablet&quot;,&quot;mobile&quot;]}\">\n\t\t\t\t\t\t<div class=\"elementor-container elementor-column-gap-default\">\n\t\t\t\t\t<div class=\"elementor-column elementor-col-100 elementor-top-column elementor-element elementor-element-90b77cc\" data-id=\"90b77cc\" data-element_type=\"column\" data-e-type=\"column\">\n\t\t\t<div class=\"elementor-widget-wrap elementor-element-populated\">\n\t\t\t\t\t\t<div class=\"elementor-element elementor-element-4b3202e elementor-invisible elementor-widget elementor-widget-heading\" data-id=\"4b3202e\" data-element_type=\"widget\" data-e-type=\"widget\" data-settings=\"{&quot;_animation&quot;:&quot;fadeIn&quot;}\" data-widget_type=\"heading.default\">\n\t\t\t\t<div class=\"elementor-widget-container\">\n\t\t\t\t\t<h2 class=\"elementor-heading-title elementor-size-default\">Jobbfestivalen med tema m\u00e5ngfald riktar sig fr\u00e4mst till\u200b<\/h2>\t\t\t\t<\/div>\n\t\t\t\t<\/div>\n\t\t\t\t<div class=\"elementor-element elementor-element-deeb191 elementor-align-start elementor-icon-list--layout-traditional elementor-list-item-link-full_width elementor-widget elementor-widget-icon-list\" data-id=\"deeb191\" data-element_type=\"widget\" data-e-type=\"widget\" data-widget_type=\"icon-list.default\">\n\t\t\t\t<div class=\"elementor-widget-container\">\n\t\t\t\t\t\t\t<ul class=\"elementor-icon-list-items\">\n\t\t\t\t\t\t\t<li class=\"elementor-icon-list-item\">\n\t\t\t\t\t\t\t\t\t\t\t<span class=\"elementor-icon-list-icon\">\n\t\t\t\t\t\t\t<i aria-hidden=\"true\" class=\"fas fa-check\"><\/i>\t\t\t\t\t\t<\/span>\n\t\t\t\t\t\t\t\t\t\t<span class=\"elementor-icon-list-text\">F\u00f6retag och organisationer som erbjuder verktyg\/tj\u00e4nster i syfte att \u00f6ka m\u00e5ngfalden och minska risken f\u00f6r diskriminering<\/span>\n\t\t\t\t\t\t\t\t\t<\/li>\n\t\t\t\t\t\t\t\t<li class=\"elementor-icon-list-item\">\n\t\t\t\t\t\t\t\t\t\t\t<span class=\"elementor-icon-list-icon\">\n\t\t\t\t\t\t\t<i aria-hidden=\"true\" class=\"fas fa-check\"><\/i>\t\t\t\t\t\t<\/span>\n\t\t\t\t\t\t\t\t\t\t<span class=\"elementor-icon-list-text\">Funktionsnedsatta<\/span>\n\t\t\t\t\t\t\t\t\t<\/li>\n\t\t\t\t\t\t\t\t<li class=\"elementor-icon-list-item\">\n\t\t\t\t\t\t\t\t\t\t\t<span class=\"elementor-icon-list-icon\">\n\t\t\t\t\t\t\t<i aria-hidden=\"true\" class=\"fas fa-check\"><\/i>\t\t\t\t\t\t<\/span>\n\t\t\t\t\t\t\t\t\t\t<span class=\"elementor-icon-list-text\">De som sedan l\u00e4nge st\u00e5r utanf\u00f6r arbetsmarknaden<\/span>\n\t\t\t\t\t\t\t\t\t<\/li>\n\t\t\t\t\t\t\t\t<li class=\"elementor-icon-list-item\">\n\t\t\t\t\t\t\t\t\t\t\t<span class=\"elementor-icon-list-icon\">\n\t\t\t\t\t\t\t<i aria-hidden=\"true\" class=\"fas fa-check\"><\/i>\t\t\t\t\t\t<\/span>\n\t\t\t\t\t\t\t\t\t\t<span class=\"elementor-icon-list-text\">De som inte f\u00e5r jobb p\u00e5 grund av \u00e5ldersdiskriminering eller annan form av diskriminering<\/span>\n\t\t\t\t\t\t\t\t\t<\/li>\n\t\t\t\t\t\t\t\t<li class=\"elementor-icon-list-item\">\n\t\t\t\t\t\t\t\t\t\t\t<span class=\"elementor-icon-list-icon\">\n\t\t\t\t\t\t\t<i aria-hidden=\"true\" class=\"fas fa-check\"><\/i>\t\t\t\t\t\t<\/span>\n\t\t\t\t\t\t\t\t\t\t<span class=\"elementor-icon-list-text\">Utrikesf\u00f6dda samt nyanl\u00e4nda<\/span>\n\t\t\t\t\t\t\t\t\t<\/li>\n\t\t\t\t\t\t\t\t<li class=\"elementor-icon-list-item\">\n\t\t\t\t\t\t\t\t\t\t\t<span class=\"elementor-icon-list-icon\">\n\t\t\t\t\t\t\t<i aria-hidden=\"true\" class=\"fas fa-check\"><\/i>\t\t\t\t\t\t<\/span>\n\t\t\t\t\t\t\t\t\t\t<span class=\"elementor-icon-list-text\">Ungdomar som har varit arbetsl\u00f6sa i mer \u00e4n 3 m\u00e5nader, som ing\u00e5r inom ungdomsgarantin<\/span>\n\t\t\t\t\t\t\t\t\t<\/li>\n\t\t\t\t\t\t\t\t<li class=\"elementor-icon-list-item\">\n\t\t\t\t\t\t\t\t\t\t\t<span class=\"elementor-icon-list-icon\">\n\t\t\t\t\t\t\t<i aria-hidden=\"true\" class=\"fas fa-check\"><\/i>\t\t\t\t\t\t<\/span>\n\t\t\t\t\t\t\t\t\t\t<span class=\"elementor-icon-list-text\">Alla som s\u00f6ker ett jobb<\/span>\n\t\t\t\t\t\t\t\t\t<\/li>\n\t\t\t\t\t\t\t\t<li class=\"elementor-icon-list-item\">\n\t\t\t\t\t\t\t\t\t\t\t<span class=\"elementor-icon-list-icon\">\n\t\t\t\t\t\t\t<i aria-hidden=\"true\" class=\"fas fa-check\"><\/i>\t\t\t\t\t\t<\/span>\n\t\t\t\t\t\t\t\t\t\t<span class=\"elementor-icon-list-text\">De som har ett jobb men vill byta<\/span>\n\t\t\t\t\t\t\t\t\t<\/li>\n\t\t\t\t\t\t\t\t<li class=\"elementor-icon-list-item\">\n\t\t\t\t\t\t\t\t\t\t\t<span class=\"elementor-icon-list-icon\">\n\t\t\t\t\t\t\t<i aria-hidden=\"true\" class=\"fas fa-check\"><\/i>\t\t\t\t\t\t<\/span>\n\t\t\t\t\t\t\t\t\t\t<span class=\"elementor-icon-list-text\">Rekryterande f\u00f6retag och organisationer som vill hitta nya talanger<\/span>\n\t\t\t\t\t\t\t\t\t<\/li>\n\t\t\t\t\t\t<\/ul>\n\t\t\t\t\t\t<\/div>\n\t\t\t\t<\/div>\n\t\t\t\t\t<\/div>\n\t\t<\/div>\n\t\t\t\t\t<\/div>\n\t\t<\/section>\n\t\t\t\t<section class=\"elementor-section elementor-top-section elementor-element elementor-element-8fe89c9 elementor-section-boxed elementor-section-height-default elementor-section-height-default\" data-id=\"8fe89c9\" data-element_type=\"section\" data-e-type=\"section\" data-settings=\"{&quot;background_background&quot;:&quot;classic&quot;}\">\n\t\t\t\t\t\t<div class=\"elementor-container elementor-column-gap-default\">\n\t\t\t\t\t<div class=\"elementor-column elementor-col-100 elementor-top-column elementor-element elementor-element-ee27b17\" data-id=\"ee27b17\" data-element_type=\"column\" data-e-type=\"column\">\n\t\t\t<div class=\"elementor-widget-wrap elementor-element-populated\">\n\t\t\t\t\t\t<section class=\"elementor-section elementor-inner-section elementor-element elementor-element-d7a46d1 elementor-section-boxed elementor-section-height-default elementor-section-height-default\" data-id=\"d7a46d1\" data-element_type=\"section\" data-e-type=\"section\">\n\t\t\t\t\t\t<div class=\"elementor-container elementor-column-gap-default\">\n\t\t\t\t\t<div class=\"elementor-column elementor-col-50 elementor-inner-column elementor-element elementor-element-c49ad00\" data-id=\"c49ad00\" data-element_type=\"column\" data-e-type=\"column\">\n\t\t\t<div class=\"elementor-widget-wrap elementor-element-populated\">\n\t\t\t\t\t\t<div class=\"elementor-element elementor-element-5995348 elementor-widget elementor-widget-heading\" data-id=\"5995348\" data-element_type=\"widget\" data-e-type=\"widget\" data-widget_type=\"heading.default\">\n\t\t\t\t<div class=\"elementor-widget-container\">\n\t\t\t\t\t<h2 class=\"elementor-heading-title elementor-size-default\">Kontakta oss<\/h2>\t\t\t\t<\/div>\n\t\t\t\t<\/div>\n\t\t\t\t<div class=\"elementor-element elementor-element-61ff5a7 elementor-widget elementor-widget-text-editor\" data-id=\"61ff5a7\" data-element_type=\"widget\" data-e-type=\"widget\" data-widget_type=\"text-editor.default\">\n\t\t\t\t<div class=\"elementor-widget-container\">\n\t\t\t\t\t\t\t\t\tHar du n\u00e5gra fr\u00e5gor eller funderingar om Jobbfestivalen\u00a0med tema m\u00e5ngfald? V\u00e4lkommen att kontakta oss. Det g\u00e5r bra att kontakta oss via uppgifterna nedan eller formul\u00e4ret h\u00e4r p\u00e5 hemsidan.\t\t\t\t\t\t\t\t<\/div>\n\t\t\t\t<\/div>\n\t\t\t\t<div class=\"elementor-element elementor-element-046ea3b elementor-icon-list--layout-traditional elementor-list-item-link-full_width elementor-widget elementor-widget-icon-list\" data-id=\"046ea3b\" data-element_type=\"widget\" data-e-type=\"widget\" data-widget_type=\"icon-list.default\">\n\t\t\t\t<div class=\"elementor-widget-container\">\n\t\t\t\t\t\t\t<ul class=\"elementor-icon-list-items\">\n\t\t\t\t\t\t\t<li class=\"elementor-icon-list-item\">\n\t\t\t\t\t\t\t\t\t\t\t<span class=\"elementor-icon-list-icon\">\n\t\t\t\t\t\t\t<i aria-hidden=\"true\" class=\"far fa-envelope\"><\/i>\t\t\t\t\t\t<\/span>\n\t\t\t\t\t\t\t\t\t\t<span class=\"elementor-icon-list-text\">info@jobbfestivalen.se<\/span>\n\t\t\t\t\t\t\t\t\t<\/li>\n\t\t\t\t\t\t\t\t<li class=\"elementor-icon-list-item\">\n\t\t\t\t\t\t\t\t\t\t\t<span class=\"elementor-icon-list-icon\">\n\t\t\t\t\t\t\t<i aria-hidden=\"true\" class=\"fas fa-phone-alt\"><\/i>\t\t\t\t\t\t<\/span>\n\t\t\t\t\t\t\t\t\t\t<span class=\"elementor-icon-list-text\">070 282 58 90<\/span>\n\t\t\t\t\t\t\t\t\t<\/li>\n\t\t\t\t\t\t<\/ul>\n\t\t\t\t\t\t<\/div>\n\t\t\t\t<\/div>\n\t\t\t\t\t<\/div>\n\t\t<\/div>\n\t\t\t\t<div class=\"elementor-column elementor-col-50 elementor-inner-column elementor-element elementor-element-5f4b844\" data-id=\"5f4b844\" data-element_type=\"column\" data-e-type=\"column\">\n\t\t\t<div class=\"elementor-widget-wrap elementor-element-populated\">\n\t\t\t\t\t\t<div class=\"elementor-element elementor-element-40bc013 elementor-button-align-center elementor-widget elementor-widget-form\" data-id=\"40bc013\" data-element_type=\"widget\" data-e-type=\"widget\" data-settings=\"{&quot;step_next_label&quot;:&quot;N\\u00e4sta&quot;,&quot;step_previous_label&quot;:&quot;F\\u00f6reg\\u00e5ende&quot;,&quot;button_width&quot;:&quot;100&quot;,&quot;step_type&quot;:&quot;number_text&quot;,&quot;step_icon_shape&quot;:&quot;circle&quot;}\" data-widget_type=\"form.default\">\n\t\t\t\t<div class=\"elementor-widget-container\">\n\t\t\t\t\t\t\t<form class=\"elementor-form\" method=\"post\" name=\"New Form\" aria-label=\"New Form\">\n\t\t\t<input type=\"hidden\" name=\"post_id\" value=\"4198\"\/>\n\t\t\t<input type=\"hidden\" name=\"form_id\" value=\"40bc013\"\/>\n\t\t\t<input type=\"hidden\" name=\"referer_title\" value=\"Test Hem Ta Bort - Mentalfestivalen\" \/>\n\n\t\t\t\t\t\t\t<input type=\"hidden\" name=\"queried_id\" value=\"4198\"\/>\n\t\t\t\n\t\t\t<div class=\"elementor-form-fields-wrapper elementor-labels-above\">\n\t\t\t\t\t\t\t\t<div class=\"elementor-field-type-text elementor-field-group elementor-column elementor-field-group-name elementor-col-50\">\n\t\t\t\t\t\t\t\t\t\t\t\t<label for=\"form-field-name\" class=\"elementor-field-label\">\n\t\t\t\t\t\t\t\tDitt namn\t\t\t\t\t\t\t<\/label>\n\t\t\t\t\t\t\t\t\t\t\t\t\t\t<input size=\"1\" type=\"text\" name=\"form_fields[name]\" id=\"form-field-name\" class=\"elementor-field elementor-size-sm  elementor-field-textual\">\n\t\t\t\t\t\t\t\t\t\t\t<\/div>\n\t\t\t\t\t\t\t\t<div class=\"elementor-field-type-email elementor-field-group elementor-column elementor-field-group-email elementor-col-50 elementor-field-required\">\n\t\t\t\t\t\t\t\t\t\t\t\t<label for=\"form-field-email\" class=\"elementor-field-label\">\n\t\t\t\t\t\t\t\tDin e-post\t\t\t\t\t\t\t<\/label>\n\t\t\t\t\t\t\t\t\t\t\t\t\t\t<input size=\"1\" type=\"email\" name=\"form_fields[email]\" id=\"form-field-email\" class=\"elementor-field elementor-size-sm  elementor-field-textual\" required=\"required\">\n\t\t\t\t\t\t\t\t\t\t\t<\/div>\n\t\t\t\t\t\t\t\t<div class=\"elementor-field-type-textarea elementor-field-group elementor-column elementor-field-group-message elementor-col-100\">\n\t\t\t\t\t\t\t\t\t\t\t\t<label for=\"form-field-message\" class=\"elementor-field-label\">\n\t\t\t\t\t\t\t\tDitt meddelande\t\t\t\t\t\t\t<\/label>\n\t\t\t\t\t\t<textarea class=\"elementor-field-textual elementor-field  elementor-size-sm\" name=\"form_fields[message]\" id=\"form-field-message\" rows=\"6\"><\/textarea>\t\t\t\t<\/div>\n\t\t\t\t\t\t\t\t<div class=\"elementor-field-type-acceptance elementor-field-group elementor-column elementor-field-group-field_1 elementor-col-100 elementor-field-required\">\n\t\t\t\t\t\t\t<div class=\"elementor-field-subgroup\">\n\t\t\t<span class=\"elementor-field-option\">\n\t\t\t\t<input type=\"checkbox\" name=\"form_fields[field_1]\" id=\"form-field-field_1\" class=\"elementor-field elementor-size-sm  elementor-acceptance-field\" required=\"required\">\n\t\t\t\t<label for=\"form-field-field_1\">Jag godk\u00e4nner Jobbfestivalens <a href=\"https:\/\/mentalfestivalen.se\/integritetspolicy\/\">integritetspolicy<\/a>*<\/label>\t\t\t<\/span>\n\t\t<\/div>\n\t\t\t\t\t\t<\/div>\n\t\t\t\t\t\t\t\t<div class=\"elementor-field-group elementor-column elementor-field-type-submit elementor-col-100 e-form__buttons\">\n\t\t\t\t\t<button class=\"elementor-button elementor-size-sm\" type=\"submit\">\n\t\t\t\t\t\t<span class=\"elementor-button-content-wrapper\">\n\t\t\t\t\t\t\t\t\t\t\t\t\t\t\t\t\t\t\t\t\t\t<span class=\"elementor-button-text\">Skicka<\/span>\n\t\t\t\t\t\t\t\t\t\t\t\t\t<\/span>\n\t\t\t\t\t<\/button>\n\t\t\t\t<\/div>\n\t\t\t<\/div>\n\t\t<\/form>\n\t\t\t\t\t\t<\/div>\n\t\t\t\t<\/div>\n\t\t\t\t\t<\/div>\n\t\t<\/div>\n\t\t\t\t\t<\/div>\n\t\t<\/section>\n\t\t\t\t\t<\/div>\n\t\t<\/div>\n\t\t\t\t\t<\/div>\n\t\t<\/section>\n\t\t\t\t<section class=\"elementor-section elementor-top-section elementor-element elementor-element-317ec68 elementor-section-boxed elementor-section-height-default elementor-section-height-default\" data-id=\"317ec68\" data-element_type=\"section\" data-e-type=\"section\" data-settings=\"{&quot;background_background&quot;:&quot;classic&quot;}\">\n\t\t\t\t\t\t<div class=\"elementor-container elementor-column-gap-default\">\n\t\t\t\t\t<div class=\"elementor-column elementor-col-50 elementor-top-column elementor-element elementor-element-73785d5\" data-id=\"73785d5\" data-element_type=\"column\" data-e-type=\"column\" data-settings=\"{&quot;background_background&quot;:&quot;classic&quot;}\">\n\t\t\t<div class=\"elementor-widget-wrap elementor-element-populated\">\n\t\t\t\t\t<div class=\"elementor-background-overlay\"><\/div>\n\t\t\t\t\t\t<div class=\"elementor-element elementor-element-a316d0b elementor-widget elementor-widget-heading\" data-id=\"a316d0b\" data-element_type=\"widget\" data-e-type=\"widget\" data-widget_type=\"heading.default\">\n\t\t\t\t<div class=\"elementor-widget-container\">\n\t\t\t\t\t<h2 class=\"elementor-heading-title elementor-size-default\">Vill du bli utst\u00e4llare p\u00e5 Jobbfestivalen med tema m\u00e5ngfald?<\/h2>\t\t\t\t<\/div>\n\t\t\t\t<\/div>\n\t\t\t\t<div class=\"elementor-element elementor-element-da1ad00 elementor-align-center elementor-widget elementor-widget-button\" data-id=\"da1ad00\" data-element_type=\"widget\" data-e-type=\"widget\" data-widget_type=\"button.default\">\n\t\t\t\t<div class=\"elementor-widget-container\">\n\t\t\t\t\t\t\t\t\t<div class=\"elementor-button-wrapper\">\n\t\t\t\t\t<a class=\"elementor-button elementor-button-link elementor-size-sm\" href=\"https:\/\/mentalfestivalen.se\/prislista\/\">\n\t\t\t\t\t\t<span class=\"elementor-button-content-wrapper\">\n\t\t\t\t\t\t\t\t\t<span class=\"elementor-button-text\">Prislista &amp; anm\u00e4lan<\/span>\n\t\t\t\t\t<\/span>\n\t\t\t\t\t<\/a>\n\t\t\t\t<\/div>\n\t\t\t\t\t\t\t\t<\/div>\n\t\t\t\t<\/div>\n\t\t\t\t\t<\/div>\n\t\t<\/div>\n\t\t\t\t<div class=\"elementor-column elementor-col-50 elementor-top-column elementor-element elementor-element-c359225\" data-id=\"c359225\" data-element_type=\"column\" data-e-type=\"column\" data-settings=\"{&quot;background_background&quot;:&quot;classic&quot;}\">\n\t\t\t<div class=\"elementor-widget-wrap elementor-element-populated\">\n\t\t\t\t\t<div class=\"elementor-background-overlay\"><\/div>\n\t\t\t\t\t\t<div class=\"elementor-element elementor-element-6a51499 elementor-widget elementor-widget-heading\" data-id=\"6a51499\" data-element_type=\"widget\" data-e-type=\"widget\" data-widget_type=\"heading.default\">\n\t\t\t\t<div class=\"elementor-widget-container\">\n\t\t\t\t\t<h2 class=\"elementor-heading-title elementor-size-default\">Har du fr\u00e5gor om Jobbfestivalen med tema m\u00e5ngfald?<\/h2>\t\t\t\t<\/div>\n\t\t\t\t<\/div>\n\t\t\t\t<div class=\"elementor-element elementor-element-f883e63 elementor-align-center elementor-widget elementor-widget-button\" data-id=\"f883e63\" data-element_type=\"widget\" data-e-type=\"widget\" data-widget_type=\"button.default\">\n\t\t\t\t<div class=\"elementor-widget-container\">\n\t\t\t\t\t\t\t\t\t<div class=\"elementor-button-wrapper\">\n\t\t\t\t\t<a class=\"elementor-button elementor-button-link elementor-size-sm\" href=\"https:\/\/mentalfestivalen.se\/vanliga-fragor-svar\/\">\n\t\t\t\t\t\t<span class=\"elementor-button-content-wrapper\">\n\t\t\t\t\t\t\t\t\t<span class=\"elementor-button-text\">Vanliga fr\u00e5gor &amp; svar<\/span>\n\t\t\t\t\t<\/span>\n\t\t\t\t\t<\/a>\n\t\t\t\t<\/div>\n\t\t\t\t\t\t\t\t<\/div>\n\t\t\t\t<\/div>\n\t\t\t\t\t<\/div>\n\t\t<\/div>\n\t\t\t\t\t<\/div>\n\t\t<\/section>\n\t\t\t\t<\/div>\n\t\t","protected":false},"excerpt":{"rendered":"<p>TemaM\u00e5ngfald &amp; Inkludering 14 september 2022 i Kungstr\u00e4dg\u00e5rden, Stockholm Dagar Timmar Minuter Sekunder \u201dJag brinner f\u00f6r m\u00e5ngfald och inkludering \u2013 d\u00e4rf\u00f6r har jag hyrt hela Kungsan\u201d Den 14 september arrangerar jag Jobbfestivalen med tema &#8221;M\u00e5ngfald &amp; Inkludering&#8221; i Kungstr\u00e4dg\u00e5rden. Jobbfestivalen med tema &#8221;M\u00e5ngfald &amp; Inkludering&#8221; i Kungstr\u00e4dg\u00e5rden \u00e4r en m\u00f6tesplats f\u00f6r arbetss\u00f6kande och f\u00f6r f\u00f6retag [&hellip;]<\/p>\n","protected":false},"author":8,"featured_media":0,"parent":0,"menu_order":0,"comment_status":"closed","ping_status":"closed","template":"","meta":{"_acf_changed":false,"site-sidebar-layout":"no-sidebar","site-content-layout":"page-builder","ast-site-content-layout":"default","site-content-style":"default","site-sidebar-style":"default","ast-global-header-display":"","ast-banner-title-visibility":"","ast-main-header-display":"","ast-hfb-above-header-display":"","ast-hfb-below-header-display":"","ast-hfb-mobile-header-display":"","site-post-title":"disabled","ast-breadcrumbs-content":"","ast-featured-img":"disabled","footer-sml-layout":"","ast-disable-related-posts":"","theme-transparent-header-meta":"","adv-header-id-meta":"","stick-header-meta":"","header-above-stick-meta":"","header-main-stick-meta":"","header-below-stick-meta":"","astra-migrate-meta-layouts":"default","ast-page-background-enabled":"default","ast-page-background-meta":{"desktop":{"background-color":"","background-image":"","background-repeat":"repeat","background-position":"center center","background-size":"auto","background-attachment":"scroll","background-type":"","background-media":"","overlay-type":"","overlay-color":"","overlay-opacity":"","overlay-gradient":""},"tablet":{"background-color":"","background-image":"","background-repeat":"repeat","background-position":"center center","background-size":"auto","background-attachment":"scroll","background-type":"","background-media":"","overlay-type":"","overlay-color":"","overlay-opacity":"","overlay-gradient":""},"mobile":{"background-color":"","background-image":"","background-repeat":"repeat","background-position":"center center","background-size":"auto","background-attachment":"scroll","background-type":"","background-media":"","overlay-type":"","overlay-color":"","overlay-opacity":"","overlay-gradient":""}},"ast-content-background-meta":{"desktop":{"background-color":"var(--ast-global-color-5)","background-image":"","background-repeat":"repeat","background-position":"center center","background-size":"auto","background-attachment":"scroll","background-type":"","background-media":"","overlay-type":"","overlay-color":"","overlay-opacity":"","overlay-gradient":""},"tablet":{"background-color":"var(--ast-global-color-5)","background-image":"","background-repeat":"repeat","background-position":"center center","background-size":"auto","background-attachment":"scroll","background-type":"","background-media":"","overlay-type":"","overlay-color":"","overlay-opacity":"","overlay-gradient":""},"mobile":{"background-color":"var(--ast-global-color-5)","background-image":"","background-repeat":"repeat","background-position":"center center","background-size":"auto","background-attachment":"scroll","background-type":"","background-media":"","overlay-type":"","overlay-color":"","overlay-opacity":"","overlay-gradient":""}},"footnotes":""},"class_list":["post-4198","page","type-page","status-publish","hentry"],"acf":[],"yoast_head":"<!-- This site is optimized with the Yoast SEO plugin v27.5 - https:\/\/yoast.com\/product\/yoast-seo-wordpress\/ -->\n<title>Test Hem Ta Bort - Mentalfestivalen<\/title>\n<meta name=\"robots\" content=\"index, follow, max-snippet:-1, max-image-preview:large, max-video-preview:-1\" \/>\n<link rel=\"canonical\" href=\"https:\/\/mentalfestivalen.se\/en\/test-hem-ta-bort\/\" \/>\n<meta property=\"og:locale\" content=\"en_GB\" \/>\n<meta property=\"og:type\" content=\"article\" \/>\n<meta property=\"og:title\" content=\"Test Hem Ta Bort - Mentalfestivalen\" \/>\n<meta property=\"og:description\" content=\"TemaM\u00e5ngfald &amp; Inkludering 14 september 2022 i Kungstr\u00e4dg\u00e5rden, Stockholm Dagar Timmar Minuter Sekunder \u201dJag brinner f\u00f6r m\u00e5ngfald och inkludering \u2013 d\u00e4rf\u00f6r har jag hyrt hela Kungsan\u201d Den 14 september arrangerar jag Jobbfestivalen med tema &#8221;M\u00e5ngfald &amp; Inkludering&#8221; i Kungstr\u00e4dg\u00e5rden. Jobbfestivalen med tema &#8221;M\u00e5ngfald &amp; Inkludering&#8221; i Kungstr\u00e4dg\u00e5rden \u00e4r en m\u00f6tesplats f\u00f6r arbetss\u00f6kande och f\u00f6r f\u00f6retag [&hellip;]\" \/>\n<meta property=\"og:url\" content=\"https:\/\/mentalfestivalen.se\/en\/test-hem-ta-bort\/\" \/>\n<meta property=\"og:site_name\" content=\"Mentalfestivalen\" \/>\n<meta property=\"article:modified_time\" content=\"2022-05-15T13:59:30+00:00\" \/>\n<meta property=\"og:image\" content=\"https:\/\/mentalfestivalen.se\/wp-content\/uploads\/2019\/12\/logo@2x.png\" \/>\n<meta name=\"twitter:card\" content=\"summary_large_image\" \/>\n<meta name=\"twitter:label1\" content=\"Estimated reading time\" \/>\n\t<meta name=\"twitter:data1\" content=\"29 minutes\" \/>\n<script type=\"application\/ld+json\" class=\"yoast-schema-graph\">{\"@context\":\"https:\\\/\\\/schema.org\",\"@graph\":[{\"@type\":\"WebPage\",\"@id\":\"https:\\\/\\\/mentalfestivalen.se\\\/test-hem-ta-bort\\\/\",\"url\":\"https:\\\/\\\/mentalfestivalen.se\\\/test-hem-ta-bort\\\/\",\"name\":\"Test Hem Ta Bort - Mentalfestivalen\",\"isPartOf\":{\"@id\":\"https:\\\/\\\/mentalfestivalen.se\\\/#website\"},\"primaryImageOfPage\":{\"@id\":\"https:\\\/\\\/mentalfestivalen.se\\\/test-hem-ta-bort\\\/#primaryimage\"},\"image\":{\"@id\":\"https:\\\/\\\/mentalfestivalen.se\\\/test-hem-ta-bort\\\/#primaryimage\"},\"thumbnailUrl\":\"https:\\\/\\\/mentalfestivalen.se\\\/wp-content\\\/uploads\\\/2019\\\/12\\\/logo@2x.png\",\"datePublished\":\"2022-05-14T14:09:06+00:00\",\"dateModified\":\"2022-05-15T13:59:30+00:00\",\"breadcrumb\":{\"@id\":\"https:\\\/\\\/mentalfestivalen.se\\\/test-hem-ta-bort\\\/#breadcrumb\"},\"inLanguage\":\"en-GB\",\"potentialAction\":[{\"@type\":\"ReadAction\",\"target\":[\"https:\\\/\\\/mentalfestivalen.se\\\/test-hem-ta-bort\\\/\"]}]},{\"@type\":\"ImageObject\",\"inLanguage\":\"en-GB\",\"@id\":\"https:\\\/\\\/mentalfestivalen.se\\\/test-hem-ta-bort\\\/#primaryimage\",\"url\":\"https:\\\/\\\/mentalfestivalen.se\\\/wp-content\\\/uploads\\\/2019\\\/12\\\/logo@2x.png\",\"contentUrl\":\"https:\\\/\\\/mentalfestivalen.se\\\/wp-content\\\/uploads\\\/2019\\\/12\\\/logo@2x.png\"},{\"@type\":\"BreadcrumbList\",\"@id\":\"https:\\\/\\\/mentalfestivalen.se\\\/test-hem-ta-bort\\\/#breadcrumb\",\"itemListElement\":[{\"@type\":\"ListItem\",\"position\":1,\"name\":\"Hem\",\"item\":\"https:\\\/\\\/mentalfestivalen.se\\\/\"},{\"@type\":\"ListItem\",\"position\":2,\"name\":\"Test Hem Ta Bort\"}]},{\"@type\":\"WebSite\",\"@id\":\"https:\\\/\\\/mentalfestivalen.se\\\/#website\",\"url\":\"https:\\\/\\\/mentalfestivalen.se\\\/\",\"name\":\"Mentalfestivalen\",\"description\":\"Mentalfestivalen\",\"potentialAction\":[{\"@type\":\"SearchAction\",\"target\":{\"@type\":\"EntryPoint\",\"urlTemplate\":\"https:\\\/\\\/mentalfestivalen.se\\\/?s={search_term_string}\"},\"query-input\":{\"@type\":\"PropertyValueSpecification\",\"valueRequired\":true,\"valueName\":\"search_term_string\"}}],\"inLanguage\":\"en-GB\"}]}<\/script>\n<!-- \/ Yoast SEO plugin. -->","yoast_head_json":{"title":"Test Hem Ta Bort - Mentalfestivalen","robots":{"index":"index","follow":"follow","max-snippet":"max-snippet:-1","max-image-preview":"max-image-preview:large","max-video-preview":"max-video-preview:-1"},"canonical":"https:\/\/mentalfestivalen.se\/en\/test-hem-ta-bort\/","og_locale":"en_GB","og_type":"article","og_title":"Test Hem Ta Bort - Mentalfestivalen","og_description":"TemaM\u00e5ngfald &amp; Inkludering 14 september 2022 i Kungstr\u00e4dg\u00e5rden, Stockholm Dagar Timmar Minuter Sekunder \u201dJag brinner f\u00f6r m\u00e5ngfald och inkludering \u2013 d\u00e4rf\u00f6r har jag hyrt hela Kungsan\u201d Den 14 september arrangerar jag Jobbfestivalen med tema &#8221;M\u00e5ngfald &amp; Inkludering&#8221; i Kungstr\u00e4dg\u00e5rden. Jobbfestivalen med tema &#8221;M\u00e5ngfald &amp; Inkludering&#8221; i Kungstr\u00e4dg\u00e5rden \u00e4r en m\u00f6tesplats f\u00f6r arbetss\u00f6kande och f\u00f6r f\u00f6retag [&hellip;]","og_url":"https:\/\/mentalfestivalen.se\/en\/test-hem-ta-bort\/","og_site_name":"Mentalfestivalen","article_modified_time":"2022-05-15T13:59:30+00:00","og_image":[{"url":"https:\/\/mentalfestivalen.se\/wp-content\/uploads\/2019\/12\/logo@2x.png","type":"","width":"","height":""}],"twitter_card":"summary_large_image","twitter_misc":{"Estimated reading time":"29 minutes"},"schema":{"@context":"https:\/\/schema.org","@graph":[{"@type":"WebPage","@id":"https:\/\/mentalfestivalen.se\/test-hem-ta-bort\/","url":"https:\/\/mentalfestivalen.se\/test-hem-ta-bort\/","name":"Test Hem Ta Bort - Mentalfestivalen","isPartOf":{"@id":"https:\/\/mentalfestivalen.se\/#website"},"primaryImageOfPage":{"@id":"https:\/\/mentalfestivalen.se\/test-hem-ta-bort\/#primaryimage"},"image":{"@id":"https:\/\/mentalfestivalen.se\/test-hem-ta-bort\/#primaryimage"},"thumbnailUrl":"https:\/\/mentalfestivalen.se\/wp-content\/uploads\/2019\/12\/logo@2x.png","datePublished":"2022-05-14T14:09:06+00:00","dateModified":"2022-05-15T13:59:30+00:00","breadcrumb":{"@id":"https:\/\/mentalfestivalen.se\/test-hem-ta-bort\/#breadcrumb"},"inLanguage":"en-GB","potentialAction":[{"@type":"ReadAction","target":["https:\/\/mentalfestivalen.se\/test-hem-ta-bort\/"]}]},{"@type":"ImageObject","inLanguage":"en-GB","@id":"https:\/\/mentalfestivalen.se\/test-hem-ta-bort\/#primaryimage","url":"https:\/\/mentalfestivalen.se\/wp-content\/uploads\/2019\/12\/logo@2x.png","contentUrl":"https:\/\/mentalfestivalen.se\/wp-content\/uploads\/2019\/12\/logo@2x.png"},{"@type":"BreadcrumbList","@id":"https:\/\/mentalfestivalen.se\/test-hem-ta-bort\/#breadcrumb","itemListElement":[{"@type":"ListItem","position":1,"name":"Hem","item":"https:\/\/mentalfestivalen.se\/"},{"@type":"ListItem","position":2,"name":"Test Hem Ta Bort"}]},{"@type":"WebSite","@id":"https:\/\/mentalfestivalen.se\/#website","url":"https:\/\/mentalfestivalen.se\/","name":"Mentalfestivalen","description":"Mentalfestivalen","potentialAction":[{"@type":"SearchAction","target":{"@type":"EntryPoint","urlTemplate":"https:\/\/mentalfestivalen.se\/?s={search_term_string}"},"query-input":{"@type":"PropertyValueSpecification","valueRequired":true,"valueName":"search_term_string"}}],"inLanguage":"en-GB"}]}},"_links":{"self":[{"href":"https:\/\/mentalfestivalen.se\/en\/wp-json\/wp\/v2\/pages\/4198","targetHints":{"allow":["GET"]}}],"collection":[{"href":"https:\/\/mentalfestivalen.se\/en\/wp-json\/wp\/v2\/pages"}],"about":[{"href":"https:\/\/mentalfestivalen.se\/en\/wp-json\/wp\/v2\/types\/page"}],"author":[{"embeddable":true,"href":"https:\/\/mentalfestivalen.se\/en\/wp-json\/wp\/v2\/users\/8"}],"replies":[{"embeddable":true,"href":"https:\/\/mentalfestivalen.se\/en\/wp-json\/wp\/v2\/comments?post=4198"}],"version-history":[{"count":0,"href":"https:\/\/mentalfestivalen.se\/en\/wp-json\/wp\/v2\/pages\/4198\/revisions"}],"wp:attachment":[{"href":"https:\/\/mentalfestivalen.se\/en\/wp-json\/wp\/v2\/media?parent=4198"}],"curies":[{"name":"wp","href":"https:\/\/api.w.org\/{rel}","templated":true}]}}