{"id":35,"date":"2019-12-12T11:27:28","date_gmt":"2019-12-12T10:27:28","guid":{"rendered":"https:\/\/mentalfestivalen.se\/?page_id=35"},"modified":"2024-08-19T13:43:57","modified_gmt":"2024-08-19T11:43:57","slug":"om-mentalfestivalen","status":"publish","type":"page","link":"https:\/\/mentalfestivalen.se\/en\/om-mentalfestivalen\/","title":{"rendered":"Om mentalfestivalen"},"content":{"rendered":"\t\t<div data-elementor-type=\"wp-page\" data-elementor-id=\"35\" class=\"elementor elementor-35\" data-elementor-post-type=\"page\">\n\t\t\t\t\t\t<section class=\"elementor-section elementor-top-section elementor-element elementor-element-570d64c7 elementor-section-height-min-height elementor-section-boxed elementor-section-height-default elementor-section-items-middle\" data-id=\"570d64c7\" data-element_type=\"section\" data-e-type=\"section\" data-settings=\"{&quot;background_background&quot;:&quot;classic&quot;,&quot;background_motion_fx_motion_fx_scrolling&quot;:&quot;yes&quot;,&quot;background_motion_fx_translateY_speed&quot;:{&quot;unit&quot;:&quot;px&quot;,&quot;size&quot;:7.2,&quot;sizes&quot;:[]},&quot;background_motion_fx_translateY_effect&quot;:&quot;yes&quot;,&quot;background_motion_fx_translateY_direction&quot;:&quot;negative&quot;,&quot;background_motion_fx_translateY_affectedRange&quot;:{&quot;unit&quot;:&quot;%&quot;,&quot;size&quot;:&quot;&quot;,&quot;sizes&quot;:{&quot;start&quot;:0,&quot;end&quot;:100}},&quot;background_motion_fx_devices&quot;:[&quot;desktop&quot;,&quot;tablet&quot;,&quot;mobile&quot;]}\">\n\t\t\t\t\t\t\t<div class=\"elementor-background-overlay\"><\/div>\n\t\t\t\t\t\t\t<div class=\"elementor-container elementor-column-gap-default\">\n\t\t\t\t\t<div class=\"elementor-column elementor-col-100 elementor-top-column elementor-element elementor-element-62dfd1f\" data-id=\"62dfd1f\" data-element_type=\"column\" data-e-type=\"column\">\n\t\t\t<div class=\"elementor-widget-wrap elementor-element-populated\">\n\t\t\t\t\t\t<div class=\"elementor-element elementor-element-40181263 elementor-invisible elementor-widget elementor-widget-heading\" data-id=\"40181263\" data-element_type=\"widget\" data-e-type=\"widget\" data-settings=\"{&quot;_animation&quot;:&quot;fadeIn&quot;}\" data-widget_type=\"heading.default\">\n\t\t\t\t<div class=\"elementor-widget-container\">\n\t\t\t\t\t<h2 class=\"elementor-heading-title elementor-size-default\">Vi som arrangerar Mentalfestivalen med tema psykisk h\u00e4lsa<\/h2>\t\t\t\t<\/div>\n\t\t\t\t<\/div>\n\t\t\t\t<div class=\"elementor-element elementor-element-76a0fa81 elementor-widget elementor-widget-heading\" data-id=\"76a0fa81\" data-element_type=\"widget\" data-e-type=\"widget\" data-widget_type=\"heading.default\">\n\t\t\t\t<div class=\"elementor-widget-container\">\n\t\t\t\t\t<h2 class=\"elementor-heading-title elementor-size-default\">V\u00e4lkommen till Mentalfestivalen med tema psykisk h\u00e4lsa den 22 maj 2025 i Kungstr\u00e4dg\u00e5rden, Stockholm<\/h2>\t\t\t\t<\/div>\n\t\t\t\t<\/div>\n\t\t\t\t<div class=\"elementor-element elementor-element-7294827 elementor-widget elementor-widget-spacer\" data-id=\"7294827\" data-element_type=\"widget\" data-e-type=\"widget\" data-widget_type=\"spacer.default\">\n\t\t\t\t<div class=\"elementor-widget-container\">\n\t\t\t\t\t\t\t<div class=\"elementor-spacer\">\n\t\t\t<div class=\"elementor-spacer-inner\"><\/div>\n\t\t<\/div>\n\t\t\t\t\t\t<\/div>\n\t\t\t\t<\/div>\n\t\t\t\t\t<\/div>\n\t\t<\/div>\n\t\t\t\t\t<\/div>\n\t\t<\/section>\n\t\t\t\t<section class=\"elementor-section elementor-top-section elementor-element elementor-element-fc55bb1 elementor-section-boxed elementor-section-height-default elementor-section-height-default\" data-id=\"fc55bb1\" data-element_type=\"section\" data-e-type=\"section\" data-settings=\"{&quot;background_background&quot;:&quot;classic&quot;,&quot;background_motion_fx_motion_fx_scrolling&quot;:&quot;yes&quot;,&quot;background_motion_fx_translateX_effect&quot;:&quot;yes&quot;,&quot;background_motion_fx_translateX_speed&quot;:{&quot;unit&quot;:&quot;px&quot;,&quot;size&quot;:4.3,&quot;sizes&quot;:[]},&quot;background_motion_fx_translateX_affectedRange&quot;:{&quot;unit&quot;:&quot;%&quot;,&quot;size&quot;:&quot;&quot;,&quot;sizes&quot;:{&quot;start&quot;:0,&quot;end&quot;:100}},&quot;background_motion_fx_devices&quot;:[&quot;desktop&quot;,&quot;tablet&quot;,&quot;mobile&quot;]}\">\n\t\t\t\t\t\t\t<div class=\"elementor-background-overlay\"><\/div>\n\t\t\t\t\t\t\t<div class=\"elementor-container elementor-column-gap-default\">\n\t\t\t\t\t<div class=\"elementor-column elementor-col-100 elementor-top-column elementor-element elementor-element-5be6c8f\" data-id=\"5be6c8f\" data-element_type=\"column\" data-e-type=\"column\">\n\t\t\t<div class=\"elementor-widget-wrap elementor-element-populated\">\n\t\t\t\t\t\t<section class=\"elementor-section elementor-inner-section elementor-element elementor-element-d1cd5e9 elementor-reverse-mobile elementor-section-boxed elementor-section-height-default elementor-section-height-default\" data-id=\"d1cd5e9\" data-element_type=\"section\" data-e-type=\"section\">\n\t\t\t\t\t\t<div class=\"elementor-container elementor-column-gap-default\">\n\t\t\t\t\t<div class=\"elementor-column elementor-col-50 elementor-inner-column elementor-element elementor-element-a30f77f\" data-id=\"a30f77f\" data-element_type=\"column\" data-e-type=\"column\">\n\t\t\t<div class=\"elementor-widget-wrap elementor-element-populated\">\n\t\t\t\t\t\t<div class=\"elementor-element elementor-element-e8142d1 elementor-invisible elementor-widget elementor-widget-heading\" data-id=\"e8142d1\" data-element_type=\"widget\" data-e-type=\"widget\" data-settings=\"{&quot;_animation&quot;:&quot;fadeIn&quot;}\" data-widget_type=\"heading.default\">\n\t\t\t\t<div class=\"elementor-widget-container\">\n\t\t\t\t\t<h2 class=\"elementor-heading-title elementor-size-default\">Sofi Fridland<\/h2>\t\t\t\t<\/div>\n\t\t\t\t<\/div>\n\t\t\t\t<div class=\"elementor-element elementor-element-3d2a07a elementor-widget elementor-widget-heading\" data-id=\"3d2a07a\" data-element_type=\"widget\" data-e-type=\"widget\" data-widget_type=\"heading.default\">\n\t\t\t\t<div class=\"elementor-widget-container\">\n\t\t\t\t\t<h2 class=\"elementor-heading-title elementor-size-default\">Initiativtagare<\/h2>\t\t\t\t<\/div>\n\t\t\t\t<\/div>\n\t\t\t\t<div class=\"elementor-element elementor-element-99f07db elementor-widget elementor-widget-text-editor\" data-id=\"99f07db\" data-element_type=\"widget\" data-e-type=\"widget\" data-widget_type=\"text-editor.default\">\n\t\t\t\t<div class=\"elementor-widget-container\">\n\t\t\t\t\t\t\t\t\t<p><i><\/i>Sofi Fridland \u00e4r expert inom aff\u00e4rsutveckling med \u00f6ver 10 \u00e5rs erfarenhet inom HR &amp; rekrytering. Sofi brinner f\u00f6r m\u00e5ngfald, inkludering och h\u00e4lsofr\u00e5gor. Hon \u00e4r sedan 2023 grundare av BizMed, ett f\u00f6retag som arbetar preventivt f\u00f6r att f\u00f6rebygga mental och fysisk oh\u00e4lsa\u00a0hos f\u00f6retag.<\/p>\t\t\t\t\t\t\t\t<\/div>\n\t\t\t\t<\/div>\n\t\t\t\t<div class=\"elementor-element elementor-element-db3e6b5 elementor-widget elementor-widget-toggle\" data-id=\"db3e6b5\" data-element_type=\"widget\" data-e-type=\"widget\" data-widget_type=\"toggle.default\">\n\t\t\t\t<div class=\"elementor-widget-container\">\n\t\t\t\t\t\t\t<div class=\"elementor-toggle\">\n\t\t\t\t\t\t\t<div class=\"elementor-toggle-item\">\n\t\t\t\t\t<div id=\"elementor-tab-title-2291\" class=\"elementor-tab-title\" data-tab=\"1\" role=\"button\" aria-controls=\"elementor-tab-content-2291\" aria-expanded=\"false\">\n\t\t\t\t\t\t\t\t\t\t\t\t<span class=\"elementor-toggle-icon elementor-toggle-icon-left\" aria-hidden=\"true\">\n\t\t\t\t\t\t\t\t\t\t\t\t\t\t\t<span class=\"elementor-toggle-icon-closed\"><i class=\"fas fa-angle-down\"><\/i><\/span>\n\t\t\t\t\t\t\t\t<span class=\"elementor-toggle-icon-opened\"><i class=\"elementor-toggle-icon-opened fas fa-angle-up\"><\/i><\/span>\n\t\t\t\t\t\t\t\t\t\t\t\t\t<\/span>\n\t\t\t\t\t\t\t\t\t\t\t\t<a class=\"elementor-toggle-title\" tabindex=\"0\">L\u00e4s mer om Sofi<\/a>\n\t\t\t\t\t<\/div>\n\n\t\t\t\t\t<div id=\"elementor-tab-content-2291\" class=\"elementor-tab-content elementor-clearfix\" data-tab=\"1\" role=\"region\" aria-labelledby=\"elementor-tab-title-2291\"><p><span style=\"font-weight: 400;\">Efter att\u00a0ha arbetat med talangfr\u00e5gor\u00a0hos Sveriges mest h\u00f6gpresterande\u00a0f\u00f6retag och talanger, samt som vd p\u00e5 Just Arrived som matchade utrikesf\u00f6dda talanger till sitt f\u00f6rsta jobb i Sverige, har Sofi st\u00f6tt p\u00e5 mental oh\u00e4lsa och stress \u2013 ofta n\u00e4r det g\u00e5tt f\u00f6r l\u00e5ngt. Idag \u00e4r hon d\u00e4rf\u00f6r medgrundare av BizMed med m\u00e5let att arbeta preventivt med oh\u00e4lsa hos f\u00f6retag \u2013 inte minst den mentala oh\u00e4lsan som ofta kan f\u00f6rebyggas genom att f\u00e5ngas upp i tid. Det var d\u00e4rf\u00f6r sj\u00e4lvklart f\u00f6r b\u00e5de Sofi och BizMed att engagera sig i Mentalfestivalen.<\/span><\/p><\/div>\n\t\t\t\t<\/div>\n\t\t\t\t\t\t\t\t<\/div>\n\t\t\t\t\t\t<\/div>\n\t\t\t\t<\/div>\n\t\t\t\t<div class=\"elementor-element elementor-element-56f2ef6 elementor-icon-list--layout-inline elementor-align-start elementor-list-item-link-full_width elementor-widget elementor-widget-icon-list\" data-id=\"56f2ef6\" data-element_type=\"widget\" data-e-type=\"widget\" data-widget_type=\"icon-list.default\">\n\t\t\t\t<div class=\"elementor-widget-container\">\n\t\t\t\t\t\t\t<ul class=\"elementor-icon-list-items elementor-inline-items\">\n\t\t\t\t\t\t\t<li class=\"elementor-icon-list-item elementor-inline-item\">\n\t\t\t\t\t\t\t\t\t\t\t<a href=\"mailto:sofi@bizmed.se\">\n\n\t\t\t\t\t\t\t\t\t\t\t\t<span class=\"elementor-icon-list-icon\">\n\t\t\t\t\t\t\t<i aria-hidden=\"true\" class=\"far fa-envelope\"><\/i>\t\t\t\t\t\t<\/span>\n\t\t\t\t\t\t\t\t\t\t<span class=\"elementor-icon-list-text\">sofi@bizmed.se<\/span>\n\t\t\t\t\t\t\t\t\t\t\t<\/a>\n\t\t\t\t\t\t\t\t\t<\/li>\n\t\t\t\t\t\t\t\t<li class=\"elementor-icon-list-item elementor-inline-item\">\n\t\t\t\t\t\t\t\t\t\t\t<a href=\"https:\/\/www.linkedin.com\/in\/sofifridland\/\" target=\"_blank\">\n\n\t\t\t\t\t\t\t\t\t\t\t\t<span class=\"elementor-icon-list-icon\">\n\t\t\t\t\t\t\t<i aria-hidden=\"true\" class=\"fab fa-linkedin\"><\/i>\t\t\t\t\t\t<\/span>\n\t\t\t\t\t\t\t\t\t\t<span class=\"elementor-icon-list-text\">LinkedIn<\/span>\n\t\t\t\t\t\t\t\t\t\t\t<\/a>\n\t\t\t\t\t\t\t\t\t<\/li>\n\t\t\t\t\t\t<\/ul>\n\t\t\t\t\t\t<\/div>\n\t\t\t\t<\/div>\n\t\t\t\t\t<\/div>\n\t\t<\/div>\n\t\t\t\t<div class=\"elementor-column elementor-col-50 elementor-inner-column elementor-element elementor-element-5818123\" data-id=\"5818123\" data-element_type=\"column\" data-e-type=\"column\">\n\t\t\t<div class=\"elementor-widget-wrap elementor-element-populated\">\n\t\t\t\t\t\t<div class=\"elementor-element elementor-element-da2b02a elementor-invisible elementor-widget elementor-widget-image\" data-id=\"da2b02a\" data-element_type=\"widget\" data-e-type=\"widget\" data-settings=\"{&quot;_animation&quot;:&quot;fadeInRight&quot;}\" data-widget_type=\"image.default\">\n\t\t\t\t<div class=\"elementor-widget-container\">\n\t\t\t\t\t\t\t\t\t\t\t\t\t\t\t<img fetchpriority=\"high\" decoding=\"async\" width=\"1920\" height=\"2560\" src=\"https:\/\/mentalfestivalen.se\/wp-content\/uploads\/2024\/07\/IMG_1486-scaled.jpg\" class=\"attachment-full size-full wp-image-12040\" alt=\"\" srcset=\"https:\/\/mentalfestivalen.se\/wp-content\/uploads\/2024\/07\/IMG_1486-scaled.jpg 1920w, https:\/\/mentalfestivalen.se\/wp-content\/uploads\/2024\/07\/IMG_1486-225x300.jpg 225w, https:\/\/mentalfestivalen.se\/wp-content\/uploads\/2024\/07\/IMG_1486-768x1024.jpg 768w, https:\/\/mentalfestivalen.se\/wp-content\/uploads\/2024\/07\/IMG_1486-1152x1536.jpg 1152w, https:\/\/mentalfestivalen.se\/wp-content\/uploads\/2024\/07\/IMG_1486-1536x2048.jpg 1536w, https:\/\/mentalfestivalen.se\/wp-content\/uploads\/2024\/07\/IMG_1486-9x12.jpg 9w\" sizes=\"(max-width: 1920px) 100vw, 1920px\" \/>\t\t\t\t\t\t\t\t\t\t\t\t\t\t\t<\/div>\n\t\t\t\t<\/div>\n\t\t\t\t\t<\/div>\n\t\t<\/div>\n\t\t\t\t\t<\/div>\n\t\t<\/section>\n\t\t\t\t<section class=\"elementor-section elementor-inner-section elementor-element elementor-element-6e6c740 elementor-reverse-mobile elementor-section-boxed elementor-section-height-default elementor-section-height-default\" data-id=\"6e6c740\" data-element_type=\"section\" data-e-type=\"section\">\n\t\t\t\t\t\t<div class=\"elementor-container elementor-column-gap-default\">\n\t\t\t\t\t<div class=\"elementor-column elementor-col-50 elementor-inner-column elementor-element elementor-element-9b8b2bf\" data-id=\"9b8b2bf\" data-element_type=\"column\" data-e-type=\"column\">\n\t\t\t<div class=\"elementor-widget-wrap elementor-element-populated\">\n\t\t\t\t\t\t<div class=\"elementor-element elementor-element-2e08696 elementor-invisible elementor-widget elementor-widget-heading\" data-id=\"2e08696\" data-element_type=\"widget\" data-e-type=\"widget\" data-settings=\"{&quot;_animation&quot;:&quot;fadeIn&quot;}\" data-widget_type=\"heading.default\">\n\t\t\t\t<div class=\"elementor-widget-container\">\n\t\t\t\t\t<h2 class=\"elementor-heading-title elementor-size-default\">Wilma Eriksson<\/h2>\t\t\t\t<\/div>\n\t\t\t\t<\/div>\n\t\t\t\t<div class=\"elementor-element elementor-element-2e86a03 elementor-widget elementor-widget-heading\" data-id=\"2e86a03\" data-element_type=\"widget\" data-e-type=\"widget\" data-widget_type=\"heading.default\">\n\t\t\t\t<div class=\"elementor-widget-container\">\n\t\t\t\t\t<h2 class=\"elementor-heading-title elementor-size-default\">Initiativtagare<\/h2>\t\t\t\t<\/div>\n\t\t\t\t<\/div>\n\t\t\t\t<div class=\"elementor-element elementor-element-970113d elementor-widget elementor-widget-text-editor\" data-id=\"970113d\" data-element_type=\"widget\" data-e-type=\"widget\" data-widget_type=\"text-editor.default\">\n\t\t\t\t<div class=\"elementor-widget-container\">\n\t\t\t\t\t\t\t\t\t<p><span style=\"font-weight: 400;\">Wilma \u00e4r initiativtagare till Mentalfestivalen och IRETURN. Wilma har sj\u00e4lv erfarenhet av utmattningsdepression. Wilma har en bakgrund inom snabbv\u00e4xande mjukvarubolag (sk. SaaS-bolag) och \u00e4r idag medgrundare till mjukvarubolaget vloxq CPQ.<\/span><\/p>\t\t\t\t\t\t\t\t<\/div>\n\t\t\t\t<\/div>\n\t\t\t\t<div class=\"elementor-element elementor-element-be76bd1 elementor-widget elementor-widget-toggle\" data-id=\"be76bd1\" data-element_type=\"widget\" data-e-type=\"widget\" data-widget_type=\"toggle.default\">\n\t\t\t\t<div class=\"elementor-widget-container\">\n\t\t\t\t\t\t\t<div class=\"elementor-toggle\">\n\t\t\t\t\t\t\t<div class=\"elementor-toggle-item\">\n\t\t\t\t\t<div id=\"elementor-tab-title-1991\" class=\"elementor-tab-title\" data-tab=\"1\" role=\"button\" aria-controls=\"elementor-tab-content-1991\" aria-expanded=\"false\">\n\t\t\t\t\t\t\t\t\t\t\t\t<span class=\"elementor-toggle-icon elementor-toggle-icon-left\" aria-hidden=\"true\">\n\t\t\t\t\t\t\t\t\t\t\t\t\t\t\t<span class=\"elementor-toggle-icon-closed\"><i class=\"fas fa-angle-down\"><\/i><\/span>\n\t\t\t\t\t\t\t\t<span class=\"elementor-toggle-icon-opened\"><i class=\"elementor-toggle-icon-opened fas fa-angle-up\"><\/i><\/span>\n\t\t\t\t\t\t\t\t\t\t\t\t\t<\/span>\n\t\t\t\t\t\t\t\t\t\t\t\t<a class=\"elementor-toggle-title\" tabindex=\"0\">L\u00e4s mer om Wilma<\/a>\n\t\t\t\t\t<\/div>\n\n\t\t\t\t\t<div id=\"elementor-tab-content-1991\" class=\"elementor-tab-content elementor-clearfix\" data-tab=\"1\" role=\"region\" aria-labelledby=\"elementor-tab-title-1991\"><p><span style=\"font-weight: 400;\">Tidigare var Wilma personlig tr\u00e4nare och brinner f\u00f6r<\/span><span style=\"font-weight: 400;\"> s<\/span><span style=\"font-weight: 400;\">\u00e5v\u00e4l<\/span><span style=\"font-weight: 400;\"> psykisk som fysisk h\u00e4lsa. Wilmas m\u00e5ls\u00e4ttning med s\u00e5v\u00e4l Mentalfestivalen och IRETURN \u00e4r att vi tillsammans ska motverka spridningen av arbetsrelaterad psykisk oh\u00e4lsa och att vi, som drabbade, s\u00e5 snabbt som m\u00f6jligt ska komma tillbaka och leva livet fullt ut igen. <\/span><\/p><\/div>\n\t\t\t\t<\/div>\n\t\t\t\t\t\t\t\t<\/div>\n\t\t\t\t\t\t<\/div>\n\t\t\t\t<\/div>\n\t\t\t\t<div class=\"elementor-element elementor-element-fd73969 elementor-icon-list--layout-inline elementor-align-start elementor-list-item-link-full_width elementor-widget elementor-widget-icon-list\" data-id=\"fd73969\" data-element_type=\"widget\" data-e-type=\"widget\" data-widget_type=\"icon-list.default\">\n\t\t\t\t<div class=\"elementor-widget-container\">\n\t\t\t\t\t\t\t<ul class=\"elementor-icon-list-items elementor-inline-items\">\n\t\t\t\t\t\t\t<li class=\"elementor-icon-list-item elementor-inline-item\">\n\t\t\t\t\t\t\t\t\t\t\t<a href=\"mailto:wilma@ireturn.se\">\n\n\t\t\t\t\t\t\t\t\t\t\t\t<span class=\"elementor-icon-list-icon\">\n\t\t\t\t\t\t\t<i aria-hidden=\"true\" class=\"far fa-envelope\"><\/i>\t\t\t\t\t\t<\/span>\n\t\t\t\t\t\t\t\t\t\t<span class=\"elementor-icon-list-text\">wilma@ireturn.se<\/span>\n\t\t\t\t\t\t\t\t\t\t\t<\/a>\n\t\t\t\t\t\t\t\t\t<\/li>\n\t\t\t\t\t\t\t\t<li class=\"elementor-icon-list-item elementor-inline-item\">\n\t\t\t\t\t\t\t\t\t\t\t<a href=\"tel:+46704810128\">\n\n\t\t\t\t\t\t\t\t\t\t\t\t<span class=\"elementor-icon-list-icon\">\n\t\t\t\t\t\t\t<i aria-hidden=\"true\" class=\"fas fa-phone-alt\"><\/i>\t\t\t\t\t\t<\/span>\n\t\t\t\t\t\t\t\t\t\t<span class=\"elementor-icon-list-text\">070 481 01 28<\/span>\n\t\t\t\t\t\t\t\t\t\t\t<\/a>\n\t\t\t\t\t\t\t\t\t<\/li>\n\t\t\t\t\t\t\t\t<li class=\"elementor-icon-list-item elementor-inline-item\">\n\t\t\t\t\t\t\t\t\t\t\t<a href=\"https:\/\/www.linkedin.com\/in\/wilma-eriksson\/\" target=\"_blank\">\n\n\t\t\t\t\t\t\t\t\t\t\t\t<span class=\"elementor-icon-list-icon\">\n\t\t\t\t\t\t\t<i aria-hidden=\"true\" class=\"fab fa-linkedin\"><\/i>\t\t\t\t\t\t<\/span>\n\t\t\t\t\t\t\t\t\t\t<span class=\"elementor-icon-list-text\">LinkedIn<\/span>\n\t\t\t\t\t\t\t\t\t\t\t<\/a>\n\t\t\t\t\t\t\t\t\t<\/li>\n\t\t\t\t\t\t<\/ul>\n\t\t\t\t\t\t<\/div>\n\t\t\t\t<\/div>\n\t\t\t\t\t<\/div>\n\t\t<\/div>\n\t\t\t\t<div class=\"elementor-column elementor-col-50 elementor-inner-column elementor-element elementor-element-19b859b\" data-id=\"19b859b\" data-element_type=\"column\" data-e-type=\"column\">\n\t\t\t<div class=\"elementor-widget-wrap elementor-element-populated\">\n\t\t\t\t\t\t<div class=\"elementor-element elementor-element-e092df2 elementor-invisible elementor-widget elementor-widget-image\" data-id=\"e092df2\" data-element_type=\"widget\" data-e-type=\"widget\" data-settings=\"{&quot;_animation&quot;:&quot;fadeInRight&quot;}\" data-widget_type=\"image.default\">\n\t\t\t\t<div class=\"elementor-widget-container\">\n\t\t\t\t\t\t\t\t\t\t\t\t\t\t\t<img decoding=\"async\" width=\"800\" height=\"800\" src=\"https:\/\/mentalfestivalen.se\/wp-content\/uploads\/2023\/02\/wilma.jpeg\" class=\"attachment-full size-full wp-image-11703\" alt=\"\" srcset=\"https:\/\/mentalfestivalen.se\/wp-content\/uploads\/2023\/02\/wilma.jpeg 800w, https:\/\/mentalfestivalen.se\/wp-content\/uploads\/2023\/02\/wilma-300x300.jpeg 300w, https:\/\/mentalfestivalen.se\/wp-content\/uploads\/2023\/02\/wilma-150x150.jpeg 150w, https:\/\/mentalfestivalen.se\/wp-content\/uploads\/2023\/02\/wilma-768x768.jpeg 768w, https:\/\/mentalfestivalen.se\/wp-content\/uploads\/2023\/02\/wilma-12x12.jpeg 12w\" sizes=\"(max-width: 800px) 100vw, 800px\" \/>\t\t\t\t\t\t\t\t\t\t\t\t\t\t\t<\/div>\n\t\t\t\t<\/div>\n\t\t\t\t\t<\/div>\n\t\t<\/div>\n\t\t\t\t\t<\/div>\n\t\t<\/section>\n\t\t\t\t<section class=\"elementor-section elementor-inner-section elementor-element elementor-element-03aa0b8 elementor-reverse-mobile elementor-section-boxed elementor-section-height-default elementor-section-height-default\" data-id=\"03aa0b8\" data-element_type=\"section\" data-e-type=\"section\">\n\t\t\t\t\t\t<div class=\"elementor-container elementor-column-gap-default\">\n\t\t\t\t\t<div class=\"elementor-column elementor-col-50 elementor-inner-column elementor-element elementor-element-9eda80d\" data-id=\"9eda80d\" data-element_type=\"column\" data-e-type=\"column\">\n\t\t\t<div class=\"elementor-widget-wrap elementor-element-populated\">\n\t\t\t\t\t\t<div class=\"elementor-element elementor-element-d580a26 elementor-invisible elementor-widget elementor-widget-heading\" data-id=\"d580a26\" data-element_type=\"widget\" data-e-type=\"widget\" data-settings=\"{&quot;_animation&quot;:&quot;fadeIn&quot;}\" data-widget_type=\"heading.default\">\n\t\t\t\t<div class=\"elementor-widget-container\">\n\t\t\t\t\t<h2 class=\"elementor-heading-title elementor-size-default\">Dejan Smiljanic<span style=\"font-family: Helvetica;font-size: 12px;font-style: normal;font-weight: 400;letter-spacing: normal;text-align: start;text-indent: 0px;text-transform: none;white-space: normal;text-decoration: none;float: none\"> <\/span><\/h2>\t\t\t\t<\/div>\n\t\t\t\t<\/div>\n\t\t\t\t<div class=\"elementor-element elementor-element-98fcc1c elementor-widget elementor-widget-heading\" data-id=\"98fcc1c\" data-element_type=\"widget\" data-e-type=\"widget\" data-widget_type=\"heading.default\">\n\t\t\t\t<div class=\"elementor-widget-container\">\n\t\t\t\t\t<h2 class=\"elementor-heading-title elementor-size-default\">Initiativtagare<\/h2>\t\t\t\t<\/div>\n\t\t\t\t<\/div>\n\t\t\t\t<div class=\"elementor-element elementor-element-8a96652 elementor-widget elementor-widget-text-editor\" data-id=\"8a96652\" data-element_type=\"widget\" data-e-type=\"widget\" data-widget_type=\"text-editor.default\">\n\t\t\t\t<div class=\"elementor-widget-container\">\n\t\t\t\t\t\t\t\t\t<p>Dejan \u00e4r en entrepren\u00f6r och en drivande arrang\u00f6r av event, galor och olika typer av konceptutvecklingar. Han har arbetat som marknadschef f\u00f6r expertbutikerna, arrangerat Seniorm\u00e4ssor och skapat Recruitment Awards. Ut\u00f6ver detta arbetar Dejan med kommunikation och event f\u00f6r flera olika branschorganisationer som Kredit, Compliance och Inkasso f\u00f6reningarna.<\/p><p>\u00a0<\/p>\t\t\t\t\t\t\t\t<\/div>\n\t\t\t\t<\/div>\n\t\t\t\t<div class=\"elementor-element elementor-element-e59684f elementor-widget elementor-widget-toggle\" data-id=\"e59684f\" data-element_type=\"widget\" data-e-type=\"widget\" data-widget_type=\"toggle.default\">\n\t\t\t\t<div class=\"elementor-widget-container\">\n\t\t\t\t\t\t\t<div class=\"elementor-toggle\">\n\t\t\t\t\t\t\t<div class=\"elementor-toggle-item\">\n\t\t\t\t\t<div id=\"elementor-tab-title-2401\" class=\"elementor-tab-title\" data-tab=\"1\" role=\"button\" aria-controls=\"elementor-tab-content-2401\" aria-expanded=\"false\">\n\t\t\t\t\t\t\t\t\t\t\t\t<span class=\"elementor-toggle-icon elementor-toggle-icon-left\" aria-hidden=\"true\">\n\t\t\t\t\t\t\t\t\t\t\t\t\t\t\t<span class=\"elementor-toggle-icon-closed\"><i class=\"fas fa-angle-down\"><\/i><\/span>\n\t\t\t\t\t\t\t\t<span class=\"elementor-toggle-icon-opened\"><i class=\"elementor-toggle-icon-opened fas fa-angle-up\"><\/i><\/span>\n\t\t\t\t\t\t\t\t\t\t\t\t\t<\/span>\n\t\t\t\t\t\t\t\t\t\t\t\t<a class=\"elementor-toggle-title\" tabindex=\"0\">L\u00e4s mer om Dejan<\/a>\n\t\t\t\t\t<\/div>\n\n\t\t\t\t\t<div id=\"elementor-tab-content-2401\" class=\"elementor-tab-content elementor-clearfix\" data-tab=\"1\" role=\"region\" aria-labelledby=\"elementor-tab-title-2401\"><p>Mer info kommer.<em><br \/><\/em><\/p><\/div>\n\t\t\t\t<\/div>\n\t\t\t\t\t\t\t\t<\/div>\n\t\t\t\t\t\t<\/div>\n\t\t\t\t<\/div>\n\t\t\t\t<div class=\"elementor-element elementor-element-ec60f7c elementor-icon-list--layout-inline elementor-align-start elementor-list-item-link-full_width elementor-widget elementor-widget-icon-list\" data-id=\"ec60f7c\" data-element_type=\"widget\" data-e-type=\"widget\" data-widget_type=\"icon-list.default\">\n\t\t\t\t<div class=\"elementor-widget-container\">\n\t\t\t\t\t\t\t<ul class=\"elementor-icon-list-items elementor-inline-items\">\n\t\t\t\t\t\t\t<li class=\"elementor-icon-list-item elementor-inline-item\">\n\t\t\t\t\t\t\t\t\t\t\t<a href=\"mailto:dejan@dejans.se\">\n\n\t\t\t\t\t\t\t\t\t\t\t\t<span class=\"elementor-icon-list-icon\">\n\t\t\t\t\t\t\t<i aria-hidden=\"true\" class=\"far fa-envelope\"><\/i>\t\t\t\t\t\t<\/span>\n\t\t\t\t\t\t\t\t\t\t<span class=\"elementor-icon-list-text\">Dejan@dejans.se<\/span>\n\t\t\t\t\t\t\t\t\t\t\t<\/a>\n\t\t\t\t\t\t\t\t\t<\/li>\n\t\t\t\t\t\t\t\t<li class=\"elementor-icon-list-item elementor-inline-item\">\n\t\t\t\t\t\t\t\t\t\t\t<a href=\"http:\/\/0706-77%2050%2076\">\n\n\t\t\t\t\t\t\t\t\t\t\t\t<span class=\"elementor-icon-list-icon\">\n\t\t\t\t\t\t\t<i aria-hidden=\"true\" class=\"fas fa-phone-alt\"><\/i>\t\t\t\t\t\t<\/span>\n\t\t\t\t\t\t\t\t\t\t<span class=\"elementor-icon-list-text\">073 402 01 14<\/span>\n\t\t\t\t\t\t\t\t\t\t\t<\/a>\n\t\t\t\t\t\t\t\t\t<\/li>\n\t\t\t\t\t\t\t\t<li class=\"elementor-icon-list-item elementor-inline-item\">\n\t\t\t\t\t\t\t\t\t\t\t<a href=\"https:\/\/www.linkedin.com\/in\/dejan-smiljanic-a06185147\/\" target=\"_blank\">\n\n\t\t\t\t\t\t\t\t\t\t\t\t<span class=\"elementor-icon-list-icon\">\n\t\t\t\t\t\t\t<i aria-hidden=\"true\" class=\"fab fa-linkedin\"><\/i>\t\t\t\t\t\t<\/span>\n\t\t\t\t\t\t\t\t\t\t<span class=\"elementor-icon-list-text\">LinkedIn<\/span>\n\t\t\t\t\t\t\t\t\t\t\t<\/a>\n\t\t\t\t\t\t\t\t\t<\/li>\n\t\t\t\t\t\t<\/ul>\n\t\t\t\t\t\t<\/div>\n\t\t\t\t<\/div>\n\t\t\t\t\t<\/div>\n\t\t<\/div>\n\t\t\t\t<div class=\"elementor-column elementor-col-50 elementor-inner-column elementor-element elementor-element-85aefd9\" data-id=\"85aefd9\" data-element_type=\"column\" data-e-type=\"column\">\n\t\t\t<div class=\"elementor-widget-wrap elementor-element-populated\">\n\t\t\t\t\t\t<div class=\"elementor-element elementor-element-7539b1d elementor-invisible elementor-widget elementor-widget-image\" data-id=\"7539b1d\" data-element_type=\"widget\" data-e-type=\"widget\" data-settings=\"{&quot;_animation&quot;:&quot;fadeInRight&quot;}\" data-widget_type=\"image.default\">\n\t\t\t\t<div class=\"elementor-widget-container\">\n\t\t\t\t\t\t\t\t\t\t\t\t\t\t\t<img decoding=\"async\" width=\"872\" height=\"1280\" src=\"https:\/\/mentalfestivalen.se\/wp-content\/uploads\/2024\/07\/2-4.jpg\" class=\"attachment-full size-full wp-image-12010\" alt=\"\" srcset=\"https:\/\/mentalfestivalen.se\/wp-content\/uploads\/2024\/07\/2-4.jpg 872w, https:\/\/mentalfestivalen.se\/wp-content\/uploads\/2024\/07\/2-4-204x300.jpg 204w, https:\/\/mentalfestivalen.se\/wp-content\/uploads\/2024\/07\/2-4-698x1024.jpg 698w, https:\/\/mentalfestivalen.se\/wp-content\/uploads\/2024\/07\/2-4-768x1127.jpg 768w, https:\/\/mentalfestivalen.se\/wp-content\/uploads\/2024\/07\/2-4-8x12.jpg 8w\" sizes=\"(max-width: 872px) 100vw, 872px\" \/>\t\t\t\t\t\t\t\t\t\t\t\t\t\t\t<\/div>\n\t\t\t\t<\/div>\n\t\t\t\t\t<\/div>\n\t\t<\/div>\n\t\t\t\t\t<\/div>\n\t\t<\/section>\n\t\t\t\t<section class=\"elementor-section elementor-inner-section elementor-element elementor-element-85334e3 elementor-reverse-mobile elementor-section-boxed elementor-section-height-default elementor-section-height-default\" data-id=\"85334e3\" data-element_type=\"section\" data-e-type=\"section\">\n\t\t\t\t\t\t<div class=\"elementor-container elementor-column-gap-default\">\n\t\t\t\t\t<div class=\"elementor-column elementor-col-50 elementor-inner-column elementor-element elementor-element-c595e05\" data-id=\"c595e05\" data-element_type=\"column\" data-e-type=\"column\">\n\t\t\t<div class=\"elementor-widget-wrap elementor-element-populated\">\n\t\t\t\t\t\t<div class=\"elementor-element elementor-element-ad623b9 elementor-invisible elementor-widget elementor-widget-heading\" data-id=\"ad623b9\" data-element_type=\"widget\" data-e-type=\"widget\" data-settings=\"{&quot;_animation&quot;:&quot;fadeIn&quot;}\" data-widget_type=\"heading.default\">\n\t\t\t\t<div class=\"elementor-widget-container\">\n\t\t\t\t\t<h2 class=\"elementor-heading-title elementor-size-default\">David Hedberg<\/h2>\t\t\t\t<\/div>\n\t\t\t\t<\/div>\n\t\t\t\t<div class=\"elementor-element elementor-element-99a2e93 elementor-widget elementor-widget-heading\" data-id=\"99a2e93\" data-element_type=\"widget\" data-e-type=\"widget\" data-widget_type=\"heading.default\">\n\t\t\t\t<div class=\"elementor-widget-container\">\n\t\t\t\t\t<h2 class=\"elementor-heading-title elementor-size-default\">Initiativtagare<\/h2>\t\t\t\t<\/div>\n\t\t\t\t<\/div>\n\t\t\t\t<div class=\"elementor-element elementor-element-5fe3803 elementor-widget elementor-widget-text-editor\" data-id=\"5fe3803\" data-element_type=\"widget\" data-e-type=\"widget\" data-widget_type=\"text-editor.default\">\n\t\t\t\t<div class=\"elementor-widget-container\">\n\t\t\t\t\t\t\t\t\t<p><span style=\"font-weight: 400;\">Under 2024, n\u00e4r coronan \u00e4ntligen sl\u00e4ppt sitt grepp om v\u00e4rlden s\u00e5 startades f\u00f6retaget Bosse With Friends AB. Grundaren och projektledaren David Hedberg kan stoltsera med n\u00e4stan tv\u00e5 decenniers erfarenhet inom event- och marknadsf\u00f6ringsbranschen d\u00e4r han genom \u00e5ren har han byggt upp en imponerande kunskap inom marknadsf\u00f6ring, produktion och f\u00f6rs\u00e4ljning.<\/span><\/p>\t\t\t\t\t\t\t\t<\/div>\n\t\t\t\t<\/div>\n\t\t\t\t<div class=\"elementor-element elementor-element-6673a95 elementor-widget elementor-widget-toggle\" data-id=\"6673a95\" data-element_type=\"widget\" data-e-type=\"widget\" data-widget_type=\"toggle.default\">\n\t\t\t\t<div class=\"elementor-widget-container\">\n\t\t\t\t\t\t\t<div class=\"elementor-toggle\">\n\t\t\t\t\t\t\t<div class=\"elementor-toggle-item\">\n\t\t\t\t\t<div id=\"elementor-tab-title-1071\" class=\"elementor-tab-title\" data-tab=\"1\" role=\"button\" aria-controls=\"elementor-tab-content-1071\" aria-expanded=\"false\">\n\t\t\t\t\t\t\t\t\t\t\t\t<span class=\"elementor-toggle-icon elementor-toggle-icon-left\" aria-hidden=\"true\">\n\t\t\t\t\t\t\t\t\t\t\t\t\t\t\t<span class=\"elementor-toggle-icon-closed\"><i class=\"fas fa-angle-down\"><\/i><\/span>\n\t\t\t\t\t\t\t\t<span class=\"elementor-toggle-icon-opened\"><i class=\"elementor-toggle-icon-opened fas fa-angle-up\"><\/i><\/span>\n\t\t\t\t\t\t\t\t\t\t\t\t\t<\/span>\n\t\t\t\t\t\t\t\t\t\t\t\t<a class=\"elementor-toggle-title\" tabindex=\"0\">L\u00e4s mer om David<\/a>\n\t\t\t\t\t<\/div>\n\n\t\t\t\t\t<div id=\"elementor-tab-content-1071\" class=\"elementor-tab-content elementor-clearfix\" data-tab=\"1\" role=\"region\" aria-labelledby=\"elementor-tab-title-1071\"><p><span style=\"font-weight: 400;\">Text kommer.<\/span><i><span style=\"font-weight: 400;\"><br \/><\/span><\/i><\/p><\/div>\n\t\t\t\t<\/div>\n\t\t\t\t\t\t\t\t<\/div>\n\t\t\t\t\t\t<\/div>\n\t\t\t\t<\/div>\n\t\t\t\t<div class=\"elementor-element elementor-element-1cc3242 elementor-icon-list--layout-inline elementor-align-start elementor-list-item-link-full_width elementor-widget elementor-widget-icon-list\" data-id=\"1cc3242\" data-element_type=\"widget\" data-e-type=\"widget\" data-widget_type=\"icon-list.default\">\n\t\t\t\t<div class=\"elementor-widget-container\">\n\t\t\t\t\t\t\t<ul class=\"elementor-icon-list-items elementor-inline-items\">\n\t\t\t\t\t\t\t<li class=\"elementor-icon-list-item elementor-inline-item\">\n\t\t\t\t\t\t\t\t\t\t\t<a href=\"mailto:david@bossewithfriends.se\">\n\n\t\t\t\t\t\t\t\t\t\t\t\t<span class=\"elementor-icon-list-icon\">\n\t\t\t\t\t\t\t<i aria-hidden=\"true\" class=\"far fa-envelope\"><\/i>\t\t\t\t\t\t<\/span>\n\t\t\t\t\t\t\t\t\t\t<span class=\"elementor-icon-list-text\">david@bossewithfriends.se<\/span>\n\t\t\t\t\t\t\t\t\t\t\t<\/a>\n\t\t\t\t\t\t\t\t\t<\/li>\n\t\t\t\t\t\t\t\t<li class=\"elementor-icon-list-item elementor-inline-item\">\n\t\t\t\t\t\t\t\t\t\t\t<a href=\"tel:+4670303656\">\n\n\t\t\t\t\t\t\t\t\t\t\t\t<span class=\"elementor-icon-list-icon\">\n\t\t\t\t\t\t\t<i aria-hidden=\"true\" class=\"fas fa-phone-alt\"><\/i>\t\t\t\t\t\t<\/span>\n\t\t\t\t\t\t\t\t\t\t<span class=\"elementor-icon-list-text\">076 030 36 56<\/span>\n\t\t\t\t\t\t\t\t\t\t\t<\/a>\n\t\t\t\t\t\t\t\t\t<\/li>\n\t\t\t\t\t\t\t\t<li class=\"elementor-icon-list-item elementor-inline-item\">\n\t\t\t\t\t\t\t\t\t\t\t<a href=\"https:\/\/www.linkedin.com\/in\/david-hedberg\/\" target=\"_blank\">\n\n\t\t\t\t\t\t\t\t\t\t\t\t<span class=\"elementor-icon-list-icon\">\n\t\t\t\t\t\t\t<i aria-hidden=\"true\" class=\"fab fa-linkedin\"><\/i>\t\t\t\t\t\t<\/span>\n\t\t\t\t\t\t\t\t\t\t<span class=\"elementor-icon-list-text\">LinkedIn<\/span>\n\t\t\t\t\t\t\t\t\t\t\t<\/a>\n\t\t\t\t\t\t\t\t\t<\/li>\n\t\t\t\t\t\t<\/ul>\n\t\t\t\t\t\t<\/div>\n\t\t\t\t<\/div>\n\t\t\t\t\t<\/div>\n\t\t<\/div>\n\t\t\t\t<div class=\"elementor-column elementor-col-50 elementor-inner-column elementor-element elementor-element-11ec75b\" data-id=\"11ec75b\" data-element_type=\"column\" data-e-type=\"column\">\n\t\t\t<div class=\"elementor-widget-wrap elementor-element-populated\">\n\t\t\t\t\t\t<div class=\"elementor-element elementor-element-dd2b402 elementor-invisible elementor-widget elementor-widget-image\" data-id=\"dd2b402\" data-element_type=\"widget\" data-e-type=\"widget\" data-settings=\"{&quot;_animation&quot;:&quot;fadeInRight&quot;}\" data-widget_type=\"image.default\">\n\t\t\t\t<div class=\"elementor-widget-container\">\n\t\t\t\t\t\t\t\t\t\t\t\t\t\t\t<img loading=\"lazy\" decoding=\"async\" width=\"1054\" height=\"1151\" src=\"https:\/\/mentalfestivalen.se\/wp-content\/uploads\/2024\/08\/David.jpg\" class=\"attachment-full size-full wp-image-12064\" alt=\"\" srcset=\"https:\/\/mentalfestivalen.se\/wp-content\/uploads\/2024\/08\/David.jpg 1054w, https:\/\/mentalfestivalen.se\/wp-content\/uploads\/2024\/08\/David-275x300.jpg 275w, https:\/\/mentalfestivalen.se\/wp-content\/uploads\/2024\/08\/David-938x1024.jpg 938w, https:\/\/mentalfestivalen.se\/wp-content\/uploads\/2024\/08\/David-768x839.jpg 768w, https:\/\/mentalfestivalen.se\/wp-content\/uploads\/2024\/08\/David-11x12.jpg 11w\" sizes=\"(max-width: 1054px) 100vw, 1054px\" \/>\t\t\t\t\t\t\t\t\t\t\t\t\t\t\t<\/div>\n\t\t\t\t<\/div>\n\t\t\t\t\t<\/div>\n\t\t<\/div>\n\t\t\t\t\t<\/div>\n\t\t<\/section>\n\t\t\t\t<section class=\"elementor-section elementor-inner-section elementor-element elementor-element-27ea3005 elementor-reverse-mobile elementor-section-boxed elementor-section-height-default elementor-section-height-default\" data-id=\"27ea3005\" data-element_type=\"section\" data-e-type=\"section\">\n\t\t\t\t\t\t<div class=\"elementor-container elementor-column-gap-default\">\n\t\t\t\t\t<div class=\"elementor-column elementor-col-50 elementor-inner-column elementor-element elementor-element-1a79c615\" data-id=\"1a79c615\" data-element_type=\"column\" data-e-type=\"column\">\n\t\t\t<div class=\"elementor-widget-wrap elementor-element-populated\">\n\t\t\t\t\t\t<div class=\"elementor-element elementor-element-1f5168c elementor-invisible elementor-widget elementor-widget-heading\" data-id=\"1f5168c\" data-element_type=\"widget\" data-e-type=\"widget\" data-settings=\"{&quot;_animation&quot;:&quot;fadeIn&quot;}\" data-widget_type=\"heading.default\">\n\t\t\t\t<div class=\"elementor-widget-container\">\n\t\t\t\t\t<h2 class=\"elementor-heading-title elementor-size-default\">Mats Wernheim<\/h2>\t\t\t\t<\/div>\n\t\t\t\t<\/div>\n\t\t\t\t<div class=\"elementor-element elementor-element-c0a7023 elementor-widget elementor-widget-heading\" data-id=\"c0a7023\" data-element_type=\"widget\" data-e-type=\"widget\" data-widget_type=\"heading.default\">\n\t\t\t\t<div class=\"elementor-widget-container\">\n\t\t\t\t\t<h2 class=\"elementor-heading-title elementor-size-default\">Initiativtagare<\/h2>\t\t\t\t<\/div>\n\t\t\t\t<\/div>\n\t\t\t\t<div class=\"elementor-element elementor-element-38145219 elementor-widget elementor-widget-text-editor\" data-id=\"38145219\" data-element_type=\"widget\" data-e-type=\"widget\" data-widget_type=\"text-editor.default\">\n\t\t\t\t<div class=\"elementor-widget-container\">\n\t\t\t\t\t\t\t\t\t<p>Mats \u00e4r en id\u00e9skapare och m\u00e5ngsidig serieentrepren\u00f6r<br \/>som har arbetat inom bemannings-och rekryteringsbranschen sedan 1991. Han \u00e4r bland annat grundare av bemanningsf\u00f6retaget MAYDAY, 1991, s\u00e5lt till ISS 2000 och ATS-f\u00f6rtaget ZeroLime s\u00e5lt till Intelliplan<br \/>2021. Han \u00e4r ocks\u00e5 VD &amp; initiativtagare till <a href=\"http:\/\/www.jobbfestivalen.se\" target=\"_blank\" rel=\"noopener\">Jobbfestivalen<\/a> med tema M\u00e5ngfald &amp; Inkludering.<\/p><ul><li>2023 Utsedd till en av de tre fr\u00e4msta f\u00f6rebilderna i Sverige<\/li><li>Styrelsemedlem i Diversity Charter Sweden.<\/li><li>Guldmedalj\u00f6r i Employer branding SM p\u00e5 Magnet Awards i klassen M\u00e5ngfald &amp; Inkludering<\/li><\/ul>\t\t\t\t\t\t\t\t<\/div>\n\t\t\t\t<\/div>\n\t\t\t\t<div class=\"elementor-element elementor-element-f2f4a42 elementor-icon-list--layout-inline elementor-align-start elementor-list-item-link-full_width elementor-widget elementor-widget-icon-list\" data-id=\"f2f4a42\" data-element_type=\"widget\" data-e-type=\"widget\" data-widget_type=\"icon-list.default\">\n\t\t\t\t<div class=\"elementor-widget-container\">\n\t\t\t\t\t\t\t<ul class=\"elementor-icon-list-items elementor-inline-items\">\n\t\t\t\t\t\t\t<li class=\"elementor-icon-list-item elementor-inline-item\">\n\t\t\t\t\t\t\t\t\t\t\t<a href=\"mailto:mats@ireturn.se\">\n\n\t\t\t\t\t\t\t\t\t\t\t\t<span class=\"elementor-icon-list-icon\">\n\t\t\t\t\t\t\t<i aria-hidden=\"true\" class=\"far fa-envelope\"><\/i>\t\t\t\t\t\t<\/span>\n\t\t\t\t\t\t\t\t\t\t<span class=\"elementor-icon-list-text\">mats@ireturn.se<\/span>\n\t\t\t\t\t\t\t\t\t\t\t<\/a>\n\t\t\t\t\t\t\t\t\t<\/li>\n\t\t\t\t\t\t\t\t<li class=\"elementor-icon-list-item elementor-inline-item\">\n\t\t\t\t\t\t\t\t\t\t\t<a href=\"tel:+46702825890\">\n\n\t\t\t\t\t\t\t\t\t\t\t\t<span class=\"elementor-icon-list-icon\">\n\t\t\t\t\t\t\t<i aria-hidden=\"true\" class=\"fas fa-phone-alt\"><\/i>\t\t\t\t\t\t<\/span>\n\t\t\t\t\t\t\t\t\t\t<span class=\"elementor-icon-list-text\">070 282 58 90<\/span>\n\t\t\t\t\t\t\t\t\t\t\t<\/a>\n\t\t\t\t\t\t\t\t\t<\/li>\n\t\t\t\t\t\t\t\t<li class=\"elementor-icon-list-item elementor-inline-item\">\n\t\t\t\t\t\t\t\t\t\t\t<a href=\"https:\/\/www.linkedin.com\/in\/matswernheim\/\" target=\"_blank\">\n\n\t\t\t\t\t\t\t\t\t\t\t\t<span class=\"elementor-icon-list-icon\">\n\t\t\t\t\t\t\t<i aria-hidden=\"true\" class=\"fab fa-linkedin\"><\/i>\t\t\t\t\t\t<\/span>\n\t\t\t\t\t\t\t\t\t\t<span class=\"elementor-icon-list-text\">LinkedIn<\/span>\n\t\t\t\t\t\t\t\t\t\t\t<\/a>\n\t\t\t\t\t\t\t\t\t<\/li>\n\t\t\t\t\t\t<\/ul>\n\t\t\t\t\t\t<\/div>\n\t\t\t\t<\/div>\n\t\t\t\t\t<\/div>\n\t\t<\/div>\n\t\t\t\t<div class=\"elementor-column elementor-col-50 elementor-inner-column elementor-element elementor-element-46bf3123\" data-id=\"46bf3123\" data-element_type=\"column\" data-e-type=\"column\">\n\t\t\t<div class=\"elementor-widget-wrap elementor-element-populated\">\n\t\t\t\t\t\t<div class=\"elementor-element elementor-element-1910090f elementor-invisible elementor-widget elementor-widget-image\" data-id=\"1910090f\" data-element_type=\"widget\" data-e-type=\"widget\" data-settings=\"{&quot;_animation&quot;:&quot;fadeInRight&quot;}\" data-widget_type=\"image.default\">\n\t\t\t\t<div class=\"elementor-widget-container\">\n\t\t\t\t\t\t\t\t\t\t\t\t\t\t\t<img loading=\"lazy\" decoding=\"async\" width=\"721\" height=\"900\" src=\"https:\/\/mentalfestivalen.se\/wp-content\/uploads\/2022\/07\/mats-e1657214781184.jpg\" class=\"attachment-full size-full wp-image-7623\" alt=\"Mats Wernheim\" srcset=\"https:\/\/mentalfestivalen.se\/wp-content\/uploads\/2022\/07\/mats-e1657214781184.jpg 721w, https:\/\/mentalfestivalen.se\/wp-content\/uploads\/2022\/07\/mats-e1657214781184-240x300.jpg 240w, https:\/\/mentalfestivalen.se\/wp-content\/uploads\/2022\/07\/mats-e1657214781184-10x12.jpg 10w\" sizes=\"(max-width: 721px) 100vw, 721px\" \/>\t\t\t\t\t\t\t\t\t\t\t\t\t\t\t<\/div>\n\t\t\t\t<\/div>\n\t\t\t\t\t<\/div>\n\t\t<\/div>\n\t\t\t\t\t<\/div>\n\t\t<\/section>\n\t\t\t\t\t<\/div>\n\t\t<\/div>\n\t\t\t\t\t<\/div>\n\t\t<\/section>\n\t\t\t\t<section class=\"elementor-section elementor-top-section elementor-element elementor-element-56a4b36b elementor-section-boxed elementor-section-height-default elementor-section-height-default\" data-id=\"56a4b36b\" data-element_type=\"section\" data-e-type=\"section\" data-settings=\"{&quot;background_background&quot;:&quot;classic&quot;,&quot;background_motion_fx_motion_fx_scrolling&quot;:&quot;yes&quot;,&quot;background_motion_fx_translateX_effect&quot;:&quot;yes&quot;,&quot;background_motion_fx_translateX_direction&quot;:&quot;negative&quot;,&quot;background_motion_fx_translateX_speed&quot;:{&quot;unit&quot;:&quot;px&quot;,&quot;size&quot;:2.4,&quot;sizes&quot;:[]},&quot;background_motion_fx_translateX_affectedRange&quot;:{&quot;unit&quot;:&quot;%&quot;,&quot;size&quot;:&quot;&quot;,&quot;sizes&quot;:{&quot;start&quot;:0,&quot;end&quot;:100}},&quot;background_motion_fx_devices&quot;:[&quot;desktop&quot;,&quot;tablet&quot;,&quot;mobile&quot;]}\">\n\t\t\t\t\t\t\t<div class=\"elementor-background-overlay\"><\/div>\n\t\t\t\t\t\t\t<div class=\"elementor-container elementor-column-gap-default\">\n\t\t\t\t\t<div class=\"elementor-column elementor-col-100 elementor-top-column elementor-element elementor-element-4e5a6570\" data-id=\"4e5a6570\" data-element_type=\"column\" data-e-type=\"column\">\n\t\t\t<div class=\"elementor-widget-wrap elementor-element-populated\">\n\t\t\t\t\t\t<div class=\"elementor-element elementor-element-2ba7a630 elementor-invisible elementor-widget elementor-widget-heading\" data-id=\"2ba7a630\" data-element_type=\"widget\" data-e-type=\"widget\" data-settings=\"{&quot;_animation&quot;:&quot;fadeIn&quot;}\" data-widget_type=\"heading.default\">\n\t\t\t\t<div class=\"elementor-widget-container\">\n\t\t\t\t\t<h2 class=\"elementor-heading-title elementor-size-default\">Fakta om begreppen <span style=\"color: #F6D9D6\">psykisk h\u00e4lsa och psykisk oh\u00e4lsa<\/span>.<\/h2>\t\t\t\t<\/div>\n\t\t\t\t<\/div>\n\t\t\t\t<div class=\"elementor-element elementor-element-ce71c65 elementor-widget elementor-widget-heading\" data-id=\"ce71c65\" data-element_type=\"widget\" data-e-type=\"widget\" data-widget_type=\"heading.default\">\n\t\t\t\t<div class=\"elementor-widget-container\">\n\t\t\t\t\t<h2 class=\"elementor-heading-title elementor-size-default\">Psykisk oh\u00e4lsa<\/h2>\t\t\t\t<\/div>\n\t\t\t\t<\/div>\n\t\t\t\t<div class=\"elementor-element elementor-element-33a03f4 elementor-widget elementor-widget-text-editor\" data-id=\"33a03f4\" data-element_type=\"widget\" data-e-type=\"widget\" data-widget_type=\"text-editor.default\">\n\t\t\t\t<div class=\"elementor-widget-container\">\n\t\t\t\t\t\t\t\t\t<p><span style=\"font-weight: 400;\">Psykisk oh\u00e4lsa \u00e4r ett samlingsbegrepp f\u00f6r tillst\u00e5nd med olika sv\u00e5righetsgrad och varaktighet. Hit h\u00f6r b\u00e5de psykiska besv\u00e4r och psykiatriska tillst\u00e5nd. Gemensamt \u00e4r att b\u00e5da orsakar lidande, antingen f\u00f6r individen sj\u00e4lv eller f\u00f6r omgivningen. Psykisk oh\u00e4lsa \u00e4r ofta f\u00f6renat med sv\u00e5righeter att fungera i vardagslivet, till exempel i relation till andra m\u00e4nniskor eller att arbeta eller studera. Dessa sv\u00e5righeter kan dock se v\u00e4ldigt olika ut bland annat beroende p\u00e5 individens egenskaper, det sociala sammanhanget och vilken typ av psykisk oh\u00e4lsa det handlar om.\u00a0<\/span><span style=\"font-weight: 400;\">Psykiska besv\u00e4r har vanligen mindre p\u00e5verkan p\u00e5 v\u00e5rt s\u00e4tt att fungera \u00e4n psykiatriska tillst\u00e5nd. Psykisk oh\u00e4lsa inkluderar allts\u00e5 s\u00e5v\u00e4l psykiska besv\u00e4r som psykiatriska tillst\u00e5nd d\u00e4r det finns fastst\u00e4llda diagnoskriterier. Psykiska besv\u00e4r kan i vissa fall senare leda till att en individ utvecklar psykiatriska tillst\u00e5nd.\u00a0<\/span><\/p>\t\t\t\t\t\t\t\t<\/div>\n\t\t\t\t<\/div>\n\t\t\t\t<div class=\"elementor-element elementor-element-ea33ef6 elementor-widget elementor-widget-heading\" data-id=\"ea33ef6\" data-element_type=\"widget\" data-e-type=\"widget\" data-widget_type=\"heading.default\">\n\t\t\t\t<div class=\"elementor-widget-container\">\n\t\t\t\t\t<h2 class=\"elementor-heading-title elementor-size-default\">Psykiska besv\u00e4r<\/h2>\t\t\t\t<\/div>\n\t\t\t\t<\/div>\n\t\t\t\t<div class=\"elementor-element elementor-element-2f23e93 elementor-widget elementor-widget-text-editor\" data-id=\"2f23e93\" data-element_type=\"widget\" data-e-type=\"widget\" data-widget_type=\"text-editor.default\">\n\t\t\t\t<div class=\"elementor-widget-container\">\n\t\t\t\t\t\t\t\t\t<p><span style=\"font-weight: 400;\">Psykiska besv\u00e4r \u00e4r vanligt f\u00f6rekommande i befolkningen och \u00e4r n\u00e5got vi alla kan drabbas av fr\u00e5n tid till annan. Ofta handlar det om normala reaktioner p\u00e5 p\u00e5frestningar i livet. Besv\u00e4ren kan vara mildare eller sv\u00e5rare och de kan p\u00e5g\u00e5 under kortare eller l\u00e4ngre perioder. Psykiska besv\u00e4r \u00e4r mindre komplexa \u00e4n psykiatriska tillst\u00e5nd och kan till exempel best\u00e5 av enstaka besv\u00e4r.\u00a0<\/span><\/p><p><span style=\"font-weight: 400;\">Ibland kan psykiska besv\u00e4r ge kroppsliga symtom som exempelvis huvudv\u00e4rk, magont, ryggv\u00e4rk eller yrsel. De psykiska besv\u00e4ren kan beroende p\u00e5 typ och omfattning i olika grad p\u00e5verka f\u00f6rm\u00e5gan att klara av viktiga och n\u00f6dv\u00e4ndiga vardagsfunktioner \u2013 arbeta, studera, \u00e4gna sig \u00e5t fritidsaktiviteter och hobbyer, ta hand om sig sj\u00e4lv och andra \u2013 i den milj\u00f6 som man lever i.<\/span><\/p><p class=\"p1\"><span style=\"font-weight: 400;\">Exempel p\u00e5 psykiska besv\u00e4r \u00e4r:<\/span><\/p>\t\t\t\t\t\t\t\t<\/div>\n\t\t\t\t<\/div>\n\t\t\t\t<div class=\"elementor-element elementor-element-182bdae elementor-icon-list--layout-traditional elementor-list-item-link-full_width elementor-widget elementor-widget-icon-list\" data-id=\"182bdae\" data-element_type=\"widget\" data-e-type=\"widget\" data-widget_type=\"icon-list.default\">\n\t\t\t\t<div class=\"elementor-widget-container\">\n\t\t\t\t\t\t\t<ul class=\"elementor-icon-list-items\">\n\t\t\t\t\t\t\t<li class=\"elementor-icon-list-item\">\n\t\t\t\t\t\t\t\t\t\t\t<span class=\"elementor-icon-list-icon\">\n\t\t\t\t\t\t\t<i aria-hidden=\"true\" class=\"fas fa-heart\"><\/i>\t\t\t\t\t\t<\/span>\n\t\t\t\t\t\t\t\t\t\t<span class=\"elementor-icon-list-text\">Koncentrationssv\u00e5righeter<\/span>\n\t\t\t\t\t\t\t\t\t<\/li>\n\t\t\t\t\t\t\t\t<li class=\"elementor-icon-list-item\">\n\t\t\t\t\t\t\t\t\t\t\t<span class=\"elementor-icon-list-icon\">\n\t\t\t\t\t\t\t<i aria-hidden=\"true\" class=\"fas fa-heart\"><\/i>\t\t\t\t\t\t<\/span>\n\t\t\t\t\t\t\t\t\t\t<span class=\"elementor-icon-list-text\">Oro och \u00e5ngest<\/span>\n\t\t\t\t\t\t\t\t\t<\/li>\n\t\t\t\t\t\t\t\t<li class=\"elementor-icon-list-item\">\n\t\t\t\t\t\t\t\t\t\t\t<span class=\"elementor-icon-list-icon\">\n\t\t\t\t\t\t\t<i aria-hidden=\"true\" class=\"fas fa-heart\"><\/i>\t\t\t\t\t\t<\/span>\n\t\t\t\t\t\t\t\t\t\t<span class=\"elementor-icon-list-text\">Nedst\u00e4mdhet<\/span>\n\t\t\t\t\t\t\t\t\t<\/li>\n\t\t\t\t\t\t\t\t<li class=\"elementor-icon-list-item\">\n\t\t\t\t\t\t\t\t\t\t\t<span class=\"elementor-icon-list-icon\">\n\t\t\t\t\t\t\t<i aria-hidden=\"true\" class=\"fas fa-heart\"><\/i>\t\t\t\t\t\t<\/span>\n\t\t\t\t\t\t\t\t\t\t<span class=\"elementor-icon-list-text\">Psykisk tr\u00f6tthet<\/span>\n\t\t\t\t\t\t\t\t\t<\/li>\n\t\t\t\t\t\t\t\t<li class=\"elementor-icon-list-item\">\n\t\t\t\t\t\t\t\t\t\t\t<span class=\"elementor-icon-list-icon\">\n\t\t\t\t\t\t\t<i aria-hidden=\"true\" class=\"fas fa-heart\"><\/i>\t\t\t\t\t\t<\/span>\n\t\t\t\t\t\t\t\t\t\t<span class=\"elementor-icon-list-text\">Sj\u00e4lvhat och destruktivitet<\/span>\n\t\t\t\t\t\t\t\t\t<\/li>\n\t\t\t\t\t\t\t\t<li class=\"elementor-icon-list-item\">\n\t\t\t\t\t\t\t\t\t\t\t<span class=\"elementor-icon-list-icon\">\n\t\t\t\t\t\t\t<i aria-hidden=\"true\" class=\"fas fa-heart\"><\/i>\t\t\t\t\t\t<\/span>\n\t\t\t\t\t\t\t\t\t\t<span class=\"elementor-icon-list-text\">Sj\u00e4lvmordstankar<\/span>\n\t\t\t\t\t\t\t\t\t<\/li>\n\t\t\t\t\t\t\t\t<li class=\"elementor-icon-list-item\">\n\t\t\t\t\t\t\t\t\t\t\t<span class=\"elementor-icon-list-icon\">\n\t\t\t\t\t\t\t<i aria-hidden=\"true\" class=\"fas fa-heart\"><\/i>\t\t\t\t\t\t<\/span>\n\t\t\t\t\t\t\t\t\t\t<span class=\"elementor-icon-list-text\">S\u00f6mnsv\u00e5righeter<\/span>\n\t\t\t\t\t\t\t\t\t<\/li>\n\t\t\t\t\t\t<\/ul>\n\t\t\t\t\t\t<\/div>\n\t\t\t\t<\/div>\n\t\t\t\t<div class=\"elementor-element elementor-element-23fb620 elementor-widget elementor-widget-text-editor\" data-id=\"23fb620\" data-element_type=\"widget\" data-e-type=\"widget\" data-widget_type=\"text-editor.default\">\n\t\t\t\t<div class=\"elementor-widget-container\">\n\t\t\t\t\t\t\t\t\t<p><span style=\"font-weight: 400;\">I begreppsmodellen anv\u00e4nds begreppet psykiska besv\u00e4r f\u00f6r psykisk oh\u00e4lsa d\u00e4r kraven f\u00f6r en psykiatrisk diagnos inte \u00e4r uppfyllda.<\/span><\/p>\t\t\t\t\t\t\t\t<\/div>\n\t\t\t\t<\/div>\n\t\t\t\t<div class=\"elementor-element elementor-element-9aa3e7f elementor-widget elementor-widget-heading\" data-id=\"9aa3e7f\" data-element_type=\"widget\" data-e-type=\"widget\" data-widget_type=\"heading.default\">\n\t\t\t\t<div class=\"elementor-widget-container\">\n\t\t\t\t\t<h2 class=\"elementor-heading-title elementor-size-default\">Psykiatriska tillst\u00e5nd<\/h2>\t\t\t\t<\/div>\n\t\t\t\t<\/div>\n\t\t\t\t<div class=\"elementor-element elementor-element-16034a9 elementor-widget elementor-widget-text-editor\" data-id=\"16034a9\" data-element_type=\"widget\" data-e-type=\"widget\" data-widget_type=\"text-editor.default\">\n\t\t\t\t<div class=\"elementor-widget-container\">\n\t\t\t\t\t\t\t\t\t<p><span style=\"font-weight: 400;\">Psykiatriska tillst\u00e5nd \u00e4r psykisk oh\u00e4lsa d\u00e4r kraven f\u00f6r en psykiatrisk diagnos \u00e4r uppfyllda. Till skillnad fr\u00e5n psykiska besv\u00e4r m\u00e5ste flera kriterier f\u00f6religga f\u00f6r att en diagnos ska kunna st\u00e4llas. Symptomen m\u00e5ste \u00e4ven ha varit n\u00e4rvarande under en viss sammanh\u00e4ngande tidsperiod, vanligen minst 14 dagar och medf\u00f6ra en neds\u00e4ttning av psykisk funktionsf\u00f6rm\u00e5ga.\u00a0<\/span><\/p><p><span style=\"font-weight: 400;\">Psykiatriska tillst\u00e5nd kan vara av best\u00e5ende eller av \u00f6verg\u00e5ende natur och avgr\u00e4nsas utifr\u00e5n diagnostiska kriterier i internationella diagnossystem (ICD\/DSM). Bland personer med psykiatriska tillst\u00e5nd inkluderas ocks\u00e5 de som, om de hade s\u00f6kt h\u00e4lso- och sjukv\u00e5rd, hade uppfyllt kriterierna f\u00f6r en viss psykiatrisk diagnos, som om den hade st\u00e4llts av l\u00e4kare inom specialiserad h\u00e4lso- och sjukv\u00e5rd, och rapporterats till Patientregistret. Ett psykiatriskt tillst\u00e5nd kan allts\u00e5 f\u00f6rekomma oavsett om diagnosen fastst\u00e4llts och registrerats av h\u00e4lso- och sjukv\u00e5rden eller inte. I de m\u00e4tningar som g\u00f6rs av psykiatriska tillst\u00e5nd i befolkningen \u00e4r det av praktiska sk\u00e4l oftast enbart fastst\u00e4llda och registrerade diagnoser som inkluderas.\u00a0<\/span><\/p><p><span style=\"font-weight: 400;\">Psykiatriska tillst\u00e5nd kan delas in i psykiska sjukdomar och syndrom respektive utvecklingsrelaterade psykiska funktionsavvikelser. Psykiska sjukdomar och syndrom Psykiska sjukdomar och syndrom kan debutera n\u00e4r som helst under livet till skillnad fr\u00e5n utvecklingsrelaterade psykiska funktionsavvikelser som utvecklas under barndomen. <\/span><\/p><p><span style=\"font-weight: 400;\">Exempel p\u00e5 psykiska sjukdomar och syndrom \u00e4r:<\/span><\/p>\t\t\t\t\t\t\t\t<\/div>\n\t\t\t\t<\/div>\n\t\t\t\t<div class=\"elementor-element elementor-element-acd7fa2 elementor-icon-list--layout-traditional elementor-list-item-link-full_width elementor-widget elementor-widget-icon-list\" data-id=\"acd7fa2\" data-element_type=\"widget\" data-e-type=\"widget\" data-widget_type=\"icon-list.default\">\n\t\t\t\t<div class=\"elementor-widget-container\">\n\t\t\t\t\t\t\t<ul class=\"elementor-icon-list-items\">\n\t\t\t\t\t\t\t<li class=\"elementor-icon-list-item\">\n\t\t\t\t\t\t\t\t\t\t\t<span class=\"elementor-icon-list-icon\">\n\t\t\t\t\t\t\t<i aria-hidden=\"true\" class=\"fas fa-heart\"><\/i>\t\t\t\t\t\t<\/span>\n\t\t\t\t\t\t\t\t\t\t<span class=\"elementor-icon-list-text\">Depressiva syndrom<\/span>\n\t\t\t\t\t\t\t\t\t<\/li>\n\t\t\t\t\t\t\t\t<li class=\"elementor-icon-list-item\">\n\t\t\t\t\t\t\t\t\t\t\t<span class=\"elementor-icon-list-icon\">\n\t\t\t\t\t\t\t<i aria-hidden=\"true\" class=\"fas fa-heart\"><\/i>\t\t\t\t\t\t<\/span>\n\t\t\t\t\t\t\t\t\t\t<span class=\"elementor-icon-list-text\">\u00c5ngestsyndrom<\/span>\n\t\t\t\t\t\t\t\t\t<\/li>\n\t\t\t\t\t\t\t\t<li class=\"elementor-icon-list-item\">\n\t\t\t\t\t\t\t\t\t\t\t<span class=\"elementor-icon-list-icon\">\n\t\t\t\t\t\t\t<i aria-hidden=\"true\" class=\"fas fa-heart\"><\/i>\t\t\t\t\t\t<\/span>\n\t\t\t\t\t\t\t\t\t\t<span class=\"elementor-icon-list-text\">Skadligt bruk och beroende<\/span>\n\t\t\t\t\t\t\t\t\t<\/li>\n\t\t\t\t\t\t\t\t<li class=\"elementor-icon-list-item\">\n\t\t\t\t\t\t\t\t\t\t\t<span class=\"elementor-icon-list-icon\">\n\t\t\t\t\t\t\t<i aria-hidden=\"true\" class=\"fas fa-heart\"><\/i>\t\t\t\t\t\t<\/span>\n\t\t\t\t\t\t\t\t\t\t<span class=\"elementor-icon-list-text\">Tv\u00e5ngssyndrom<\/span>\n\t\t\t\t\t\t\t\t\t<\/li>\n\t\t\t\t\t\t\t\t<li class=\"elementor-icon-list-item\">\n\t\t\t\t\t\t\t\t\t\t\t<span class=\"elementor-icon-list-icon\">\n\t\t\t\t\t\t\t<i aria-hidden=\"true\" class=\"fas fa-heart\"><\/i>\t\t\t\t\t\t<\/span>\n\t\t\t\t\t\t\t\t\t\t<span class=\"elementor-icon-list-text\">Trauma- och stressrelaterade syndrom<\/span>\n\t\t\t\t\t\t\t\t\t<\/li>\n\t\t\t\t\t\t\t\t<li class=\"elementor-icon-list-item\">\n\t\t\t\t\t\t\t\t\t\t\t<span class=\"elementor-icon-list-icon\">\n\t\t\t\t\t\t\t<i aria-hidden=\"true\" class=\"fas fa-heart\"><\/i>\t\t\t\t\t\t<\/span>\n\t\t\t\t\t\t\t\t\t\t<span class=\"elementor-icon-list-text\">Utagerande beteende- och impulskontrollst\u00f6rningar<\/span>\n\t\t\t\t\t\t\t\t\t<\/li>\n\t\t\t\t\t\t\t\t<li class=\"elementor-icon-list-item\">\n\t\t\t\t\t\t\t\t\t\t\t<span class=\"elementor-icon-list-icon\">\n\t\t\t\t\t\t\t<i aria-hidden=\"true\" class=\"fas fa-heart\"><\/i>\t\t\t\t\t\t<\/span>\n\t\t\t\t\t\t\t\t\t\t<span class=\"elementor-icon-list-text\">Personlighetssyndrom<\/span>\n\t\t\t\t\t\t\t\t\t<\/li>\n\t\t\t\t\t\t\t\t<li class=\"elementor-icon-list-item\">\n\t\t\t\t\t\t\t\t\t\t\t<span class=\"elementor-icon-list-icon\">\n\t\t\t\t\t\t\t<i aria-hidden=\"true\" class=\"fas fa-heart\"><\/i>\t\t\t\t\t\t<\/span>\n\t\t\t\t\t\t\t\t\t\t<span class=\"elementor-icon-list-text\">Schizofrenispektrumsyndrom, andra psykoser samt katatoni<\/span>\n\t\t\t\t\t\t\t\t\t<\/li>\n\t\t\t\t\t\t<\/ul>\n\t\t\t\t\t\t<\/div>\n\t\t\t\t<\/div>\n\t\t\t\t<div class=\"elementor-element elementor-element-5f7767d elementor-widget elementor-widget-text-editor\" data-id=\"5f7767d\" data-element_type=\"widget\" data-e-type=\"widget\" data-widget_type=\"text-editor.default\">\n\t\t\t\t<div class=\"elementor-widget-container\">\n\t\t\t\t\t\t\t\t\t<p>K\u00e4lla: Begrepp inom omr\u00e5det psykisk h\u00e4lsa, 2020, framtagen av Folkh\u00e4lsomyndigheten, Socialstyrelsen och Sveriges kommuner och regioner<\/p>\t\t\t\t\t\t\t\t<\/div>\n\t\t\t\t<\/div>\n\t\t\t\t<div class=\"elementor-element elementor-element-3a0268f elementor-widget elementor-widget-spacer\" data-id=\"3a0268f\" data-element_type=\"widget\" data-e-type=\"widget\" data-widget_type=\"spacer.default\">\n\t\t\t\t<div class=\"elementor-widget-container\">\n\t\t\t\t\t\t\t<div class=\"elementor-spacer\">\n\t\t\t<div class=\"elementor-spacer-inner\"><\/div>\n\t\t<\/div>\n\t\t\t\t\t\t<\/div>\n\t\t\t\t<\/div>\n\t\t\t\t\t<\/div>\n\t\t<\/div>\n\t\t\t\t\t<\/div>\n\t\t<\/section>\n\t\t\t\t<section class=\"elementor-section elementor-top-section elementor-element elementor-element-149b90e elementor-section-boxed elementor-section-height-default elementor-section-height-default\" data-id=\"149b90e\" data-element_type=\"section\" data-e-type=\"section\">\n\t\t\t\t\t\t<div class=\"elementor-container elementor-column-gap-default\">\n\t\t\t\t\t<div class=\"elementor-column elementor-col-100 elementor-top-column elementor-element elementor-element-e1bd7c7\" data-id=\"e1bd7c7\" data-element_type=\"column\" data-e-type=\"column\">\n\t\t\t<div class=\"elementor-widget-wrap elementor-element-populated\">\n\t\t\t\t\t\t<div class=\"elementor-element elementor-element-d2d9f64 elementor-widget elementor-widget-menu-anchor\" data-id=\"d2d9f64\" data-element_type=\"widget\" data-e-type=\"widget\" data-widget_type=\"menu-anchor.default\">\n\t\t\t\t<div class=\"elementor-widget-container\">\n\t\t\t\t\t\t\t<div class=\"elementor-menu-anchor\" id=\"om\"><\/div>\n\t\t\t\t\t\t<\/div>\n\t\t\t\t<\/div>\n\t\t\t\t\t<\/div>\n\t\t<\/div>\n\t\t\t\t\t<\/div>\n\t\t<\/section>\n\t\t\t\t<section class=\"elementor-section elementor-top-section elementor-element elementor-element-68ece6f8 elementor-section-boxed elementor-section-height-default elementor-section-height-default\" data-id=\"68ece6f8\" data-element_type=\"section\" data-e-type=\"section\" data-settings=\"{&quot;background_background&quot;:&quot;classic&quot;,&quot;background_motion_fx_motion_fx_scrolling&quot;:&quot;yes&quot;,&quot;background_motion_fx_translateX_effect&quot;:&quot;yes&quot;,&quot;background_motion_fx_translateX_speed&quot;:{&quot;unit&quot;:&quot;px&quot;,&quot;size&quot;:4,&quot;sizes&quot;:[]},&quot;background_motion_fx_translateX_affectedRange&quot;:{&quot;unit&quot;:&quot;%&quot;,&quot;size&quot;:&quot;&quot;,&quot;sizes&quot;:{&quot;start&quot;:0,&quot;end&quot;:100}},&quot;background_motion_fx_devices&quot;:[&quot;desktop&quot;,&quot;tablet&quot;,&quot;mobile&quot;]}\">\n\t\t\t\t\t\t\t<div class=\"elementor-background-overlay\"><\/div>\n\t\t\t\t\t\t\t<div class=\"elementor-container elementor-column-gap-default\">\n\t\t\t\t\t<div class=\"elementor-column elementor-col-100 elementor-top-column elementor-element elementor-element-2df52b0a\" data-id=\"2df52b0a\" data-element_type=\"column\" data-e-type=\"column\">\n\t\t\t<div class=\"elementor-widget-wrap elementor-element-populated\">\n\t\t\t\t\t\t<div class=\"elementor-element elementor-element-767867cc elementor-invisible elementor-widget elementor-widget-heading\" data-id=\"767867cc\" data-element_type=\"widget\" data-e-type=\"widget\" data-settings=\"{&quot;_animation&quot;:&quot;fadeIn&quot;}\" data-widget_type=\"heading.default\">\n\t\t\t\t<div class=\"elementor-widget-container\">\n\t\t\t\t\t<h2 class=\"elementor-heading-title elementor-size-default\">Mentalfestivalen med tema psykisk h\u00e4lsa \u00e4r en <br>m\u00f6tesplats f\u00f6r <span style=\"color: #cc7f8a\">drabbade<\/span> och <span style=\"color: #cc7f8a\">f\u00f6retag<\/span><\/h2>\t\t\t\t<\/div>\n\t\t\t\t<\/div>\n\t\t\t\t<div class=\"elementor-element elementor-element-5a52c75a elementor-widget elementor-widget-spacer\" data-id=\"5a52c75a\" data-element_type=\"widget\" data-e-type=\"widget\" data-widget_type=\"spacer.default\">\n\t\t\t\t<div class=\"elementor-widget-container\">\n\t\t\t\t\t\t\t<div class=\"elementor-spacer\">\n\t\t\t<div class=\"elementor-spacer-inner\"><\/div>\n\t\t<\/div>\n\t\t\t\t\t\t<\/div>\n\t\t\t\t<\/div>\n\t\t\t\t<div class=\"elementor-element elementor-element-3b9c7d elementor-widget elementor-widget-text-editor\" data-id=\"3b9c7d\" data-element_type=\"widget\" data-e-type=\"widget\" data-widget_type=\"text-editor.default\">\n\t\t\t\t<div class=\"elementor-widget-container\">\n\t\t\t\t\t\t\t\t\t<p><span style=\"font-weight: 400;\">Mentalfestivalen arrangeras av IRETURN som \u00e4r en hub f\u00f6r dig som upplever arbetsrelaterad psykisk oh\u00e4lsa. IRETURN drivs av fyra eldsj\u00e4lar som alla har egen erfarenhet av psykisk oh\u00e4lsa och som vill f\u00f6rb\u00e4ttra st\u00f6det till drabbade och anh\u00f6riga. Vi vill \u00f6ka kunskapen och \u00f6ppenheten om arbetsrelaterad psykisk h\u00e4lsa i samh\u00e4llet och f\u00f6rb\u00e4ttra st\u00f6det till drabbade och anh\u00f6riga.<\/span><\/p><p><b>Om IRETURN<\/b><span style=\"font-weight: 400;\">\u00a0<\/span><\/p><p><span style=\"font-weight: 400;\">IRETURN \u00e4r hubben f\u00f6r dig som upplever, eller \u00e4r anh\u00f6rig till n\u00e5gon som upplever, psykisk arbetsrelaterad oh\u00e4lsa. H\u00e4r kan du f\u00e5 st\u00f6d av n\u00e5gon som f\u00f6rst\u00e5r dig och kanske till och med, en gnutta hopp. Vi g\u00f6r det lite enklare f\u00f6r dig att hitta hj\u00e4lp, styrka och ger dig ett bollplank fr\u00e5n andra i liknande situation som du. Vi erbjuder st\u00f6dsamtal i grupp f\u00f6r drabbade och anh\u00f6riga. L\u00e4s mer p\u00e5\u00a0<a href=\"http:\/\/www.ireturn.se\">http:\/\/www.ireturn.se<\/a><\/span><\/p>\t\t\t\t\t\t\t\t<\/div>\n\t\t\t\t<\/div>\n\t\t\t\t<div class=\"elementor-element elementor-element-3a83609c elementor-align-center elementor-widget__width-auto elementor-widget-mobile__width-inherit elementor-hidden-desktop elementor-hidden-tablet elementor-hidden-mobile elementor-widget elementor-widget-button\" data-id=\"3a83609c\" data-element_type=\"widget\" data-e-type=\"widget\" data-widget_type=\"button.default\">\n\t\t\t\t<div class=\"elementor-widget-container\">\n\t\t\t\t\t\t\t\t\t<div class=\"elementor-button-wrapper\">\n\t\t\t\t\t<a class=\"elementor-button elementor-button-link elementor-size-sm\" href=\"https:\/\/mentalfestivalen.se\/inspiration\/\">\n\t\t\t\t\t\t<span class=\"elementor-button-content-wrapper\">\n\t\t\t\t\t\t\t\t\t<span class=\"elementor-button-text\">V\u00e5r inspiration<\/span>\n\t\t\t\t\t<\/span>\n\t\t\t\t\t<\/a>\n\t\t\t\t<\/div>\n\t\t\t\t\t\t\t\t<\/div>\n\t\t\t\t<\/div>\n\t\t\t\t<div class=\"elementor-element elementor-element-6f696ff0 elementor-align-left elementor-widget__width-auto elementor-mobile-align-center elementor-widget-mobile__width-inherit elementor-widget elementor-widget-button\" data-id=\"6f696ff0\" data-element_type=\"widget\" data-e-type=\"widget\" data-widget_type=\"button.default\">\n\t\t\t\t<div class=\"elementor-widget-container\">\n\t\t\t\t\t\t\t\t\t<div class=\"elementor-button-wrapper\">\n\t\t\t\t\t<a class=\"elementor-button elementor-button-link elementor-size-sm\" href=\"https:\/\/mentalfestivalen.se\/bli-utstallare\/\">\n\t\t\t\t\t\t<span class=\"elementor-button-content-wrapper\">\n\t\t\t\t\t\t\t\t\t<span class=\"elementor-button-text\">Bli utst\u00e4llare<\/span>\n\t\t\t\t\t<\/span>\n\t\t\t\t\t<\/a>\n\t\t\t\t<\/div>\n\t\t\t\t\t\t\t\t<\/div>\n\t\t\t\t<\/div>\n\t\t\t\t<div class=\"elementor-element elementor-element-4a69763 elementor-widget elementor-widget-menu-anchor\" data-id=\"4a69763\" data-element_type=\"widget\" data-e-type=\"widget\" data-widget_type=\"menu-anchor.default\">\n\t\t\t\t<div class=\"elementor-widget-container\">\n\t\t\t\t\t\t\t<div class=\"elementor-menu-anchor\" id=\"fragor\"><\/div>\n\t\t\t\t\t\t<\/div>\n\t\t\t\t<\/div>\n\t\t\t\t<div class=\"elementor-element elementor-element-2861fff elementor-widget elementor-widget-spacer\" data-id=\"2861fff\" data-element_type=\"widget\" data-e-type=\"widget\" data-widget_type=\"spacer.default\">\n\t\t\t\t<div class=\"elementor-widget-container\">\n\t\t\t\t\t\t\t<div class=\"elementor-spacer\">\n\t\t\t<div class=\"elementor-spacer-inner\"><\/div>\n\t\t<\/div>\n\t\t\t\t\t\t<\/div>\n\t\t\t\t<\/div>\n\t\t\t\t<div class=\"elementor-element elementor-element-ff8ec4d elementor-widget elementor-widget-heading\" data-id=\"ff8ec4d\" data-element_type=\"widget\" data-e-type=\"widget\" data-widget_type=\"heading.default\">\n\t\t\t\t<div class=\"elementor-widget-container\">\n\t\t\t\t\t<h2 class=\"elementor-heading-title elementor-size-default\">Vanliga fr\u00e5gor om Mentalfestivalen med psykisk h\u00e4lsa<\/h2>\t\t\t\t<\/div>\n\t\t\t\t<\/div>\n\t\t\t\t<div class=\"elementor-element elementor-element-cc0ef73 elementor-widget elementor-widget-toggle\" data-id=\"cc0ef73\" data-element_type=\"widget\" data-e-type=\"widget\" data-widget_type=\"toggle.default\">\n\t\t\t\t<div class=\"elementor-widget-container\">\n\t\t\t\t\t\t\t<div class=\"elementor-toggle\">\n\t\t\t\t\t\t\t<div class=\"elementor-toggle-item\">\n\t\t\t\t\t<div id=\"elementor-tab-title-2131\" class=\"elementor-tab-title\" data-tab=\"1\" role=\"button\" aria-controls=\"elementor-tab-content-2131\" aria-expanded=\"false\">\n\t\t\t\t\t\t\t\t\t\t\t\t<span class=\"elementor-toggle-icon elementor-toggle-icon-left\" aria-hidden=\"true\">\n\t\t\t\t\t\t\t\t\t\t\t\t\t\t\t<span class=\"elementor-toggle-icon-closed\"><i class=\"fas fa-plus\"><\/i><\/span>\n\t\t\t\t\t\t\t\t<span class=\"elementor-toggle-icon-opened\"><i class=\"elementor-toggle-icon-opened fas fa-minus\"><\/i><\/span>\n\t\t\t\t\t\t\t\t\t\t\t\t\t<\/span>\n\t\t\t\t\t\t\t\t\t\t\t\t<a class=\"elementor-toggle-title\" tabindex=\"0\">Varf\u00f6r arrangerar ni en m\u00e4ssa om just psykisk h\u00e4lsa?<\/a>\n\t\t\t\t\t<\/div>\n\n\t\t\t\t\t<div id=\"elementor-tab-content-2131\" class=\"elementor-tab-content elementor-clearfix\" data-tab=\"1\" role=\"region\" aria-labelledby=\"elementor-tab-title-2131\"><p><span style=\"font-weight: 400;\">Den psykiska oh\u00e4lsan \u00f6kar i Sverige och st\u00e5r f\u00f6r drygt 40% av sjukfallen. Det finns ett stort behov av att vi alla arbetar aktivt f\u00f6r en b\u00e4ttre psykisk h\u00e4lsa &#8211; b\u00e5de i arbetslivet och privat. Vi beh\u00f6ver ocks\u00e5 \u00f6ka kunskapen och f\u00f6rst\u00e5elsen om psykisk oh\u00e4lsa och f\u00f6r\u00e4ndra attityderna som kan m\u00f6ta drabbade. Syftet med festivalen \u00e4r att lyfta fr\u00e5gan om psykisk h\u00e4lsa, \u00f6ka kunskapen och skapa m\u00f6ten mellan b\u00e5de f\u00f6retag, drabbade och beslutsfattare.<\/span><\/p><\/div>\n\t\t\t\t<\/div>\n\t\t\t\t\t\t\t<div class=\"elementor-toggle-item\">\n\t\t\t\t\t<div id=\"elementor-tab-title-2132\" class=\"elementor-tab-title\" data-tab=\"2\" role=\"button\" aria-controls=\"elementor-tab-content-2132\" aria-expanded=\"false\">\n\t\t\t\t\t\t\t\t\t\t\t\t<span class=\"elementor-toggle-icon elementor-toggle-icon-left\" aria-hidden=\"true\">\n\t\t\t\t\t\t\t\t\t\t\t\t\t\t\t<span class=\"elementor-toggle-icon-closed\"><i class=\"fas fa-plus\"><\/i><\/span>\n\t\t\t\t\t\t\t\t<span class=\"elementor-toggle-icon-opened\"><i class=\"elementor-toggle-icon-opened fas fa-minus\"><\/i><\/span>\n\t\t\t\t\t\t\t\t\t\t\t\t\t<\/span>\n\t\t\t\t\t\t\t\t\t\t\t\t<a class=\"elementor-toggle-title\" tabindex=\"0\">I en allt mer digitaliserad v\u00e4rld, varf\u00f6r satsar ni p\u00e5 ett traditionellt format som en fysisk m\u00e4ssa?<\/a>\n\t\t\t\t\t<\/div>\n\n\t\t\t\t\t<div id=\"elementor-tab-content-2132\" class=\"elementor-tab-content elementor-clearfix\" data-tab=\"2\" role=\"region\" aria-labelledby=\"elementor-tab-title-2132\"><p><span style=\"font-weight: 400;\">Vi tror p\u00e5 m\u00f6ten och gemenskap mellan m\u00e4nniskor, att det finns ett merv\u00e4rde i att kunna tr\u00e4ffas och f\u00f6ra samtal om psykisk h\u00e4lsa och oh\u00e4lsa. Men f\u00f6r att kunna n\u00e5 \u00e4nnu fler kommer festivalen \u00e4ven att finnas tillg\u00e4nglig i digitalt format<\/span><\/p><\/div>\n\t\t\t\t<\/div>\n\t\t\t\t\t\t\t<div class=\"elementor-toggle-item\">\n\t\t\t\t\t<div id=\"elementor-tab-title-2133\" class=\"elementor-tab-title\" data-tab=\"3\" role=\"button\" aria-controls=\"elementor-tab-content-2133\" aria-expanded=\"false\">\n\t\t\t\t\t\t\t\t\t\t\t\t<span class=\"elementor-toggle-icon elementor-toggle-icon-left\" aria-hidden=\"true\">\n\t\t\t\t\t\t\t\t\t\t\t\t\t\t\t<span class=\"elementor-toggle-icon-closed\"><i class=\"fas fa-plus\"><\/i><\/span>\n\t\t\t\t\t\t\t\t<span class=\"elementor-toggle-icon-opened\"><i class=\"elementor-toggle-icon-opened fas fa-minus\"><\/i><\/span>\n\t\t\t\t\t\t\t\t\t\t\t\t\t<\/span>\n\t\t\t\t\t\t\t\t\t\t\t\t<a class=\"elementor-toggle-title\" tabindex=\"0\">Ni har valt Kungstr\u00e4dg\u00e5rden som plats f\u00f6r m\u00e4ssan, vad \u00e4r orsaken till det?<\/a>\n\t\t\t\t\t<\/div>\n\n\t\t\t\t\t<div id=\"elementor-tab-content-2133\" class=\"elementor-tab-content elementor-clearfix\" data-tab=\"3\" role=\"region\" aria-labelledby=\"elementor-tab-title-2133\"><p><span style=\"font-weight: 400;\">Kungstr\u00e4dg\u00e5rden ligger mitt i stan i Stockholm och \u00e4r tillg\u00e4ngligt f\u00f6r alla. Varje dag passerar h\u00e4r tusentals m\u00e4nniskor och psykisk h\u00e4lsa ber\u00f6r alla. Oavsett bakgrund, jobb, \u00e5lder osv. D\u00e4rf\u00f6r kan vi inte t\u00e4nka oss en b\u00e4ttre plats f\u00f6r att n\u00e5 ut och kunna inkludera m\u00e5nga m\u00e4nniskor med festivalen!<\/span><\/p><\/div>\n\t\t\t\t<\/div>\n\t\t\t\t\t\t\t<div class=\"elementor-toggle-item\">\n\t\t\t\t\t<div id=\"elementor-tab-title-2134\" class=\"elementor-tab-title\" data-tab=\"4\" role=\"button\" aria-controls=\"elementor-tab-content-2134\" aria-expanded=\"false\">\n\t\t\t\t\t\t\t\t\t\t\t\t<span class=\"elementor-toggle-icon elementor-toggle-icon-left\" aria-hidden=\"true\">\n\t\t\t\t\t\t\t\t\t\t\t\t\t\t\t<span class=\"elementor-toggle-icon-closed\"><i class=\"fas fa-plus\"><\/i><\/span>\n\t\t\t\t\t\t\t\t<span class=\"elementor-toggle-icon-opened\"><i class=\"elementor-toggle-icon-opened fas fa-minus\"><\/i><\/span>\n\t\t\t\t\t\t\t\t\t\t\t\t\t<\/span>\n\t\t\t\t\t\t\t\t\t\t\t\t<a class=\"elementor-toggle-title\" tabindex=\"0\">Vad kan man g\u00f6ra p\u00e5 Mentalfestivalen?<\/a>\n\t\t\t\t\t<\/div>\n\n\t\t\t\t\t<div id=\"elementor-tab-content-2134\" class=\"elementor-tab-content elementor-clearfix\" data-tab=\"4\" role=\"region\" aria-labelledby=\"elementor-tab-title-2134\"><p><span style=\"font-weight: 400;\">Man kan bes\u00f6ka alla montrar som utst\u00e4llarna har &#8211; d\u00e4r finns information om hur de arbetar f\u00f6r psykisk h\u00e4lsa p\u00e5 olika s\u00e4tt. Det kommer hela dagen att vara intressanta programpunkter p\u00e5 b\u00e5de stora och lilla scenen. H\u00e4r kan du lyssna till sp\u00e4nnande f\u00f6redrag och viktiga samtal om psykisk h\u00e4lsa och f\u00e5 mer kunskap p\u00e5 \u00e4mnet. Du har ocks\u00e5 m\u00f6jlighet att tr\u00e4ffa f\u00f6retag, organisationer och beslutsfattare f\u00f6r egna samtal och fr\u00e5gor!<\/span><\/p><\/div>\n\t\t\t\t<\/div>\n\t\t\t\t\t\t\t<div class=\"elementor-toggle-item\">\n\t\t\t\t\t<div id=\"elementor-tab-title-2135\" class=\"elementor-tab-title\" data-tab=\"5\" role=\"button\" aria-controls=\"elementor-tab-content-2135\" aria-expanded=\"false\">\n\t\t\t\t\t\t\t\t\t\t\t\t<span class=\"elementor-toggle-icon elementor-toggle-icon-left\" aria-hidden=\"true\">\n\t\t\t\t\t\t\t\t\t\t\t\t\t\t\t<span class=\"elementor-toggle-icon-closed\"><i class=\"fas fa-plus\"><\/i><\/span>\n\t\t\t\t\t\t\t\t<span class=\"elementor-toggle-icon-opened\"><i class=\"elementor-toggle-icon-opened fas fa-minus\"><\/i><\/span>\n\t\t\t\t\t\t\t\t\t\t\t\t\t<\/span>\n\t\t\t\t\t\t\t\t\t\t\t\t<a class=\"elementor-toggle-title\" tabindex=\"0\">Vilken organisation st\u00e5r bakom m\u00e4ssan, och finns det ett vinstintresse i evenemanget?<\/a>\n\t\t\t\t\t<\/div>\n\n\t\t\t\t\t<div id=\"elementor-tab-content-2135\" class=\"elementor-tab-content elementor-clearfix\" data-tab=\"5\" role=\"region\" aria-labelledby=\"elementor-tab-title-2135\"><p><span style=\"font-weight: 400;\">Mentalfestivalen arrangeras av IRETURN som \u00e4r en hub i form av ett aktiebolag f\u00f6r dig som \u00e4r drabbad av arbetsrelaterad psykisk oh\u00e4lsa. IRETURN drivs av fyra personer som alla har egen erfarenhet av arbetsrelaterad psykisk oh\u00e4lsa och som brinner f\u00f6r att ge st\u00f6d och kunskap p\u00e5 temat s\u00e5 att ingen ska beh\u00f6va drabbas. Mentalfestivalen vill lyfta fram psykisk h\u00e4lsa i bred bem\u00e4rkelse. Syftet \u00e4r inte att g\u00f6ra vinst utan merparten av ett eventuellt \u00f6verskott kommer att stanna i bolaget f\u00f6r att investera i fler insatser som fr\u00e4mjar st\u00f6d och kunskap inom psykisk h\u00e4lsa.<\/span><\/p><\/div>\n\t\t\t\t<\/div>\n\t\t\t\t\t\t\t\t<\/div>\n\t\t\t\t\t\t<\/div>\n\t\t\t\t<\/div>\n\t\t\t\t\t<\/div>\n\t\t<\/div>\n\t\t\t\t\t<\/div>\n\t\t<\/section>\n\t\t\t\t<section class=\"elementor-section elementor-top-section elementor-element elementor-element-629ae354 elementor-section-full_width elementor-section-height-default elementor-section-height-default\" data-id=\"629ae354\" data-element_type=\"section\" data-e-type=\"section\">\n\t\t\t\t\t\t<div class=\"elementor-container elementor-column-gap-default\">\n\t\t\t\t\t<div class=\"elementor-column elementor-col-100 elementor-top-column elementor-element elementor-element-337463d8\" data-id=\"337463d8\" data-element_type=\"column\" data-e-type=\"column\">\n\t\t\t<div class=\"elementor-widget-wrap\">\n\t\t\t\t\t\t\t<\/div>\n\t\t<\/div>\n\t\t\t\t\t<\/div>\n\t\t<\/section>\n\t\t\t\t<\/div>\n\t\t","protected":false},"excerpt":{"rendered":"<p>Vi som arrangerar Mentalfestivalen med tema psykisk h\u00e4lsa V\u00e4lkommen till Mentalfestivalen med tema psykisk h\u00e4lsa den 22 maj 2025 i Kungstr\u00e4dg\u00e5rden, Stockholm Sofi Fridland Initiativtagare Sofi Fridland \u00e4r expert inom aff\u00e4rsutveckling med \u00f6ver 10 \u00e5rs erfarenhet inom HR &amp; rekrytering. Sofi brinner f\u00f6r m\u00e5ngfald, inkludering och h\u00e4lsofr\u00e5gor. Hon \u00e4r sedan 2023 grundare av BizMed, ett [&hellip;]<\/p>\n","protected":false},"author":8,"featured_media":12087,"parent":0,"menu_order":0,"comment_status":"closed","ping_status":"closed","template":"","meta":{"_acf_changed":false,"site-sidebar-layout":"no-sidebar","site-content-layout":"page-builder","ast-site-content-layout":"default","site-content-style":"default","site-sidebar-style":"default","ast-global-header-display":"","ast-banner-title-visibility":"","ast-main-header-display":"","ast-hfb-above-header-display":"","ast-hfb-below-header-display":"","ast-hfb-mobile-header-display":"","site-post-title":"disabled","ast-breadcrumbs-content":"","ast-featured-img":"disabled","footer-sml-layout":"","ast-disable-related-posts":"","theme-transparent-header-meta":"default","adv-header-id-meta":"","stick-header-meta":"default","header-above-stick-meta":"","header-main-stick-meta":"","header-below-stick-meta":"","astra-migrate-meta-layouts":"default","ast-page-background-enabled":"default","ast-page-background-meta":{"desktop":{"background-color":"","background-image":"","background-repeat":"repeat","background-position":"center center","background-size":"auto","background-attachment":"scroll","background-type":"","background-media":"","overlay-type":"","overlay-color":"","overlay-opacity":"","overlay-gradient":""},"tablet":{"background-color":"","background-image":"","background-repeat":"repeat","background-position":"center center","background-size":"auto","background-attachment":"scroll","background-type":"","background-media":"","overlay-type":"","overlay-color":"","overlay-opacity":"","overlay-gradient":""},"mobile":{"background-color":"","background-image":"","background-repeat":"repeat","background-position":"center center","background-size":"auto","background-attachment":"scroll","background-type":"","background-media":"","overlay-type":"","overlay-color":"","overlay-opacity":"","overlay-gradient":""}},"ast-content-background-meta":{"desktop":{"background-color":"var(--ast-global-color-5)","background-image":"","background-repeat":"repeat","background-position":"center center","background-size":"auto","background-attachment":"scroll","background-type":"","background-media":"","overlay-type":"","overlay-color":"","overlay-opacity":"","overlay-gradient":""},"tablet":{"background-color":"var(--ast-global-color-5)","background-image":"","background-repeat":"repeat","background-position":"center center","background-size":"auto","background-attachment":"scroll","background-type":"","background-media":"","overlay-type":"","overlay-color":"","overlay-opacity":"","overlay-gradient":""},"mobile":{"background-color":"var(--ast-global-color-5)","background-image":"","background-repeat":"repeat","background-position":"center center","background-size":"auto","background-attachment":"scroll","background-type":"","background-media":"","overlay-type":"","overlay-color":"","overlay-opacity":"","overlay-gradient":""}},"footnotes":""},"class_list":["post-35","page","type-page","status-publish","has-post-thumbnail","hentry"],"acf":[],"yoast_head":"<!-- This site is optimized with the Yoast SEO plugin v27.5 - https:\/\/yoast.com\/product\/yoast-seo-wordpress\/ -->\n<title>Mentalfestivalen \u00e4r m\u00f6tesplatsen f\u00f6r alla som jobbar f\u00f6r psykisk h\u00e4lsa<\/title>\n<meta name=\"description\" content=\"Mentalfestivalen i Kungstr\u00e4dg\u00e5rden fokus p\u00e5 psykisk h\u00e4lsa och en vilja att bryta tabuet och v\u00e5ga prata om det f\u00f6rbjudna.\" \/>\n<meta name=\"robots\" content=\"index, follow, max-snippet:-1, max-image-preview:large, max-video-preview:-1\" \/>\n<link rel=\"canonical\" href=\"https:\/\/mentalfestivalen.se\/en\/om-mentalfestivalen\/\" \/>\n<meta property=\"og:locale\" content=\"en_GB\" \/>\n<meta property=\"og:type\" content=\"article\" \/>\n<meta property=\"og:title\" content=\"Mentalfestivalen \u00e4r m\u00f6tesplatsen f\u00f6r alla som jobbar f\u00f6r psykisk h\u00e4lsa\" \/>\n<meta property=\"og:description\" content=\"Mentalfestivalen i Kungstr\u00e4dg\u00e5rden fokus p\u00e5 psykisk h\u00e4lsa och en vilja att bryta tabuet och v\u00e5ga prata om det f\u00f6rbjudna.\" \/>\n<meta property=\"og:url\" content=\"https:\/\/mentalfestivalen.se\/en\/om-mentalfestivalen\/\" \/>\n<meta property=\"og:site_name\" content=\"Mentalfestivalen\" \/>\n<meta property=\"article:modified_time\" content=\"2024-08-19T11:43:57+00:00\" \/>\n<meta property=\"og:image\" content=\"https:\/\/mentalfestivalen.se\/wp-content\/uploads\/2024\/08\/Delningsbild-1024x577.png\" \/>\n\t<meta property=\"og:image:width\" content=\"1024\" \/>\n\t<meta property=\"og:image:height\" content=\"577\" \/>\n\t<meta property=\"og:image:type\" content=\"image\/png\" \/>\n<meta name=\"twitter:card\" content=\"summary_large_image\" \/>\n<meta name=\"twitter:label1\" content=\"Estimated reading time\" \/>\n\t<meta name=\"twitter:data1\" content=\"9 minutes\" \/>\n<script type=\"application\/ld+json\" class=\"yoast-schema-graph\">{\"@context\":\"https:\\\/\\\/schema.org\",\"@graph\":[{\"@type\":\"WebPage\",\"@id\":\"https:\\\/\\\/mentalfestivalen.se\\\/om-mentalfestivalen\\\/\",\"url\":\"https:\\\/\\\/mentalfestivalen.se\\\/om-mentalfestivalen\\\/\",\"name\":\"Mentalfestivalen \u00e4r m\u00f6tesplatsen f\u00f6r alla som jobbar f\u00f6r psykisk h\u00e4lsa\",\"isPartOf\":{\"@id\":\"https:\\\/\\\/mentalfestivalen.se\\\/#website\"},\"primaryImageOfPage\":{\"@id\":\"https:\\\/\\\/mentalfestivalen.se\\\/om-mentalfestivalen\\\/#primaryimage\"},\"image\":{\"@id\":\"https:\\\/\\\/mentalfestivalen.se\\\/om-mentalfestivalen\\\/#primaryimage\"},\"thumbnailUrl\":\"https:\\\/\\\/mentalfestivalen.se\\\/wp-content\\\/uploads\\\/2024\\\/08\\\/Delningsbild.png\",\"datePublished\":\"2019-12-12T10:27:28+00:00\",\"dateModified\":\"2024-08-19T11:43:57+00:00\",\"description\":\"Mentalfestivalen i Kungstr\u00e4dg\u00e5rden fokus p\u00e5 psykisk h\u00e4lsa och en vilja att bryta tabuet och v\u00e5ga prata om det f\u00f6rbjudna.\",\"breadcrumb\":{\"@id\":\"https:\\\/\\\/mentalfestivalen.se\\\/om-mentalfestivalen\\\/#breadcrumb\"},\"inLanguage\":\"en-GB\",\"potentialAction\":[{\"@type\":\"ReadAction\",\"target\":[\"https:\\\/\\\/mentalfestivalen.se\\\/om-mentalfestivalen\\\/\"]}]},{\"@type\":\"ImageObject\",\"inLanguage\":\"en-GB\",\"@id\":\"https:\\\/\\\/mentalfestivalen.se\\\/om-mentalfestivalen\\\/#primaryimage\",\"url\":\"https:\\\/\\\/mentalfestivalen.se\\\/wp-content\\\/uploads\\\/2024\\\/08\\\/Delningsbild.png\",\"contentUrl\":\"https:\\\/\\\/mentalfestivalen.se\\\/wp-content\\\/uploads\\\/2024\\\/08\\\/Delningsbild.png\",\"width\":1640,\"height\":924},{\"@type\":\"BreadcrumbList\",\"@id\":\"https:\\\/\\\/mentalfestivalen.se\\\/om-mentalfestivalen\\\/#breadcrumb\",\"itemListElement\":[{\"@type\":\"ListItem\",\"position\":1,\"name\":\"Hem\",\"item\":\"https:\\\/\\\/mentalfestivalen.se\\\/\"},{\"@type\":\"ListItem\",\"position\":2,\"name\":\"Om mentalfestivalen\"}]},{\"@type\":\"WebSite\",\"@id\":\"https:\\\/\\\/mentalfestivalen.se\\\/#website\",\"url\":\"https:\\\/\\\/mentalfestivalen.se\\\/\",\"name\":\"Mentalfestivalen\",\"description\":\"Mentalfestivalen\",\"potentialAction\":[{\"@type\":\"SearchAction\",\"target\":{\"@type\":\"EntryPoint\",\"urlTemplate\":\"https:\\\/\\\/mentalfestivalen.se\\\/?s={search_term_string}\"},\"query-input\":{\"@type\":\"PropertyValueSpecification\",\"valueRequired\":true,\"valueName\":\"search_term_string\"}}],\"inLanguage\":\"en-GB\"}]}<\/script>\n<!-- \/ Yoast SEO plugin. -->","yoast_head_json":{"title":"Mentalfestivalen \u00e4r m\u00f6tesplatsen f\u00f6r alla som jobbar f\u00f6r psykisk h\u00e4lsa","description":"Mentalfestivalen i Kungstr\u00e4dg\u00e5rden fokus p\u00e5 psykisk h\u00e4lsa och en vilja att bryta tabuet och v\u00e5ga prata om det f\u00f6rbjudna.","robots":{"index":"index","follow":"follow","max-snippet":"max-snippet:-1","max-image-preview":"max-image-preview:large","max-video-preview":"max-video-preview:-1"},"canonical":"https:\/\/mentalfestivalen.se\/en\/om-mentalfestivalen\/","og_locale":"en_GB","og_type":"article","og_title":"Mentalfestivalen \u00e4r m\u00f6tesplatsen f\u00f6r alla som jobbar f\u00f6r psykisk h\u00e4lsa","og_description":"Mentalfestivalen i Kungstr\u00e4dg\u00e5rden fokus p\u00e5 psykisk h\u00e4lsa och en vilja att bryta tabuet och v\u00e5ga prata om det f\u00f6rbjudna.","og_url":"https:\/\/mentalfestivalen.se\/en\/om-mentalfestivalen\/","og_site_name":"Mentalfestivalen","article_modified_time":"2024-08-19T11:43:57+00:00","og_image":[{"width":1024,"height":577,"url":"https:\/\/mentalfestivalen.se\/wp-content\/uploads\/2024\/08\/Delningsbild-1024x577.png","type":"image\/png"}],"twitter_card":"summary_large_image","twitter_misc":{"Estimated reading time":"9 minutes"},"schema":{"@context":"https:\/\/schema.org","@graph":[{"@type":"WebPage","@id":"https:\/\/mentalfestivalen.se\/om-mentalfestivalen\/","url":"https:\/\/mentalfestivalen.se\/om-mentalfestivalen\/","name":"Mentalfestivalen \u00e4r m\u00f6tesplatsen f\u00f6r alla som jobbar f\u00f6r psykisk h\u00e4lsa","isPartOf":{"@id":"https:\/\/mentalfestivalen.se\/#website"},"primaryImageOfPage":{"@id":"https:\/\/mentalfestivalen.se\/om-mentalfestivalen\/#primaryimage"},"image":{"@id":"https:\/\/mentalfestivalen.se\/om-mentalfestivalen\/#primaryimage"},"thumbnailUrl":"https:\/\/mentalfestivalen.se\/wp-content\/uploads\/2024\/08\/Delningsbild.png","datePublished":"2019-12-12T10:27:28+00:00","dateModified":"2024-08-19T11:43:57+00:00","description":"Mentalfestivalen i Kungstr\u00e4dg\u00e5rden fokus p\u00e5 psykisk h\u00e4lsa och en vilja att bryta tabuet och v\u00e5ga prata om det f\u00f6rbjudna.","breadcrumb":{"@id":"https:\/\/mentalfestivalen.se\/om-mentalfestivalen\/#breadcrumb"},"inLanguage":"en-GB","potentialAction":[{"@type":"ReadAction","target":["https:\/\/mentalfestivalen.se\/om-mentalfestivalen\/"]}]},{"@type":"ImageObject","inLanguage":"en-GB","@id":"https:\/\/mentalfestivalen.se\/om-mentalfestivalen\/#primaryimage","url":"https:\/\/mentalfestivalen.se\/wp-content\/uploads\/2024\/08\/Delningsbild.png","contentUrl":"https:\/\/mentalfestivalen.se\/wp-content\/uploads\/2024\/08\/Delningsbild.png","width":1640,"height":924},{"@type":"BreadcrumbList","@id":"https:\/\/mentalfestivalen.se\/om-mentalfestivalen\/#breadcrumb","itemListElement":[{"@type":"ListItem","position":1,"name":"Hem","item":"https:\/\/mentalfestivalen.se\/"},{"@type":"ListItem","position":2,"name":"Om mentalfestivalen"}]},{"@type":"WebSite","@id":"https:\/\/mentalfestivalen.se\/#website","url":"https:\/\/mentalfestivalen.se\/","name":"Mentalfestivalen","description":"Mentalfestivalen","potentialAction":[{"@type":"SearchAction","target":{"@type":"EntryPoint","urlTemplate":"https:\/\/mentalfestivalen.se\/?s={search_term_string}"},"query-input":{"@type":"PropertyValueSpecification","valueRequired":true,"valueName":"search_term_string"}}],"inLanguage":"en-GB"}]}},"_links":{"self":[{"href":"https:\/\/mentalfestivalen.se\/en\/wp-json\/wp\/v2\/pages\/35","targetHints":{"allow":["GET"]}}],"collection":[{"href":"https:\/\/mentalfestivalen.se\/en\/wp-json\/wp\/v2\/pages"}],"about":[{"href":"https:\/\/mentalfestivalen.se\/en\/wp-json\/wp\/v2\/types\/page"}],"author":[{"embeddable":true,"href":"https:\/\/mentalfestivalen.se\/en\/wp-json\/wp\/v2\/users\/8"}],"replies":[{"embeddable":true,"href":"https:\/\/mentalfestivalen.se\/en\/wp-json\/wp\/v2\/comments?post=35"}],"version-history":[{"count":39,"href":"https:\/\/mentalfestivalen.se\/en\/wp-json\/wp\/v2\/pages\/35\/revisions"}],"predecessor-version":[{"id":12086,"href":"https:\/\/mentalfestivalen.se\/en\/wp-json\/wp\/v2\/pages\/35\/revisions\/12086"}],"wp:featuredmedia":[{"embeddable":true,"href":"https:\/\/mentalfestivalen.se\/en\/wp-json\/wp\/v2\/media\/12087"}],"wp:attachment":[{"href":"https:\/\/mentalfestivalen.se\/en\/wp-json\/wp\/v2\/media?parent=35"}],"curies":[{"name":"wp","href":"https:\/\/api.w.org\/{rel}","templated":true}]}}