{"version":"1.0","provider_name":"Mentalfestivalen","provider_url":"https:\/\/mentalfestivalen.se\/en","author_name":"Mats Wernheim","author_url":"https:\/\/mentalfestivalen.se\/en\/author\/mats-wernheimvile-se\/","title":"Resurser - Jobbfestivalen - Mentalfestivalen","type":"rich","width":600,"height":338,"html":"<blockquote class=\"wp-embedded-content\" data-secret=\"7h6KQdX1uv\"><a href=\"https:\/\/mentalfestivalen.se\/en\/resurser\/\">Resurser &#8211; Jobbfestivalen<\/a><\/blockquote><iframe sandbox=\"allow-scripts\" security=\"restricted\" src=\"https:\/\/mentalfestivalen.se\/en\/resurser\/embed\/#?secret=7h6KQdX1uv\" width=\"600\" height=\"338\" title=\"&#8220;Resurser &#8211; Jobbfestivalen&#8221; &#8212; Mentalfestivalen\" data-secret=\"7h6KQdX1uv\" frameborder=\"0\" marginwidth=\"0\" marginheight=\"0\" scrolling=\"no\" class=\"wp-embedded-content\"><\/iframe><script>\n\/*! This file is auto-generated *\/\n!function(d,l){\"use strict\";l.querySelector&&d.addEventListener&&\"undefined\"!=typeof URL&&(d.wp=d.wp||{},d.wp.receiveEmbedMessage||(d.wp.receiveEmbedMessage=function(e){var t=e.data;if((t||t.secret||t.message||t.value)&&!\/[^a-zA-Z0-9]\/.test(t.secret)){for(var s,r,n,a=l.querySelectorAll('iframe[data-secret=\"'+t.secret+'\"]'),o=l.querySelectorAll('blockquote[data-secret=\"'+t.secret+'\"]'),c=new RegExp(\"^https?:$\",\"i\"),i=0;i<o.length;i++)o[i].style.display=\"none\";for(i=0;i<a.length;i++)s=a[i],e.source===s.contentWindow&&(s.removeAttribute(\"style\"),\"height\"===t.message?(1e3<(r=parseInt(t.value,10))?r=1e3:~~r<200&&(r=200),s.height=r):\"link\"===t.message&&(r=new URL(s.getAttribute(\"src\")),n=new URL(t.value),c.test(n.protocol))&&n.host===r.host&&l.activeElement===s&&(d.top.location.href=t.value))}},d.addEventListener(\"message\",d.wp.receiveEmbedMessage,!1),l.addEventListener(\"DOMContentLoaded\",function(){for(var e,t,s=l.querySelectorAll(\"iframe.wp-embedded-content\"),r=0;r<s.length;r++)(t=(e=s[r]).getAttribute(\"data-secret\"))||(t=Math.random().toString(36).substring(2,12),e.src+=\"#?secret=\"+t,e.setAttribute(\"data-secret\",t)),e.contentWindow.postMessage({message:\"ready\",secret:t},\"*\")},!1)))}(window,document);\n\/\/# sourceURL=https:\/\/mentalfestivalen.se\/wp-includes\/js\/wp-embed.min.js\n<\/script>","description":"ResurserMentalfestivalen H\u00e4r kan ni h\u00e4mta logotyper, delningsbilder f\u00f6r social media och annat underlag f\u00f6r Mentalfestivalen. Information till utst\u00e4llare Snart \u00e4r det dags f\u00f6r Mentalfestivalen och hoppas att ni k\u00e4nner er peppade. H\u00e4r kommer ni f\u00e5 information g\u00e4llande Mentalfestivalen f\u00f6r att underl\u00e4tta dagen s\u00e5 mycket som m\u00f6jligt.Festivalens \u00f6ppettider \u00e4r kl. 09.00 &#8211; 19.00 den 15 september. [&hellip;]","thumbnail_url":"https:\/\/mentalfestivalen.se\/wp-content\/uploads\/2023\/01\/Picture1-768x816.png"}