{"version":"1.0","provider_name":"Mentalfestivalen","provider_url":"https:\/\/mentalfestivalen.se\/en","author_name":"Johan","author_url":"https:\/\/mentalfestivalen.se\/en\/author\/johan-lindmiddev-se\/","title":"\u00c4r plattformsekonomin \"gig work\" en bransch som hj\u00e4lper fler ungdomar, \u00e4ldre och invandrare att ta sig in p\u00e5 arbetsmarknaden? - Mentalfestivalen","type":"rich","width":600,"height":338,"html":"<blockquote class=\"wp-embedded-content\" data-secret=\"DMH5WzNVfn\"><a href=\"https:\/\/mentalfestivalen.se\/en\/olof-norlander\/\">\u00c4r plattformsekonomin &#8221;gig work&#8221; en bransch som hj\u00e4lper fler ungdomar, \u00e4ldre och invandrare att ta sig in p\u00e5 arbetsmarknaden?<\/a><\/blockquote><iframe sandbox=\"allow-scripts\" security=\"restricted\" src=\"https:\/\/mentalfestivalen.se\/en\/olof-norlander\/embed\/#?secret=DMH5WzNVfn\" width=\"600\" height=\"338\" title=\"&#8220;\u00c4r plattformsekonomin &#8221;gig work&#8221; en bransch som hj\u00e4lper fler ungdomar, \u00e4ldre och invandrare att ta sig in p\u00e5 arbetsmarknaden?&#8221; &#8212; Mentalfestivalen\" data-secret=\"DMH5WzNVfn\" frameborder=\"0\" marginwidth=\"0\" marginheight=\"0\" scrolling=\"no\" class=\"wp-embedded-content\"><\/iframe><script>\n\/*! This file is auto-generated *\/\n!function(d,l){\"use strict\";l.querySelector&&d.addEventListener&&\"undefined\"!=typeof URL&&(d.wp=d.wp||{},d.wp.receiveEmbedMessage||(d.wp.receiveEmbedMessage=function(e){var t=e.data;if((t||t.secret||t.message||t.value)&&!\/[^a-zA-Z0-9]\/.test(t.secret)){for(var s,r,n,a=l.querySelectorAll('iframe[data-secret=\"'+t.secret+'\"]'),o=l.querySelectorAll('blockquote[data-secret=\"'+t.secret+'\"]'),c=new RegExp(\"^https?:$\",\"i\"),i=0;i<o.length;i++)o[i].style.display=\"none\";for(i=0;i<a.length;i++)s=a[i],e.source===s.contentWindow&&(s.removeAttribute(\"style\"),\"height\"===t.message?(1e3<(r=parseInt(t.value,10))?r=1e3:~~r<200&&(r=200),s.height=r):\"link\"===t.message&&(r=new URL(s.getAttribute(\"src\")),n=new URL(t.value),c.test(n.protocol))&&n.host===r.host&&l.activeElement===s&&(d.top.location.href=t.value))}},d.addEventListener(\"message\",d.wp.receiveEmbedMessage,!1),l.addEventListener(\"DOMContentLoaded\",function(){for(var e,t,s=l.querySelectorAll(\"iframe.wp-embedded-content\"),r=0;r<s.length;r++)(t=(e=s[r]).getAttribute(\"data-secret\"))||(t=Math.random().toString(36).substring(2,12),e.src+=\"#?secret=\"+t,e.setAttribute(\"data-secret\",t)),e.contentWindow.postMessage({message:\"ready\",secret:t},\"*\")},!1)))}(window,document);\n\/\/# sourceURL=https:\/\/mentalfestivalen.se\/wp-includes\/js\/wp-embed.min.js\n<\/script>","thumbnail_url":"https:\/\/mentalfestivalen.se\/wp-content\/uploads\/2022\/09\/olof-norlander-meta-image-linkedin.jpg","thumbnail_width":1200,"thumbnail_height":630,"description":"Kl 15.00 14 September Kl 16.00 Stora Scenen Kl 17.00 Kl 15.00 Kl 17.00 \u00c4r plattformsekonomin &#8221;gig work&#8221; en bransch som hj\u00e4lper fler ungdomar, \u00e4ldre och invandrare att ta sig in p\u00e5 arbetsmarknaden? Panelmedlem Olof Norlander Medgrundare och VD p\u00e5 Workamo Olof \u00e4r VD p\u00e5 Workamo som \u00e4r en tj\u00e4nst f\u00f6r att hj\u00e4lpa privatpersoner att [&hellip;]"}