{"version":"1.0","provider_name":"Mentalfestivalen","provider_url":"https:\/\/mentalfestivalen.se\/en","author_name":"Mats Wernheim","author_url":"https:\/\/mentalfestivalen.se\/en\/author\/mats-wernheimvile-se\/","title":"Begr\u00e4nsa utrymmet f\u00f6r magk\u00e4nslan n\u00e4r du rekryterar - Mentalfestivalen","type":"rich","width":600,"height":338,"html":"<blockquote class=\"wp-embedded-content\" data-secret=\"P027iGmwKg\"><a href=\"https:\/\/mentalfestivalen.se\/en\/begransa-utrymmet-for-magkanslan-nar-du-rekryterar\/\">Begr\u00e4nsa utrymmet f\u00f6r magk\u00e4nslan n\u00e4r du rekryterar<\/a><\/blockquote><iframe sandbox=\"allow-scripts\" security=\"restricted\" src=\"https:\/\/mentalfestivalen.se\/en\/begransa-utrymmet-for-magkanslan-nar-du-rekryterar\/embed\/#?secret=P027iGmwKg\" width=\"600\" height=\"338\" title=\"&#8220;Begr\u00e4nsa utrymmet f\u00f6r magk\u00e4nslan n\u00e4r du rekryterar&#8221; &#8212; Mentalfestivalen\" data-secret=\"P027iGmwKg\" frameborder=\"0\" marginwidth=\"0\" marginheight=\"0\" scrolling=\"no\" class=\"wp-embedded-content\"><\/iframe><script>\n\/*! This file is auto-generated *\/\n!function(d,l){\"use strict\";l.querySelector&&d.addEventListener&&\"undefined\"!=typeof URL&&(d.wp=d.wp||{},d.wp.receiveEmbedMessage||(d.wp.receiveEmbedMessage=function(e){var t=e.data;if((t||t.secret||t.message||t.value)&&!\/[^a-zA-Z0-9]\/.test(t.secret)){for(var s,r,n,a=l.querySelectorAll('iframe[data-secret=\"'+t.secret+'\"]'),o=l.querySelectorAll('blockquote[data-secret=\"'+t.secret+'\"]'),c=new RegExp(\"^https?:$\",\"i\"),i=0;i<o.length;i++)o[i].style.display=\"none\";for(i=0;i<a.length;i++)s=a[i],e.source===s.contentWindow&&(s.removeAttribute(\"style\"),\"height\"===t.message?(1e3<(r=parseInt(t.value,10))?r=1e3:~~r<200&&(r=200),s.height=r):\"link\"===t.message&&(r=new URL(s.getAttribute(\"src\")),n=new URL(t.value),c.test(n.protocol))&&n.host===r.host&&l.activeElement===s&&(d.top.location.href=t.value))}},d.addEventListener(\"message\",d.wp.receiveEmbedMessage,!1),l.addEventListener(\"DOMContentLoaded\",function(){for(var e,t,s=l.querySelectorAll(\"iframe.wp-embedded-content\"),r=0;r<s.length;r++)(t=(e=s[r]).getAttribute(\"data-secret\"))||(t=Math.random().toString(36).substring(2,12),e.src+=\"#?secret=\"+t,e.setAttribute(\"data-secret\",t)),e.contentWindow.postMessage({message:\"ready\",secret:t},\"*\")},!1)))}(window,document);\n\/\/# sourceURL=https:\/\/mentalfestivalen.se\/wp-includes\/js\/wp-embed.min.js\n<\/script>","thumbnail_url":"https:\/\/mentalfestivalen.se\/wp-content\/uploads\/2020\/05\/20190322_cut_e_Andersson_Karolina_2-1-scaled.jpg","thumbnail_width":2560,"thumbnail_height":1264,"description":"Alla arbetsgivare borde vara intresserade av att anst\u00e4lla de b\u00e4sta, men tyv\u00e4rr s\u00e5llas m\u00e5nga arbetss\u00f6kande bort p\u00e5 grund av negativa f\u00f6rdomar. Trots att det idag \u00e4r l\u00e4ttare \u00e4n n\u00e5gonsin att rekrytera objektivt. I mitt arbete som psykolog st\u00f6ter jag ofta p\u00e5 vetenskapliga studier som visar hur olika grupper diskrimineras n\u00e4r de s\u00f6ker jobb.&nbsp;Kvinnor upplever ofta [&hellip;]"}