{"version":"1.0","provider_name":"Mentalfestivalen","provider_url":"https:\/\/mentalfestivalen.se\/en","author_name":"Mats Wernheim","author_url":"https:\/\/mentalfestivalen.se\/en\/author\/mats-wernheimvile-se\/","title":"Anm\u00e4l dig som rekryterare - Mentalfestivalen","type":"rich","width":600,"height":338,"html":"<blockquote class=\"wp-embedded-content\" data-secret=\"nReZVOpSeg\"><a href=\"https:\/\/mentalfestivalen.se\/en\/anmal-dig-som-rekryterare\/\">Anm\u00e4l dig som rekryterare<\/a><\/blockquote><iframe sandbox=\"allow-scripts\" security=\"restricted\" src=\"https:\/\/mentalfestivalen.se\/en\/anmal-dig-som-rekryterare\/embed\/#?secret=nReZVOpSeg\" width=\"600\" height=\"338\" title=\"&#8220;Anm\u00e4l dig som rekryterare&#8221; &#8212; Mentalfestivalen\" data-secret=\"nReZVOpSeg\" frameborder=\"0\" marginwidth=\"0\" marginheight=\"0\" scrolling=\"no\" class=\"wp-embedded-content\"><\/iframe><script>\n\/*! This file is auto-generated *\/\n!function(d,l){\"use strict\";l.querySelector&&d.addEventListener&&\"undefined\"!=typeof URL&&(d.wp=d.wp||{},d.wp.receiveEmbedMessage||(d.wp.receiveEmbedMessage=function(e){var t=e.data;if((t||t.secret||t.message||t.value)&&!\/[^a-zA-Z0-9]\/.test(t.secret)){for(var s,r,n,a=l.querySelectorAll('iframe[data-secret=\"'+t.secret+'\"]'),o=l.querySelectorAll('blockquote[data-secret=\"'+t.secret+'\"]'),c=new RegExp(\"^https?:$\",\"i\"),i=0;i<o.length;i++)o[i].style.display=\"none\";for(i=0;i<a.length;i++)s=a[i],e.source===s.contentWindow&&(s.removeAttribute(\"style\"),\"height\"===t.message?(1e3<(r=parseInt(t.value,10))?r=1e3:~~r<200&&(r=200),s.height=r):\"link\"===t.message&&(r=new URL(s.getAttribute(\"src\")),n=new URL(t.value),c.test(n.protocol))&&n.host===r.host&&l.activeElement===s&&(d.top.location.href=t.value))}},d.addEventListener(\"message\",d.wp.receiveEmbedMessage,!1),l.addEventListener(\"DOMContentLoaded\",function(){for(var e,t,s=l.querySelectorAll(\"iframe.wp-embedded-content\"),r=0;r<s.length;r++)(t=(e=s[r]).getAttribute(\"data-secret\"))||(t=Math.random().toString(36).substring(2,12),e.src+=\"#?secret=\"+t,e.setAttribute(\"data-secret\",t)),e.contentWindow.postMessage({message:\"ready\",secret:t},\"*\")},!1)))}(window,document);\n\/\/# sourceURL=https:\/\/mentalfestivalen.se\/wp-includes\/js\/wp-embed.min.js\n<\/script>","description":"Anm\u00e4l dig som rekryterare ???? Hitta dina n\u00e4sta toppkandidater p\u00e5 Jobbfestivalen Jobbfestivalen \u00e4r perfekt f\u00f6r dig som vill tr\u00e4ffa kandidater och nya talanger! Jobbfestivalen \u00e4r en jobbm\u00e4ssa d\u00e4r du som rekryterare f\u00e5r en unik m\u00f6jlighet att tr\u00e4ffa kandidater och talanger med varierande bakgrund. Du kan ber\u00e4tta om er verksamhet och erbjuda jobb, praktikplatser eller utbildningar [&hellip;]"}